{"id":1043,"date":"2013-03-20T18:24:41","date_gmt":"2013-03-20T17:24:41","guid":{"rendered":"https:\/\/krets.jagareforbundet.se\/folkarna\/?page_id=1043"},"modified":"2018-07-05T21:29:11","modified_gmt":"2018-07-05T19:29:11","slug":"lagar-forordningar","status":"publish","type":"page","link":"https:\/\/krets.jagareforbundet.se\/folkarna\/lagar-forordningar\/","title":{"rendered":"Lagar och F\u00f6rordningar"},"content":{"rendered":"<p>Mycket av det vi som j\u00e4gare g\u00f6r, handlar om sunt f\u00f6rnuft, att det dessutom finns lagar och f\u00f6rordningar \u00e4r f\u00f6r att de som egentligen inte \u00e4r j\u00e4gare, och bryter mot sunt f\u00f6rnuft skall kunna lagf\u00f6ras och de bygger inte p\u00e5 vad enskild har f\u00f6r inst\u00e4llning utan vad alla andra, riktiga j\u00e4gare tycker.<\/p>\n<p>Licensjakt och \u00c4lgsk\u00f6tselomr\u00e5den lagar finns i \u00a733 i <strong>Jaktlagen<\/strong> &gt;&gt; <strong><a href=\"http:\/\/www.riksdagen.se\/sv\/Dokument-Lagar\/Lagar\/Svenskforfattningssamling\/Jaktlag-1987259_sfs-1987-259\/\">H\u00e4r<\/a><\/strong><\/p>\n<p>F\u00f6rvaltnings-, \u00a0\u00c4lgsk\u00f6tselomr\u00e5den finns ocks\u00e5 i \u00a7 3\u00a0<strong>Jaktf\u00f6rordningen<\/strong> &gt;&gt; <strong><a href=\"http:\/\/www.riksdagen.se\/sv\/Dokument-Lagar\/Lagar\/Svenskforfattningssamling\/Jaktforordning-1987905_sfs-1987-905\/\">H\u00e4r<\/a>\u00a0<\/strong><\/p>\n<p><strong>Vapenlagen<\/strong> &gt;&gt; <a href=\"http:\/\/www.riksdagen.se\/sv\/Dokument-Lagar\/Lagar\/Svenskforfattningssamling\/Vapenlag-199667_sfs-1996-67\/?bet=1996:67\"><strong>H\u00e4r<\/strong><\/a><\/p>\n<p>Lagen om <strong>Viltv\u00e5rdsomr\u00e5den<\/strong> &gt;&gt; <strong><a href=\"http:\/\/www.riksdagen.se\/sv\/Dokument-Lagar\/Lagar\/Svenskforfattningssamling\/Lag-2000592-om-viltvardsomr_sfs-2000-592\/?bet=2000:592\">H\u00e4r<\/a><\/strong><\/p>\n<p><strong>Viltskadef\u00f6rordningen<\/strong> &gt;&gt; <a href=\"http:\/\/www.riksdagen.se\/sv\/Dokument-Lagar\/Lagar\/Svenskforfattningssamling\/Viltskadeforordning-2001724_sfs-2001-724\/?bet=2001:724\"><strong>H\u00e4r<\/strong><\/a><\/p>\n<p>P<strong>ersonuppgiftspolicy &gt;&gt; <a href=\"https:\/\/jagareforbundet.se\/var-verksamhet\/policys\/gdpr---personuppgiftspolicy\/\">H\u00c4R<\/a><\/strong><\/p>\n<p><strong>SJF<\/strong> Sida om <strong>Juridik<\/strong> &gt;&gt; <a href=\"https:\/\/jagareforbundet.se\/jakt\/juridik\/Lagstiftning\/\"><strong>H\u00e4r<\/strong><\/a><\/p>\n<p>Hur tolkas knivlagen ? \u00a0[2017-06-28]<\/p>\n<p>D\u00e5 f\u00e5r du b\u00e4ra kniv p\u00e5 allm\u00e4n plats<\/p>\n<div class=\"equal\" id=\"pageWrap\">\n<div class=\"clearfix\" id=\"pageWrapInner\">\n<div id=\"pageContent\">\n<div class=\"clearfix single-view\" id=\"innerContent\">\n<div class=\"mainCol\">\n<div class=\"newsList\">\n<div class=\"ajax-load-more-wrap blue alm-0\" id=\"ajax-load-more\">\n<div class=\"alm-listing alm-ajax \">\n<div class=\"alm-reveal alm-previous-post post-13497\">\n<p><strong>H\u00f6gsta domstolen har i samband med en dom uttalat sig om n\u00e4r det \u00e4r okej att b\u00e4ra kniv p\u00e5 allm\u00e4n plats. \u00d6verst p\u00e5 listan finns j\u00e4gare, som f\u00e5r ha med sig kniv n\u00e4r det framst\u00e5r som naturligt. Det g\u00e4ller \u00e4ven i bilen.<\/strong><\/p>\n<div class=\"swp-content-locator\">Det finns enligt H\u00f6gsta domstolen (HD) flera typfall d\u00e4r knivinnehav p\u00e5 allm\u00e4n plats f\u00e5r anses befogat. HD skriver, enligt <a href=\"http:\/\/www.dagensjuridik.se\/2016\/02\/hd-friar-kvinna-med-fallkniv-i-vaskan-och-skapar-lista-nar-kniv-far-baras\" target=\"_blank\" rel=\"noopener noreferrer\">Dagens Juridik<\/a>: \u201dI lagmotiven finns ett antal exempel som syftar till att klarg\u00f6ra hur l\u00e5ngt knivf\u00f6rbudet str\u00e4cker sig. Det \u00e4r en uppgift f\u00f6r domstolarna att, med ledning av exemplen och med beaktande av de krav som legalitetsprincipen st\u00e4ller, konkretisera lagstiftningens inneb\u00f6rd.\u201d<\/div>\n<div class=\"article\">\n<p>\u2022 Att j\u00e4gare och annat friluftsfolk har med sig kniv ska godtas om knivinnehavet framst\u00e5r som naturligt. N\u00e4r kniv ing\u00e5r i scouters utrustning har de r\u00e4tt att ha med sig denna p\u00e5 s\u00e5dana sammankomster d\u00e4r de brukar ha scoututrustning. Sj\u00e4lvfallet ska \u00e4ven innehav av en kniv i samband med sl\u00f6jdundervisning p\u00e5 en skola godtas.<\/p>\n<p>\u2022 Det \u00e4r till\u00e5tet f\u00f6r en hantverkare att i sin yrkesut\u00f6vning \u2013 ocks\u00e5 p\u00e5 allm\u00e4n plats \u2013 b\u00e4ra med sig en kniv som han eller hon brukar anv\u00e4nda i arbetet. Detta g\u00e4ller \u00e4ven om kniven inte kr\u00e4vs f\u00f6r just den aktuella arbetsuppgiften. Vidare g\u00e4ller att en hantverkare som har en arbetskniv inte bryter mot knivf\u00f6rbudet om han eller hon stannar till f\u00f6r att lyssna p\u00e5 exempelvis en gatumusiker eller ett politiskt torgm\u00f6te. En arbetskniv f\u00e5r dock inte medf\u00f6ras vid en tillst\u00e4llning eller en sammankomst, om innehavet inte \u00e4r ett led i yrkesut\u00f6vningen.<\/p>\n<p>\u2022 Om n\u00e5gon som har k\u00f6pt en f\u00f6rsk\u00e4rare som present tar med den inslagen i ett paket till en bio p\u00e5 v\u00e4gen hem, r\u00f6r det sig om ett befogat innehav.<\/p>\n<p>\u2022 En picknick som \u00e4ger rum p\u00e5 allm\u00e4n plats kan motivera att deltagarna har med sig b\u00e5de matknivar och f\u00f6rsk\u00e4rare, men d\u00e4remot inte st\u00f6rre s\u00e5 kallade \u00f6verlevnadsknivar eller stiletter eller andra f\u00f6rem\u00e5l som typiskt sett har egenskaper som g\u00f6r dem mer \u00e4gnade att anv\u00e4ndas som vapen \u00e4n vad som kr\u00e4vs med h\u00e4nsyn till \u00e4ndam\u00e5let.<\/p>\n<p>\u2022 I de flesta fall ska innehav av en mindre kniv, typ pennkniv, godtas. Bara om det finns speciella omst\u00e4ndigheter som g\u00f6r att det finns en mera p\u00e5taglig risk f\u00f6r att kniven kommer att anv\u00e4ndas som vapen, omfattas innehav av s\u00e5dana knivar av f\u00f6rbudet. Ocks\u00e5 en mindre slidkniv, till exempel en morakniv, kan godtas i m\u00e5nga sammanhang, s\u00e5som vid en utflykt som innefattar grillning. Detta g\u00e4ller dock i regel inte vid exempelvis n\u00f6jestillst\u00e4llningar eller idrottsevenemang och inte heller i andra sammanhang, d\u00e4r m\u00e5nga m\u00e4nniskor tr\u00e4ffas eller uppeh\u00e5ller sig.<\/p>\n<p>\u2022 F\u00f6r f\u00e4rd med allm\u00e4nna kommunikationsmedel g\u00e4ller, att om resan \u00e4r ett naturligt s\u00e4tt att ta sig till eller fr\u00e5n ett sammanhang som innefattar att det \u00e4r befogat att anv\u00e4nda kniv av ett visst slag, s\u00e5 f\u00e5r kniven ocks\u00e5 medf\u00f6ras under resan. Men knivens s\u00e4rskilda karakt\u00e4r eller omst\u00e4ndigheterna i \u00f6vrigt kan medf\u00f6ra, att det m\u00e5ste kr\u00e4vas att transporten f\u00f6retas p\u00e5 annat s\u00e4tt \u00e4n med allm\u00e4nna kommunikationsmedel.<\/p>\n<p>\u2022 Ett innehav av kniv i fordon p\u00e5 allm\u00e4n plats \u00e4r m\u00e5nga g\u00e5nger befogat. Innehavaren kan exempelvis vara p\u00e5 v\u00e4g ut p\u00e5 en fisketur eller f\u00f6r att jaga eller beh\u00f6va kniven i n\u00e5got annat sammanhang som \u00e4r legitimt. H\u00e4r finns det allts\u00e5 ett st\u00f6rre utrymme f\u00f6r att bed\u00f6ma ett knivinnehav som befogat.<\/p>\n<hr \/>\n<form id=\"form2\" action=\"\/jakten\/juridik\/frageforum\/vapen\/2017\/12\/transport-av-vapen--hundanvandning-vid-jakt\/\" method=\"post\">\n<div id=\"pageWrap\">\n<div class=\"clearfix\" id=\"content\">\n<div id=\"fullCol\">\n<div id=\"largeCol\">\n<div class=\"content clearfix\">\n<div class=\"leftCol leftColLarge newsList\">\n<div class=\"newsItem newsItemFull newsItemLargeLast\">\n<h1>Transport av vapen \/ Hundanv\u00e4ndning vid jakt<\/h1>\n<p class=\"intro\">Hej! Jag har en liten fundering kring vad som g\u00e4ller vid f\u00f6ljande scenario:\u2028\u2028Min hund har g\u00e5tt \u00f6ver till angr\u00e4nsande jaktmark och kommer inte tillbaka n\u00e4r jag kallar. Jag kan se p\u00e5 GPS:en att hunden befinner sig 500 m in p\u00e5 grannens jaktmark. N\u00e5got har troligtvis h\u00e4nt hunden eftersom GPS:en inte r\u00f6r sig. Jag har med mig mitt jaktvapen och jag har ca 500 m till bilen och vill inte l\u00e4mna vapnet p\u00e5 jaktmarken. Jag beslutar mig f\u00f6r att plundra vapnet och tar med mig det n\u00e4r jag ska h\u00e4mta hunden. Min fr\u00e5ga till er \u00e4r: har jag i ovanst\u00e5ende situation r\u00e4tt att g\u00e5 in p\u00e5 annans jaktomr\u00e5de med mitt vapen och h\u00e4mta hunden?<\/p>\n<p class=\"date\">2017-12-06<\/p>\n<div>\n<h3>Svar:<\/h3>\n<p>Enligt 35 \u00a7 jaktlagen s\u00e5 \u00e4r det inte till\u00e5tet att med vapen eller f\u00e5ngstredskap ta v\u00e4g \u00f6ver n\u00e5gon annans jaktomr\u00e5de, utan jaktr\u00e4ttshavarens medgivande. Vidare s\u00e4ger paragrafen att detta dock f\u00e5r ske p\u00e5 v\u00e4gar som \u00e4r uppl\u00e5tna f\u00f6r allm\u00e4nheten och \u00e4ven annars, om det sker i lovliga \u00e4renden. Om hund medf\u00f6rs s\u00e5 skall den h\u00e5llas kopplad.<br \/>\nF\u00f6rarbetena till jaktlagen s\u00e4ger att leta efter en bortsprungen hund inte \u00e4r att anses som lovligt \u00e4rende enligt 35 \u00a7. Det g\u00e5r d\u00e4rf\u00f6r inte att s\u00e4ga att det \u00e4r lagligt att leta efter en potentiellt skadad hund, samtidigt som man f\u00e4rdas p\u00e5 annans jaktomr\u00e5de med vapen utan jaktr\u00e4ttshavarens medgivande.<\/p>\n<\/div>\n<\/div>\n<\/div>\n<\/div>\n<\/div>\n<\/div>\n<\/div>\n<\/div>\n<\/form>\n<\/div>\n<\/div>\n<\/div>\n<\/div>\n<\/div>\n<\/div>\n<\/div>\n<\/div>\n<\/div>\n<\/div>\n","protected":false},"excerpt":{"rendered":"<p>Mycket av det vi som j\u00e4gare g\u00f6r, handlar om sunt f\u00f6rnuft, att det dessutom finns lagar och f\u00f6rordningar \u00e4r f\u00f6r att de som egentligen inte \u00e4r j\u00e4gare, och bryter mot sunt f\u00f6rnuft skall kunna lagf\u00f6ras och de bygger inte p\u00e5 vad enskild har f\u00f6r inst\u00e4llning utan vad alla andra, riktiga j\u00e4gare tycker. Licensjakt och \u00c4lgsk\u00f6tselomr\u00e5den [&hellip;]<\/p>\n","protected":false},"author":78,"featured_media":0,"parent":0,"menu_order":1,"comment_status":"open","ping_status":"open","template":"","meta":{"footnotes":""},"class_list":["post-1043","page","type-page","status-publish","hentry"],"_links":{"self":[{"href":"https:\/\/krets.jagareforbundet.se\/folkarna\/wp-json\/wp\/v2\/pages\/1043","targetHints":{"allow":["GET"]}}],"collection":[{"href":"https:\/\/krets.jagareforbundet.se\/folkarna\/wp-json\/wp\/v2\/pages"}],"about":[{"href":"https:\/\/krets.jagareforbundet.se\/folkarna\/wp-json\/wp\/v2\/types\/page"}],"author":[{"embeddable":true,"href":"https:\/\/krets.jagareforbundet.se\/folkarna\/wp-json\/wp\/v2\/users\/78"}],"replies":[{"embeddable":true,"href":"https:\/\/krets.jagareforbundet.se\/folkarna\/wp-json\/wp\/v2\/comments?post=1043"}],"version-history":[{"count":1,"href":"https:\/\/krets.jagareforbundet.se\/folkarna\/wp-json\/wp\/v2\/pages\/1043\/revisions"}],"predecessor-version":[{"id":5681,"href":"https:\/\/krets.jagareforbundet.se\/folkarna\/wp-json\/wp\/v2\/pages\/1043\/revisions\/5681"}],"wp:attachment":[{"href":"https:\/\/krets.jagareforbundet.se\/folkarna\/wp-json\/wp\/v2\/media?parent=1043"}],"curies":[{"name":"wp","href":"https:\/\/api.w.org\/{rel}","templated":true}]}}