{"id":1107,"date":"2013-03-21T08:59:27","date_gmt":"2013-03-21T07:59:27","guid":{"rendered":"https:\/\/krets.jagareforbundet.se\/folkarna\/?page_id=1107"},"modified":"2015-03-19T10:32:10","modified_gmt":"2015-03-19T09:32:10","slug":"etik","status":"publish","type":"page","link":"https:\/\/krets.jagareforbundet.se\/folkarna\/medlemsfragor\/etik\/etik\/","title":{"rendered":"Etik &amp; Moral"},"content":{"rendered":"<p>Stor del av dagens sakdebatt i jaktliga fr\u00e5gor andas en underton av jaktfientlighet som inte har f\u00f6rankring i de Svenska allm\u00e4nheten, men som utnyttjas flitigt. Det \u00e4r d\u00e4rf\u00f6r av yttersta vikt att, det vi som j\u00e4gare g\u00f6r och s\u00e4ger inte p\u00e5 n\u00e5got vis ger br\u00e4nsle till den avart av &#8221;naturv\u00e5rden&#8221; som \u00e4r jaktfientlig.<\/p>\n<p align=\"center\"><span style=\"color: #800000;font-size: small\"><strong>Jaga s\u00e4kert och med h\u00f6g etik<\/strong>. <\/span><\/p>\n<p style=\"text-align: left\" align=\"center\"><strong>Du \u00e4r som j\u00e4gare skyldig att bedriva jakten s\u00e5 att viltet inte uts\u00e4tts f\u00f6r on\u00f6digt lidande och s\u00e5 att m\u00e4nniskor och egendom inte uts\u00e4tts f\u00f6r fara. Chansa aldrig, skjut inte p\u00e5 f\u00f6r l\u00e5nga h\u00e5ll, anv\u00e4nd l\u00e4mpliga hundar och se till att du alltid har fullgott kulf\u00e5ng.<\/strong><\/p>\n<h3 style=\"text-align: left\" align=\"center\"><strong>&#8221;Det \u00e4r varje jaktlags ansvar, att p\u00e5 eget initiativ, h\u00e5lla etikfr\u00e5gorna levande. Alla jaktlag b\u00f6r utforma jaktinstruktioner och regler om hur jakten ska bedrivas. Varje j\u00e4gare ska v\u00e5ga s\u00e4ga ifr\u00e5n om n\u00e5gon jaktkamrat inte upptr\u00e4der enligt god jaktetik, f\u00f6r det \u00e4r v\u00e5r gemensamma framtida jakt det handlar om! &#8221;<\/strong><\/h3>\n<p>Det finns ocks\u00e5 ett antal oskrivna regler som talar om hur en j\u00e4gare b\u00f6r eller inte b\u00f6r upptr\u00e4da. Vid den nordiska j\u00e4garkongressen 1987 antog de deltagande l\u00e4ndernas representanter f\u00f6ljande \u201dNordiska J\u00e4garregler\u201d :<\/p>\n<ul>\n<li>\u00a0&#8211; <strong>Var aktsam<\/strong> om viltet och naturen<\/li>\n<li>&#8211; <strong>F\u00e4ll inte mer vilt<\/strong> \u00e4n viltstammarna t\u00e5l.<\/li>\n<li>&#8211; Jaga s\u00e5 att viltet <strong>inte uts\u00e4tts f\u00f6r on\u00f6digt lidande.<\/strong><\/li>\n<li>&#8211; <strong>Ta p\u00e5 r\u00e4tt s\u00e4tt hand om<\/strong> det f\u00e4llda viltet.<\/li>\n<li>&#8211; G\u00f6r din del av <strong>viltv\u00e5rdsarbetet.<\/strong><\/li>\n<li>&#8211; <strong>Var noga med s\u00e4kerheten<\/strong> under jakten.<\/li>\n<li><strong>&#8211; F\u00f6rb\u00e4ttra och uppr\u00e4tth\u00e5ll dina kunskaper<\/strong> och f\u00e4rdigheter om vilt och jakt.<\/li>\n<li>&#8211;<strong> Visa h\u00e4nsyn<\/strong> till mark\u00e4gare och allm\u00e4nhet.<\/li>\n<li><strong>&#8211; Var en god jaktkamrat<\/strong> och skapa ett gott f\u00f6rh\u00e5llande till jaktgrannar.<\/li>\n<li><strong>&#8211; Arbeta f\u00f6r att \u00f6ka allm\u00e4nhetens f\u00f6rst\u00e5else<\/strong> f\u00f6r viltet och jakten<\/li>\n<\/ul>\n<h3 align=\"center\"><span style=\"font-family: Arial, Helvetica\"> <!--mstheme--><\/span><\/h3>\n<p><span style=\"font-family: Arial, Helvetica\"><!--mstheme--><\/span><\/p>\n","protected":false},"excerpt":{"rendered":"<p>Stor del av dagens sakdebatt i jaktliga fr\u00e5gor andas en underton av jaktfientlighet som inte har f\u00f6rankring i de Svenska allm\u00e4nheten, men som utnyttjas flitigt. Det \u00e4r d\u00e4rf\u00f6r av yttersta vikt att, det vi som j\u00e4gare g\u00f6r och s\u00e4ger inte p\u00e5 n\u00e5got vis ger br\u00e4nsle till den avart av &#8221;naturv\u00e5rden&#8221; som \u00e4r jaktfientlig. Jaga s\u00e4kert [&hellip;]<\/p>\n","protected":false},"author":78,"featured_media":0,"parent":5070,"menu_order":0,"comment_status":"open","ping_status":"open","template":"","meta":{"footnotes":""},"class_list":["post-1107","page","type-page","status-publish","hentry"],"_links":{"self":[{"href":"https:\/\/krets.jagareforbundet.se\/folkarna\/wp-json\/wp\/v2\/pages\/1107","targetHints":{"allow":["GET"]}}],"collection":[{"href":"https:\/\/krets.jagareforbundet.se\/folkarna\/wp-json\/wp\/v2\/pages"}],"about":[{"href":"https:\/\/krets.jagareforbundet.se\/folkarna\/wp-json\/wp\/v2\/types\/page"}],"author":[{"embeddable":true,"href":"https:\/\/krets.jagareforbundet.se\/folkarna\/wp-json\/wp\/v2\/users\/78"}],"replies":[{"embeddable":true,"href":"https:\/\/krets.jagareforbundet.se\/folkarna\/wp-json\/wp\/v2\/comments?post=1107"}],"version-history":[{"count":0,"href":"https:\/\/krets.jagareforbundet.se\/folkarna\/wp-json\/wp\/v2\/pages\/1107\/revisions"}],"up":[{"embeddable":true,"href":"https:\/\/krets.jagareforbundet.se\/folkarna\/wp-json\/wp\/v2\/pages\/5070"}],"wp:attachment":[{"href":"https:\/\/krets.jagareforbundet.se\/folkarna\/wp-json\/wp\/v2\/media?parent=1107"}],"curies":[{"name":"wp","href":"https:\/\/api.w.org\/{rel}","templated":true}]}}