{"id":1378,"date":"2013-03-24T09:58:12","date_gmt":"2013-03-24T08:58:12","guid":{"rendered":"https:\/\/krets.jagareforbundet.se\/folkarna\/?page_id=1378"},"modified":"2018-09-18T16:26:02","modified_gmt":"2018-09-18T14:26:02","slug":"ornar","status":"publish","type":"page","link":"https:\/\/krets.jagareforbundet.se\/folkarna\/ornar\/","title":{"rendered":"\u00d6rnar"},"content":{"rendered":"<p><a href=\"https:\/\/krets.jagareforbundet.se\/folkarna\/files\/2013\/03\/Kungsorn2.jpg\"><img loading=\"lazy\" decoding=\"async\" class=\"alignright size-full wp-image-1716\" title=\"Kungs\u00f6rn siluett\" src=\"https:\/\/krets.jagareforbundet.se\/folkarna\/files\/2013\/03\/Kungsorn2.jpg\" alt=\"\" width=\"220\" height=\"302\" srcset=\"https:\/\/krets.jagareforbundet.se\/folkarna\/files\/2013\/03\/Kungsorn2.jpg 220w, https:\/\/krets.jagareforbundet.se\/folkarna\/files\/2013\/03\/Kungsorn2-218x300.jpg 218w\" sizes=\"auto, (max-width: 220px) 100vw, 220px\" \/><\/a><\/p>\n<h2>Kungs\u00f6rn<\/h2>\n<p>Kungs\u00f6rnen \u00e4r n\u00e5got mindre \u00e4n havs\u00f6rnen, vingbredd 190-220 cm, kroppsl\u00e4ngd ca 90 cm, vikt 3-6 kg. Honan \u00e4r n\u00e5got st\u00f6rre \u00e4n hanen. Gamla f\u00e5glar har en ganska j\u00e4mnt m\u00f6rkbrun dr\u00e4kt, yngre f\u00e5glar har vita f\u00e4lt i vingar och ett vitt f\u00e4lt i stj\u00e4rten (vid roten). Kungs\u00f6rnens stj\u00e4rt \u00e4r avrundad (havs\u00f6rnens spetsig). Kungs\u00f6rnen har fj\u00e4derkl\u00e4dda tarser, vilket havs\u00f6rnen saknar.<\/p>\n<p>&nbsp;<\/p>\n<p><a href=\"https:\/\/krets.jagareforbundet.se\/folkarna\/files\/2013\/03\/Kungs\u00f6rn.jpg\"><img loading=\"lazy\" decoding=\"async\" class=\"size-full wp-image-1717 alignleft\" title=\"Kungs\u00f6rn\" src=\"https:\/\/krets.jagareforbundet.se\/folkarna\/files\/2013\/03\/Kungs\u00f6rn.jpg\" alt=\"\" width=\"250\" height=\"184\" \/><\/a><\/p>\n<p>&nbsp;<\/p>\n<p>&nbsp;<\/p>\n<p>&nbsp;<\/p>\n<p><img loading=\"lazy\" decoding=\"async\" class=\"size-full wp-image-1414 alignright\" title=\"Kungs\u00f6rn \" src=\"https:\/\/krets.jagareforbundet.se\/folkarna\/files\/2013\/03\/Kungsorn.jpg\" alt=\"\" width=\"200\" height=\"200\" srcset=\"https:\/\/krets.jagareforbundet.se\/folkarna\/files\/2013\/03\/Kungsorn.jpg 200w, https:\/\/krets.jagareforbundet.se\/folkarna\/files\/2013\/03\/Kungsorn-150x150.jpg 150w\" sizes=\"auto, (max-width: 200px) 100vw, 200px\" \/><\/p>\n<p>&nbsp;<\/p>\n<p>&nbsp;<\/p>\n<p>&nbsp;<\/p>\n<h2><\/h2>\n<h2><\/h2>\n<h2><\/h2>\n<h2><\/h2>\n<h2><\/h2>\n<h2><\/h2>\n<h2><\/h2>\n<h2><\/h2>\n<p>&nbsp;<\/p>\n<p>&nbsp;<\/p>\n<h2><\/h2>\n<h2><\/h2>\n<h2>Havs\u00f6rn<\/h2>\n<p>&nbsp;<\/p>\n<p><a href=\"https:\/\/krets.jagareforbundet.se\/folkarna\/files\/2013\/03\/Havsorn.jpg\"><img loading=\"lazy\" decoding=\"async\" class=\"alignleft size-full wp-image-1718\" title=\"Havsorn\" src=\"https:\/\/krets.jagareforbundet.se\/folkarna\/files\/2013\/03\/Havsorn.jpg\" alt=\"\" width=\"220\" height=\"165\" \/><\/a>Havs\u00f6rnen \u00e4r brun till f\u00e4rgen och vanligaste \u00f6rnen i kretsen. Vingbredden \u00e4r n\u00e4rmare 2,5 meter och f\u00e5gelns l\u00e4ngd omkring en meter, med en ungef\u00e4rlig vikt p\u00e5 4-7 kilo. Honan \u00e4r, som hos de flesta rovf\u00e5glar, st\u00f6rre \u00e4n hanen. En vuxen havs\u00f6rn k\u00e4nnetecknas av en j\u00e4mnt brun grundf\u00e4rg, huvudet och stj\u00e4rten \u00f6verg\u00e5r sedan till en guldbrun respektive vit stj\u00e4rt. N\u00e4bben \u00e4r gul och mycket kraftig (\u00e4ven i j\u00e4mf\u00f6relse med kungs\u00f6rnen). Vingarna har rak fram- och bakkant och vingspetsen \u00e4r tv\u00e4rt avskuren, med spretiga vingpennor. Stj\u00e4rten \u00e4r spetsig. I flykten skiljer den sig fr\u00e5n kungs\u00f6rnen genom sina breda vingar, sin korta stj\u00e4rt och sitt utskjutande l\u00e5nga huvudparti som sticker ut n\u00e4stan lika l\u00e5ngt som stj\u00e4rten.<\/p>\n<p>N\u00e4r det g\u00e4ller \u00f6rnar \u00e4r det bara h\u00e4ckande par som rapporteras till SOF, b\u00f6rjar\u00a0redan i januari med bobyggnad. \u00c4ggl\u00e4ggning har skett fr\u00e5n mitten av februari till mitten av april, oftast under mars..\u00a0<a href=\"http:\/\/jagareforbundet.se\/vilt\/vilt-vetande\/artpresentation\/faglar\/havsorn\/\" class=\"woo-sc-button  orange\" ><span class=\"woo-\">Presentation av Havs\u00f6rn<\/span><\/a> \u00a0<a href=\"http:\/\/svalan.artdata.slu.se\/birds\/dagens.asp?landskapskod=16&#038;dag=0\" class=\"woo-sc-button  orange\" ><span class=\"woo-\">Dagens f\u00e5gelrapporter<\/span><\/a><\/p>\n<p>&nbsp;<\/p>\n","protected":false},"excerpt":{"rendered":"<p>Kungs\u00f6rn Kungs\u00f6rnen \u00e4r n\u00e5got mindre \u00e4n havs\u00f6rnen, vingbredd 190-220 cm, kroppsl\u00e4ngd ca 90 cm, vikt 3-6 kg. Honan \u00e4r n\u00e5got st\u00f6rre \u00e4n hanen. Gamla f\u00e5glar har en ganska j\u00e4mnt m\u00f6rkbrun dr\u00e4kt, yngre f\u00e5glar har vita f\u00e4lt i vingar och ett vitt f\u00e4lt i stj\u00e4rten (vid roten). Kungs\u00f6rnens stj\u00e4rt \u00e4r avrundad (havs\u00f6rnens spetsig). Kungs\u00f6rnen har fj\u00e4derkl\u00e4dda [&hellip;]<\/p>\n","protected":false},"author":78,"featured_media":0,"parent":0,"menu_order":8,"comment_status":"open","ping_status":"open","template":"","meta":{"footnotes":""},"class_list":["post-1378","page","type-page","status-publish","hentry"],"_links":{"self":[{"href":"https:\/\/krets.jagareforbundet.se\/folkarna\/wp-json\/wp\/v2\/pages\/1378","targetHints":{"allow":["GET"]}}],"collection":[{"href":"https:\/\/krets.jagareforbundet.se\/folkarna\/wp-json\/wp\/v2\/pages"}],"about":[{"href":"https:\/\/krets.jagareforbundet.se\/folkarna\/wp-json\/wp\/v2\/types\/page"}],"author":[{"embeddable":true,"href":"https:\/\/krets.jagareforbundet.se\/folkarna\/wp-json\/wp\/v2\/users\/78"}],"replies":[{"embeddable":true,"href":"https:\/\/krets.jagareforbundet.se\/folkarna\/wp-json\/wp\/v2\/comments?post=1378"}],"version-history":[{"count":0,"href":"https:\/\/krets.jagareforbundet.se\/folkarna\/wp-json\/wp\/v2\/pages\/1378\/revisions"}],"wp:attachment":[{"href":"https:\/\/krets.jagareforbundet.se\/folkarna\/wp-json\/wp\/v2\/media?parent=1378"}],"curies":[{"name":"wp","href":"https:\/\/api.w.org\/{rel}","templated":true}]}}