{"id":1482,"date":"2013-03-25T09:55:51","date_gmt":"2013-03-25T08:55:51","guid":{"rendered":"https:\/\/krets.jagareforbundet.se\/folkarna\/?page_id=1482"},"modified":"2014-01-04T10:28:46","modified_gmt":"2014-01-04T09:28:46","slug":"historia","status":"publish","type":"page","link":"https:\/\/krets.jagareforbundet.se\/folkarna\/historia\/","title":{"rendered":"Historia"},"content":{"rendered":"<p><a href=\"https:\/\/krets.jagareforbundet.se\/folkarna\/files\/2013\/03\/Bok.png\"><img loading=\"lazy\" decoding=\"async\" class=\"alignleft size-full wp-image-2690\" title=\"Bok\" alt=\"\" src=\"https:\/\/krets.jagareforbundet.se\/folkarna\/files\/2013\/03\/Bok.png\" width=\"186\" height=\"272\" \/><\/a>Folk\u00e4rna var en av socknarna i Folkare h\u00e4rad, \u00f6vriga var Grytn\u00e4s, Hedemora och By, tillsammans med socknarna Husby, Garpenberg och Avesta tillh\u00f6rde dessa alla N\u00e4sg\u00e5rds l\u00e4n i Dalarna. Namnet Folk\u00e4rna har ingen exakt h\u00e4rkomst utan jag v\u00e4ljer en av de vanligaste teorierna, n\u00e4mligen den som vitfrejade H\u00fclpers i sin dagbok \u00f6ver en resa genom Dalarna, efter samtal med folket boende i socknen, d\u00e4r har han dragit slutsatsen att Folk\u00e4rna skulle komma fr\u00e5n ordet &#8221;<em>fol<\/em>&#8221; f\u00f6r trakt, d\u00e5 betydande &#8221;<em>trakt med m\u00e4ngder med k\u00e4rr<\/em>&#8221;, uttalas\u00a0&#8221;f\u00e5ll-tj\u00e4rna&#8221;.<\/p>\n<p>1776 skriver Gustaf Christerinin om socknens djurliv f\u00f6ljande : &#8221; <em>Vilda djur saknas icke, och deras ideliga h\u00e4rjningar f\u00f6rorsaka stor skadeg\u00f6relse f\u00f6r befolkningen. Bj\u00f6rnar \u00e4ro visserligen ganska s\u00e4llsynta, men \u00f6ver vargens blodiga framfart klagas det synnerligen mycket.<\/em><\/p>\n<p><em>Ormar och andra giftiga varelser visa sig s\u00e4llan. P\u00e5 harar och gr\u00e4vlingar \u00e4r tillg\u00e5ngen t\u00e4mligen stor. \u00c4ven vesslor och ekorrar f\u00e5ngas, men det sker mera s\u00e4llan. Lodjur, uttrar och m\u00e5rdar visa sig ofta. Att b\u00e4vrar uppeh\u00e5lla sig i Dal\u00e4lven \u00e5dagal\u00e4gga tr\u00e4d, som \u00e4ro skadade genom gnagningar. \u00c4lgar str\u00f6va stundom genom socknen. Svanor infinna sig i m\u00e4ngd vid v\u00e5rens b\u00f6rjan men kunna s\u00e4llan f\u00e5ngas. I sj\u00f6arna simma tusentals \u00e4nder omkring inemot h\u00f6sten. Tj\u00e4drar, orrar och j\u00e4rpar finns visserligen, men de \u00e4ro r\u00e4tt f\u00e5taliga. H\u00e4grar uppeh\u00e5lla sig h\u00e4r under sommaren&#8221;<\/em><\/p>\n<div id=\"attachment_1483\" style=\"width: 397px\" class=\"wp-caption aligncenter\"><a href=\"https:\/\/krets.jagareforbundet.se\/folkarna\/files\/2013\/03\/Folkarna-socken-1652a.jpg\"><img loading=\"lazy\" decoding=\"async\" aria-describedby=\"caption-attachment-1483\" class=\"size-full wp-image-1483  \" title=\"Folk\u00e4rna \" alt=\"\" src=\"https:\/\/krets.jagareforbundet.se\/folkarna\/files\/2013\/03\/Folkarna-socken-1652a.jpg\" width=\"387\" height=\"520\" srcset=\"https:\/\/krets.jagareforbundet.se\/folkarna\/files\/2013\/03\/Folkarna-socken-1652a.jpg 387w, https:\/\/krets.jagareforbundet.se\/folkarna\/files\/2013\/03\/Folkarna-socken-1652a-223x300.jpg 223w\" sizes=\"auto, (max-width: 387px) 100vw, 387px\" \/><\/a><p id=\"caption-attachment-1483\" class=\"wp-caption-text\">Folk\u00e4rna socken 1652<\/p><\/div>\n<p style=\"text-align: center\">215,00 <a title=\"Kvadratkilometer\" href=\"http:\/\/sv.wikipedia.org\/wiki\/Kvadratkilometer\">kvadratkilometer<\/a>, varav 193,10 land<\/p>\n<p style=\"text-align: center\">Varf\u00f6r jagar vi ?<\/p>\n<p>Under den l\u00e4ngsta delen av den tid vi m\u00e4nniskor funnits p\u00e5 jorden har vi varit j\u00e4gare. Att jaga \u00e4r ett naturligt s\u00e4tt att leva.<\/p>\n<p>Andjakt vid en insj\u00f6 n\u00e4r solen g\u00e5r ned. F\u00e5gelhundarnas arbete p\u00e5 det h\u00f6stf\u00e4rgade fj\u00e4llet. Tunga \u00e4lgsp\u00e5r i mossan, eller &#8211; harjakt i nysn\u00f6. Jakten erbjuder j\u00e4garna m\u00e5nga gl\u00e4dje\u00e4mnen och naturupplevelser. \u00c4ven om sj\u00e4lva jagandet \u00e4r k\u00e4rnan \u00e4r det inte det enda som ger j\u00e4garen upplevelser och stimulans. Viltv\u00e5rd, hundtr\u00e4ning, markv\u00e5rd, kamratskap, skyttetr\u00e4ning \u00e4r andra viktiga inslag i jakten.<\/p>\n<p>Till jakten h\u00f6r ocks\u00e5 tillvaratagandet av bytet, antingen det handlar om att laga till en \u00e4lgstek eller bereda ett r\u00e4vskinn. Viss jakt \u00e4r ocks\u00e5 n\u00f6dv\u00e4ndig f\u00f6r att begr\u00e4nsa de skador viltet kan st\u00e4lla till med, exempelvis trafikskador, skador p\u00e5 skog och gr\u00f6da. J\u00e4gare emellan beh\u00f6ver man inte f\u00f6rklara eller f\u00f6rsvara jakten. Idag finns det dock m\u00e5nga m\u00e4nniskor som lever l\u00e5ngt fr\u00e5n jakten och naturen. H\u00e4r n\u00e5gra argument som kanske kan hj\u00e4lpa till att f\u00f6rklara &#8221;jaktens sj\u00e4l&#8221;:<\/p>\n<p>&nbsp;<\/p>\n<p style=\"text-align: left\">\u00a0Vi har v\u00e5ra r\u00f6tter i jakten. Under den l\u00e4ngsta delen av den tid vi m\u00e4nniskor funnits p\u00e5 jorden har vi varit j\u00e4gare. Att jaga \u00e4r ett naturligt s\u00e4tt att leva.<\/p>\n<p style=\"text-align: left\">\u00a0Jakt \u00e4r ett s\u00e4tt att uth\u00e5lligt sk\u00f6rda ett \u00f6verskott som naturen ger. En betydelsefull del av jaktskickligheten \u00e4r att nyttja den resursen klokt och inte ta ut mer \u00e4n naturen producerar.<\/p>\n<p style=\"text-align: left\">\u00a0En viktig del av den jaktliga upplevelsen \u00e4r att jaga med etik. De regler n\u00f6jesj\u00e4garna jagar efter \u00e4r betydligt h\u00e5rdare \u00e4n de villkor som r\u00e5der i naturen.<\/p>\n<p style=\"text-align: left\">\u00a0I den jaktliga k\u00e4nslan ing\u00e5r ocks\u00e5 tillfredsst\u00e4llelsen att sj\u00e4lv kunna h\u00e4mta sin mat fr\u00e5n naturens skafferi och laga till den. Viltet har levat ett naturligt liv fj\u00e4rran fr\u00e5n djurfabriker, antibiotika och andra konstgjorda s\u00e4tt att hantera djur.<\/p>\n<p style=\"text-align: left\">\u00a0Att jaga tillsammans \u00e4r ett naturligt s\u00e4tt att umg\u00e5s. I jaktlaget blir man bed\u00f6md efter hur god j\u00e4gare och kamrat man \u00e4r, inte efter social position skogsinnehav, gods och guld.<\/p>\n<p style=\"text-align: left\">\u00a0Jakt \u00e4r ocks\u00e5 naturupplevelse. M\u00e5nga jaktdagar \u00e4r det enda &#8221;bytet&#8221; minnen av upplevelserna i skog, p\u00e5 fj\u00e4llet eller i sk\u00e4rg\u00e5rden.<\/p>\n<p style=\"text-align: left\">\u00a0Den trognaste jaktkamraten \u00e4r hunden. Mycket av jaktlyckan ligger i att tr\u00e4na sin hund och gl\u00e4djas \u00e5t hans arbete.<\/p>\n<p style=\"text-align: left\"><span style=\"font-size: xx-small\"><br \/>\n<\/span><\/p>\n<p><!--mstheme--><\/p>\n","protected":false},"excerpt":{"rendered":"<p>Folk\u00e4rna var en av socknarna i Folkare h\u00e4rad, \u00f6vriga var Grytn\u00e4s, Hedemora och By, tillsammans med socknarna Husby, Garpenberg och Avesta tillh\u00f6rde dessa alla N\u00e4sg\u00e5rds l\u00e4n i Dalarna. Namnet Folk\u00e4rna har ingen exakt h\u00e4rkomst utan jag v\u00e4ljer en av de vanligaste teorierna, n\u00e4mligen den som vitfrejade H\u00fclpers i sin dagbok \u00f6ver en resa genom Dalarna, [&hellip;]<\/p>\n","protected":false},"author":78,"featured_media":0,"parent":0,"menu_order":14,"comment_status":"open","ping_status":"open","template":"","meta":{"footnotes":""},"class_list":["post-1482","page","type-page","status-publish","hentry"],"_links":{"self":[{"href":"https:\/\/krets.jagareforbundet.se\/folkarna\/wp-json\/wp\/v2\/pages\/1482","targetHints":{"allow":["GET"]}}],"collection":[{"href":"https:\/\/krets.jagareforbundet.se\/folkarna\/wp-json\/wp\/v2\/pages"}],"about":[{"href":"https:\/\/krets.jagareforbundet.se\/folkarna\/wp-json\/wp\/v2\/types\/page"}],"author":[{"embeddable":true,"href":"https:\/\/krets.jagareforbundet.se\/folkarna\/wp-json\/wp\/v2\/users\/78"}],"replies":[{"embeddable":true,"href":"https:\/\/krets.jagareforbundet.se\/folkarna\/wp-json\/wp\/v2\/comments?post=1482"}],"version-history":[{"count":0,"href":"https:\/\/krets.jagareforbundet.se\/folkarna\/wp-json\/wp\/v2\/pages\/1482\/revisions"}],"wp:attachment":[{"href":"https:\/\/krets.jagareforbundet.se\/folkarna\/wp-json\/wp\/v2\/media?parent=1482"}],"curies":[{"name":"wp","href":"https:\/\/api.w.org\/{rel}","templated":true}]}}