{"id":164,"date":"2013-03-12T01:41:51","date_gmt":"2013-03-12T00:41:51","guid":{"rendered":"https:\/\/krets.jagareforbundet.se\/folkarna\/?page_id=164"},"modified":"2019-02-01T19:04:04","modified_gmt":"2019-02-01T18:04:04","slug":"utbildningsfragor","status":"publish","type":"page","link":"https:\/\/krets.jagareforbundet.se\/folkarna\/verksamheten-i-fjvk\/utbildningsfragor\/","title":{"rendered":"Utbildning"},"content":{"rendered":"<h2 style=\"text-align: center\"><span style=\"color: #008000\">Utbildningsansvarig i FJVK \u00e4r Ingrid Flygare 0226-650 06\u00a0 &#8211; \u00a0070-630 98 64 <a href=\"mailto:flygare.ingrid@comhem.se\">flygare.ingrid@comhem.se<\/a>\u00a0<\/span><\/h2>\n<p>&nbsp;<\/p>\n<p><a href=\"https:\/\/krets.jagareforbundet.se\/folkarna\/files\/2013\/03\/Ingrid1.jpg\"><img loading=\"lazy\" decoding=\"async\" class=\"size-thumbnail wp-image-1691 alignleft\" title=\"Ingrid Flygare\" src=\"https:\/\/krets.jagareforbundet.se\/folkarna\/files\/2013\/03\/Ingrid1-150x150.jpg\" alt=\"\" width=\"150\" height=\"150\" \/><\/a>Kommande m\u00f6ten och utbildningar presenteras under\u00a0Kurser &amp; M\u00f6ten en del ocks\u00e5 under Evenemang.<\/p>\n<p>Tanken \u00e4r att n\u00e4sta m\u00f6te\/utbildning skall ses p\u00e5 f\u00f6rsta sidan, d\u00e4r under visas de tv\u00e5 n\u00e4sta. \u00d6vriga genom att klicka under listan.<\/p>\n<p>Styrelsen har noterat \u00a0att k\u00e4nnedom och jakt p\u00e5 vildsvin \u00e4r n\u00e5got som beh\u00f6vs just nu. S\u00e5 vi kan hj\u00e4lpa de som ev. f\u00e5r vildsvinsproblem, och inte har\/haft jakt p\u00e5 sin mark tidigare. Jaktlag som t\u00e4nker anordna kurser eller f\u00f6rel\u00e4sningar skall alltid kontakta Ingrid.<\/p>\n<p>N\u00e4r du svarar med kontaktformul\u00e4ret nedan skall du skriva in summan av siffrorna, det \u00e4r inget intelligenstest utan ett s\u00e4tt att undvika sk. robotsvar som stoppar hemsidans funktion. [2018-06-25]<\/p>\n<p style=\"text-align: center\" align=\"center\"><a title=\"e-jakt\" href=\"http:\/\/www.e-jakt.jagareforbundet.se\/e-jakt\"><a href=\"http:\/\/jagareforbundet.se\/utbildning\/e-jakt\/\" class=\"woo-sc-button  purple\" ><span class=\"woo-\">E-Utbildning<\/span><\/a> <a href=\"http:\/\/jagareforbundet.se\/sv\/utbildning\/\" class=\"woo-sc-button  purple\" ><span class=\"woo-\">Till SJF Utbildningssida<\/span><\/a><\/a>\u00a0<a href=\"https:\/\/app.coursio.com\/store\/jagareforbundet\" class=\"woo-sc-button  purple\" ><span class=\"woo-\">E-Utbildning Efters\u00f6k<\/span><\/a> <a href=\"http:\/\/jagareforbundet.se\/utbildning\/vara-kurser\/styckning-pa-e-jakt\/\" class=\"woo-sc-button  purple\" ><span class=\"woo-\">Stycka Kl\u00f6vvilt<\/span><\/a>\u00a0<a href=\"http:\/\/jagareforbundet.se\/mitt\/dalarnas-lan\/jagareforbundet-dalarna\/nyheter-dalarna\/2015\/01\/forteckning-over-hundkurser-gavle-dala-2015\/\" class=\"woo-sc-button  purple\" ><span class=\"woo-\">Hundutbildning<\/span><\/a>\u00a0<a href=\"http:\/\/jagareforbundet.se\/utbildning\/vara-kurser\/eftersoksutbildning\/viltsparkurs\/\" class=\"woo-sc-button  purple\" ><span class=\"woo-\">Viltsp\u00e5rning<\/span><\/a> \u00a0<a href=\"http:\/\/jagareforbundet.se\/mitt\/dalarnas-lan\/jagareforbundet-dalarna\/verksamhet\/utbildningar\/viltundersokare\/\" class=\"woo-sc-button  red\" ><span class=\"woo-\">Viltunders\u00f6kare<\/span><\/a><\/p>\n<p align=\"center\"><strong>Under 2017 klarade 12 800\u00a0<\/strong><strong>personer det teoretiska\u00a0<\/strong><strong>provet, f\u00f6r J\u00e4garexamen <\/strong><\/p>\n<p align=\"center\"><strong>vilket \u00e4r en \u00f6kning\u00a0<\/strong><strong>j\u00e4mf\u00f6rt med 2016 d\u00e5 12\u00a0<\/strong><strong>650 genomf\u00f6rde provet.<\/strong><br \/>\n<strong>2015 var ett rekord\u00e5r med\u00a0<\/strong><strong>13 340 godk\u00e4nda teoretiska\u00a0<\/strong><strong>prov. <\/strong><\/p>\n<p align=\"center\"><strong>Andelen kvinnor\u00a0<\/strong><strong>forts\u00e4tter att ligga h\u00f6gt.<\/strong><\/p>\n<p align=\"center\"><strong>Om\u00a0<a href=\"http:\/\/jagareforbundet.se\/utbildning\/jagarexamen\/\">J\u00e4garexamen<\/a><\/strong><\/p>\n<p align=\"center\">De kurser som jaktlagen kan anordna \u00e4r:\u00a0<strong>J\u00e4garskolan,\u00a0<\/strong><span style=\"color: #333300\"><strong>Jaktskyttes ABC,\u00a0<\/strong><\/span><span style=\"color: #333300\"><strong>Vildsvin<\/strong><\/span><\/p>\n<p style=\"text-align: center\" align=\"center\"><span style=\"color: #333300\"><strong>Kronhjort,\u00a0<\/strong><\/span><span style=\"color: #333300\"><strong>Jakt p\u00e5 varg,\u00a0<\/strong><\/span><span style=\"color: #333300\"><strong>Efters\u00f6k p\u00e5 kl\u00f6vvilt,\u00a0<\/strong><\/span><span style=\"color: #333300\"><strong>Det vilda k\u00f6ttet,\u00a0<\/strong><\/span><span style=\"color: #333300\"><strong>Lockjakt p\u00e5 r\u00e4v<\/strong><\/span><\/p>\n<p style=\"text-align: center\" align=\"center\"><span style=\"color: #333300\"><strong>F\u00e5ngst -r\u00e4v och gr\u00e4vling,\u00a0<\/strong><\/span><span style=\"color: #333300\"><strong>Viltv\u00e5rd,\u00a0<\/strong><\/span><span style=\"color: #333300\"><strong>LASA Leta -Analysera- Sp\u00e5ra- Avsluta)<\/strong><\/span><\/p>\n<p style=\"text-align: center\" align=\"center\"><span style=\"color: #333300\"><strong>Bulvanjakt p\u00e5 g\u00e4ss,\u00a0<\/strong><\/span><a href=\"http:\/\/jagareforbundet.se\/Global\/L%C3%A4n\/Dalarna\/Framtidens%20%C3%A4lgjakt.pdf\"><span style=\"color: #0000ff\"><span style=\"color: #0000ff\"><strong>Framtidens \u00e4lgjakt- om du f\u00e5r best\u00e4mma<\/strong><\/span><\/span><\/a><\/p>\n<p align=\"center\">Mer info Leif Risander Tel :0247-131 35 \u00a0e-post : leif.risander@studiefr\u00e4mjandet.se<\/p>\n<h4 style=\"text-align: center\" align=\"center\"><span style=\"color: #800000\">\u00a0Planer f\u00f6r 2019:\u00a0<\/span>J\u00e4garskolan kontakta Studiefr\u00e4mjandet.<\/h4>\n<p style=\"text-align: center\"><a href=\"https:\/\/krets.jagareforbundet.se\/folkarna\/files\/2019\/02\/jagarskolan.jpg\" class=\"woo-sc-button  green large\" ><span class=\"woo-\">Vad inneb\u00e4r J\u00e4garskolan, klicka H\u00c4R<\/span><\/a><\/p>\n<p><strong><span style=\"color: #800000\">Temakv\u00e4ll\u00a0 Kulvapnet<\/span><br \/>\n<\/strong>Att ta hand om sitt vapen p\u00e5 ett bra s\u00e4tt g\u00f6r att det bibeh\u00e5lls i gott skick vilket g\u00f6r att risken f\u00f6r eldavbrott och d\u00e5liga skott minimeras.<\/p>\n<p>Under kv\u00e4llens f\u00f6rel\u00e4sning behandlas kulvapnets funktion och sk\u00f6tsel och d\u00e4r \u00e4ven dina egna fr\u00e5gor besvaras.<\/p>\n<p>Entr\u00e9avg. 50 kr inkl. fika<\/p>\n<p>Anordnas efter initiativ av kretsar, \u00e4lgsk\u00f6tselomr\u00e5den, studief\u00f6rbund m.fl.<br \/>\nIntresserade kontakta\u00a0010-5847182 h<a href=\"mailto:elene.sterner@jagareforbundet.se\">elene.sterner@jagareforbundet.se<\/a><\/p>\n<p><span style=\"color: #800000\"><strong>\u00a0<\/strong><strong>Viltdata.se<\/strong><\/span><\/p>\n<p>Kv\u00e4llsutbildning om har man arbetar i Viltdata.se. M\u00e5lgruppen \u00e4r i f\u00f6rsta hand nyckelpersoner i bl.a. \u00e4lgsk\u00f6tselomr\u00e5den som skall ansvara f\u00f6r Viltdata.se<br \/>\nIngen avgift.<\/p>\n<p>Anordnas efter initiativ av kretsar, \u00e4lgsk\u00f6tselomr\u00e5den, studief\u00f6rbund m.fl.<br \/>\nIntresserade kontakta\u00a0Erik Matsson 105847662\u00a0erik.matsson@jagareforbundet.se<\/p>\n<p>&nbsp;<\/p>\n<p><span style=\"color: #800000\"><strong>Viltv\u00e5rdsomr\u00e5de, VVO<\/strong><\/span><\/p>\n<p>Ett VVO \u00e4r en sammanslutning av marker\/fastigheter f\u00f6r en b\u00e4ttre jakt och viltv\u00e5rd. M\u00e5nga lagar och best\u00e4mmelser styr ett viltv\u00e5rdsomr\u00e5de. F\u00f6r att p\u00e5 ett korrekt s\u00e4tt sk\u00f6ta ett VVO kr\u00e4vs goda kunskaper om hur dess lagar och f\u00f6reskrifter skall tolkas och f\u00f6ljas. Kv\u00e4llskurs, ordnas p\u00e5 beg\u00e4ran. Ingen avgift<\/p>\n<p>Anordnas efter f\u00f6rfr\u00e5gan kontakta Erik Matsson\u00a0 0105847662\u00a0 erik.matsson@jagareforbundet.se<\/p>\n<p>&nbsp;<\/p>\n<p><span style=\"color: #800000\"><strong>Vildsvinen inom Viltv\u00e5rdsomr\u00e5den<\/strong><\/span><\/p>\n<p>Ett VVO \u00e4r en sammanslutning av marker\/fastigheter f\u00f6r en b\u00e4ttre jakt och viltv\u00e5rd. M\u00e5nga lagar och best\u00e4mmelser styr ett viltv\u00e5rdsomr\u00e5de. F\u00f6r att p\u00e5 ett korrekt s\u00e4tt sk\u00f6ta det \u201dnya\u201d viltet vildsvin inom ett VVO anordnas informationskv\u00e4llar enligt nedan.<\/p>\n<p>Ingen avgift.<\/p>\n<p>Anordnas efter initiativ av kretsar, \u00e4lgsk\u00f6tselomr\u00e5den, studief\u00f6rbund m.fl.<br \/>\nIntresserade kontakta Erik Matsson 0105847662\u00a0 \u00a0erik.matsson@jagareforbundet.se<\/p>\n<p>&nbsp;<\/p>\n<p><span style=\"color: #800000\"><strong>Jaktledarutbildning<\/strong><\/span><\/p>\n<p>Under tv\u00e5 dagar f\u00e5r du teoretisk genomg\u00e5ng av jaktv\u00e5rdskonsulent samt praktiska skjut\u00f6vningar f\u00f6r skytteinstrukt\u00f6r. Kursavgift 1250 kr. I avgiften ing\u00e5r fika och lunch f\u00f6rsta dagen samt viss kurslitteratur. Minst 10 och max 18 deltagare. Ut\u00f6ver nedanst\u00e5ende tillf\u00e4lle anordnas denna utbildning om intresse finns f\u00f6r kretsar, \u00e4lgsk\u00f6tselomr\u00e5den, f\u00f6retag, vvo eller jaktlag efter \u00f6verenskommelse.<\/p>\n<p>&nbsp;<\/p>\n<p>Fr\u00e5gor om kurserna kontakta Hans Johansson\u00a0010-5847653\u00a0 \u00a0alt <a href=\"mailto:hans.johansson@jagareforbundet.se\">hans.johansson@jagareforbundet.se<\/a><\/p>\n<p>Anm\u00e4lan <a href=\"mailto:helene.sterner@jagareforbundet.se\">helene.sterner@jagareforbundet.se<\/a> alt 010-5847182<\/p>\n<p>anordnas efter f\u00f6rfr\u00e5gan kontakta\u00a0personalen p\u00e5 J\u00e4garef\u00f6rbundets kansli i Falun tel 010-5847182.<\/p>\n<p><strong>\u00a0<\/strong><\/p>\n<p><span style=\"color: #800000\"><strong>\u00c4lgsk\u00f6tselomr\u00e5dets administration och \u00e4lgf\u00f6rvaltningsplan<\/strong><\/span><\/p>\n<p>Ett \u00e4lgsk\u00f6tselomr\u00e5de \u00e4r en registreringsform f\u00f6r \u00e4lgjakten som bygger p\u00e5 frivillig samverkan mellan jaktr\u00e4ttshavare. En viktig del f\u00f6r att f\u00e5 registrera ett \u00e4lgsk\u00f6tselomr\u00e5de \u00e4r \u00e4lgsk\u00f6tselplanen, men \u00e4ven administrationen inom omr\u00e5det \u00e4r viktigt f\u00f6r att allt skall fungera.<\/p>\n<p>En introduktion till ett digitalt utbildningspaketet f\u00f6r \u00e4lgsk\u00f6tselomr\u00e5dets administrat\u00f6rer anordnas efter f\u00f6rfr\u00e5gan. Minst 10 och max 20 deltagare.<\/p>\n<p>Pris; Ingen avgift<\/p>\n<p>Fr\u00e5gor om \u201dkursen\u201d kontakta Helen\u00a0 0105847182\u00a0\u00a0<a href=\"mailto:helene.sterner@jagareforbundet.se\">helene.sterner@jagareforbundet.s<\/a>e<\/p>\n<div class=\"clearfix content__fluid\" id=\"content\">\n<div id=\"fullCol\">\n<div id=\"mainCol\">\n<div class=\"content clearfix\">\n<div class=\"pageContent clearfix\">\n<div class=\"blockarea\"><strong style=\"color: #800000\">Styckningskurs<\/strong><\/div>\n<\/div>\n<\/div>\n<\/div>\n<\/div>\n<\/div>\n<p>L\u00e4r dig stycka ett helt djur. \u00c4lg\/R\u00e5djur\/vildsvin.<br \/>\nAnordnas efter f\u00f6rfr\u00e5gan p\u00e5 initiativ av jaktlag, n\u00e4r ni har viltet h\u00e4ngande, dock minst 10 personer.<br \/>\nEn grundl\u00e4ggande anatomisk styckningskurs f\u00f6r dig som vill kunna ta hand om och stycka ett helt djur. N\u00e5gra f\u00f6rkunskaper inom omr\u00e5det beh\u00f6vs inte.<\/p>\n<p>Efter den h\u00e4r kursen kommer du att kunna stycka ett helt eller halvt djur och ta vara p\u00e5 alla styckningsdetaljer.<\/p>\n<p>Plats: I ert slakteri\u00a0\u00a0\u00a0\u00a0 Pris: 500 kr per person<\/p>\n<p>Fr\u00e5gor om kursen kontakta Leif Risander 076-77 86 069 eller <a href=\"mailto:leif.risander@studieframjandet.se\">leif.risander@studieframjandet.se<\/a><br \/>\n<strong>Anm\u00e4lan: Anm\u00e4lan grupp om minst 10 personer till samt f\u00f6rslag p\u00e5 l\u00e4mpligt datum till; helene.sterner @jagareforbundet.se\u00a0 alt 010-5847182<\/strong><br \/>\n<strong>\u00a0<\/strong><\/p>\n<p><strong>\u00a0<\/strong><strong><span style=\"color: #800000\">Viltunders\u00f6kare<\/span><br \/>\n<\/strong>Viltunders\u00f6karens arbete syftar till att \u00f6ka kvalit\u00e9n p\u00e5 viltk\u00f6ttet och inneb\u00e4r ocks\u00e5 att kraven s\u00e4nks p\u00e5 vilka organ mm. som skall medf\u00f6lja viltet till en vilthanteringsanl\u00e4ggning f\u00f6r besiktning.<\/p>\n<p>Jaktlagets viltunders\u00f6kare f\u00e5r utf\u00e4rda ett intyg eller underr\u00e4tta besiktningsveterin\u00e4ren om resultatet av en f\u00f6rsta yttre och inre unders\u00f6kning av ett f\u00e4llt vilt.<br \/>\nEfter ans\u00f6kan kan ocks\u00e5 l\u00e4nsstyrelsen ge viltunders\u00f6kare r\u00e4tt m\u00f6jlighet att besiktiga \u00e4lgar och skriva intyg om ok\u00e4nliga som f\u00f6da och d\u00e4rmed fria fr\u00e5n fallavgift.<\/p>\n<p>F\u00f6rkunskaper: Avlagd j\u00e4garexamen eller motsvarande kunskaper om vilt och tillvaratagande. Boken \u201dLiv och d\u00f6d bland vilda djur\u201d kommer att ing\u00e5 i<br \/>\nutbildningen.<\/p>\n<p>Pris: 950 inklusive lunch.\u00a0Information om kursen kontakta <a href=\"mailto:kalle.johansson@jagareforbundet.se\">kalle.johansson@jagareforbundet.se<\/a>.<\/p>\n<p><strong>Anm\u00e4lan till J\u00e4garef\u00f6rbundets kontor i Falun telefon 010-5847182. Alt. helene.sterner@jagareforbundet.se<\/strong><\/p>\n<p><span style=\"color: #800000\"><strong>F\u00f6rtroendemannautbildning<\/strong><\/span><\/p>\n<p>F\u00f6r gamla och nya ledam\u00f6ter i kretsarnas och jaktf\u00f6reningarnas styrelser. Styrelsens arbete, verksamhetsplanering, medlemsv\u00e5rd.<br \/>\nInformation om kursen kontakta claes.lindstrom@jagareforbundet.se<\/p>\n<p>Kostnad 0 kr<\/p>\n<p>Information om kursen kontakta <strong>helene.sterner@jagareforbundet.se<\/strong><\/p>\n<p><strong><span style=\"color: #800000\">F\u00f6reningskunskap<\/span><br \/>\n<\/strong>F\u00f6r kretsar, viltv\u00e5rdsomr\u00e5den, jaktklubbar eller \u00e4lgsk\u00f6tselomr\u00e5den som har uppt\u00e4ckt att man borde kunna mer om f\u00f6reningskunskap har studiefr\u00e4mjandet en utm\u00e4rkt liten \u201dkurs\u201d.<br \/>\nKontakta Leif Risander Studiefr\u00e4mjandet Leksand 076-7786069 <a href=\"mailto:leif.risander@studieframjandets.se\">leif.risander@studieframjandets.se<\/a> f\u00f6r Norra Dalarna och G\u00e4vleborg eller<br \/>\nPer Folkerud Studiefr\u00e4mjandet Falun 023-777634<br \/>\n<a href=\"mailto:per.folkerud@studieframjandet.se\">per.folkerud@studieframjandet.se<\/a> f\u00f6r S\u00f6dra Dalarna s\u00e5 hj\u00e4lper de Er.<\/p>\n<p>&nbsp;<\/p>\n","protected":false},"excerpt":{"rendered":"<p>Utbildningsansvarig i FJVK \u00e4r Ingrid Flygare 0226-650 06\u00a0 &#8211; \u00a0070-630 98 64 flygare.ingrid@comhem.se\u00a0 &nbsp; Kommande m\u00f6ten och utbildningar presenteras under\u00a0Kurser &amp; M\u00f6ten en del ocks\u00e5 under Evenemang. Tanken \u00e4r att n\u00e4sta m\u00f6te\/utbildning skall ses p\u00e5 f\u00f6rsta sidan, d\u00e4r under visas de tv\u00e5 n\u00e4sta. \u00d6vriga genom att klicka under listan. Styrelsen har noterat \u00a0att k\u00e4nnedom och [&hellip;]<\/p>\n","protected":false},"author":78,"featured_media":0,"parent":6652,"menu_order":4,"comment_status":"open","ping_status":"open","template":"template-contact.php","meta":{"footnotes":""},"class_list":["post-164","page","type-page","status-publish","hentry"],"_links":{"self":[{"href":"https:\/\/krets.jagareforbundet.se\/folkarna\/wp-json\/wp\/v2\/pages\/164","targetHints":{"allow":["GET"]}}],"collection":[{"href":"https:\/\/krets.jagareforbundet.se\/folkarna\/wp-json\/wp\/v2\/pages"}],"about":[{"href":"https:\/\/krets.jagareforbundet.se\/folkarna\/wp-json\/wp\/v2\/types\/page"}],"author":[{"embeddable":true,"href":"https:\/\/krets.jagareforbundet.se\/folkarna\/wp-json\/wp\/v2\/users\/78"}],"replies":[{"embeddable":true,"href":"https:\/\/krets.jagareforbundet.se\/folkarna\/wp-json\/wp\/v2\/comments?post=164"}],"version-history":[{"count":1,"href":"https:\/\/krets.jagareforbundet.se\/folkarna\/wp-json\/wp\/v2\/pages\/164\/revisions"}],"predecessor-version":[{"id":5454,"href":"https:\/\/krets.jagareforbundet.se\/folkarna\/wp-json\/wp\/v2\/pages\/164\/revisions\/5454"}],"up":[{"embeddable":true,"href":"https:\/\/krets.jagareforbundet.se\/folkarna\/wp-json\/wp\/v2\/pages\/6652"}],"wp:attachment":[{"href":"https:\/\/krets.jagareforbundet.se\/folkarna\/wp-json\/wp\/v2\/media?parent=164"}],"curies":[{"name":"wp","href":"https:\/\/api.w.org\/{rel}","templated":true}]}}