{"id":1721,"date":"2013-03-28T23:41:11","date_gmt":"2013-03-28T22:41:11","guid":{"rendered":"https:\/\/krets.jagareforbundet.se\/folkarna\/?page_id=1721"},"modified":"2020-01-10T11:11:15","modified_gmt":"2020-01-10T10:11:15","slug":"varg","status":"publish","type":"page","link":"https:\/\/krets.jagareforbundet.se\/folkarna\/varg\/","title":{"rendered":"Varg"},"content":{"rendered":"<p>&nbsp;<\/p>\n<p><a href=\"https:\/\/krets.jagareforbundet.se\/folkarna\/files\/2013\/03\/Vargansikte.jpg\"><img loading=\"lazy\" decoding=\"async\" class=\"aligncenter wp-image-1723 size-full\" title=\"Europeisk\/asiatisk gr\u00e5varg\" src=\"https:\/\/krets.jagareforbundet.se\/folkarna\/files\/2013\/03\/Vargansikte.jpg\" alt=\"\" width=\"652\" height=\"401\" srcset=\"https:\/\/krets.jagareforbundet.se\/folkarna\/files\/2013\/03\/Vargansikte.jpg 652w, https:\/\/krets.jagareforbundet.se\/folkarna\/files\/2013\/03\/Vargansikte-300x184.jpg 300w\" sizes=\"auto, (max-width: 652px) 100vw, 652px\" \/><\/a><\/p>\n<p>&nbsp;<\/p>\n<p>Europeisk Asiatisk gr\u00e5varg i den Svenska populationen \u00e4r den starkast v\u00e4xande populationen i\u00a0Europa, detta\u00a0\u00a0pga att den svenska regeringen inte s\u00f6rjt f\u00f6r att begr\u00e4nsa den, till en niv\u00e5 d\u00e4r den inte p\u00e5verkar m\u00e4nniskor, \u00f6vrigt vilt och tamdjur n\u00e4mnv\u00e4rt.<\/p>\n<p>Vargen f\u00f6rkommer som vandrande ungvargar, revirbildande par och f\u00f6ryngrande revirgrupper. I ett revir \u00e4r alla vargar sl\u00e4kt med varandra utom alfaparet.<\/p>\n<p>I FJVK f\u00f6rkommer hittills endast vandrande ungvargar. I Avesta kommun finns p\u00e5verkan av ett revirbildande par (Kl\u00f6ssbergsvargarna) utan f\u00f6ryngring p\u00e5 \u00f6ver ett \u00e5r. DNA prov visade att det var vargar fr\u00e5n tv\u00e5 olika revir i V\u00e4rmland. Senaste observationen g\u00e4llde bara hanen, kan tyda p\u00e5 f\u00f6ryngring.<\/p>\n<p>Vargens sp\u00e5ravtryck \u00e4r i stort likt hundens, det finns ca 7 hundraser i Sverige som har lika stora sp\u00e5rst\u00e4mplar. Skillnaden finns i hur hund och varg r\u00f6r sig. Hund f\u00f6ljer g\u00e4rna v\u00e4gar som den l\u00e4mnar tillf\u00e4lligt f\u00f6r att lukta in vid sidan. Vargen g\u00e5r helst vi sidan om v\u00e4gen som han bara tillf\u00e4lligt g\u00e5r ut p\u00e5, undviker broar. Hund galopperar ofta i b\u00e5gar medan vargen anv\u00e4nder skritt och trav l\u00e5nga str\u00e4ckor rakt fram.<\/p>\n<p>Galoppsp\u00e5r ca 3 m mellan dubbelis\u00e4ttning(samt spretiga fram t\u00e5r) f\u00f6r varg, ca 1,5-2 m \u00a0f\u00f6r hund med samma storlek p\u00e5 tassavtrycken. Vid trav dubbelis\u00e4ttning varje steg, vid skritt inga dubbelis\u00e4ttningar. Varg m\u00e4ts utan klor. M\u00e5tt : Fram 9-11 cm &#8211; Bak 8-10 cm. Bakre trampdyna : \u00a0Fram buktar fram\u00e5t &#8211; Bakre buktar fram\u00e5t. (s\u00e5 ocks\u00e5 bland n\u00e5gra stora hundar ocks\u00e5)<\/p>\n<h3>Den senaste vinterns (2013-14)officiella inventering visade att det fanns cirka 400 vargar i landet, innan \u00e5rets valpning. Golvet f\u00f6r landets vargstam \u00e4r 270 individer.<\/h3>\n<p>&nbsp;<\/p>\n<div id=\"wrap\">\n<div id=\"content\">\n<div id=\"contentleft\">\n<div class=\"postarea\">\n<h2>DNA-analys blir allt mer sofistikerad och kan anv\u00e4ndas i allt fr\u00e5n polisarbete till viltv\u00e5rd. F\u00f6r det senare \u00f6kar anv\u00e4ndningsomr\u00e5dena f\u00f6r varje \u00e5r och Sverige ligger l\u00e4ngst fram i den utvecklingen. Viltskadecenter ber\u00e4ttar om anv\u00e4ndningsomr\u00e5dena.<\/h2>\n<p>Kartl\u00e4ggningen av sl\u00e4ktskapsf\u00f6rh\u00e5llandena i den skandinaviska vargstammen \u00e4r unik. Vanligtvis \u00e4r det extremt sv\u00e5rt att uppr\u00e4tta stamtavlor f\u00f6r vilda djur, men bland v\u00e5ra vargar \u00e4r individernas sl\u00e4ktskapsf\u00f6rh\u00e5llanden n\u00e4stan fullst\u00e4ndigt klarlagda.<\/p>\n<p>Vargstammen var liten n\u00e4r forskningen b\u00f6rjade samla prover s\u00e5 det har varit m\u00f6jligt f\u00f6r Skandulv och Lunds Universitet att bygga upp ett sl\u00e4kttr\u00e4d allteftersom \u00e5ren har g\u00e5tt och vargarna blivit fler. P\u00e5 senare \u00e5r har \u00e4ven prover som l\u00e4nsstyrelsernas f\u00e4ltpersonal samlat in bidragit till att forts\u00e4tta bygga upp databasen och sl\u00e4kttr\u00e4det.<\/p>\n<p>Om det finns m\u00f6jlighet och prover att tillg\u00e5 analyseras de revirmarkerande djuren i Skandinavien varje eller vartannat \u00e5r. P\u00e5 s\u00e5 vis uppr\u00e4tth\u00e5lls information om dessa DNA-profiler. Den informationen \u00e4r en f\u00f6ruts\u00e4ttning f\u00f6r att man ska kunna h\u00e4rleda andra prover, till exempel fr\u00e5n skadeg\u00f6rande vargar, till ett s\u00e4rskilt revir<\/p>\n<h2 style=\"text-align: center\">DNA-analys i inventeringsarbetet<\/h2>\n<p>Inventering av varg i Sverige genomf\u00f6rs framf\u00f6rallt genom att sp\u00e5ra vargarna p\u00e5 sn\u00f6. V\u00e4l genomf\u00f6rda sp\u00e5rningar ger information om hur m\u00e5nga vargar det finns i ett revir samt om det har f\u00f6tts valpar i reviret under v\u00e5ren. Sp\u00e5rningar ger \u00e4ven besked om djurens sociala status, det vill s\u00e4ga om de \u00e4r revirmarkerande eller inte. DNA-analyser anv\u00e4nds som ett bra komplement i inventeringsarbetet.<\/p>\n<p>F\u00f6r DNA-analysen anv\u00e4nds i allm\u00e4nhet spillning. Fr\u00e5getecken som dyker upp under inventeringss\u00e4songen eller som kvarst\u00e5r efter vinters\u00e4songens sp\u00e5rningar \u00e4r den viktigaste faktorn som styr vilka spillningar som ska analyseras.<\/p>\n<p>S\u00e5ledes blir det m\u00e5nga spillningar som inte analyseras men det \u00e4r inte l\u00e4tt att veta under s\u00e4songens g\u00e5ng vilka som kommer att beh\u00f6vas.<\/p>\n<\/div>\n<\/div>\n<\/div>\n<\/div>\n<p style=\"text-align: center\">\u00a0<a href=\"http:\/\/www.vargfakta.se\/fakta-om-vargen\/\" class=\"woo-sc-button  green\" ><span class=\"woo-\">Vargfakta<\/span><\/a> <a href=\"https:\/\/krets.jagareforbundet.se\/folkarna\/files\/2013\/03\/Varginventering.pdf\" class=\"woo-sc-button  green\" ><span class=\"woo-\">Fastst\u00e4lla revir<\/span><\/a> <a href=\"https:\/\/www.youtube.com\/results?search_query=vargsp%C3%A5r\" class=\"woo-sc-button  custom\" style=\"background:;border-color:\"><span class=\"woo-\">Sp\u00e5r film<\/span><\/a><\/p>\n","protected":false},"excerpt":{"rendered":"<p>&nbsp; &nbsp; Europeisk Asiatisk gr\u00e5varg i den Svenska populationen \u00e4r den starkast v\u00e4xande populationen i\u00a0Europa, detta\u00a0\u00a0pga att den svenska regeringen inte s\u00f6rjt f\u00f6r att begr\u00e4nsa den, till en niv\u00e5 d\u00e4r den inte p\u00e5verkar m\u00e4nniskor, \u00f6vrigt vilt och tamdjur n\u00e4mnv\u00e4rt. Vargen f\u00f6rkommer som vandrande ungvargar, revirbildande par och f\u00f6ryngrande revirgrupper. I ett revir \u00e4r alla vargar [&hellip;]<\/p>\n","protected":false},"author":78,"featured_media":0,"parent":0,"menu_order":6,"comment_status":"open","ping_status":"open","template":"","meta":{"footnotes":""},"class_list":["post-1721","page","type-page","status-publish","hentry"],"_links":{"self":[{"href":"https:\/\/krets.jagareforbundet.se\/folkarna\/wp-json\/wp\/v2\/pages\/1721","targetHints":{"allow":["GET"]}}],"collection":[{"href":"https:\/\/krets.jagareforbundet.se\/folkarna\/wp-json\/wp\/v2\/pages"}],"about":[{"href":"https:\/\/krets.jagareforbundet.se\/folkarna\/wp-json\/wp\/v2\/types\/page"}],"author":[{"embeddable":true,"href":"https:\/\/krets.jagareforbundet.se\/folkarna\/wp-json\/wp\/v2\/users\/78"}],"replies":[{"embeddable":true,"href":"https:\/\/krets.jagareforbundet.se\/folkarna\/wp-json\/wp\/v2\/comments?post=1721"}],"version-history":[{"count":3,"href":"https:\/\/krets.jagareforbundet.se\/folkarna\/wp-json\/wp\/v2\/pages\/1721\/revisions"}],"predecessor-version":[{"id":7320,"href":"https:\/\/krets.jagareforbundet.se\/folkarna\/wp-json\/wp\/v2\/pages\/1721\/revisions\/7320"}],"wp:attachment":[{"href":"https:\/\/krets.jagareforbundet.se\/folkarna\/wp-json\/wp\/v2\/media?parent=1721"}],"curies":[{"name":"wp","href":"https:\/\/api.w.org\/{rel}","templated":true}]}}