{"id":184,"date":"2013-03-12T02:17:27","date_gmt":"2013-03-12T01:17:27","guid":{"rendered":"https:\/\/krets.jagareforbundet.se\/folkarna\/?page_id=184"},"modified":"2024-10-05T17:59:47","modified_gmt":"2024-10-05T15:59:47","slug":"sigvagens-viltvardsomrade","status":"publish","type":"page","link":"https:\/\/krets.jagareforbundet.se\/folkarna\/sigvagens-viltvardsomrade\/","title":{"rendered":"Stigv\u00e4gens V V O"},"content":{"rendered":"<p><a href=\"https:\/\/krets.jagareforbundet.se\/folkarna\/files\/2013\/03\/SVVO.gif\"><img loading=\"lazy\" decoding=\"async\" class=\" wp-image-2082 alignleft\" title=\"SVVO\" src=\"https:\/\/krets.jagareforbundet.se\/folkarna\/files\/2013\/03\/SVVO.gif\" alt=\"\" width=\"85\" height=\"82\" \/><\/a><\/p>\n<h6 style=\"text-align: center\"><span style=\"color: #ff0000\"><strong><br \/>\n<\/strong><span style=\"color: #000000\"><em>Stigv\u00e4gen \u00e4r den gamla v\u00e4gen och som var\u00a0en del, av den enda ursprungliga v\u00e4gen mellan Falun och Stockholm, numera str\u00e4cker sig Stigv\u00e4gen v\u00e4ster om sj\u00f6n \u00c5sgarn mellan Rv 68 vid Dicka till Lv 375 vid \u00c5sgarns by<\/em>. och\u00a0<\/span><\/span><span style=\"color: #ff0000\"><span style=\"color: #000000\"><em>v\u00e4gen fick ge namn \u00e5t jaktlaget,\u00a0<\/em><\/span><\/span><span style=\"color: #ff0000\"><span style=\"color: #000000\">Mer historia Klicka<\/span>\u00a0<a href=\"https:\/\/krets.jagareforbundet.se\/folkarna\/jaktlagens-hemsidor\/sigvagens-viltvardsomrade\/inloggningssida-for-svvo\/svvo-historia\/\" class=\"woo-sc-button  green\" ><span class=\"woo-\">H\u00c4R<\/span><\/a><strong><br \/>\n<\/strong><\/span><\/h6>\n<p><a href=\"https:\/\/krets.jagareforbundet.se\/folkarna\/files\/2024\/10\/4-aug.jpg\"><img loading=\"lazy\" decoding=\"async\" class=\"wp-image-8564 aligncenter\" src=\"https:\/\/krets.jagareforbundet.se\/folkarna\/files\/2024\/10\/4-aug.jpg\" alt=\"\" width=\"873\" height=\"493\" srcset=\"https:\/\/krets.jagareforbundet.se\/folkarna\/files\/2024\/10\/4-aug.jpg 689w, https:\/\/krets.jagareforbundet.se\/folkarna\/files\/2024\/10\/4-aug-300x169.jpg 300w\" sizes=\"auto, (max-width: 873px) 100vw, 873px\" \/><\/a><\/p>\n<p style=\"text-align: center\">Lodjur p\u00e5 Statfallet [2024-08-04]<\/p>\n<p style=\"text-align: center\"><a href=\"https:\/\/krets.jagareforbundet.se\/folkarna\/files\/2022\/10\/Lodjur-2022-10-12_edited.jpg\"><img loading=\"lazy\" decoding=\"async\" class=\"wp-image-8226 alignnone\" src=\"https:\/\/krets.jagareforbundet.se\/folkarna\/files\/2022\/10\/Lodjur-2022-10-12_edited.jpg\" alt=\"\" width=\"873\" height=\"489\" srcset=\"https:\/\/krets.jagareforbundet.se\/folkarna\/files\/2022\/10\/Lodjur-2022-10-12_edited.jpg 800w, https:\/\/krets.jagareforbundet.se\/folkarna\/files\/2022\/10\/Lodjur-2022-10-12_edited-300x168.jpg 300w, https:\/\/krets.jagareforbundet.se\/folkarna\/files\/2022\/10\/Lodjur-2022-10-12_edited-768x430.jpg 768w\" sizes=\"auto, (max-width: 873px) 100vw, 873px\" \/><\/a><\/p>\n<p style=\"text-align: center\">Lodjur p\u00e5 F\u00e4myren [2022-10-12]<\/p>\n<h3 style=\"text-align: center\"><span style=\"color: #008000\">V\u00e4lkommen till Stigv\u00e4gens Viltv\u00e5rdsomr\u00e5des hemsida.<\/span><\/h3>\n<p>Styrelsen har beslutat att alla avgifter till f\u00f6reningen h\u00e4danefter betalas via Bankgiro eller Swish. Swish skaffar du via din bank\u00a0 om du har Mobilt BankID. Allts\u00e5 betalas Jaktkort, medlemsavgift, slaktavgift, g\u00e4stkort. Swish betalning g\u00e5r in p\u00e5 kontot direkt, medan Bankgiro tar bankernas hanteringstid p\u00e5 sig. Vid g\u00e4stkort skall g\u00e4stj\u00e4garens namn och jaktdatum skrivas in som &#8221;Meddelande&#8221;.<\/p>\n<p><strong>Kodl\u00e5s slakteriet<\/strong>\u00a0<b> Finns p\u00e5 Inloggnings sidan<\/b><\/p>\n<p><strong>Bankgiro<\/strong> Nr\u00a0 <strong>5007-2289<\/strong><\/p>\n<p><strong>Swish<\/strong> Nr\u00a0 \u00a0 \u00a0 \u00a0 <strong>123 586 1794<\/strong><\/p>\n<p><strong>Organisations<\/strong> Nr <strong>802601-1950<\/strong><\/p>\n<p style=\"text-align: center\"><strong>QR Kod<\/strong>\u00a0 att anv\u00e4nda vid Swish<\/p>\n<p style=\"text-align: center\"><a href=\"https:\/\/krets.jagareforbundet.se\/folkarna\/files\/2022\/09\/Swish-SVVO.jpg\"><br \/>\n<img loading=\"lazy\" decoding=\"async\" class=\"wp-image-8189 aligncenter\" src=\"https:\/\/krets.jagareforbundet.se\/folkarna\/files\/2022\/09\/Swish-SVVO.jpg\" alt=\"\" width=\"88\" height=\"111\" srcset=\"https:\/\/krets.jagareforbundet.se\/folkarna\/files\/2022\/09\/Swish-SVVO.jpg 491w, https:\/\/krets.jagareforbundet.se\/folkarna\/files\/2022\/09\/Swish-SVVO-239x300.jpg 239w\" sizes=\"auto, (max-width: 88px) 100vw, 88px\" \/><\/a><\/p>\n<p>&nbsp;<\/p>\n<h4 style=\"text-align: center\"><span style=\"color: #000000\">Jaktkort \u00c4lg kostar 800 Kr!<\/span><\/h4>\n<h4 style=\"text-align: center\">Jaktkort Sm\u00e5vilt 600 Kr<\/h4>\n<p style=\"text-align: center\"><span style=\"color: #993300\"><strong>Jaktarrende p\u00e5 \u00d6sters och Erikssons mark \u00e4r 3 125 Kr<\/strong><\/span><\/p>\n<h4 style=\"text-align: center\">Medlemskort, Medlem som ej l\u00f6ser Jaktkort 300 Kr.<\/h4>\n<h4 style=\"text-align: center\"><span style=\"color: #000000\">G\u00e4stkort kostar 2024 100 Kr !<\/span><\/h4>\n<h4 style=\"text-align: center\"><span style=\"color: #000000\">Slaktavgift fastst\u00e4lls beroende p\u00e5 antal djur till slakteriet 2024.<\/span><\/h4>\n<p style=\"text-align: center\"><span style=\"color: #993300\"><strong>Avskjutningsordning f\u00f6r \u00e4lgkalv borttagen 2024 \u00e5rs \u00e4lgjakt<\/strong><\/span><\/p>\n<p style=\"text-align: center\"><span style=\"color: #993300\"><strong>Temakv\u00e4ll Hjort i \u00c5sgarns Bygdeg\u00e5rd den 5 December Kl 18 00 med f\u00f6redrag Anna Olofsson<\/strong><\/span><\/p>\n<p style=\"text-align: center\">Vid st\u00e4mman 2024 tog st\u00e4mman beslut om :<\/p>\n<ul>\n<li>att som nya j\u00e4gare ansluta som medlemmar i Stigv\u00e4gens VVO, Lars Olov Jansson<\/li>\n<li>att regler f\u00f6r jakt g\u00e4ller samma som f\u00f6rra \u00e5ret.<\/li>\n<li>att avgifter f\u00f6r jakt och arrenden g\u00e4ller samma som f\u00f6rra \u00e5ret men Oskar Backlund och Viktor Silvemark som nya bitr\u00e4dandeatt<\/li>\n<li>att som ordf\u00f6rande valdes Magnus Backlund.<\/li>\n<li>att som kass\u00f6r valdes Anna Lena Flodstr\u00f6m<\/li>\n<li>att omval Leif \u00d6ster samt Kalle Andersson p\u00e5 tv\u00e5 \u00e5r i styrelsen<\/li>\n<li>att som suppleant i styrelsen valdes Erik H\u00e5kansson 1 \u00e5r<\/li>\n<li>att som suppleant i styrelsen valdes Per Danilsg\u00e5rd 2 \u00e5r.<\/li>\n<li>att \u00e4lgjakten startar 11\/10 till 13\/10, 26\/10-27\/10<\/li>\n<li>att 140 ha av Yttersbennings mark ing\u00e5r i SVVO f.o.m. 1\/7<\/li>\n<\/ul>\n<p style=\"text-align: center\"><a href=\"https:\/\/krets.jagareforbundet.se\/folkarna\/files\/2024\/08\/SVVO-2924_edited.jpg\"><img loading=\"lazy\" decoding=\"async\" class=\"aligncenter size-full wp-image-8555\" src=\"https:\/\/krets.jagareforbundet.se\/folkarna\/files\/2024\/08\/SVVO-2924_edited.jpg\" alt=\"\" width=\"787\" height=\"800\" srcset=\"https:\/\/krets.jagareforbundet.se\/folkarna\/files\/2024\/08\/SVVO-2924_edited.jpg 787w, https:\/\/krets.jagareforbundet.se\/folkarna\/files\/2024\/08\/SVVO-2924_edited-295x300.jpg 295w, https:\/\/krets.jagareforbundet.se\/folkarna\/files\/2024\/08\/SVVO-2924_edited-768x781.jpg 768w\" sizes=\"auto, (max-width: 787px) 100vw, 787px\" \/><\/a><\/p>\n<h6 style=\"text-align: center\">Hemsidan administreras av J\u00e4garef\u00f6rbundet Folk\u00e4rna, och under samma regelverk och ansvarig utgivare ( Webbmaster \u00c5ke Berglund 070-5822592)<\/h6>\n<p style=\"text-align: center\"><a href=\"https:\/\/krets.jagareforbundet.se\/folkarna\/files\/2018\/11\/radjur-vastansjo-2018-11-16.jpg\"><img loading=\"lazy\" decoding=\"async\" class=\"aligncenter size-large wp-image-6777\" src=\"https:\/\/krets.jagareforbundet.se\/folkarna\/files\/2018\/11\/radjur-vastansjo-2018-11-16-1024x591.jpg\" alt=\"\" width=\"1024\" height=\"591\" srcset=\"https:\/\/krets.jagareforbundet.se\/folkarna\/files\/2018\/11\/radjur-vastansjo-2018-11-16-1024x591.jpg 1024w, https:\/\/krets.jagareforbundet.se\/folkarna\/files\/2018\/11\/radjur-vastansjo-2018-11-16-300x173.jpg 300w, https:\/\/krets.jagareforbundet.se\/folkarna\/files\/2018\/11\/radjur-vastansjo-2018-11-16-768x443.jpg 768w, https:\/\/krets.jagareforbundet.se\/folkarna\/files\/2018\/11\/radjur-vastansjo-2018-11-16.jpg 1105w\" sizes=\"auto, (max-width: 1024px) 100vw, 1024px\" \/><\/a><\/p>\n<p style=\"text-align: center\">En flock r\u00e5djur p\u00e5 bes\u00f6k V\u00e4stansj\u00f6 2018, gillar &#8221;K\u00e4rleks\u00f6rt&#8221;\u00a0 Foto: A-L Flodstr\u00f6m.<\/p>\n<hr \/>\n<p style=\"text-align: center\"><b>Ang\u00e5ende ny kraftledning \u00f6ver SVVO<\/b><\/p>\n<p>&nbsp;<\/p>\n<hr \/>\n<p style=\"text-align: center\"><a href=\"https:\/\/krets.jagareforbundet.se\/folkarna\/files\/2022\/04\/Faltinstruktion-spillningsinventering-med-app-1.pdf\" class=\"woo-sc-button  custom large\" style=\"background:;border-color:\"><span class=\"woo-\">Manual Spillningsinventering<\/span><\/a><\/p>\n<p style=\"text-align: center\"><a href=\"https:\/\/krets.jagareforbundet.se\/folkarna\/files\/2020\/09\/MANUAL-jaktrapport-2020-03-13.pdf\" class=\"woo-sc-button  red xl\" ><span class=\"woo-\">Manual f\u00f6r Viltrapport<\/span><\/a><\/p>\n<p style=\"text-align: center\">\u00c4ndringar av Mobil nr och e-postadress se <a href=\"https:\/\/krets.jagareforbundet.se\/folkarna\/jaktlagens-hemsidor\/sigvagens-viltvardsomrade\/inloggningssida-for-svvo\/\">inloggningssidan<\/a>.<\/p>\n<p style=\"text-align: center\">Den \u00e5rliga R\u00e5djurs inventeringen 2023, Det blev 33 st p\u00e5 v\u00e5ra marker. \/\u00c5B<\/p>\n<p style=\"text-align: center\">Vildsvin p\u00e5 <span style=\"color: #993300\"><strong><a style=\"color: #993300\" href=\"https:\/\/krets.jagareforbundet.se\/folkarna\/jaktlagens-hemsidor\/sigvagens-viltvardsomrade\/svvo-vildsvin\/\">Vildsvinssidan<\/a>.<\/strong><\/span><\/p>\n<p style=\"text-align: center\"><span style=\"color: #0000ff\">Gr\u00e4vlingf\u00e4lla 2 nu p\u00e5 Slakteriet i Flodstr\u00f6ms g\u00e5rd[2024-09-01]<\/span><\/p>\n<p style=\"text-align: center\"><span style=\"color: #0000ff\">Gr\u00e4vlingsf\u00e4lla 1 vid Asbacksladan 4 gr\u00e4vlingar tagna[2024-10-05]<\/span><\/p>\n<p style=\"text-align: center\"><a href=\"https:\/\/krets.jagareforbundet.se\/folkarna\/files\/2019\/05\/baver-2019-05-11.jpg\"><img loading=\"lazy\" decoding=\"async\" class=\"aligncenter size-large wp-image-6949\" src=\"https:\/\/krets.jagareforbundet.se\/folkarna\/files\/2019\/05\/baver-2019-05-11-768x1024.jpg\" alt=\"\" width=\"768\" height=\"1024\" srcset=\"https:\/\/krets.jagareforbundet.se\/folkarna\/files\/2019\/05\/baver-2019-05-11-768x1024.jpg 768w, https:\/\/krets.jagareforbundet.se\/folkarna\/files\/2019\/05\/baver-2019-05-11-225x300.jpg 225w\" sizes=\"auto, (max-width: 768px) 100vw, 768px\" \/>Dagens B\u00e4verjakt p\u00e5 Bj\u00f6rkmossen 2019-05-11 Foto: \u00c5ke Berglund<\/a><\/p>\n<p style=\"text-align: center\">Reglerna f\u00f6r pyrsjakt justerades s\u00e5 att de g\u00e4ller fr\u00e5n den 15 april och fram\u00e5t vid jakt med kulvapen. [<em> i VVO m\u00e5ste alla beslut tas vid st\u00e4mma, eller mellan st\u00e4mmorna av styrelsen, <strong>varje \u00e5r<\/strong> f\u00f6r att g\u00e4lla<\/em>]<\/p>\n<hr \/>\n<h1 style=\"text-align: center\"><a href=\"https:\/\/krets.jagareforbundet.se\/folkarna\/files\/2013\/03\/20171014svvo4.jpg\"><img loading=\"lazy\" decoding=\"async\" class=\"aligncenter size-large wp-image-6298\" src=\"https:\/\/krets.jagareforbundet.se\/folkarna\/files\/2013\/03\/20171014svvo4-1024x768.jpg\" alt=\"\" width=\"1024\" height=\"768\" srcset=\"https:\/\/krets.jagareforbundet.se\/folkarna\/files\/2013\/03\/20171014svvo4-1024x768.jpg 1024w, https:\/\/krets.jagareforbundet.se\/folkarna\/files\/2013\/03\/20171014svvo4-300x225.jpg 300w, https:\/\/krets.jagareforbundet.se\/folkarna\/files\/2013\/03\/20171014svvo4-768x576.jpg 768w\" sizes=\"auto, (max-width: 1024px) 100vw, 1024px\" \/><\/a><\/h1>\n<p style=\"text-align: center\"><a href=\"https:\/\/krets.jagareforbundet.se\/folkarna\/files\/2013\/03\/fb_img_1508156498903.jpg\"><img loading=\"lazy\" decoding=\"async\" class=\"aligncenter size-large wp-image-6301\" src=\"https:\/\/krets.jagareforbundet.se\/folkarna\/files\/2013\/03\/fb_img_1508156498903-1024x1024.jpg\" alt=\"\" width=\"1024\" height=\"1024\" srcset=\"https:\/\/krets.jagareforbundet.se\/folkarna\/files\/2013\/03\/fb_img_1508156498903-1024x1024.jpg 1024w, https:\/\/krets.jagareforbundet.se\/folkarna\/files\/2013\/03\/fb_img_1508156498903-150x150.jpg 150w, https:\/\/krets.jagareforbundet.se\/folkarna\/files\/2013\/03\/fb_img_1508156498903-300x300.jpg 300w, https:\/\/krets.jagareforbundet.se\/folkarna\/files\/2013\/03\/fb_img_1508156498903-768x768.jpg 768w, https:\/\/krets.jagareforbundet.se\/folkarna\/files\/2013\/03\/fb_img_1508156498903.jpg 1440w\" sizes=\"auto, (max-width: 1024px) 100vw, 1024px\" \/><\/a>Hanna och sin Zacko vid hennes nedlagda \u00e4lg 2017.<\/p>\n<hr \/>\n<p><strong>Bankgironumret \u00e4r <\/strong><strong>5007-2289<\/strong> och skall h\u00e4danefter alltid anv\u00e4ndas n\u00e4r du betalar din medlemsavgift liksom \u00f6vriga avgifter till f\u00f6reningen.<\/p>\n<ul>\n<li><strong>Nyckel till Pyrschl\u00e5dan. <\/strong>Du som inte har nyckel till Pyrschl\u00e5dan, skall h\u00e4mta en hos kass\u00f6ren, innan du jagar r\u00e5djur och vildsvin.<\/li>\n<\/ul>\n<p><strong><em>Med till\u00f6nskan om en riktigt varm och sk\u00f6n sommar.<\/em><\/strong><\/p>\n<p>Den h\u00e4r symbolen finns nu p\u00e5 SVVO Mobilversionen och betyder att vid klick \u00f6ppnas h\u00f6germenyn. den f\u00f6rekommer \u00e4ven p\u00e5 flera hemsidor och betyder meny.<a href=\"https:\/\/krets.jagareforbundet.se\/folkarna\/files\/2011\/09\/Meny.jpg\"><img loading=\"lazy\" decoding=\"async\" class=\"alignright wp-image-5217 size-full\" src=\"https:\/\/krets.jagareforbundet.se\/folkarna\/files\/2011\/09\/Meny.jpg\" alt=\"Till Meny\" width=\"37\" height=\"31\" \/><\/a><\/p>\n<p style=\"text-align: center\"><a href=\"https:\/\/krets.jagareforbundet.se\/folkarna\/files\/2013\/03\/Ko12013-10-02.jpg\"><img loading=\"lazy\" decoding=\"async\" class=\"wp-image-4051 alignnone\" src=\"https:\/\/krets.jagareforbundet.se\/folkarna\/files\/2013\/03\/Ko12013-10-02.jpg\" alt=\"Ko12013-10-02\" width=\"638\" height=\"529\" srcset=\"https:\/\/krets.jagareforbundet.se\/folkarna\/files\/2013\/03\/Ko12013-10-02.jpg 1064w, https:\/\/krets.jagareforbundet.se\/folkarna\/files\/2013\/03\/Ko12013-10-02-300x248.jpg 300w, https:\/\/krets.jagareforbundet.se\/folkarna\/files\/2013\/03\/Ko12013-10-02-1024x847.jpg 1024w\" sizes=\"auto, (max-width: 638px) 100vw, 638px\" \/><\/a><\/p>\n<p>SVVO:s nya hemsida har en <a title=\"Inloggningssida SVVO\" href=\"https:\/\/krets.jagareforbundet.se\/folkarna\/sigvagens-viltvardsomrade\/inloggningssida-for-svvo\/\">inloggningssida<\/a> d\u00e4r alla PUL uppgifter finns, protokoll, namnlistor mm. L\u00f6senordet \u00e4r det samma som p\u00e5\u00a0gamla hemsidan och SVVO sekreterare skickar g\u00e4rna l\u00f6senordet vid anmodan.<\/p>\n<p style=\"text-align: center\"><a href=\"https:\/\/krets.jagareforbundet.se\/folkarna\/files\/2013\/03\/Saltstenar2015-04-09.pdf\" class=\"woo-sc-button  purple\" ><span class=\"woo-\">SVVO Viltstenar<\/span><\/a> <a href=\"https:\/\/krets.jagareforbundet.se\/folkarna\/files\/2013\/03\/avtal_upplatelse_om_jakt_ny.pdf\" class=\"woo-sc-button  red\" ><span class=\"woo-\">Utskrift av Avtalsmall <\/span><\/a><\/p>\n<p>SVVO har i n\u00e4rheten av vatten ett antal viltstenar f\u00f6r vilt, utplacerade p\u00e5 omr\u00e5det. Detta f\u00f6r att tillgodose djurens\u00a0behov s\u00e5dana mineraler, som de h\u00e4r i v\u00e5ra trakter, annars ej skulle f\u00e5\u00a0tillr\u00e4ckligt av. Mineraler som p\u00e5verkar fortplantning, horntillv\u00e4xt och uppenbart ger minskad ben\u00e4genhet att beta barrskog.<\/p>\n<p><strong>Medlemskap SVVO.<\/strong><\/p>\n<p>Det kr\u00e4vs att den s\u00f6kande har ett l\u00f6fte om arrende av n\u00e5gon fastighets\u00e4gare i SVVO, som har outnyttjad areal om 50 ha. Fastighets\u00e4garen inh\u00e4mtar sedan SVVO godk\u00e4nnande, och d\u00e4refter f\u00f6rel\u00e4gger, den s\u00f6kande, SVVO ett underskrivet kontrakt p\u00e5 arrende av 50 ha f\u00f6r jakt i hela SVVO. Styrelsen godk\u00e4nner kontraktet och f\u00f6rel\u00e4gger st\u00e4mman ett f\u00f6rslag om medlemskap i SVVO, f\u00f6r beslut. Medlem skall sedan l\u00f6sa jaktkort f\u00f6r \u00e4lg\/Sm\u00e5vilt f\u00f6r att kunna jaga p\u00e5 omr\u00e5det.<\/p>\n<p>&nbsp;<\/p>\n","protected":false},"excerpt":{"rendered":"<p>Stigv\u00e4gen \u00e4r den gamla v\u00e4gen och som var\u00a0en del, av den enda ursprungliga v\u00e4gen mellan Falun och Stockholm, numera str\u00e4cker sig Stigv\u00e4gen v\u00e4ster om sj\u00f6n \u00c5sgarn mellan Rv 68 vid Dicka till Lv 375 vid \u00c5sgarns by. och\u00a0v\u00e4gen fick ge namn \u00e5t jaktlaget,\u00a0Mer historia Klicka\u00a0 Lodjur p\u00e5 Statfallet [2024-08-04] Lodjur p\u00e5 F\u00e4myren [2022-10-12] V\u00e4lkommen till [&hellip;]<\/p>\n","protected":false},"author":78,"featured_media":0,"parent":0,"menu_order":2,"comment_status":"open","ping_status":"open","template":"","meta":{"footnotes":""},"class_list":["post-184","page","type-page","status-publish","hentry"],"_links":{"self":[{"href":"https:\/\/krets.jagareforbundet.se\/folkarna\/wp-json\/wp\/v2\/pages\/184","targetHints":{"allow":["GET"]}}],"collection":[{"href":"https:\/\/krets.jagareforbundet.se\/folkarna\/wp-json\/wp\/v2\/pages"}],"about":[{"href":"https:\/\/krets.jagareforbundet.se\/folkarna\/wp-json\/wp\/v2\/types\/page"}],"author":[{"embeddable":true,"href":"https:\/\/krets.jagareforbundet.se\/folkarna\/wp-json\/wp\/v2\/users\/78"}],"replies":[{"embeddable":true,"href":"https:\/\/krets.jagareforbundet.se\/folkarna\/wp-json\/wp\/v2\/comments?post=184"}],"version-history":[{"count":3,"href":"https:\/\/krets.jagareforbundet.se\/folkarna\/wp-json\/wp\/v2\/pages\/184\/revisions"}],"predecessor-version":[{"id":8568,"href":"https:\/\/krets.jagareforbundet.se\/folkarna\/wp-json\/wp\/v2\/pages\/184\/revisions\/8568"}],"wp:attachment":[{"href":"https:\/\/krets.jagareforbundet.se\/folkarna\/wp-json\/wp\/v2\/media?parent=184"}],"curies":[{"name":"wp","href":"https:\/\/api.w.org\/{rel}","templated":true}]}}