{"id":1890,"date":"2013-04-01T08:28:42","date_gmt":"2013-04-01T06:28:42","guid":{"rendered":"https:\/\/krets.jagareforbundet.se\/folkarna\/?page_id=1890"},"modified":"2021-07-08T01:22:02","modified_gmt":"2021-07-07T23:22:02","slug":"vildsvin","status":"publish","type":"page","link":"https:\/\/krets.jagareforbundet.se\/folkarna\/jaktfragor\/smavilt2\/vildsvin\/","title":{"rendered":"Vildsvin"},"content":{"rendered":"<div id=\"attachment_5308\" style=\"width: 801px\" class=\"wp-caption aligncenter\"><a href=\"https:\/\/krets.jagareforbundet.se\/folkarna\/files\/2013\/04\/Sugga-3.jpg\"><img loading=\"lazy\" decoding=\"async\" aria-describedby=\"caption-attachment-5308\" class=\"wp-image-5308 \" src=\"https:\/\/krets.jagareforbundet.se\/folkarna\/files\/2013\/04\/Sugga-3.jpg\" alt=\"RICOH IMAGING\" width=\"791\" height=\"493\" srcset=\"https:\/\/krets.jagareforbundet.se\/folkarna\/files\/2013\/04\/Sugga-3.jpg 531w, https:\/\/krets.jagareforbundet.se\/folkarna\/files\/2013\/04\/Sugga-3-300x187.jpg 300w\" sizes=\"auto, (max-width: 791px) 100vw, 791px\" \/><\/a><p id=\"caption-attachment-5308\" class=\"wp-caption-text\">Sugga och Kultingar Granliden Stigv\u00e4gens VVO 2015-06-24. \u00a0 Foto: \u00a0 \u00c5ke Berglund<\/p><\/div>\n<p>Denna art f\u00f6rkommer nu \u00f6ver hela kretsen och r\u00e4knas som etablerad n\u00e4r det f\u00f6tts kullar inom ett omr\u00e5de p\u00e5 ca 5000 ha. Med det m\u00e5ttet \u00e4r vildsvin etablerade i hela FJVK utom i D1 i By Folk\u00e4rna S\u00f6dra VVO d\u00e4r inga f\u00f6dda kultingar har rapporterats, vildsvin som har syns d\u00e4r \u00e4r oftast vandrande.<\/p>\n<p>Med en \u00f6kad vargstam \u00e4r risken stor att vildsvinsjakten minskar d\u00e5 j\u00e4garna inte vill sl\u00e4ppa sina hundar i marker d\u00e4r det finns varg. Vargen kompenserar inte heller den uteblivna jakten, eftersom vildsvin endast i undantagsfall \u00e5terfinns bland bytesdjuren. Inget vargrevir i kretsen, ber\u00f6rs av tv\u00e5 ensamma vargar s\u00f6der och v\u00e4ster om Dal\u00e4lven 2019.<\/p>\n<p style=\"text-align: center\"><a href=\"https:\/\/krets.jagareforbundet.se\/folkarna\/files\/2020\/04\/Nationell-F\u00f6rvaltningsplan-2020.pdf\" class=\"woo-sc-button  red large\" ><span class=\"woo-\">Ny Nationell F\u00f6rvaltningsplan f\u00f6r Vildsvin 2020<\/span><\/a><\/p>\n<p style=\"text-align: center\"><a href=\"https:\/\/krets.jagareforbundet.se\/folkarna\/files\/2021\/07\/Vildsvin-FJVK-2011-2021.jpg\" class=\"woo-sc-button  silver large\" ><span class=\"woo-\">Avskjutning 2011-2021-07-01<\/span><\/a><\/p>\n<div id=\"outer-wrapper\">\n<div id=\"inner-wrapper\">\n<div id=\"content-wrapper\">\n<div class=\"content-inner\">\n<div class=\"content\">\n<div id=\"ctl00_ctl00_main_rightmain_ctl00_ctl00_pnlProductPanel\" style=\"text-align: center\">\n<pre class=\"product-page-header\"><a href=\"http:\/\/jagareforbundet.se\/Global\/Skytte\/Nyheter\/Vildsvinspasset%20NY%20KLAR.pdf\">Ladda ner Vildsvinspasset  H\u00c4R!<\/a><\/pre>\n<\/div>\n<\/div>\n<\/div>\n<\/div>\n<\/div>\n<\/div>\n<p>Jakt p\u00e5 vildsvin startar den 16 april och p\u00e5g\u00e5r till den\u00a015 februari, mellan 31 januari och 15 februari dock utan hund, sugga med kultingar \u00e4r dock fredad hela \u00e5ret, dock inte kultingarna.<br \/>\nDet \u00e4r allts\u00e5 ett jaktuppeh\u00e5ll mellan 1 feb till den 31 mars d\u00e5 inga vildsvin jagas utom bruna och randiga. All matning \u00e4r on\u00f6dig utom d\u00e4r svinen skjuts. Mindre matning l\u00e5ngt fr\u00e5n gr\u00f6dor kan anv\u00e4ndas vid sk. styrplatser, d\u00e4r ocks\u00e5 tj\u00e4rstrukna tr\u00e4d larmar n\u00e4r svinen finns i omr\u00e5det, vid styrplats skjuts inga vildsvin.<\/p>\n<p style=\"text-align: center\"><span style=\"color: #0000ff\"><strong>Trikinprov skall tas p\u00e5 alla skjutna vildsvin och fr\u00e5n 2021-07-01 gratis.<\/strong><\/span><\/p>\n<p>Sju trikin positiva prov fr\u00e5n vildsvin redovisas i SVA:s rapport 2017, totalt 20 stycken\u00a0under fem\u00e5rsperioden 2013\u20132017. Ingen skjuten bj\u00f6rn hade trikiner f\u00f6rra\u00a0\u00e5ret, d\u00e4remot en varg och fyra lodjur.<\/p>\n<p>Trikinprov skall v\u00e4ga minst <strong>25<\/strong> gram taget fr\u00e5n frambensmuskeln. <span style=\"color: #ff0000\"><strong>Provet f\u00e5r absolut\u00a0ej frysas !<\/strong><\/span><\/p>\n<p style=\"text-align: center\"><a href=\"https:\/\/krets.jagareforbundet.se\/folkarna\/files\/2013\/03\/Trikinprovt-2009-bilder1.pdf\" class=\"woo-sc-button  purple\" ><span class=\"woo-\">Hur du tar Trikinprovet<\/span><\/a>\u00a0<a href=\"https:\/\/krets.jagareforbundet.se\/folkarna\/files\/2013\/04\/Trikinremiss_vildsvin.pdf\" class=\"woo-sc-button  purple\" ><span class=\"woo-\">SVA Remiss Trikinprov<\/span><\/a> <a href=\"https:\/\/krets.jagareforbundet.se\/folkarna\/files\/2013\/04\/kopia-av-trikinundersokning-vildsvin.xls\" class=\"woo-sc-button  orange\" ><span class=\"woo-\">J P H\u00e4stveda Trikinprov<\/span><\/a> \u00a0<a href=\"https:\/\/jagareforbundet.se\/globalassets\/documents\/policys\/handlingsplan_vildsvin_sjf_2017.pdf\" class=\"woo-sc-button  red\" ><span class=\"woo-\">Handlingsplan Vildsvin<\/span><\/a>\u00a0 <a href=\"https:\/\/jagareforbundet.se\/vilt\/vildsvinsbarometern\/dalarna\/\" class=\"woo-sc-button  red\" ><span class=\"woo-\">Barometern<\/span><\/a> <a href=\"http:\/\/jagareforbundet.se\/viltmat\/nylagat\/sa-helgrillar-du-ett-litet-vildsvin\/\" class=\"woo-sc-button  orange\" ><span class=\"woo-\">Helstek ungsvin<\/span><\/a>\u00a0<a href=\"https:\/\/jagareforbundet.se\/vilt\/vildsvinsbarometern\/dalarna\/\" class=\"woo-sc-button  red\" ><span class=\"woo-\">Viltolyckor med Vildsvin Dalarna<\/span><\/a><\/p>\n<p style=\"text-align: center\"><a href=\"http:\/\/vildsvin.se\/tipsochrad.asp?sida=alder.php\" class=\"woo-sc-button  purple\" ><span class=\"woo-\">\u00c5ldersbest\u00e4mning av t\u00e4nderna<\/span><\/a>\u00a0<a href=\"http:\/\/jagareforbundet.se\/Templates\/Pages\/AnimalSpeciesPage.aspx?id=612&#038;epslanguage=sv\" class=\"woo-sc-button  purple\" ><span class=\"woo-alert\">SJF Vildsvinssida<\/span><\/a>\u00a0 \u00a0<a href=\"http:\/\/jagareforbundet.se\/vilt\/vilt-vetande\/artpresentation\/daggdjur\/vildsvin\/\" class=\"woo-sc-button  purple\" ><span class=\"woo-\">Artfakta Vildsvin<\/span><\/a>\u00a0<a href=\"http:\/\/jagareforbundet.se\/vilt\/vilt-vetande\/artpresentation\/daggdjur\/vildsvin\/vildsvin-definition-arsunge\/\" class=\"woo-sc-button  red\" ><span class=\"woo-\">Definition av \u00e5rsunge<\/span><\/a>\u00a0<a href=\"https:\/\/krets.jagareforbundet.se\/folkarna\/files\/2013\/04\/SVVO-\u00c5ltar-f\u00f6r-vildsvin2.pdf\" class=\"woo-sc-button  purple\" ><span class=\"woo-\">\u00c5tling Vildsvin<\/span><\/a>\u00a0<a href=\"https:\/\/krets.jagareforbundet.se\/folkarna\/files\/2013\/04\/vildsvin-2012-15-1.png\" class=\"woo-sc-button  custom\" style=\"background:;border-color:\"><span class=\"woo-\">Avskjutning W-l\u00e4n<\/span><\/a> <a href=\"https:\/\/krets.jagareforbundet.se\/folkarna\/files\/2013\/04\/chart-3.png\" class=\"woo-sc-button  custom\" style=\"background:;border-color:\"><span class=\"woo-\">Avskjutning SE<\/span><\/a><\/p>\n<p style=\"text-align: center\"><a href=\"https:\/\/www.stralsakerhetsmyndigheten.se\/contentassets\/4c32359141b14024874a21891008a743\/kostnadsfri-matning-av-cesium-137-i-vildsvin.pdf\" class=\"woo-sc-button  custom large\" style=\"background:;border-color:\"><span class=\"woo-\">Blankett unders\u00f6kning Cesium &#8211; 137<\/span><\/a><\/p>\n<p style=\"text-align: center\"><a href=\"https:\/\/www.stralsakerhetsmyndigheten.se\/omraden\/miljoovervakning\/radioaktiva-amnen\/kostnadsfri-matning-av-cesium-137-i-vildsvinskott\" class=\"woo-sc-button  orange large\" ><span class=\"woo-\">Resultat av Cesium prov Vildsvin<\/span><\/a><\/p>\n<p style=\"color: #1a171b;text-align: center\">FJVK har deltagit i en unders\u00f6kning f\u00f6r att fastst\u00e4lla h\u00e4lsostatus p\u00e5 frilevande vildsvin.<\/p>\n<p style=\"color: #1a171b\"><a href=\"https:\/\/krets.jagareforbundet.se\/folkarna\/jaktfragor\/kotthantering\/fallvilt\/\" class=\"woo-sc-button  purple\" ><span class=\"woo-\">Prover Vildsvin<\/span><\/a> \u00a0Ett stort antal prover 17 st har visat att h\u00e4lsostatusen \u00e4r god, \u00e4ven Cesium har provats p\u00e5 vildsvin \u00f6ver 100 kg, och l\u00e5g p\u00e5 155 (Gr\u00e4nsv\u00e4rde max 1500\u00a0<span style=\"color: #333333\">becquerel per kilo) Prover b\u00f6r tas i de \u00f6stligaste omr\u00e5dena, och provet \u00e4r gratis.<\/span><\/p>\n<p><a href=\"https:\/\/krets.jagareforbundet.se\/folkarna\/files\/2013\/04\/\u00c5ldersbest\u00e4mmning-av-Vildsvin-2014.pdf\"><img loading=\"lazy\" decoding=\"async\" class=\"wp-image-2040 alignleft\" title=\"Vildsvinssp\u00e5r Klicka p\u00e5 sp\u00e5ret f\u00f6r att \u00e5ldersbed\u00f6ma med hj\u00e4lp av sp\u00e5r\" src=\"https:\/\/krets.jagareforbundet.se\/folkarna\/files\/2013\/04\/vildsvinsspar2.jpg\" alt=\"\" width=\"96\" height=\"118\" \/><\/a><\/p>\n<p>L\u00e4ttkl\u00f6varna ligger f\u00f6r vildsvin utanf\u00f6r Kl\u00f6varna.<\/p>\n<p style=\"text-align: right\"><a href=\"https:\/\/krets.jagareforbundet.se\/folkarna\/files\/2013\/04\/handlingsplan-vildsvin-2016.pdf\" class=\"woo-sc-button  silver large\" ><span class=\"woo-\">Jaktlagens info om handlingsplan<\/span><\/a><\/p>\n<p style=\"text-align: right\">\u00a0 \u00a0 \u00a0 \u00a0 \u00a0 \u00a0 \u00a0 \u00a0 \u00a0 \u00a0 \u00a0 \u00a0 \u00a0 \u00a0<a href=\"https:\/\/svenskjakt.se\/start\/quiz\/vad-kan-du-om-vildsvin-och-vildsvinsjakt\/\" class=\"woo-sc-button  silver large\" ><span class=\"woo-\">Vad kan du om Vildsvinsjakt<\/span><\/a><\/p>\n<p style=\"text-align: center\"><a style=\"font-size: 14px;line-height: 1.5em\" href=\"https:\/\/krets.jagareforbundet.se\/folkarna\/files\/2013\/03\/Vildsvin-sno.jpg\" rel=\"gallery\"><div class=\"woo-sc-box  info  rounded full\">Slugs\/br\u00e4nnicke kulor f\u00e5r endast anv\u00e4ndas i enpipiga hagelvapen<\/div><\/a><\/p>\n<p style=\"text-align: center\"><a href=\"https:\/\/krets.jagareforbundet.se\/folkarna\/files\/2013\/04\/P-Gunnarssons-gris-2013.jpg\"><img loading=\"lazy\" decoding=\"async\" class=\"aligncenter wp-image-3725\" src=\"https:\/\/krets.jagareforbundet.se\/folkarna\/files\/2013\/04\/P-Gunnarssons-gris-2013.jpg\" alt=\"P Gunnarssons gris 2013\" width=\"592\" height=\"383\" srcset=\"https:\/\/krets.jagareforbundet.se\/folkarna\/files\/2013\/04\/P-Gunnarssons-gris-2013.jpg 1643w, https:\/\/krets.jagareforbundet.se\/folkarna\/files\/2013\/04\/P-Gunnarssons-gris-2013-300x194.jpg 300w, https:\/\/krets.jagareforbundet.se\/folkarna\/files\/2013\/04\/P-Gunnarssons-gris-2013-1024x662.jpg 1024w\" sizes=\"auto, (max-width: 592px) 100vw, 592px\" \/><\/a><\/p>\n<p style=\"text-align: center\">Galt skjuten Lejde Folk\u00e4rna \u00d6stra 2013 Foto: Per Gunnarsson<\/p>\n<p style=\"text-align: center\"><img loading=\"lazy\" decoding=\"async\" class=\"aligncenter size-large wp-image-5697\" src=\"https:\/\/krets.jagareforbundet.se\/folkarna\/files\/2013\/04\/20160624_001951-576x1024.jpg\" alt=\"20160624_001951\" width=\"576\" height=\"1024\" srcset=\"https:\/\/krets.jagareforbundet.se\/folkarna\/files\/2013\/04\/20160624_001951-576x1024.jpg 576w, https:\/\/krets.jagareforbundet.se\/folkarna\/files\/2013\/04\/20160624_001951-169x300.jpg 169w, https:\/\/krets.jagareforbundet.se\/folkarna\/files\/2013\/04\/20160624_001951-768x1365.jpg 768w\" sizes=\"auto, (max-width: 576px) 100vw, 576px\" \/><\/p>\n<p style=\"text-align: center\">Galt skjuten 2016-06-24 V\u00e4nstan\u00e5 h\u00e4r transporterad\u00a0p\u00e5 sk.Heck-Pack, finns i olika storlekar bl.a.\u00a0hos <a href=\"http:\/\/www.hylte-lantman.com\/jakt\/jakttillbehor\/heck-pack\">Hylte Lantm\u00e4n<\/a>\u00a0Foto: \u00c5ke Berglund<\/p>\n<p style=\"text-align: center\"><a href=\"http:\/\/jagareforbundet.se\/Documents\/Viltovervakning\/Vildsvin_avskjutning_2012_2013.pdf\" class=\"woo-sc-button  purple large\" ><span class=\"woo-\">Fr\u00e5n Vildsvinsseminariet den 22\/8 2013<\/span><\/a><\/p>\n","protected":false},"excerpt":{"rendered":"<p>Denna art f\u00f6rkommer nu \u00f6ver hela kretsen och r\u00e4knas som etablerad n\u00e4r det f\u00f6tts kullar inom ett omr\u00e5de p\u00e5 ca 5000 ha. Med det m\u00e5ttet \u00e4r vildsvin etablerade i hela FJVK utom i D1 i By Folk\u00e4rna S\u00f6dra VVO d\u00e4r inga f\u00f6dda kultingar har rapporterats, vildsvin som har syns d\u00e4r \u00e4r oftast vandrande. Med en [&hellip;]<\/p>\n","protected":false},"author":78,"featured_media":0,"parent":2000,"menu_order":0,"comment_status":"open","ping_status":"open","template":"","meta":{"footnotes":""},"class_list":["post-1890","page","type-page","status-publish","hentry"],"_links":{"self":[{"href":"https:\/\/krets.jagareforbundet.se\/folkarna\/wp-json\/wp\/v2\/pages\/1890","targetHints":{"allow":["GET"]}}],"collection":[{"href":"https:\/\/krets.jagareforbundet.se\/folkarna\/wp-json\/wp\/v2\/pages"}],"about":[{"href":"https:\/\/krets.jagareforbundet.se\/folkarna\/wp-json\/wp\/v2\/types\/page"}],"author":[{"embeddable":true,"href":"https:\/\/krets.jagareforbundet.se\/folkarna\/wp-json\/wp\/v2\/users\/78"}],"replies":[{"embeddable":true,"href":"https:\/\/krets.jagareforbundet.se\/folkarna\/wp-json\/wp\/v2\/comments?post=1890"}],"version-history":[{"count":3,"href":"https:\/\/krets.jagareforbundet.se\/folkarna\/wp-json\/wp\/v2\/pages\/1890\/revisions"}],"predecessor-version":[{"id":7746,"href":"https:\/\/krets.jagareforbundet.se\/folkarna\/wp-json\/wp\/v2\/pages\/1890\/revisions\/7746"}],"up":[{"embeddable":true,"href":"https:\/\/krets.jagareforbundet.se\/folkarna\/wp-json\/wp\/v2\/pages\/2000"}],"wp:attachment":[{"href":"https:\/\/krets.jagareforbundet.se\/folkarna\/wp-json\/wp\/v2\/media?parent=1890"}],"curies":[{"name":"wp","href":"https:\/\/api.w.org\/{rel}","templated":true}]}}