{"id":1898,"date":"2013-04-01T08:34:27","date_gmt":"2013-04-01T06:34:27","guid":{"rendered":"https:\/\/krets.jagareforbundet.se\/folkarna\/?page_id=1898"},"modified":"2015-01-01T14:46:16","modified_gmt":"2015-01-01T13:46:16","slug":"hare","status":"publish","type":"page","link":"https:\/\/krets.jagareforbundet.se\/folkarna\/jaktfragor\/smavilt2\/hare\/","title":{"rendered":"Hare"},"content":{"rendered":"<div id=\"attachment_4394\" style=\"width: 620px\" class=\"wp-caption aligncenter\"><a href=\"https:\/\/krets.jagareforbundet.se\/folkarna\/files\/2013\/04\/DSC01023.jpg\"><img loading=\"lazy\" decoding=\"async\" aria-describedby=\"caption-attachment-4394\" class=\"wp-image-4394\" src=\"https:\/\/krets.jagareforbundet.se\/folkarna\/files\/2013\/04\/DSC01023.jpg\" alt=\"DSC01023\" width=\"610\" height=\"314\" \/><\/a><p id=\"caption-attachment-4394\" class=\"wp-caption-text\">Skogshare<\/p><\/div>\n<p>&nbsp;<\/p>\n<div id=\"attachment_5019\" style=\"width: 606px\" class=\"wp-caption aligncenter\"><img loading=\"lazy\" decoding=\"async\" aria-describedby=\"caption-attachment-5019\" class=\"wp-image-5019 size-full\" src=\"https:\/\/krets.jagareforbundet.se\/folkarna\/files\/2013\/04\/2010_0521Mars2010-0007.jpg\" alt=\"2010_0521Mars2010-0007\" width=\"596\" height=\"447\" srcset=\"https:\/\/krets.jagareforbundet.se\/folkarna\/files\/2013\/04\/2010_0521Mars2010-0007.jpg 596w, https:\/\/krets.jagareforbundet.se\/folkarna\/files\/2013\/04\/2010_0521Mars2010-0007-300x225.jpg 300w\" sizes=\"auto, (max-width: 596px) 100vw, 596px\" \/><p id=\"caption-attachment-5019\" class=\"wp-caption-text\">F\u00e4lthare<\/p><\/div>\n<p>Skogsharen \u00e4r liksom f\u00e4ltharen k\u00e4nslig f\u00f6r predatorer. Jakten p\u00e5 skogshare \u00e4r nog den trevligaste hundjakten vi har. \u00a0F\u00e4ltharen lever i dessa trakter i och runt vallmark, finns h\u00e4sthagar, d\u00e5 \u00e4r det ett favorittillh\u00e5ll. Haren f\u00e5r flera kullar per \u00e5r, men \u00e4r sedan h\u00f6karna fridlystes, och lodjuren \u00f6kade i population, h\u00e5rt ansatta av predatorer.<\/p>\n<p style=\"text-align: center\">\u00a0<a href=\"https:\/\/krets.jagareforbundet.se\/folkarna\/files\/2013\/04\/Passa-och-hanga-hare.pdf\" class=\"woo-sc-button  orange\" ><span class=\"woo-\">Passa &amp; H\u00e4nga<\/span><\/a> <a href=\"http:\/\/www.jagareforbundet.se\/svenskjakt\/Viltrec\/Hare\/\" class=\"woo-sc-button  orange\" ><span class=\"woo-\">Recept Hare<\/span><\/a> \u00a0<a href=\"https:\/\/krets.jagareforbundet.se\/folkarna\/files\/2013\/04\/Skogshare-2012-13-W.pdf\" class=\"woo-sc-button  red\" ><span class=\"woo-\">Avskjutning Skogshare W-L\u00e4n<\/span><\/a><\/p>\n","protected":false},"excerpt":{"rendered":"<p>&nbsp; Skogsharen \u00e4r liksom f\u00e4ltharen k\u00e4nslig f\u00f6r predatorer. Jakten p\u00e5 skogshare \u00e4r nog den trevligaste hundjakten vi har. \u00a0F\u00e4ltharen lever i dessa trakter i och runt vallmark, finns h\u00e4sthagar, d\u00e5 \u00e4r det ett favorittillh\u00e5ll. Haren f\u00e5r flera kullar per \u00e5r, men \u00e4r sedan h\u00f6karna fridlystes, och lodjuren \u00f6kade i population, h\u00e5rt ansatta av predatorer. \u00a0 [&hellip;]<\/p>\n","protected":false},"author":78,"featured_media":0,"parent":2000,"menu_order":0,"comment_status":"open","ping_status":"open","template":"","meta":{"footnotes":""},"class_list":["post-1898","page","type-page","status-publish","hentry"],"_links":{"self":[{"href":"https:\/\/krets.jagareforbundet.se\/folkarna\/wp-json\/wp\/v2\/pages\/1898","targetHints":{"allow":["GET"]}}],"collection":[{"href":"https:\/\/krets.jagareforbundet.se\/folkarna\/wp-json\/wp\/v2\/pages"}],"about":[{"href":"https:\/\/krets.jagareforbundet.se\/folkarna\/wp-json\/wp\/v2\/types\/page"}],"author":[{"embeddable":true,"href":"https:\/\/krets.jagareforbundet.se\/folkarna\/wp-json\/wp\/v2\/users\/78"}],"replies":[{"embeddable":true,"href":"https:\/\/krets.jagareforbundet.se\/folkarna\/wp-json\/wp\/v2\/comments?post=1898"}],"version-history":[{"count":0,"href":"https:\/\/krets.jagareforbundet.se\/folkarna\/wp-json\/wp\/v2\/pages\/1898\/revisions"}],"up":[{"embeddable":true,"href":"https:\/\/krets.jagareforbundet.se\/folkarna\/wp-json\/wp\/v2\/pages\/2000"}],"wp:attachment":[{"href":"https:\/\/krets.jagareforbundet.se\/folkarna\/wp-json\/wp\/v2\/media?parent=1898"}],"curies":[{"name":"wp","href":"https:\/\/api.w.org\/{rel}","templated":true}]}}