{"id":2000,"date":"2013-04-01T17:41:21","date_gmt":"2013-04-01T15:41:21","guid":{"rendered":"https:\/\/krets.jagareforbundet.se\/folkarna\/?page_id=2000"},"modified":"2018-09-17T11:41:17","modified_gmt":"2018-09-17T09:41:17","slug":"smavilt2","status":"publish","type":"page","link":"https:\/\/krets.jagareforbundet.se\/folkarna\/jaktfragor\/smavilt2\/","title":{"rendered":"Sm\u00e5vilt"},"content":{"rendered":"<p><a href=\"https:\/\/krets.jagareforbundet.se\/folkarna\/files\/2011\/09\/0077.jpg\"><img loading=\"lazy\" decoding=\"async\" class=\" wp-image-2956 alignleft\" src=\"https:\/\/krets.jagareforbundet.se\/folkarna\/files\/2011\/09\/0077.jpg\" alt=\"0077\" width=\"288\" height=\"185\" \/><\/a><\/p>\n<p>Sm\u00e5viltjakten bedrivs i m\u00e5nga jaktformer beroende p\u00e5 marker och tillg\u00e5ng, en\u00a0gammal\u00a0regel \u00e4r att normal jakt aldrig kan utrota en art, medan f\u00f6r l\u00e5gt jakttryck kan underl\u00e4tta f\u00f6r spridning av sjukdomar, genetiska f\u00f6rsvagningar och d\u00e4rvid orsaka allvarliga populationsnedg\u00e5ngar. Om jaktlaget har olika rapport\u00f6rer f\u00f6r \u00c4lg och Sm\u00e5vilt, kontakta <strong><a href=\"mailto:ake.f.berglund@bredband.net?subject=Rapport\u00f6r i Viltdata\">V\u00f6V<\/a><\/strong> som d\u00e5 l\u00e4gger in en rapport\u00f6r till i Viltdata.se. Sm\u00e5vilt rapporteras numera per jakt\u00e5r, varf\u00f6r resultatet \u00e4r beroende av snabb inmatning, i Viltdata.se senast i juli. Kretsens\u00a0<strong><a href=\"mailto:ake.f.berglund@bredband.net?subject=Rapport\u00f6r i Viltdata\">V\u00f6V<\/a><\/strong> \u00e4r behj\u00e4lplig vid problem.<\/p>\n<p style=\"text-align: center\"><a href=\"https:\/\/krets.jagareforbundet.se\/folkarna\/files\/2018\/09\/smaviltavskjutning-fjvk-2011-2017.pdf\" class=\"woo-sc-button  silver large\" ><span class=\"woo-\">FJVK Sm\u00e5vilt avskjutning 2011 &#8211; 2017<\/span><\/a><\/p>\n<p style=\"text-align: center\"><a href=\"https:\/\/krets.jagareforbundet.se\/folkarna\/files\/2013\/04\/Rapporterad-Sm\u00e5vilt-2012-13.pdf\" class=\"woo-sc-button  silver\" ><span class=\"woo-\">Avskjutning 2012<\/span><\/a><a href=\"https:\/\/krets.jagareforbundet.se\/folkarna\/files\/2013\/04\/Sm\u00e5vilt-FJVK-2013.pdf\" class=\"woo-sc-button  silver\" ><span class=\"woo-\">Avskjutning 2013<\/span><\/a> <a href=\"https:\/\/krets.jagareforbundet.se\/folkarna\/files\/2013\/04\/smaviltrapportering-fjvk-2014.pdf\" class=\"woo-sc-button  silver\" ><span class=\"woo-\">Avskjutning 2014<\/span><\/a>\u00a0<a href=\"https:\/\/krets.jagareforbundet.se\/folkarna\/files\/2013\/04\/smaviltavskjutning-fjvk-2015.pdf\" class=\"woo-sc-button  silver\" ><span class=\"woo-\">Avskjutning 2015<\/span><\/a>\u00a0<a href=\"https:\/\/krets.jagareforbundet.se\/folkarna\/files\/2013\/04\/viltvardsbroschyr-faltvilt-2016-07-051.pdf\" class=\"woo-sc-button  silver\" ><span class=\"woo-\">F\u00e4ltvilt i Fokus<\/span><\/a><\/p>\n<p style=\"text-align: center\"><span style=\"color: #993300\"><strong>(OBS sm\u00e5vilt areal = skall vatten vara inr\u00e4knat, vilket det ej \u00e4r f\u00f6r \u00e4lgjakt)<\/strong><\/span><\/p>\n<h2 style=\"text-align: center\"><\/h2>\n","protected":false},"excerpt":{"rendered":"<p>Sm\u00e5viltjakten bedrivs i m\u00e5nga jaktformer beroende p\u00e5 marker och tillg\u00e5ng, en\u00a0gammal\u00a0regel \u00e4r att normal jakt aldrig kan utrota en art, medan f\u00f6r l\u00e5gt jakttryck kan underl\u00e4tta f\u00f6r spridning av sjukdomar, genetiska f\u00f6rsvagningar och d\u00e4rvid orsaka allvarliga populationsnedg\u00e5ngar. Om jaktlaget har olika rapport\u00f6rer f\u00f6r \u00c4lg och Sm\u00e5vilt, kontakta V\u00f6V som d\u00e5 l\u00e4gger in en rapport\u00f6r till [&hellip;]<\/p>\n","protected":false},"author":78,"featured_media":0,"parent":1705,"menu_order":4,"comment_status":"open","ping_status":"open","template":"","meta":{"footnotes":""},"class_list":["post-2000","page","type-page","status-publish","hentry"],"_links":{"self":[{"href":"https:\/\/krets.jagareforbundet.se\/folkarna\/wp-json\/wp\/v2\/pages\/2000","targetHints":{"allow":["GET"]}}],"collection":[{"href":"https:\/\/krets.jagareforbundet.se\/folkarna\/wp-json\/wp\/v2\/pages"}],"about":[{"href":"https:\/\/krets.jagareforbundet.se\/folkarna\/wp-json\/wp\/v2\/types\/page"}],"author":[{"embeddable":true,"href":"https:\/\/krets.jagareforbundet.se\/folkarna\/wp-json\/wp\/v2\/users\/78"}],"replies":[{"embeddable":true,"href":"https:\/\/krets.jagareforbundet.se\/folkarna\/wp-json\/wp\/v2\/comments?post=2000"}],"version-history":[{"count":1,"href":"https:\/\/krets.jagareforbundet.se\/folkarna\/wp-json\/wp\/v2\/pages\/2000\/revisions"}],"predecessor-version":[{"id":5585,"href":"https:\/\/krets.jagareforbundet.se\/folkarna\/wp-json\/wp\/v2\/pages\/2000\/revisions\/5585"}],"up":[{"embeddable":true,"href":"https:\/\/krets.jagareforbundet.se\/folkarna\/wp-json\/wp\/v2\/pages\/1705"}],"wp:attachment":[{"href":"https:\/\/krets.jagareforbundet.se\/folkarna\/wp-json\/wp\/v2\/media?parent=2000"}],"curies":[{"name":"wp","href":"https:\/\/api.w.org\/{rel}","templated":true}]}}