{"id":2016,"date":"2013-04-01T18:22:38","date_gmt":"2013-04-01T16:22:38","guid":{"rendered":"https:\/\/krets.jagareforbundet.se\/folkarna\/?page_id=2016"},"modified":"2013-05-21T00:20:13","modified_gmt":"2013-05-20T22:20:13","slug":"kronhjort","status":"publish","type":"page","link":"https:\/\/krets.jagareforbundet.se\/folkarna\/jaktfragor\/smavilt2\/kronhjort\/","title":{"rendered":"Kronhjort"},"content":{"rendered":"<p style=\"text-align: center;\"><strong><img loading=\"lazy\" decoding=\"async\" class=\"aligncenter\" style=\"color: #000000; font-family: Arial, Helvetica; font-size: 11px; font-weight: normal; line-height: normal; text-align: -webkit-center; background-color: #ffffff; border: 0px;\" title=\"Foto Br. Ekholm Mang\u00e5rds hage\" src=\"http:\/\/www.fjvk.org\/images\/Hind%20med%20Kalv.JPG\" alt=\"hind med kalv fotograferad av Tony\/Kent Ekholm den 18\/8 i Manng\u00e5rdshage \" width=\"503\" height=\"316\" border=\"0\" \/>Allm\u00e4n jakt p\u00e5 kronhjort f\u00e5r, i omr\u00e5den d\u00e4r sk\u00f6tselomr\u00e5de inte bildats, ske endast p\u00e5 \u00e5rskalv om problem finns. Sk\u00f6tselomr\u00e5de f\u00e5r bildas om det i omr\u00e5det finns en population p\u00e5 minst 50 djur.<\/strong><\/p>\n<table style=\"width: 522px;\" border=\"1\" bgcolor=\"#008000\">\n<tbody>\n<tr>\n<td colspan=\"4\" align=\"center\" valign=\"top\" bgcolor=\"#ffffff\" width=\"530\" height=\"31\"><span style=\"font-family: Arial, Helvetica;\"><strong style=\"color: #333333; font-family: Georgia, 'Times New Roman', 'Bitstream Charter', Times, serif; font-size: 13px; line-height: 19px; text-align: left;\">Jakttiden f\u00f6r allm\u00e4n jakt \u00e4r: 16 augusti till den andra m\u00e5ndagen i oktober, och endast \u00e5rskalv \u00e4r d\u00e5 till\u00e5ten.<\/strong><!--mstheme--><\/span><\/td>\n<\/tr>\n<tr>\n<td align=\"center\" valign=\"top\" bgcolor=\"#ffffff\" width=\"125\" height=\"92\"><!--mstheme--><span style=\"font-family: Arial, Helvetica;\"><img loading=\"lazy\" decoding=\"async\" src=\"http:\/\/www.fjvk.org\/images\/kronhjort_2_s.jpg\" alt=\"Kronhjort vuxen, fredad \u00e5ret runt i FJVK!\" width=\"123\" height=\"98\" border=\"0\" \/> <!--mstheme--><\/span><\/td>\n<td align=\"center\" valign=\"top\" bgcolor=\"#ffffff\" width=\"124\" height=\"92\"><!--mstheme--><span style=\"font-family: Arial, Helvetica;\"><img loading=\"lazy\" decoding=\"async\" src=\"http:\/\/www.fjvk.org\/images\/Hind%20med%20Kalv.JPG\" alt=\"Hind med kalv 2011-08-18 Manng\u00e5rdshage Foto: Tony\/Kent Ekholm\" width=\"147\" height=\"97\" border=\"0\" \/> <!--mstheme--><\/span><\/td>\n<td align=\"center\" valign=\"top\" bgcolor=\"#ffffff\" width=\"124\" height=\"92\"><!--mstheme--><span style=\"font-family: Arial, Helvetica;\"><span style=\"font-family: Stencil; font-size: x-large;\"><a id=\"apf0\" href=\"http:\/\/images.google.se\/imgres?imgurl=http:\/\/www.new-forest-national-park.com\/image-files\/red_deer.jpg&amp;imgrefurl=http:\/\/www.new-forest-national-park.com\/red-deer-fact-file.html&amp;usg=__ib_uX97kgGcX9wDKdnL9iKai8WM=&amp;h=346&amp;w=450&amp;sz=49&amp;hl=sv&amp;start=1&amp;sig2=fh_9Hj2uNshISsSaonvCMQ&amp;um=1&amp;itbs=1&amp;tbnid=UKwbssDNfi30_M:&amp;tbnh=98&amp;tbnw=127&amp;prev=\/images%3Fq%3D%2522Red%2Bdeer%2522%26um%3D1%26hl%3Dsv%26sa%3DN%26rlz%3D1T4GGLL_svSE323%26tbs%3Disch:1&amp;ei=qMh-S8jPH4XD-Qb7_6zkCw\"><img loading=\"lazy\" decoding=\"async\" id=\"ipfUKwbssDNfi30_M:\" src=\"http:\/\/t3.gstatic.com\/images?q=tbn:UKwbssDNfi30_M:http:\/\/www.new-forest-national-park.com\/image-files\/red_deer.jpg\" alt=\"F\u00e5r ej skjutas!\" width=\"120\" height=\"95\" \/><\/a><\/span> <!--mstheme--><\/span><\/td>\n<td align=\"center\" valign=\"top\" bgcolor=\"#ffffff\" width=\"157\" height=\"92\"><!--mstheme--><span style=\"font-family: Arial, Helvetica;\"><img loading=\"lazy\" decoding=\"async\" src=\"http:\/\/www.fjvk.org\/images\/kronhjort.JPG\" alt=\"Ej jaktbar!\" width=\"115\" height=\"99\" align=\"left\" border=\"0\" \/> <!--mstheme--><\/span><\/td>\n<\/tr>\n<\/tbody>\n<\/table>\n<p><\/p>\n","protected":false},"excerpt":{"rendered":"<p>Allm\u00e4n jakt p\u00e5 kronhjort f\u00e5r, i omr\u00e5den d\u00e4r sk\u00f6tselomr\u00e5de inte bildats, ske endast p\u00e5 \u00e5rskalv om problem finns. Sk\u00f6tselomr\u00e5de f\u00e5r bildas om det i omr\u00e5det finns en population p\u00e5 minst 50 djur. Jakttiden f\u00f6r allm\u00e4n jakt \u00e4r: 16 augusti till den andra m\u00e5ndagen i oktober, och endast \u00e5rskalv \u00e4r d\u00e5 till\u00e5ten.<\/p>\n","protected":false},"author":78,"featured_media":0,"parent":2000,"menu_order":6,"comment_status":"open","ping_status":"open","template":"","meta":{"footnotes":""},"class_list":["post-2016","page","type-page","status-publish","hentry"],"_links":{"self":[{"href":"https:\/\/krets.jagareforbundet.se\/folkarna\/wp-json\/wp\/v2\/pages\/2016","targetHints":{"allow":["GET"]}}],"collection":[{"href":"https:\/\/krets.jagareforbundet.se\/folkarna\/wp-json\/wp\/v2\/pages"}],"about":[{"href":"https:\/\/krets.jagareforbundet.se\/folkarna\/wp-json\/wp\/v2\/types\/page"}],"author":[{"embeddable":true,"href":"https:\/\/krets.jagareforbundet.se\/folkarna\/wp-json\/wp\/v2\/users\/78"}],"replies":[{"embeddable":true,"href":"https:\/\/krets.jagareforbundet.se\/folkarna\/wp-json\/wp\/v2\/comments?post=2016"}],"version-history":[{"count":0,"href":"https:\/\/krets.jagareforbundet.se\/folkarna\/wp-json\/wp\/v2\/pages\/2016\/revisions"}],"up":[{"embeddable":true,"href":"https:\/\/krets.jagareforbundet.se\/folkarna\/wp-json\/wp\/v2\/pages\/2000"}],"wp:attachment":[{"href":"https:\/\/krets.jagareforbundet.se\/folkarna\/wp-json\/wp\/v2\/media?parent=2016"}],"curies":[{"name":"wp","href":"https:\/\/api.w.org\/{rel}","templated":true}]}}