{"id":2022,"date":"2013-04-01T18:35:26","date_gmt":"2013-04-01T16:35:26","guid":{"rendered":"https:\/\/krets.jagareforbundet.se\/folkarna\/?page_id=2022"},"modified":"2018-04-17T09:56:33","modified_gmt":"2018-04-17T07:56:33","slug":"fagel","status":"publish","type":"page","link":"https:\/\/krets.jagareforbundet.se\/folkarna\/jaktfragor\/smavilt2\/fagel\/","title":{"rendered":"F\u00e5gel"},"content":{"rendered":"<p style=\"text-align: center\"><img loading=\"lazy\" decoding=\"async\" class=\"aligncenter size-full wp-image-2023\" title=\"Tj\u00e4derh\u00f6na Foto \u00c5ke Berglund\" src=\"https:\/\/krets.jagareforbundet.se\/folkarna\/files\/2013\/04\/Tjaderhona2010.jpg\" alt=\"\" width=\"618\" height=\"419\" srcset=\"https:\/\/krets.jagareforbundet.se\/folkarna\/files\/2013\/04\/Tjaderhona2010.jpg 618w, https:\/\/krets.jagareforbundet.se\/folkarna\/files\/2013\/04\/Tjaderhona2010-300x203.jpg 300w\" sizes=\"auto, (max-width: 618px) 100vw, 618px\" \/><\/p>\n<p style=\"text-align: center\">\u00a0<a href=\"https:\/\/krets.jagareforbundet.se\/folkarna\/files\/2013\/04\/Tj\u00e4der-2012-13-W.pdf\" class=\"woo-sc-button  red\" ><span class=\"woo-\">Avskjutning Tj\u00e4der W-L\u00e4n 2012<\/span><\/a><\/p>\n<p>Kretsen h\u00e5ller inga st\u00f6rre best\u00e5nd av skogsf\u00e5gel, Tj\u00e4der, Orre och J\u00e4rpe. Dessa ligger under ett h\u00e5rt predatortryck av boplundrare som Lodjur, Gr\u00e4vling, M\u00e5rd, R\u00e4v och ett stort antal f\u00e5gelarter. Skadef\u00e5glar som b\u00f6r jagas \u00e4r Bj\u00f6rktrast och Ringduva, men \u00e4ven Kanadag\u00e5s r\u00e4knas till skadef\u00e5glar detta av\u00a0hygieniska\u00a0sk\u00e4l. Andra f\u00e5glas som b\u00f6r jagas av\u00a0hygieniska\u00a0sk\u00e4l \u00e4r i dessa trakter \u00e4r Kaja. Olyckligtvis \u00e4r en boplundrare fridlyst, och det \u00e4r Ekorren. Gr\u00e4s\u00e4nder \u00e4r sedan l\u00e4nge en f\u00e5gel som jagats i kretsen, men faktum \u00e4r att den utan uts\u00e4ttning skulle kunna vara r\u00f6dlistad, d\u00e5 ca 200.ooo s\u00e4tts ut varje \u00e5r, \u00a0lika m\u00e5nga som f\u00f6ds i vilt tillst\u00e5nd.<\/p>\n<p style=\"text-align: center\"><a href=\"http:\/\/www.fageln.se\/\" class=\"woo-sc-button  orange\" ><span class=\"woo-\">Titta i f\u00e5gelboken<\/span><\/a>\u00a0<a href=\"http:\/\/www.jordbruksverket.se\/amnesomraden\/miljoochklimat\/ettriktodlingslandskap\/mangfaldpaslatten\/larkvitterenapptilldinmobil.4.e01569712f24e2ca09800017916.html\" class=\"woo-sc-button  orange\" ><span class=\"woo-download\">F\u00e5gel app<\/span><\/a><a href=\"http:\/\/www.jagareforbundet.se\/svenskjakt\/Viltrec\/SkogsFalthons\/\" class=\"woo-sc-button  orange\" ><span class=\"woo-\">Recept Skogsh\u00f6ns<\/span><\/a><a href=\"http:\/\/jagareforbundet.se\/vilt\/vilt-vetande\/artpresentation\/gass-kannetecken\/\" class=\"woo-sc-button  orange\" ><span class=\"woo-\">Skilja p\u00e5 G\u00e4ssen<\/span><\/a><a href=\"http:\/\/jagareforbundet.se\/vilt\/nytt-fran-viltforskningen\/2013\/07\/morkullan-stabil-och-storningstalig\/\" class=\"woo-sc-button  orange\" ><span class=\"woo-\">Morkulla<\/span><\/a>\u00a0<a href=\"http:\/\/svenskjakt.se\/annonstorget\/annonser\/vilt-fagel-mm\/svenska-fasaner-o-rapphons-2014-07-21-1107\/\" class=\"woo-sc-button  teal\" ><span class=\"woo-\">Uts\u00e4ttningsklara Fasaner och Rapph\u00f6ns<\/span><\/a>\u00a0<a href=\"http:\/\/svenskjakt.se\/Start\/quiz\/kannar-du-igen-faglarna\/\" class=\"woo-sc-button  orange\" ><span class=\"woo-\">Fr\u00e5gor om F\u00e5gel<\/span><\/a>\u00a0<a href=\"https:\/\/krets.jagareforbundet.se\/folkarna\/files\/2018\/04\/gass-svanar-2018.pdf\" class=\"woo-sc-button  purple\" ><span class=\"woo-\">F\u00f6rvaltning G\u00e4ss o Svanar<\/span><\/a><\/p>\n<p><a href=\"https:\/\/play.google.com\/store\/apps\/details?id=se.jordbruksverket.larkvitter&#038;feature=more_from_developer#?t=W10\" class=\"woo-sc-button  purple large\" ><span class=\"woo-download\">Ladda ner L\u00e4r Kvitter Android<\/span><\/a>\u00a0<a href=\"https:\/\/itunes.apple.com\/se\/app\/larkvitter-jordbruksverket\/id440207507?mt=8&#038;ign-mpt=uo%3D4\" class=\"woo-sc-button  purple large\" ><span class=\"woo-download\">Ladda ner L\u00e4r Kvitter f\u00f6r iPhone<\/span><\/a><\/p>\n<p style=\"text-align: center\"><a href=\"https:\/\/krets.jagareforbundet.se\/folkarna\/files\/2013\/04\/2013-07-08-119.jpg\"><img loading=\"lazy\" decoding=\"async\" class=\"aligncenter wp-image-3622\" title=\"Tj\u00e4derkyckling 2013-07-08 Foto \u00c5ke Berglund\" src=\"https:\/\/krets.jagareforbundet.se\/folkarna\/files\/2013\/04\/2013-07-08-119.jpg\" alt=\"\" width=\"639\" height=\"479\" srcset=\"https:\/\/krets.jagareforbundet.se\/folkarna\/files\/2013\/04\/2013-07-08-119.jpg 1065w, https:\/\/krets.jagareforbundet.se\/folkarna\/files\/2013\/04\/2013-07-08-119-300x225.jpg 300w, https:\/\/krets.jagareforbundet.se\/folkarna\/files\/2013\/04\/2013-07-08-119-1024x768.jpg 1024w\" sizes=\"auto, (max-width: 639px) 100vw, 639px\" \/><\/a><\/p>\n<p style=\"text-align: center\"><a href=\"http:\/\/jagareforbundet.se\/vilt\/nytt-fran-viltforskningen\/2013\/07\/morkullan-stabil-och-storningstalig\/\" class=\"woo-sc-button  purple\" ><span class=\"woo-\">Hur st\u00e5r det till med Morkullan ?<\/span><\/a><\/p>\n<p style=\"text-align: center\"><a href=\"http:\/\/blogg.jagareforbundet.se\/2014\/04\/23\/ibland-gar-inte-jakten-som-forvantat\/\" class=\"woo-sc-button  pink large\" ><span class=\"woo-\">I bland g\u00e5r inte jakten som f\u00f6rv\u00e4ntat<\/span><\/a><\/p>\n","protected":false},"excerpt":{"rendered":"<p>\u00a0 Kretsen h\u00e5ller inga st\u00f6rre best\u00e5nd av skogsf\u00e5gel, Tj\u00e4der, Orre och J\u00e4rpe. Dessa ligger under ett h\u00e5rt predatortryck av boplundrare som Lodjur, Gr\u00e4vling, M\u00e5rd, R\u00e4v och ett stort antal f\u00e5gelarter. Skadef\u00e5glar som b\u00f6r jagas \u00e4r Bj\u00f6rktrast och Ringduva, men \u00e4ven Kanadag\u00e5s r\u00e4knas till skadef\u00e5glar detta av\u00a0hygieniska\u00a0sk\u00e4l. Andra f\u00e5glas som b\u00f6r jagas av\u00a0hygieniska\u00a0sk\u00e4l \u00e4r i dessa [&hellip;]<\/p>\n","protected":false},"author":78,"featured_media":0,"parent":2000,"menu_order":0,"comment_status":"open","ping_status":"open","template":"","meta":{"footnotes":""},"class_list":["post-2022","page","type-page","status-publish","hentry"],"_links":{"self":[{"href":"https:\/\/krets.jagareforbundet.se\/folkarna\/wp-json\/wp\/v2\/pages\/2022","targetHints":{"allow":["GET"]}}],"collection":[{"href":"https:\/\/krets.jagareforbundet.se\/folkarna\/wp-json\/wp\/v2\/pages"}],"about":[{"href":"https:\/\/krets.jagareforbundet.se\/folkarna\/wp-json\/wp\/v2\/types\/page"}],"author":[{"embeddable":true,"href":"https:\/\/krets.jagareforbundet.se\/folkarna\/wp-json\/wp\/v2\/users\/78"}],"replies":[{"embeddable":true,"href":"https:\/\/krets.jagareforbundet.se\/folkarna\/wp-json\/wp\/v2\/comments?post=2022"}],"version-history":[{"count":0,"href":"https:\/\/krets.jagareforbundet.se\/folkarna\/wp-json\/wp\/v2\/pages\/2022\/revisions"}],"up":[{"embeddable":true,"href":"https:\/\/krets.jagareforbundet.se\/folkarna\/wp-json\/wp\/v2\/pages\/2000"}],"wp:attachment":[{"href":"https:\/\/krets.jagareforbundet.se\/folkarna\/wp-json\/wp\/v2\/media?parent=2022"}],"curies":[{"name":"wp","href":"https:\/\/api.w.org\/{rel}","templated":true}]}}