{"id":2186,"date":"2013-04-04T22:07:48","date_gmt":"2013-04-04T20:07:48","guid":{"rendered":"https:\/\/krets.jagareforbundet.se\/folkarna\/?page_id=2186"},"modified":"2022-01-14T14:22:47","modified_gmt":"2022-01-14T13:22:47","slug":"hemsidan","status":"publish","type":"page","link":"https:\/\/krets.jagareforbundet.se\/folkarna\/hemsidan\/","title":{"rendered":"Hemsidan"},"content":{"rendered":"<p>Hemsidan \u00e4r Folk\u00e4rna Jaktv\u00e5rdskrets officiella hemsida som uppfyller kraven p\u00e5 vad som g\u00e4ller i GDPR Dataskyddsf\u00f6rordningen, personliga uppgifter d\u00e4r s\u00e5dana uppgifter beh\u00f6vs, l\u00e4ggs under l\u00f6senord som medlemmar kan h\u00e4mta hos <strong><a href=\"mailto:ake.f.berglund@bredband.net?subject= Skicka L\u00f6senord\">FJVK sekreterare.<\/a><\/strong><\/p>\n<p>Hemsidan skall ha en lokal pr\u00e4gel men ocks\u00e5 att informera regionalt.<\/p>\n<p>Flera av sidorna har kontaktformul\u00e4r d\u00e4r du kan skicka din kommentar till hemsidan, alla fr\u00e5gor av vettig karakt\u00e4r vidarebefordras till l\u00e4mplig som besvarar dem.<\/p>\n<p>Det har kommit n\u00e5gra kommentarer men nog vore det rimligt att n\u00e5gra fler \u00e5sikter kommer fram.<\/p>\n<p>Webbmaster som \u00e4r ansvarig utgivare \u00e4r : <strong><em><a href=\"mailto:ake.f.berglund@bredband.net?subject= ang. FJVK Hemsida\">\u00c5ke Berglund<\/a><\/em><\/strong><\/p>\n<p>Varje \u00e5r brukar jag kommentera hemsidans statistik h\u00e4r.<\/p>\n<p><strong>2018<\/strong> hade FJVK hemsida\u00a0 bes\u00f6k av <strong>5100<\/strong> personer.(4200 2017) tv\u00e5 toppar <strong>220<\/strong> personer ca 25 Februari och <strong>299<\/strong> personer ca 7 oktober. [2019-02-10]<\/p>\n<p>Hur hemsidan \u00e4r uppbyggd kan du se genom att klicka &gt;&gt; \u00a0<a title=\"Sajtkarta\" href=\"https:\/\/krets.jagareforbundet.se\/folkarna\/sajtkarta\/\"><strong>H\u00e4r<\/strong><\/a><\/p>\n","protected":false},"excerpt":{"rendered":"<p>Hemsidan \u00e4r Folk\u00e4rna Jaktv\u00e5rdskrets officiella hemsida som uppfyller kraven p\u00e5 vad som g\u00e4ller i GDPR Dataskyddsf\u00f6rordningen, personliga uppgifter d\u00e4r s\u00e5dana uppgifter beh\u00f6vs, l\u00e4ggs under l\u00f6senord som medlemmar kan h\u00e4mta hos FJVK sekreterare. Hemsidan skall ha en lokal pr\u00e4gel men ocks\u00e5 att informera regionalt. Flera av sidorna har kontaktformul\u00e4r d\u00e4r du kan skicka din kommentar till [&hellip;]<\/p>\n","protected":false},"author":78,"featured_media":0,"parent":0,"menu_order":15,"comment_status":"open","ping_status":"open","template":"","meta":{"footnotes":""},"class_list":["post-2186","page","type-page","status-publish","hentry"],"_links":{"self":[{"href":"https:\/\/krets.jagareforbundet.se\/folkarna\/wp-json\/wp\/v2\/pages\/2186","targetHints":{"allow":["GET"]}}],"collection":[{"href":"https:\/\/krets.jagareforbundet.se\/folkarna\/wp-json\/wp\/v2\/pages"}],"about":[{"href":"https:\/\/krets.jagareforbundet.se\/folkarna\/wp-json\/wp\/v2\/types\/page"}],"author":[{"embeddable":true,"href":"https:\/\/krets.jagareforbundet.se\/folkarna\/wp-json\/wp\/v2\/users\/78"}],"replies":[{"embeddable":true,"href":"https:\/\/krets.jagareforbundet.se\/folkarna\/wp-json\/wp\/v2\/comments?post=2186"}],"version-history":[{"count":2,"href":"https:\/\/krets.jagareforbundet.se\/folkarna\/wp-json\/wp\/v2\/pages\/2186\/revisions"}],"predecessor-version":[{"id":7870,"href":"https:\/\/krets.jagareforbundet.se\/folkarna\/wp-json\/wp\/v2\/pages\/2186\/revisions\/7870"}],"wp:attachment":[{"href":"https:\/\/krets.jagareforbundet.se\/folkarna\/wp-json\/wp\/v2\/media?parent=2186"}],"curies":[{"name":"wp","href":"https:\/\/api.w.org\/{rel}","templated":true}]}}