{"id":2230,"date":"2013-04-05T14:47:14","date_gmt":"2013-04-05T12:47:14","guid":{"rendered":"https:\/\/krets.jagareforbundet.se\/folkarna\/?page_id=2230"},"modified":"2018-03-03T08:52:38","modified_gmt":"2018-03-03T07:52:38","slug":"markagarfragor","status":"publish","type":"page","link":"https:\/\/krets.jagareforbundet.se\/folkarna\/medlemsfragor\/markagarfragor\/","title":{"rendered":"Mark\u00e4garfr\u00e5gor"},"content":{"rendered":"<p><a href=\"http:\/\/www.slu.se\/forskning\/faktaskog\" class=\"woo-sc-button  green\" ><span class=\"woo-\">Skogs fakta<\/span><\/a> <a href=\"http:\/\/www.lrf.se\/\" class=\"woo-sc-button  green\" ><span class=\"woo-\">L R F<\/span><\/a> <a href=\"http:\/\/www.skogsstyrelsen.se\/Aga-och-bruka\/Lokala-sidor\/Distrikt\/Sodra-Dalarnas-distrikt\/\" class=\"woo-sc-button  green\" ><span class=\"woo-\">Skogsstyrelsen<\/span><\/a> <a href=\"http:\/\/skogssverige.se\/nyhetsarkiv?0=\" class=\"woo-sc-button  green\" ><span class=\"woo-\">Skogssverige<\/span><\/a> <a href=\"http:\/\/www.skogsaktuellt.se\/\" class=\"woo-sc-button  green\" ><span class=\"woo-\">Skogsaktuellt<\/span><\/a> <a href=\"http:\/\/www.ja.se\/\" class=\"woo-sc-button  green\" ><span class=\"woo-\">Jordbruksaktuellt<\/span><\/a>\u00a0<a href=\"http:\/\/interagroskog.se\/category\/rotrota\/\" class=\"woo-sc-button  red\" ><span class=\"woo-\">Skogens st\u00f6rsta skadeg\u00f6rare<\/span><\/a>\u00a0<a href=\"http:\/\/svenskjakt.se\/Start\/Nyheter\/2013\/12\/samverkansdag-om-skogen-och-viltet\/\" class=\"woo-sc-button  purple\" ><span class=\"woo-\">Samverkan i skogen<\/span><\/a> \u00a0<a href=\"http:\/\/svenskjakt.se\/opinion\/debatt\/lat-viltet-bli-en-faktor-i-arealbidragen\/\" class=\"woo-sc-button  purple\" ><span class=\"woo-\">Nya f\u00f6rslag fr\u00e5n SLU<\/span><\/a><\/p>\n<div class=\"equal\" id=\"pageWrap\">\n<div class=\"clearfix\" id=\"pageWrapInner\">\n<div id=\"pageContent\">\n<div class=\"clearfix single-view\" id=\"innerContent\">\n<div class=\"mainCol\">\n<div class=\"newsList\">\n<div class=\"ajax-load-more-wrap blue alm-0\" id=\"ajax-load-more\">\n<div class=\"alm-listing alm-ajax\">\n<div class=\"alm-reveal alm-previous-post post-58035\">\n<h1 class=\"post-title\">Statligt st\u00f6d f\u00f6r viktig viltv\u00e5rd\u00a0 [2018-03-03]<\/h1>\n<p><strong>Bryn och kantzoner \u00e4r mycket v\u00e4rdefulla milj\u00f6er f\u00f6r insekter, f\u00e5glar och inte minst vilt. Genom att hos Skogsstyrelsen ans\u00f6ka om statligt st\u00f6d kan en mark\u00e4gare f\u00e5 ers\u00e4ttning med 70 procent av kostnaden f\u00f6r anl\u00e4ggandet av ett skogsbryn.<\/strong><\/p>\n<div class=\"article\">\n<p>Nok\u00e5s, natur- och kulturmilj\u00f6v\u00e5rds\u00e5tg\u00e4rder i skogen, kan betalas ut f\u00f6r \u00e5tg\u00e4rder av skilda slag. Det kan vara att \u00e5terskapa v\u00e5tmarker, att restaurera \u00e4ldre transportleder eller kulturmilj\u00f6er och att bidra till kostnaden f\u00f6r att plantera l\u00f6v p\u00e5 igenlagd \u00e5kermark.<\/p>\n<p>Och s\u00e5 till att skapa bryn och kantzoner. N\u00e5got som tillkommit som en st\u00f6dber\u00e4ttigad \u00e5tg\u00e4rd.<\/p>\n<h2>M\u00f6jligheter finns<\/h2>\n<p>Kristoffer Almqvist, som arbetar med statliga st\u00f6d p\u00e5 Skogsstyrelsen i distriktet f\u00f6r S\u00f6rmland-\u00d6rebro, s\u00e4ger till Svensk Jakt att det inte \u00e4r m\u00e5nga som k\u00e4nner till m\u00f6jligheterna att f\u00e5 st\u00f6d f\u00f6r att anl\u00e4gga brynmilj\u00f6er.<\/p>\n<p>\u2013 Min erfarenhet \u00e4r att v\u00e4ldigt f\u00e5 k\u00e4nner till detta. F\u00f6r viltv\u00e5rdsintresserade mark\u00e4gare finns h\u00e4r en m\u00f6jlighet att b\u00e5de skapa milj\u00f6er f\u00f6r viltet och \u00f6ka den biologiska m\u00e5ngfalden. Genom Nok\u00e5s kan mark\u00e4garen f\u00e5 s\u00e5 mycket som 70 procent av kostnaderna f\u00f6r plantor av tr\u00e4d och buskar och f\u00f6r sj\u00e4lva planteringsjobbet, s\u00e4ger Kristoffer Almqvist.<\/p>\n<p>G\u00e5ngen f\u00f6r den intresserade \u00e4r enkel. Ta kontakt med Skogsstyrelsen f\u00f6r bes\u00f6k och r\u00e5dgivning. Skicka in en beskrivning av vad som ska g\u00f6ras, och ans\u00f6k om bidrag.<\/p>\n<p>\u2013 Efter beslutet genomf\u00f6rs \u00e5tg\u00e4rderna och n\u00e4r redovisning av kostnader f\u00f6r plantor och arbete gjorts betalas st\u00f6det ut, s\u00e4ger Kristoffer Almqvist.<\/p>\n<h2>Stor betydelse<\/h2>\n<p>Han menar att det \u00e4r en m\u00f6jlighet som skulle kunna utnyttjas mycket b\u00e4ttre.<\/p>\n<p>\u2013\u00a0Jag \u00e4r sj\u00e4lv en viltv\u00e5rdsintresserad j\u00e4gare som vet vilken betydelse kantzonerna har f\u00f6r viltet, b\u00e5de vad g\u00e4ller foder och skydd, s\u00e4ger Kristoffer Almqvist.<\/p>\n<p>Ut\u00f6ver de m\u00f6jligheter som Nok\u00e5s ger f\u00f6r anl\u00e4ggande av bryn finns ytterligare EU-st\u00f6d, Skogens Milj\u00f6v\u00e4rden, d\u00e4r bidrag kan utg\u00e5 till mark\u00e4gare som hugger fram en kantmilj\u00f6.<\/p>\n<p>F\u00f6r mark\u00e4gare och j\u00e4gare som vill veta mer om vilka m\u00f6jligheterna \u00e4r att f\u00e5 st\u00f6d f\u00f6r \u00e5tg\u00e4rder som gynnar vilt och milj\u00f6 finns <a href=\"https:\/\/www.skogsstyrelsen.se\/aga-skog\/stod-och-bidrag\/nokas\/\">mer information p\u00e5 Skogsstyrelsens hemsida<\/a>.<\/p>\n<\/div>\n<\/div>\n<\/div>\n<\/div>\n<\/div>\n<\/div>\n<\/div>\n<\/div>\n<\/div>\n<\/div>\n<h1>Milj\u00f6h\u00e4nsyn i skogsbruk fungerar<\/h1>\n<div>\n<div id=\"imgArea\"><strong>Att l\u00e4mna en del tr\u00e4d vid avverkning \u00f6kar m\u00f6jligheterna f\u00f6r vissa k\u00e4nsliga arter att \u00f6verleva j\u00e4mf\u00f6rt med traditionell kalhuggning. Det visar forskare vid SLU i den f\u00f6rsta studien d\u00e4r r\u00f6dlistade arter f\u00f6ljts f\u00f6re och efter avverkning.<\/strong><\/div>\n<\/div>\n<div>\n<div>\n<p>Vid en inventering av skogar i H\u00e4lsingland som gjordes f\u00f6r drygt tio \u00e5r sedan hittade forskarna en hel del r\u00f6dlistade mossor och lavar. N\u00e4r samma omr\u00e5den \u00e5terinventerades n\u00e5gra \u00e5r efter att de hade avverkats, fanns en hel del av de r\u00f6dlistade arterna kvar p\u00e5 enskilda tr\u00e4d och i tr\u00e4ddungar som l\u00e4mnats. D\u00e4remot hade de n\u00e4stan helt f\u00f6rsvunnit fr\u00e5n de kala, \u00f6ppna ytorna, det vill s\u00e4ga s\u00e5 som det ser ut efter en traditionell kalhuggning.<\/p>\n<p><strong>Lagkrav<\/strong><\/p>\n<p>I dag \u00e4r det ett lagkrav att skogs\u00e4gare ska ta h\u00e4nsyn till den biologiska m\u00e5ngfalden genom att l\u00e4mna en del tr\u00e4d vid varje slutavverkning. Denna typ av milj\u00f6h\u00e4nsyn \u00e4r ocks\u00e5 n\u00e5got som de certifierade skogs\u00e4garna m\u00e5ste l\u00e4gga stor vikt vid. Mer \u00e4n 70 procent av alla skogs\u00e4gare i Sverige \u00e4r anslutna till n\u00e5got av de tv\u00e5 certifieringssystem som finns.<br \/>\n\u2013\u00a0V\u00e5r studie \u00e4r den f\u00f6rsta som i detalj f\u00f6ljer r\u00f6dlistade arter fr\u00e5n tiden f\u00f6re avverkning och in i hyggesfasen. Den ger ett kvitto p\u00e5 att milj\u00f6h\u00e4nsynen \u00e4r bra f\u00f6r i alla fall vissa k\u00e4nsliga arter j\u00e4mf\u00f6rt med hur man gjorde tidigare. Att l\u00e4mna tr\u00e4d vid avverkningen g\u00f6r allts\u00e5 nytta eftersom arterna har mycket st\u00f6rre chanser att \u00f6verleva, s\u00e4ger J\u00f6rgen Rudolphi, forskare vid institutionen f\u00f6r ekologi vid Sveriges lantbruksuniversitet.<\/p>\n<p><strong>St\u00f6rre omr\u00e5den<\/strong><\/p>\n<p>Men det finns arter som kr\u00e4ver mycket st\u00f6rre skyddade skogsomr\u00e5den f\u00f6r att kunna \u00f6verleva. Milj\u00f6h\u00e4nsynen inom skogsbruket m\u00e5ste d\u00e4rmed kompletteras med reservat. Dessutom har vissa av de unders\u00f6kta skogarna troligtvis aldrig utsatts f\u00f6r kraftiga huggningsingrepp tidigare. D\u00e5 hade de antagligen inte haft samma m\u00e5ngfald av r\u00f6dlistade mossor och lavar. Bolaget som \u00e4ger skogen tog ocks\u00e5 st\u00f6rre h\u00e4nsyn vid avverkningen \u00e4n vad som kr\u00e4vs enligt Skogsv\u00e5rdslagen.<br \/>\n\u2013 Det finns en del fr\u00e5gor kvar att besvara om hur h\u00e4nsynen ska utformas f\u00f6r att f\u00e5 b\u00e4sta effekt. Till exempel hur stora dungarna m\u00e5ste vara och hur ska de placeras. Det \u00e4r heller inte klart vad som h\u00e4nder p\u00e5 \u00e4nnu l\u00e4ngre sikt i dessa skogar, s\u00e4ger J\u00f6rgen Rudolphi.<\/p>\n<\/div>\n<\/div>\n<div>\n<div>\n<ul>\n<li><a>Skriv ut<\/a><\/li>\n<li><a href=\"mailto:?subject=H%C3%A4r%20kommer%20ett%20tips%20om%20Svensk%20Jakt&amp;body=Hej,%20jag%20skulle%20vilja%20tipsa%20dig%20om%20den%20h%C3%A4r%20sidan%20p%C3%A5%20svenskjakt.se:%0D%0A%0D%0Ahttp:\/\/svenskjakt.se\/Start\/Nyheter\/2013\/11\/miljohansyn-i-skogsbruk-fungerar\/\">E-posta<\/a><\/li>\n<\/ul>\n<\/div>\n<div id=\"PhExtraInfo\">\n<blockquote>\n<h3>Fakta<\/h3>\n<\/blockquote>\n<div>\n<blockquote><p>R\u00f6dlistade arter \u00e4r s\u00e5dana arter som riskerar att minska kraftigt eller d\u00f6 ut, till exempel p\u00e5 grund av skogsbruk.<\/p><\/blockquote>\n<\/div>\n<\/div>\n<\/div>\n<div>\n<p>Skribent<\/p>\n<\/div>\n<div>\n<h2>Svensk Jakt<\/h2>\n<p><a href=\"mailto:webbredaktionen@svenskjakt.se\">webbredaktionen@svenskjakt.se<\/a><\/p>\n<\/div>\n<h1>Allt mindre m\u00e5ngfald i jordbrukslandskapet<\/h1>\n<div>\n<p><strong>Det storskaliga jordbruket p\u00e5verkar landskapets biologiska m\u00e5ngfald, och f\u00f6r\u00e4ndringen sker i en allt snabbare takt. Det s\u00e4ger Margareta Ihse, professor emerita i ekologisk geografi vid Stockholms universitet, som studerat denna f\u00f6r\u00e4ndring i bland S\u00f6rmland, i en intervju med Katrineholms-Kuriren. <\/strong><\/p>\n<div>\n<p>S\u00f6rmland har g\u00e5tt fr\u00e5n att vara ett jordbrukslandskap till en vattenfattig kulturst\u00e4pp, s\u00e4ger Margareta Ihse, som har forskat p\u00e5 landskapets betydelse f\u00f6r den biologiska m\u00e5ngfalden.<\/p>\n<p>Hon har studerat flygfotografier \u00f6ver bland annat S\u00f6rmland och Sk\u00e5ne fr\u00e5n 1940-talet och fram\u00e5t. P\u00e5 uppdrag av Naturv\u00e5rdsverket har hon bland annat kunnat konstatera att f\u00f6r\u00e4ndringen av landskapet sker i en allt snabbare takt och till nackdel f\u00f6r den biologiska m\u00e5ngfalden.<\/p>\n<p>\u2013 Det \u00e4r pr\u00e4rien i USA som fungerar som ideal n\u00e4r jorden brukas: stora, fyrkantiga, l\u00e4tthanterliga \u00e5kerf\u00e4lt. Men i Sverige har vi inte pr\u00e4rie, utan ett kuperat och sm\u00e5skaligt landskap med stor variation mellan jordarterna. F\u00f6rr f\u00f6ljde b\u00f6nder jordartsgr\u00e4nser, men det \u00e4r besv\u00e4rligt att g\u00f6ra i dag n\u00e4r man kommer med stora maskiner, s\u00e4ger Margareta Ihse till Katrineholms-Kuriren.<\/p>\n<p><strong>Rationaliseras bort<\/strong><\/p>\n<p>Stora, sammanh\u00e4ngande \u00e5krar med raka kanter \u00e4r mer effektiva. Diken, k\u00e4rr, \u00e5kerholmar, dammar och g\u00e4rdsg\u00e5rdar, \u00e4ven kallade odlingshinder, brukningshinder och vattensjuk mark, rationaliseras bort och marken torrl\u00e4ggs.<\/p>\n<p>\u2013 Genom att ta bort det h\u00e4r f\u00f6rsvinner livsutrymmen som utg\u00f6r basen i n\u00e4ringskedjan och ekosystemen f\u00f6r s\u00e5ngf\u00e5glar, s\u00e4ger Margareta Ihse.<\/p>\n<p>Att det \u00f6verhuvudtaget finns \u00e4ng- och sl\u00e5ttermarker kvar i Sverige \u00e4r EU:s f\u00f6rtj\u00e4nst, menar Margareta Ihse.<\/p>\n<p>\u2013 Tack vare konventionen om biologisk m\u00e5ngfald har man kunnat s\u00f6ka pengar f\u00f6r att bevara markerna.<\/p>\n<p>N\u00e4r betet upph\u00f6r f\u00f6rbuskas markerna. Vissa arter gynnas i detta nya landskap, men de \u00e4r ytterst f\u00e5.<\/p>\n<p>\u2013 Vi sl\u00e5r s\u00f6nder ett landskap som vi vet har sett ut s\u00e5 h\u00e4r sedan minst vikingatid, allts\u00e5 i \u00f6ver tusen \u00e5r, s\u00e4ger Margareta Ihse till Katrineholms-Kuriren.<\/p>\n<\/div>\n<\/div>\n<div>\n<div>\n<ul>\n<li><a>Skriv ut<\/a><\/li>\n<li><a href=\"mailto:?subject=H%C3%A4r%20kommer%20ett%20tips%20om%20Svensk%20Jakt&amp;body=Hej,%20jag%20skulle%20vilja%20tipsa%20dig%20om%20den%20h%C3%A4r%20sidan%20p%C3%A5%20svenskjakt.se:%0D%0A%0D%0Ahttp:\/\/svenskjakt.se\/Start\/Nyheter\/2013\/07\/allt-mindre-mangfald-i-jordbrukslandskapet\/\">E-posta<\/a><\/li>\n<\/ul>\n<\/div>\n<\/div>\n<div>\u00a0Skribent<\/div>\n<div>\n<h2>Svensk Jakt<\/h2>\n<\/div>\n<p><strong>P\u00e5 m\u00e5ndag \u00f6ppnar l\u00e4nsstyrelsen i \u00d6rebro l\u00e4n en ny telefontj\u00e4nst dit allm\u00e4nheten kan v\u00e4nda sig f\u00f6r akuta rovdjursh\u00e4ndelser.<br \/>\n<\/strong><\/p>\n<div>\n<p>Syftet med rovdjurstelefonen \u00e4r att f\u00f6renkla kontakten med l\u00e4nsstyrelsen n\u00e4r br\u00e5dskande \u00e4renden, som exempelvis rovdjursangrepp p\u00e5 tamdjur eller hund, intr\u00e4ffat. Det g\u00e5r ocks\u00e5 att ringa till rovdjurstelefonen n\u00e4r tamdjurs\u00e4garen skjutit ett rovdjur i samband med angrepp mot tamdjuren.<br \/>\nP\u00e5 m\u00e5ndag \u00e4ndras jaktf\u00f6rordningen vilket inneb\u00e4r att djur\u00e4gare ska anm\u00e4la till l\u00e4nsstyrelsen och inte till polisen, n\u00e4r man skjutit mot rovdjur eller d\u00f6dat rovdjur f\u00f6r att f\u00f6rhindra ett p\u00e5g\u00e5ende angrepp p\u00e5 tamdjur eller hund. Regeringens syfte med \u00e4ndringen av jaktf\u00f6rordningen \u00e4r att underl\u00e4tta ett effektivt skydd f\u00f6r tamdjur samt att st\u00f6dja de djur\u00e4gare som drabbats av rovdjursangrepp.<br \/>\n\u2013 Det \u00e4r alltid tr\u00e5kigt f\u00f6r den djur\u00e4gare som drabbas av angrepp p\u00e5 sina djur. Med den nya rovdjurstelefonen blir det l\u00e4ttare att f\u00e5 kontakt med oss, s\u00e5 att vi snabbt kan komma ut och bekr\u00e4fta rovdjursangreppet. Dessutom blir det m\u00f6jligt att n\u00e5 oss dygnet runt, s\u00e4ger l\u00e4nsstyrelsens rovdjursansvarige Per Wedholm i ett pressmeddelande.<\/p>\n<\/div>\n<p>Svensk jakt 2013-06-29<\/p>\n<h1>Undvik on\u00f6diga viltolyckor<\/h1>\n<div>22 februari, 2013<\/div>\n<div>Med lite eftertanke kan on\u00f6diga viltolyckor undvikas, skriver Svenska J\u00e4garef\u00f6rbundet i ett pressmeddelande.<\/div>\n<div>\n<div>\n<p>Nu p\u00e5 vintern har viltet sv\u00e5rt att finna f\u00f6da och utnyttjar g\u00e4rna plogade v\u00e4gar med litet trafik f\u00f6r att ta sig fram l\u00e4ttare. Finns det d\u00e5 l\u00e4mpligt foder vid v\u00e4gen \u00e4r risken stor att viltet stannar kvar d\u00e4r, med \u00f6kad risk f\u00f6r viltolyckor som f\u00f6ljd. Helt i on\u00f6dan, om man bara t\u00e4nkt sig litet f\u00f6r vid siktr\u00f6jningar och avverkningar.<\/p>\n<p><strong>Siktrensning<\/strong><\/p>\n<p>Med anledning av flera \u00e4lgolyckor har J\u00e4garef\u00f6rbundet f\u00e5tt fr\u00e5gor om hur man b\u00f6r bete sig n\u00e4r man siktrensar i skog n\u00e4ra trafikerade v\u00e4gar.<\/p>\n<p>\u2013 Sj\u00e4lvfallet kan man inte veta om olyckorna hade intr\u00e4ffat \u00e4nd\u00e5, men att l\u00e4mna prima foder precis i v\u00e4gkanten kommer f\u00f6rmodligen att \u00f6ka olycksrisken s\u00e4ger Markus Olsson, nationellt ansvarig f\u00f6r trafikefters\u00f6k vid Svenska J\u00e4garef\u00f6rbundet.<\/p>\n<p><strong>B\u00e4rris och knoppar<\/strong><\/p>\n<p>Vintertid \u00e4ter \u00e4lgar, r\u00e5djur och hjortar mycket b\u00e4rris, ljung och knoppar fr\u00e5n l\u00e5ga tr\u00e4d och buskar. \u00c4r det mycket sn\u00f6 kan det vara sv\u00e5rt att finna f\u00f6da.<\/p>\n<p>\u2013 F\u00e4llda tr\u00e4d ger tvekl\u00f6st ett v\u00e4rdefullt tillskott av foder s\u00e4ger Fredrik Widemo, vilt- och naturv\u00e5rdsstrateg p\u00e5 Svenska J\u00e4garef\u00f6rbundet.<br \/>\n\u2013 Samtidigt \u00e4r det viktigt att t\u00e4nka sig f\u00f6r, s\u00e5 att man inte lockar viltet till ol\u00e4mpliga platser, s\u00e4ger han.<\/p>\n<p><strong>L\u00e5ngt fr\u00e5n v\u00e4gen<\/strong><\/p>\n<p>\u2013 Vi rekommenderar alltid att man utfodrar och f\u00e4ller tr\u00e4d som viltv\u00e5rdsh\u00e4nsyn l\u00e5ngt fr\u00e5n trafikerade v\u00e4gar, forts\u00e4tter Fredrik Widemo.<\/p>\n<p>\u2013 F\u00e4ller man tr\u00e4d n\u00e4ra v\u00e4gar av andra orsaker b\u00f6r det vara en rutin\u00e5tg\u00e4rd att inte l\u00e4mna beg\u00e4rligt foder n\u00e4ra v\u00e4gomr\u00e5det. Det g\u00e4ller f\u00f6rst\u00e5s oavsett om man bedrivit sk\u00f6tsel av v\u00e4gomr\u00e5det eller skogsbruk.<\/p>\n<p><strong>Favoritf\u00f6da<\/strong><\/p>\n<p>S\u00e4rskilt smakliga \u00e4r r\u00f6nn, asp, s\u00e4lg, ek och viden, men \u00e4ven bj\u00f6rk och tall lockar viltet. Det \u00e4r framf\u00f6r allt knoppar, \u00e5rsskott och tunna grenar som \u00e4r intressanta, men r\u00f6jer man sly kan hela stammarna beh\u00f6va tas bort.<\/p>\n<h2><em>Det \u00e4r fr\u00e4mst skogssk\u00f6tseln som begr\u00e4nsar tr\u00e4dbildning hos r\u00f6nn, inte \u00e4lgen.<\/em><\/h2>\n<p>Fredrik Widemo [2014-05-26]<\/p>\n<p><strong>I en ny C-uppsats fr\u00e5n Link\u00f6pings universitet unders\u00f6ker tv\u00e5 studenter attityder till milj\u00f6effekterna av kl\u00f6vviltets bete. Eller f\u00f6rs\u00f6ker i alla fall g\u00f6ra det. Nu blev intervjustudien faktiskt ist\u00e4llet ganska mycket ett talande bevis p\u00e5 hur debatten om milj\u00f6effekterna av \u00e4lgens bete i f\u00f6rsta hand \u00e4r ett svepsk\u00e4l och en dimrid\u00e5. B\u00e5de fr\u00e5n skogsbrukets och fr\u00e5n Skogsstyrelsens sida.<\/strong><\/p>\n<p>F\u00f6r ett par m\u00e5nader sedan blev jag kontaktad av tv\u00e5 studenter vid Link\u00f6pings universitet, som skulle skriva en C-uppsats i \u00e4mnet Milj\u00f6vetenskap. Det handlar allts\u00e5 om en uppsats p\u00e5 f\u00f6rdjupningsniv\u00e5, steget innan examensarbetet. Studenternas val av fr\u00e5ga att studera \u00e4r ett av de omr\u00e5den som jag sj\u00e4lv l\u00e4gger mest tid p\u00e5, b\u00e5de n\u00e4r det g\u00e4ller egen forskning och r\u00e5dgivning. Jag st\u00e4llde d\u00e4rf\u00f6r sj\u00e4lvklart upp p\u00e5 att bli intervjuad och ge min syn p\u00e5 kunskapsl\u00e4get, kunskapsbehov och attityderna hos olika akt\u00f6rer.<\/p>\n<p>Studien var upplagd som en intervjuunders\u00f6kning, d\u00e4r tv\u00e5 j\u00e4gare, tv\u00e5 mark\u00e4gare och tv\u00e5 tj\u00e4nstem\u00e4n fr\u00e5n Skogsstyrelsen fick svara p\u00e5 samma fr\u00e5gor under personliga intervjuer. De olika fr\u00e5gorna stimulerade till en ganska l\u00e5ng och intressant diskussion i \u00e4mnet under en dryg timmes tid, vill jag minnas.<\/p>\n<p>H\u00e4romdagen kom s\u00e5 den f\u00e4rdiga uppsatsen. Jag hade v\u00e4ntat mig att mark\u00e4garna och skogsbruksf\u00f6retr\u00e4darna liksom Skogsstyrelsen i vanlig ordning skulle h\u00e4vda att kl\u00f6vviltets bete p\u00e5 r\u00f6nn, asp, s\u00e4lg och ek (RASE) i ungskogsfasen \u00e4r ett allvarligt hot mot den biologiska m\u00e5ngfalden och milj\u00f6kvalitetsm\u00e5let <em>Levande skogar<\/em>. Det gjorde de ocks\u00e5, men mest i f\u00f6rbifarten.<\/p>\n<p>Ist\u00e4llet uppvisar m\u00e5nga av citaten och en del av slutsatserna ett n\u00e4rmast totalt fokus p\u00e5 ekonomiska kostnader f\u00f6r mark\u00e4garen av kl\u00f6vviltets bete. Inte milj\u00f6effekter. Mark\u00e4garna ans\u00e5g exempelvis att \u201dproblemet \u00e4r av st\u00f6rsta vikt f\u00f6r mark\u00e4garna eftersom det \u00e4r de som drabbas av ekonomiska f\u00f6rluster\u201d. En av Skogsstyrelsetj\u00e4nstem\u00e4nnen sade:<\/p>\n<p><em>\u201dDet st\u00f6rsta problemet \u00e4r ju den biologiska m\u00e5ngfalden och sen \u00e4r det ju f\u00f6r samh\u00e4llet som helhet. Skogsindustrin kommer att drabbas och mark\u00e4gare kommer att drabbas. Det skapar ju s\u00e4mre ekonomi i samh\u00e4llet som helhet, det drabbar ju alla, \u00e4ven om de drabbar n\u00e5gra f\u00e5 mer. Sen har man ju medborgarna som tycker om att vara ute i varierande skogar, som gillar att lyssna p\u00e5 olika f\u00e5glar, som gillar att plocka b\u00e5de bl\u00e5b\u00e4r, lingon och hallon. De kanske f\u00e5r n\u00f6ja sig med att bara plocka hallon i framtiden om b\u00e4rriset f\u00f6rsvinner och s\u00e5 vidare. Det \u00e4r ju ocks\u00e5 en f\u00f6rlust. M\u00e5nga \u00e4r det ju som f\u00f6rlorar p\u00e5 ett eller annat s\u00e4tt. Kl\u00f6vvilts\u00a0populationerna f\u00f6rlorar ju ocks\u00e5 p\u00e5 sikt eftersom man plockar bort\u00a0successivt\u00a0deras mat. Allting g\u00e5r i en ned\u00e5tg\u00e5ende\u00a0spiral om vi forts\u00e4tter som nu\u201d.<\/em><\/p>\n<p>Medan hans kollega sade:<\/p>\n<p><em>\u201dVi har ju f\u00f6rs\u00f6kt att intressera SNF och\u00a0V\u00e4rldsnaturfonden\u00a0och s\u00e5dana organisationer ur\u00a0milj\u00f6perspektivet. Det \u00e4r ju om de f\u00e5r upp fr\u00e5gan s\u00e5 kanske det skulle finnas n\u00e5gra politiker som ser n\u00e5gra vinningar att vara med och l\u00f6sa det h\u00e4r. Man har ju varit inne p\u00e5 det n\u00e4r vi tittar p\u00e5 jaktlagstiftningen exempelvis. Den h\u00e4r nya \u00e4lgf\u00f6rvaltningsmodellen som kom f\u00f6r n\u00e5gra \u00e5r sedan \u00e4r ju politiska initiativ f\u00f6r att f\u00f6rs\u00f6ka l\u00f6sa den h\u00e4r problematiken, men den har ju v\u00e4ldigt l\u00e5gt nyhetsv\u00e4rde och det \u00e4r inget som Fredrik Reinfeldt skulle duellera med Stefan L\u00f6fven. Men det \u00e4r ju milj\u00f6perspektivet vi f\u00f6rs\u00f6ker lyfta fram f\u00f6r att komma in i maktens korridorer.).<\/em><\/p>\n<p>Ganska intressant slutkl\u00e4m, kan man tycka. \u00c4ven om det \u00e4r elakt att h\u00e4nga upp sig p\u00e5 l\u00f6sryckta uttalanden ur l\u00e5nga bandade intervjuer, s\u00e5 faller de in i ett tydligt m\u00f6nster: Spela milj\u00f6kortet, s\u00e5 f\u00e5r vi mer medh\u00e5ll f\u00f6r att skjuta ned \u00e4lgstammen.<\/p>\n<p>F\u00f6rfattarna till uppsatsen konstaterar liksom Skogsstyrelsen att \u201dMilj\u00f6organisationerna har inte lyft den h\u00e4r fr\u00e5gan, vilket kan anses vara m\u00e4rkligt d\u00e5 dessa organisationer har mycket kunskap och erfarenhet om milj\u00f6relaterade fr\u00e5gor.\u201d<\/p>\n<p>Visst har de det. Eftersom jag regelbundet (och senast idag) diskuterar skogsbruk med dessa organisationer vet jag dock att de \u00e4r v\u00e4l medvetna om vad som fr\u00e4mst begr\u00e4nsar variationen i skogarna, b\u00e4rriset och f\u00f6rekomsten av tr\u00e4dbildande RASE. Det \u00e4r inte \u00e4lgen, om vi s\u00e4ger s\u00e5\u2026 Och jag tror mig \u00e4ven ha koll p\u00e5 att milj\u00f6organisationerna vet att betade skogar hyser mer m\u00e5ngfald \u00e4n obetade. Det finns till och med vetenskapliga studier som visar att betade tallar hyser mer m\u00e5ngfald \u00e4n obetade\u2026<\/p>\n<p>Jag tror tydlighet \u00e4r en grundf\u00f6ruts\u00e4ttning f\u00f6r att vi ska finna fungerande kompromisser mellan viltf\u00f6rvaltning, annan markanv\u00e4ndning och naturv\u00e5rden. Nyckelordet \u00e4r acceptans fr\u00e5n de olika inblandade akt\u00f6rerna och samh\u00e4llet. Dimrid\u00e5er och svepsk\u00e4l f\u00f6rhindrar detta effektivt. Samma sak g\u00e4ller inst\u00e4llningen att vi bara ska reglera kl\u00f6vvilts\u00a0populationerna, inte m\u00e4ngden foder. Den synen visar noll kompromissvilja, och f\u00e5r d\u00e4rmed ingen acceptans fr\u00e5n j\u00e4gark\u00e5ren.<\/p>\n<p>En verkligt ekosystembaserad f\u00f6rvaltning d\u00e4r vi finner en balans mellan foder och kl\u00f6vvilts\u00a0populationer genom att f\u00f6rvalta b\u00e4gge aktivt st\u00e4ller vi d\u00e4remot sj\u00e4lvklart upp p\u00e5.<\/p>\n<p>H\u00e4r kan du l\u00e4sa hela uppsatsen:<\/p>\n<p><a href=\"http:\/\/blogg.jagareforbundet.se\/wp-content\/uploads\/2014\/05\/ISRN-05-2014-1-2.pdf\">ISRN 05 2014 (1) (2)<\/a>.<\/p>\n<\/div>\n<\/div>\n<p>&nbsp;<\/p>\n","protected":false},"excerpt":{"rendered":"<p>\u00a0\u00a0 \u00a0 Statligt st\u00f6d f\u00f6r viktig viltv\u00e5rd\u00a0 [2018-03-03] Bryn och kantzoner \u00e4r mycket v\u00e4rdefulla milj\u00f6er f\u00f6r insekter, f\u00e5glar och inte minst vilt. Genom att hos Skogsstyrelsen ans\u00f6ka om statligt st\u00f6d kan en mark\u00e4gare f\u00e5 ers\u00e4ttning med 70 procent av kostnaden f\u00f6r anl\u00e4ggandet av ett skogsbryn. Nok\u00e5s, natur- och kulturmilj\u00f6v\u00e5rds\u00e5tg\u00e4rder i skogen, kan betalas ut f\u00f6r [&hellip;]<\/p>\n","protected":false},"author":78,"featured_media":0,"parent":171,"menu_order":0,"comment_status":"open","ping_status":"open","template":"","meta":{"footnotes":""},"class_list":["post-2230","page","type-page","status-publish","hentry"],"_links":{"self":[{"href":"https:\/\/krets.jagareforbundet.se\/folkarna\/wp-json\/wp\/v2\/pages\/2230","targetHints":{"allow":["GET"]}}],"collection":[{"href":"https:\/\/krets.jagareforbundet.se\/folkarna\/wp-json\/wp\/v2\/pages"}],"about":[{"href":"https:\/\/krets.jagareforbundet.se\/folkarna\/wp-json\/wp\/v2\/types\/page"}],"author":[{"embeddable":true,"href":"https:\/\/krets.jagareforbundet.se\/folkarna\/wp-json\/wp\/v2\/users\/78"}],"replies":[{"embeddable":true,"href":"https:\/\/krets.jagareforbundet.se\/folkarna\/wp-json\/wp\/v2\/comments?post=2230"}],"version-history":[{"count":1,"href":"https:\/\/krets.jagareforbundet.se\/folkarna\/wp-json\/wp\/v2\/pages\/2230\/revisions"}],"predecessor-version":[{"id":6422,"href":"https:\/\/krets.jagareforbundet.se\/folkarna\/wp-json\/wp\/v2\/pages\/2230\/revisions\/6422"}],"up":[{"embeddable":true,"href":"https:\/\/krets.jagareforbundet.se\/folkarna\/wp-json\/wp\/v2\/pages\/171"}],"wp:attachment":[{"href":"https:\/\/krets.jagareforbundet.se\/folkarna\/wp-json\/wp\/v2\/media?parent=2230"}],"curies":[{"name":"wp","href":"https:\/\/api.w.org\/{rel}","templated":true}]}}