{"id":2457,"date":"2013-04-13T17:51:00","date_gmt":"2013-04-13T15:51:00","guid":{"rendered":"https:\/\/krets.jagareforbundet.se\/folkarna\/?page_id=2457"},"modified":"2022-09-27T12:48:31","modified_gmt":"2022-09-27T10:48:31","slug":"jaktsakerhet","status":"publish","type":"page","link":"https:\/\/krets.jagareforbundet.se\/folkarna\/jaktfragor\/jaktsakerhet\/","title":{"rendered":"Jakts\u00e4kerhet"},"content":{"rendered":"<h2>St\u00e4mman utser jaktledarna f\u00f6r gemensamhetsjakt i VVO.<\/h2>\n<p>Jaktledaren \u00e4r den som vid jakt svarar f\u00f6r att jakten \u00e4r organiserad p\u00e5 ett s\u00e4kert s\u00e4tt f\u00f6r deltagare,\u00a0och allm\u00e4nhet. Han startar och avslutar jakten, och tar beslut vid \u00e4ndrade f\u00f6ruts\u00e4ttningar.<\/p>\n<p>H\u00e4r finns en Mall f\u00f6r PM i .DOC format s\u00e5 du kan \u00e4ndra inneh\u00e5llet f\u00f6r den jakt som bebrivs\u00a0&gt;&gt;\u00a0<a href=\"https:\/\/krets.jagareforbundet.se\/folkarna\/files\/2013\/04\/Mall-jakt-PM-21.doc\">Mall jakt PM<\/a><\/p>\n<p>J\u00e4garen ansvarar f\u00f6r att sin hantering av vapen och ammunition \u00e4r helt s\u00e4ker f\u00f6r sig sj\u00e4lv och andra.<\/p>\n<ul>\n<li>Jaktledarens ord \u00e4r att betrakta som lag<\/li>\n<li>Vid all vapenhantering <span style=\"text-decoration: underline\">skall<\/span> vapnet alltid behandlas som om det vore laddat<\/li>\n<li>Slutstycket <span style=\"text-decoration: underline\">skall<\/span> alltid vara utdraget, undantaget n\u00e4r skytt \u00e4r p\u00e5 sitt pass<\/li>\n<li>Vapnet skall alltid plundras om hundf\u00f6rare anm\u00e4lt att han n\u00e4rmar sig ditt pass, tag kontakt med tecken.<\/li>\n<li>F\u00f6re jakt <span style=\"text-decoration: underline\">skall<\/span> skytt kontrollera att loppet \u00e4r utdraget och fritt fr\u00e5n fr\u00e4mmande f\u00f6rem\u00e5l<\/li>\n<li>Vid klick, v\u00e4nta i minst 5 sekunder f\u00f6re patron ur<\/li>\n<li>Det \u00e4r f\u00f6rbjudet att rikta ett vapen \u2013 laddat eller oladdat &#8211; mot person eller i riktning s\u00e5 att det kan inneb\u00e4ra fara<\/li>\n<li>Vapnets kikarare f\u00e5r ej anv\u00e4ndas mot m\u00e4nniskor utan att vapnet plundrats<\/li>\n<li>Vapen eller ammunition f\u00e5r inte l\u00e4mnas utan tillsyn, enligt g\u00e4llande vapenlagstiftning<\/li>\n<li>Det \u00e4r f\u00f6rbjudet att vid all jakt vara p\u00e5verkad av alkoholhaltiga drycker eller droger<\/li>\n<li>Omedelbart efter att jaktledaren avslutat jakten skall vapnet plundras<\/li>\n<li>Efter jakt <span style=\"text-decoration: underline\">skall<\/span> skytt plocka upp tomhylsor och ta med patronl\u00e5dor, skr\u00e4p etc. hem<\/li>\n<li>Alla m\u00e4nniskor som kommer in i jaktomr\u00e5de skall rapporteras via radion.<\/li>\n<li>Alla beslut fr\u00e5n jaktledaren skall vidarebefordras till pass l\u00e4ngre fr\u00e5n jaktledaren \u00e4n du.<\/li>\n<li>I vintertid med upplega skall piporna skyddas med piptejp.<\/li>\n<li>All s\u00e4kerhet bygger p\u00e5 att uppm\u00e4rkta pass anv\u00e4nds och att de under jakt ej l\u00e4mnas.<\/li>\n<li>Inget skott f\u00e5r avlossas f\u00f6rr\u00e4n hundens position \u00e4r s\u00e4krad som ohotad.<\/li>\n<li>Endast hundf\u00f6rare g\u00e5r utan jaktledarens tillst\u00e5nd p\u00e5 st\u00e5nd.<\/li>\n<li>Alla pass inneh\u00e5ller omr\u00e5den som medf\u00f6r risk f\u00f6r rikoschett och d\u00e4r skott d\u00e5 ej skall avlossas.<\/li>\n<\/ul>\n<h2>\u00a0Vid omr\u00e5desjakt utser de jagande en som svarar f\u00f6r ansvaret f\u00f6r s\u00e4kerhet under jakten, detta ansvar l\u00e4ggs ej p\u00e5 g\u00e4stj\u00e4gare<\/h2>\n<p style=\"text-align: center\"><a href=\"https:\/\/krets.jagareforbundet.se\/folkarna\/files\/2013\/04\/Checklista_infor_jakten.pdf\" class=\"woo-sc-button  orange large\" ><span class=\"woo-\">Checklista inf\u00f6r jakten<\/span><\/a><\/p>\n<h4 style=\"text-align: center\"><strong style=\"color: #800000\">Fungerade din radio inte bra f\u00f6rra \u00e5ret, tro inte att den g\u00f6r det b\u00e4ttre i \u00e5r, k\u00f6p en ny !<\/strong><\/h4>\n<p>Har du, eller skall du, anv\u00e4nda h\u00f6rapparat, d\u00e5 uppkommer nya problem om du har en jaktradio utan Bluetooth. Har du Lafayette Micro 5 finns att k\u00f6pa till en h\u00f6rslinga 6555 med mikrofon som kommunicerar med radion och h\u00f6rapparaterna kabell\u00f6st om dessa levererats med aktiverad radiopool, hos h\u00f6rapparatleverant\u00f6ren.<\/p>\n<p>&nbsp;<\/p>\n","protected":false},"excerpt":{"rendered":"<p>St\u00e4mman utser jaktledarna f\u00f6r gemensamhetsjakt i VVO. Jaktledaren \u00e4r den som vid jakt svarar f\u00f6r att jakten \u00e4r organiserad p\u00e5 ett s\u00e4kert s\u00e4tt f\u00f6r deltagare,\u00a0och allm\u00e4nhet. Han startar och avslutar jakten, och tar beslut vid \u00e4ndrade f\u00f6ruts\u00e4ttningar. H\u00e4r finns en Mall f\u00f6r PM i .DOC format s\u00e5 du kan \u00e4ndra inneh\u00e5llet f\u00f6r den jakt som [&hellip;]<\/p>\n","protected":false},"author":78,"featured_media":0,"parent":1705,"menu_order":2,"comment_status":"open","ping_status":"open","template":"","meta":{"footnotes":""},"class_list":["post-2457","page","type-page","status-publish","hentry"],"_links":{"self":[{"href":"https:\/\/krets.jagareforbundet.se\/folkarna\/wp-json\/wp\/v2\/pages\/2457","targetHints":{"allow":["GET"]}}],"collection":[{"href":"https:\/\/krets.jagareforbundet.se\/folkarna\/wp-json\/wp\/v2\/pages"}],"about":[{"href":"https:\/\/krets.jagareforbundet.se\/folkarna\/wp-json\/wp\/v2\/types\/page"}],"author":[{"embeddable":true,"href":"https:\/\/krets.jagareforbundet.se\/folkarna\/wp-json\/wp\/v2\/users\/78"}],"replies":[{"embeddable":true,"href":"https:\/\/krets.jagareforbundet.se\/folkarna\/wp-json\/wp\/v2\/comments?post=2457"}],"version-history":[{"count":3,"href":"https:\/\/krets.jagareforbundet.se\/folkarna\/wp-json\/wp\/v2\/pages\/2457\/revisions"}],"predecessor-version":[{"id":8206,"href":"https:\/\/krets.jagareforbundet.se\/folkarna\/wp-json\/wp\/v2\/pages\/2457\/revisions\/8206"}],"up":[{"embeddable":true,"href":"https:\/\/krets.jagareforbundet.se\/folkarna\/wp-json\/wp\/v2\/pages\/1705"}],"wp:attachment":[{"href":"https:\/\/krets.jagareforbundet.se\/folkarna\/wp-json\/wp\/v2\/media?parent=2457"}],"curies":[{"name":"wp","href":"https:\/\/api.w.org\/{rel}","templated":true}]}}