{"id":2896,"date":"2013-05-01T17:58:28","date_gmt":"2013-05-01T15:58:28","guid":{"rendered":"https:\/\/krets.jagareforbundet.se\/folkarna\/?page_id=2896"},"modified":"2018-09-18T16:24:14","modified_gmt":"2018-09-18T14:24:14","slug":"mardhund","status":"publish","type":"page","link":"https:\/\/krets.jagareforbundet.se\/folkarna\/mardhund\/","title":{"rendered":"M\u00e5rdhund"},"content":{"rendered":"<p><a href=\"https:\/\/krets.jagareforbundet.se\/folkarna\/files\/2013\/05\/M\u00e5rdhund.jpg\"><img loading=\"lazy\" decoding=\"async\" class=\"alignleft size-full wp-image-2897\" title=\"M\u00e5rdhund\" src=\"https:\/\/krets.jagareforbundet.se\/folkarna\/files\/2013\/05\/M\u00e5rdhund.jpg\" alt=\"\" width=\"275\" height=\"183\" \/><\/a>M\u00e5rdhunden \u00e4r ett hunddjur som kommit in i Sverige fr\u00e5n Finland och inga s\u00e4kra observationer i Sverige finns s\u00f6der om V\u00e4sterbotten [2013-05-01] Risk finns annars att djur kommer in s\u00f6derifr\u00e5n.<\/p>\n<p>Djuret ser ut som en korsning mellan <a title=\"Hund\" href=\"http:\/\/sv.wikipedia.org\/wiki\/Hund\">hund<\/a> och <a title=\"Tv\u00e4ttbj\u00f6rn\" href=\"http:\/\/sv.wikipedia.org\/wiki\/Tv%C3%A4ttbj%C3%B6rn\">tv\u00e4ttbj\u00f6rn<\/a> (det engelska namnet \u00e4r ocks\u00e5 racoon-dog). Beskrivis \u00e4ven som en tjock <a title=\"R\u00f6dr\u00e4v\" href=\"http:\/\/sv.wikipedia.org\/wiki\/R%C3%B6dr%C3%A4v\">r\u00e4v<\/a> med korta ben. Kroppen \u00e4r 55 till 80 centimeter l\u00e5ng och <a title=\"Mankh\u00f6jd\" href=\"http:\/\/sv.wikipedia.org\/wiki\/Mankh%C3%B6jd\">skulderh\u00f6jden<\/a> ligger runt 20 centimeter. Till detta tillkommer en 15 till 25 centimeter l\u00e5ng <a title=\"Svans\" href=\"http:\/\/sv.wikipedia.org\/wiki\/Svans\">svans<\/a>. P\u00e4lsen \u00e4r gulbrun vid buken och sidorna och svartbrun p\u00e5 ryggen. P\u00e4lsen \u00e4r under vintern t\u00e4tare och tjockare men har samma f\u00e4rg. Vikten \u00e4r mellan 5 till 12 kilogram, den h\u00f6gre vikten framf\u00f6r allt p\u00e5 h\u00f6sten inf\u00f6r vintervilan.<\/p>\n<p>Arten f\u00f6redrar skogar med t\u00e4t undervegetation och omr\u00e5den med sn\u00e5rigt buskage. M\u00e5rdhunden lever i stora, t\u00e4ta best\u00e5nd.<\/p>\n<p>Som enda medlem i familjen hunddjur g\u00e5r m\u00e5rdhunden i <a title=\"Ide\" href=\"http:\/\/sv.wikipedia.org\/wiki\/Ide\">ide<\/a>. Den sover inte n\u00e5gon egentlig vinters\u00f6mn, men har en kraftigt nedsatt aktivitet. Det viktiga fettlagret som den har skaffat sig under h\u00f6sten ska r\u00e4cka l\u00e4nge, s\u00e5 den l\u00e4mnar boet bara tillf\u00e4lligt under vintern. Vid andra \u00e5rstider \u00e4r m\u00e5rdhunden aktiv p\u00e5 natten och mycket skygg<\/p>\n<p>Ev. observationer rapporteras och skall om m\u00f6jligt fotograferas.<\/p>\n<p>I omr\u00e5den med m\u00e5nga m\u00e5rdhundar kan d\u00e4rf\u00f6r f\u00e5gellivet och groddjuren bli hotade.<\/p>\n<p>M\u00e5rdhunden \u00e4r internationellt sett en stor spridare av smittor som <a href=\"http:\/\/www.sva.se\/sv\/Djurhalsa1\/Epizootier\/Rabies\/\">rabies<\/a>, <a href=\"http:\/\/www.sva.se\/sv\/Djurhalsa1\/Zoonoser\/Ravens-dvargbandmask\/\">r\u00e4vens dv\u00e4rgbandmask <em>Echinococcus multilocularis<\/em><\/a> och <a href=\"http:\/\/www.sva.se\/sv\/Djurhalsa1\/Hund\/Parasiter-hos-hund\/Dvargbandmask\/\">hundens dv\u00e4rgbandmask, <em>Echinococcus granulosus<\/em><\/a>. I Sverige \u00f6vervakar SVA <a href=\"http:\/\/www.sva.se\/sv\/Djurhalsa1\/Vilda-djur\/Viltsjukdomar1\/Hundens-dvargbandmask-och-vilt\/\">f\u00f6rekomsten av dv\u00e4rgbandmask hos vilt<\/a>. I det arbetet har SVA unders\u00f6kt m\u00e5rdhundar som hittills f\u00e5ngats in i Sverige och unders\u00f6kts inom ramen f\u00f6r det s\u00e5 kallade <a href=\"http:\/\/www.jagareforbundet.se\/Jagareforbundet-Norr\/Norrbotten\/Mardhundsprojektet\" target=\"_blank\" rel=\"noopener\">m\u00e5rdhundsprojektet<\/a>. Inget av dessa djur har varit smittat med vare sig rabies eller bandmask.<\/p>\n","protected":false},"excerpt":{"rendered":"<p>M\u00e5rdhunden \u00e4r ett hunddjur som kommit in i Sverige fr\u00e5n Finland och inga s\u00e4kra observationer i Sverige finns s\u00f6der om V\u00e4sterbotten [2013-05-01] Risk finns annars att djur kommer in s\u00f6derifr\u00e5n. Djuret ser ut som en korsning mellan hund och tv\u00e4ttbj\u00f6rn (det engelska namnet \u00e4r ocks\u00e5 racoon-dog). Beskrivis \u00e4ven som en tjock r\u00e4v med korta ben. [&hellip;]<\/p>\n","protected":false},"author":78,"featured_media":0,"parent":0,"menu_order":7,"comment_status":"open","ping_status":"open","template":"","meta":{"footnotes":""},"class_list":["post-2896","page","type-page","status-publish","hentry"],"_links":{"self":[{"href":"https:\/\/krets.jagareforbundet.se\/folkarna\/wp-json\/wp\/v2\/pages\/2896","targetHints":{"allow":["GET"]}}],"collection":[{"href":"https:\/\/krets.jagareforbundet.se\/folkarna\/wp-json\/wp\/v2\/pages"}],"about":[{"href":"https:\/\/krets.jagareforbundet.se\/folkarna\/wp-json\/wp\/v2\/types\/page"}],"author":[{"embeddable":true,"href":"https:\/\/krets.jagareforbundet.se\/folkarna\/wp-json\/wp\/v2\/users\/78"}],"replies":[{"embeddable":true,"href":"https:\/\/krets.jagareforbundet.se\/folkarna\/wp-json\/wp\/v2\/comments?post=2896"}],"version-history":[{"count":0,"href":"https:\/\/krets.jagareforbundet.se\/folkarna\/wp-json\/wp\/v2\/pages\/2896\/revisions"}],"wp:attachment":[{"href":"https:\/\/krets.jagareforbundet.se\/folkarna\/wp-json\/wp\/v2\/media?parent=2896"}],"curies":[{"name":"wp","href":"https:\/\/api.w.org\/{rel}","templated":true}]}}