{"id":2906,"date":"2013-05-01T19:01:00","date_gmt":"2013-05-01T17:01:00","guid":{"rendered":"https:\/\/krets.jagareforbundet.se\/folkarna\/?page_id=2906"},"modified":"2018-09-18T16:25:35","modified_gmt":"2018-09-18T14:25:35","slug":"svartrav","status":"publish","type":"page","link":"https:\/\/krets.jagareforbundet.se\/folkarna\/rav\/svartrav\/","title":{"rendered":"Svartr\u00e4v"},"content":{"rendered":"<p><a href=\"https:\/\/krets.jagareforbundet.se\/folkarna\/files\/2013\/03\/Svartr%C3%A4v-Grytn%C3%A4s.jpg\" rel=\"gallery\"><img loading=\"lazy\" decoding=\"async\" title=\"Svartr\u00e4v Grytn\u00e4s\" src=\"https:\/\/krets.jagareforbundet.se\/folkarna\/files\/2013\/03\/Svartr%C3%A4v-Grytn%C3%A4s-300x159.jpg\" alt=\"\" width=\"245\" height=\"123\" \/><\/a><\/p>\n<p>Svartr\u00e4v \u00e4r troligen en egen ras av arten r\u00e4v, det saknas genetisk best\u00e4mning, \u00f6vriga \u00e4r r\u00f6dr\u00e4v och korsr\u00e4v. Den \u00e4r beskriven ha st\u00f6rre kropp \u00e4n r\u00f6dr\u00e4v och kortare ben, bredare \u00f6ron och har ett skyggare beteende och har dubbelt s\u00e5 stort revir \u00e4n R\u00f6dr\u00e4v. (de svartr\u00e4var som setts i FJVK har l\u00e5nga ben och inte helt svarta i f\u00e4rgen)Klicka p\u00e5 bilden f\u00f6r st\u00f6rre bild. Nyligen gjord forskning visar att r\u00f6dr\u00e4ven r\u00f6r sig \u00f6ver stora omr\u00e5den, r\u00e4v f\u00e5ngad i FJVK g\u00e5r nu med pejl halsband.<\/p>\n<p>Tas ofta som Varg, har dock l\u00e4ngre svans l\u00e4ngre \u00f6ron och saknar gult i p\u00e4lsen, 10-15 kg l\u00e4ttare \u00e4n Varg.<\/p>\n<p>[2015-05-13] \u00c5B<\/p>\n","protected":false},"excerpt":{"rendered":"<p>Svartr\u00e4v \u00e4r troligen en egen ras av arten r\u00e4v, det saknas genetisk best\u00e4mning, \u00f6vriga \u00e4r r\u00f6dr\u00e4v och korsr\u00e4v. Den \u00e4r beskriven ha st\u00f6rre kropp \u00e4n r\u00f6dr\u00e4v och kortare ben, bredare \u00f6ron och har ett skyggare beteende och har dubbelt s\u00e5 stort revir \u00e4n R\u00f6dr\u00e4v. (de svartr\u00e4var som setts i FJVK har l\u00e5nga ben och inte [&hellip;]<\/p>\n","protected":false},"author":78,"featured_media":0,"parent":2124,"menu_order":1,"comment_status":"open","ping_status":"open","template":"","meta":{"footnotes":""},"class_list":["post-2906","page","type-page","status-publish","hentry"],"_links":{"self":[{"href":"https:\/\/krets.jagareforbundet.se\/folkarna\/wp-json\/wp\/v2\/pages\/2906","targetHints":{"allow":["GET"]}}],"collection":[{"href":"https:\/\/krets.jagareforbundet.se\/folkarna\/wp-json\/wp\/v2\/pages"}],"about":[{"href":"https:\/\/krets.jagareforbundet.se\/folkarna\/wp-json\/wp\/v2\/types\/page"}],"author":[{"embeddable":true,"href":"https:\/\/krets.jagareforbundet.se\/folkarna\/wp-json\/wp\/v2\/users\/78"}],"replies":[{"embeddable":true,"href":"https:\/\/krets.jagareforbundet.se\/folkarna\/wp-json\/wp\/v2\/comments?post=2906"}],"version-history":[{"count":0,"href":"https:\/\/krets.jagareforbundet.se\/folkarna\/wp-json\/wp\/v2\/pages\/2906\/revisions"}],"up":[{"embeddable":true,"href":"https:\/\/krets.jagareforbundet.se\/folkarna\/wp-json\/wp\/v2\/pages\/2124"}],"wp:attachment":[{"href":"https:\/\/krets.jagareforbundet.se\/folkarna\/wp-json\/wp\/v2\/media?parent=2906"}],"curies":[{"name":"wp","href":"https:\/\/api.w.org\/{rel}","templated":true}]}}