{"id":3028,"date":"2013-05-13T09:19:49","date_gmt":"2013-05-13T07:19:49","guid":{"rendered":"https:\/\/krets.jagareforbundet.se\/folkarna\/?page_id=3028"},"modified":"2014-04-01T11:06:42","modified_gmt":"2014-04-01T09:06:42","slug":"debatt","status":"publish","type":"page","link":"https:\/\/krets.jagareforbundet.se\/folkarna\/medlemsfragor\/debatt\/","title":{"rendered":"Debatt"},"content":{"rendered":"<h1><span style=\"font-size: 13px\">Utan debatt slutar demokratin att fungera, i debatten har inte alla r\u00e4tt, n\u00e4r det g\u00e4ller \u00e5sikter. Men bra \u00e5sikter kan alltid p\u00e5verka de som har d\u00e5liga \u00e5sikter. Debatten har ocks\u00e5 en del, som \u00e4r l\u00e5ngt viktigare, n\u00e4mligen fakta. M\u00e5nga har via brist p\u00e5 debatt inte f\u00e5tt fakta eller har fel fakta. D\u00e4rf\u00f6r skall alltid fakta kollas upp innan man s\u00e4tter sina \u00e5siktet p\u00e5 pr\u00e4nt.<\/span><\/h1>\n<div><\/div>\n<div>\n<ul>\n<li>\u00a0<a href=\"http:\/\/svenskjakt.se\/opinion\/debatt\/att-jaga-vildsvin-ar-inte-gratis\/\">Debatt Vildsvin Svenskjakt.se<\/a><\/li>\n<li>\u00a0<a href=\"http:\/\/svenskjakt.se\/opinion\/debatt\/nar-blev-demokratin-ett-hot-mot-var-miljo\/\"><strong>Debatt Rovdjur Svensk Jakt<\/strong><\/a><\/li>\n<li><a href=\"https:\/\/krets.jagareforbundet.se\/folkarna\/files\/2013\/05\/Ungdomen-\u00e4r-framtiden-i-jakten-och-i-SJF.pdf\">Debatt Ungdom jaktens och SJF framtid<\/a><\/li>\n<\/ul>\n<\/div>\n","protected":false},"excerpt":{"rendered":"<p>Utan debatt slutar demokratin att fungera, i debatten har inte alla r\u00e4tt, n\u00e4r det g\u00e4ller \u00e5sikter. Men bra \u00e5sikter kan alltid p\u00e5verka de som har d\u00e5liga \u00e5sikter. Debatten har ocks\u00e5 en del, som \u00e4r l\u00e5ngt viktigare, n\u00e4mligen fakta. M\u00e5nga har via brist p\u00e5 debatt inte f\u00e5tt fakta eller har fel fakta. D\u00e4rf\u00f6r skall alltid fakta [&hellip;]<\/p>\n","protected":false},"author":78,"featured_media":0,"parent":171,"menu_order":15,"comment_status":"open","ping_status":"open","template":"template-contact.php","meta":{"footnotes":""},"class_list":["post-3028","page","type-page","status-publish","hentry"],"_links":{"self":[{"href":"https:\/\/krets.jagareforbundet.se\/folkarna\/wp-json\/wp\/v2\/pages\/3028","targetHints":{"allow":["GET"]}}],"collection":[{"href":"https:\/\/krets.jagareforbundet.se\/folkarna\/wp-json\/wp\/v2\/pages"}],"about":[{"href":"https:\/\/krets.jagareforbundet.se\/folkarna\/wp-json\/wp\/v2\/types\/page"}],"author":[{"embeddable":true,"href":"https:\/\/krets.jagareforbundet.se\/folkarna\/wp-json\/wp\/v2\/users\/78"}],"replies":[{"embeddable":true,"href":"https:\/\/krets.jagareforbundet.se\/folkarna\/wp-json\/wp\/v2\/comments?post=3028"}],"version-history":[{"count":0,"href":"https:\/\/krets.jagareforbundet.se\/folkarna\/wp-json\/wp\/v2\/pages\/3028\/revisions"}],"up":[{"embeddable":true,"href":"https:\/\/krets.jagareforbundet.se\/folkarna\/wp-json\/wp\/v2\/pages\/171"}],"wp:attachment":[{"href":"https:\/\/krets.jagareforbundet.se\/folkarna\/wp-json\/wp\/v2\/media?parent=3028"}],"curies":[{"name":"wp","href":"https:\/\/api.w.org\/{rel}","templated":true}]}}