{"id":3260,"date":"2013-05-27T23:05:32","date_gmt":"2013-05-27T21:05:32","guid":{"rendered":"https:\/\/krets.jagareforbundet.se\/folkarna\/?page_id=3260"},"modified":"2013-05-29T09:16:41","modified_gmt":"2013-05-29T07:16:41","slug":"stigvagens-jagare","status":"publish","type":"page","link":"https:\/\/krets.jagareforbundet.se\/folkarna\/bildgalleri\/stigvagens-jagare\/","title":{"rendered":"Stigv\u00e4gens j\u00e4gare"},"content":{"rendered":"<div align=\"center\">\n<table border=\"0\" cellspacing=\"1\" cellpadding=\"0\">\n<tbody>\n<tr>\n<td>\u00a0<a href=\"https:\/\/krets.jagareforbundet.se\/folkarna\/files\/2013\/05\/Jaktlaget-1957.gif\"><img loading=\"lazy\" decoding=\"async\" class=\"aligncenter size-full wp-image-3330\" title=\"Jaktlaget 1957\" src=\"https:\/\/krets.jagareforbundet.se\/folkarna\/files\/2013\/05\/Jaktlaget-1957.gif\" alt=\"\" width=\"554\" height=\"396\" srcset=\"https:\/\/krets.jagareforbundet.se\/folkarna\/files\/2013\/05\/Jaktlaget-1957.gif 554w, https:\/\/krets.jagareforbundet.se\/folkarna\/files\/2013\/05\/Jaktlaget-1957-300x214.gif 300w\" sizes=\"auto, (max-width: 554px) 100vw, 554px\" \/><\/a><\/td>\n<\/tr>\n<tr>\n<td>\n<p align=\"center\"><strong>Jaktlaget 1957 <\/strong><\/p>\n<\/td>\n<\/tr>\n<tr>\n<td style=\"text-align: center;\">\u00a0<a href=\"https:\/\/krets.jagareforbundet.se\/folkarna\/files\/2013\/05\/V\u00e4stansj\u00f6-1984.jpg\"><img loading=\"lazy\" decoding=\"async\" class=\"aligncenter size-full wp-image-3331\" title=\"V\u00e4stansj\u00f6 Flodstr\u00f6m G\u00e5rd 1984\" src=\"https:\/\/krets.jagareforbundet.se\/folkarna\/files\/2013\/05\/V\u00e4stansj\u00f6-1984.jpg\" alt=\"\" width=\"479\" height=\"280\" \/><\/a><\/td>\n<\/tr>\n<tr>\n<td>\n<p align=\"center\"><strong>V\u00e4stansj\u00f6 Flodstr\u00f6ms G\u00e5rd 1984<\/strong><\/p>\n<\/td>\n<\/tr>\n<tr>\n<td style=\"text-align: center;\">\n<map>\n<area shape=\"Circle\" coords=\"29, 29, 29\" href=\"http:\/\/hem.bredband.net\/jubileum\/images\/S-O%20Karlsson%201.jpg\" \/>\n<area shape=\"Circle\" coords=\"79, 36, 24\" href=\"http:\/\/hem.bredband.net\/jubileum\/images\/Karl%20Erik%20Westlin%201.jpg\" \/>\n<area shape=\"Circle\" coords=\"114, 23, 16\" href=\"http:\/\/hem.bredband.net\/jubileum\/images\/Gunnar%20Persson%201.jpg\" \/>\n<area shape=\"Circle\" coords=\"149, 37, 19\" href=\"http:\/\/hem.bredband.net\/jubileum\/images\/Lars%20Erbervik%201.jpg\" \/>\n<area shape=\"Circle\" coords=\"195, 58, 22\" href=\"http:\/\/hem.bredband.net\/jubileum\/images\/Anders%20Flodstrom%201.jpg\" \/>\n<area shape=\"Circle\" coords=\"204, 27, 12\" href=\"http:\/\/hem.bredband.net\/jubileum\/images\/Lars%20Pettersson%201.jpg\" \/>\n<area shape=\"Circle\" coords=\"229, 16, 15\" href=\"http:\/\/hem.bredband.net\/jubileum\/images\/Yngve%20Holgersson%201.jpg\" \/>\n<area shape=\"Polygon\" coords=\"258, 18, 267, 44, 279, 39, 268, 23, 262, 15, 256, 21, 260, 27, 258, 18\" href=\"http:\/\/hem.bredband.net\/jubileum\/images\/Pentti%20Forslof%201.jpg\" \/>\n<area shape=\"Polygon\" coords=\"270, 14, 283, 42, 307, 28, 291, 4, 273, 13, 270, 14\" href=\"http:\/\/hem.bredband.net\/jubileum\/photo.htm#Magnus#Magnus\" \/>\n<area shape=\"Circle\" coords=\"336, 36, 27\" href=\"http:\/\/hem.bredband.net\/jubileum\/images\/S-O%20Johansson.jpg\" \/><\/map>\n<\/td>\n<\/tr>\n<tr>\n<td>\n<p align=\"center\">\n<map>\n<area shape=\"Circle\" coords=\"29, 29, 29\" href=\"http:\/\/hem.bredband.net\/jubileum\/images\/S-O%20Karlsson%201.jpg\" \/>\n<area shape=\"Circle\" coords=\"79, 36, 24\" href=\"http:\/\/hem.bredband.net\/jubileum\/images\/Karl%20Erik%20Westlin%201.jpg\" \/>\n<area shape=\"Circle\" coords=\"114, 23, 16\" href=\"http:\/\/hem.bredband.net\/jubileum\/images\/Gunnar%20Persson%201.jpg\" \/>\n<area shape=\"Circle\" coords=\"149, 37, 19\" href=\"http:\/\/hem.bredband.net\/jubileum\/images\/Lars%20Erbervik%201.jpg\" \/>\n<area shape=\"Circle\" coords=\"195, 58, 22\" href=\"http:\/\/hem.bredband.net\/jubileum\/images\/Anders%20Flodstrom%201.jpg\" \/>\n<area shape=\"Circle\" coords=\"204, 27, 12\" href=\"http:\/\/hem.bredband.net\/jubileum\/images\/Lars%20Pettersson%201.jpg\" \/>\n<area shape=\"Circle\" coords=\"229, 16, 15\" href=\"http:\/\/hem.bredband.net\/jubileum\/images\/Yngve%20Holgersson%201.jpg\" \/>\n<area shape=\"Polygon\" coords=\"258, 18, 267, 44, 279, 39, 268, 23, 262, 15, 256, 21, 260, 27, 258, 18\" href=\"http:\/\/hem.bredband.net\/jubileum\/images\/Pentti%20Forslof%201.jpg\" \/>\n<area shape=\"Polygon\" coords=\"270, 14, 283, 42, 307, 28, 291, 4, 273, 13, 270, 14\" href=\"http:\/\/hem.bredband.net\/jubileum\/photo.htm#Magnus#Magnus\" \/>\n<area shape=\"Circle\" coords=\"336, 36, 27\" href=\"http:\/\/hem.bredband.net\/jubileum\/images\/S-O%20Johansson.jpg\" \/><\/map>\n<\/p>\n<\/td>\n<\/tr>\n<\/tbody>\n<\/table>\n<p><span style=\"color: #800000;\"><strong>Nedan Stigv\u00e4gens j\u00e4gare\/mark\u00e4gare fram till 2010<\/strong><\/span><\/p>\n<div><img loading=\"lazy\" decoding=\"async\" class=\"alignleft size-thumbnail wp-image-3368\" title=\"Magnus Backlund\" src=\"https:\/\/krets.jagareforbundet.se\/folkarna\/files\/2013\/05\/Magnus22-142x150.jpg\" alt=\"\" width=\"142\" height=\"150\" \/><img loading=\"lazy\" decoding=\"async\" class=\"alignleft size-thumbnail wp-image-3380\" title=\"Bo Arljung \" src=\"https:\/\/krets.jagareforbundet.se\/folkarna\/files\/2013\/05\/Arljung11-150x150.jpg\" alt=\"\" width=\"150\" height=\"150\" \/><img loading=\"lazy\" decoding=\"async\" class=\"alignleft size-thumbnail wp-image-3373\" title=\"Pentti Forsl\u00f6v \" src=\"https:\/\/krets.jagareforbundet.se\/folkarna\/files\/2013\/05\/pentti21-150x150.jpg\" alt=\"\" width=\"150\" height=\"150\" \/><\/div>\n<\/div>\n<div align=\"center\"><img loading=\"lazy\" decoding=\"async\" class=\"alignleft size-thumbnail wp-image-3370\" title=\"Lars Pettersson\" src=\"https:\/\/krets.jagareforbundet.se\/folkarna\/files\/2013\/05\/Pettersson22-150x150.jpg\" alt=\"\" width=\"150\" height=\"150\" \/><img loading=\"lazy\" decoding=\"async\" class=\"alignleft size-thumbnail wp-image-3426\" title=\"Karl Erik Westlin\" src=\"https:\/\/krets.jagareforbundet.se\/folkarna\/files\/2013\/05\/KalleGrillar1-150x150.jpg\" alt=\"\" width=\"150\" height=\"150\" \/><img loading=\"lazy\" decoding=\"async\" class=\"alignleft size-thumbnail wp-image-3385\" title=\"Johan Silvemark\" src=\"https:\/\/krets.jagareforbundet.se\/folkarna\/files\/2013\/05\/Silvermark1-150x150.jpg\" alt=\"\" width=\"150\" height=\"150\" \/><\/p>\n<div><\/div>\n<p><img loading=\"lazy\" decoding=\"async\" class=\"alignleft  wp-image-3427\" title=\"Jonas Amandusson\" src=\"https:\/\/krets.jagareforbundet.se\/folkarna\/files\/2013\/05\/monalisa21.gif\" alt=\"\" width=\"150\" height=\"150\" \/><img loading=\"lazy\" decoding=\"async\" class=\"alignleft size-thumbnail wp-image-3421\" title=\"SOKarlsson\" src=\"https:\/\/krets.jagareforbundet.se\/folkarna\/files\/2013\/05\/SOKarlsson1-150x150.jpg\" alt=\"\" width=\"150\" height=\"150\" \/><img loading=\"lazy\" decoding=\"async\" class=\"alignleft size-thumbnail wp-image-3422\" title=\"Harry Blom\" src=\"https:\/\/krets.jagareforbundet.se\/folkarna\/files\/2013\/05\/Blom-136x150.jpg\" alt=\"\" width=\"136\" height=\"150\" \/><img loading=\"lazy\" decoding=\"async\" class=\"alignleft size-thumbnail wp-image-3423\" title=\"Lars Ebervik\" src=\"https:\/\/krets.jagareforbundet.se\/folkarna\/files\/2013\/05\/Ebervik21-150x150.jpg\" alt=\"\" width=\"150\" height=\"150\" \/><img loading=\"lazy\" decoding=\"async\" class=\"alignleft size-thumbnail wp-image-3424\" title=\"J\u00f6rgen Str\u00f6mqvist\" src=\"https:\/\/krets.jagareforbundet.se\/folkarna\/files\/2013\/05\/J\u00f6rgen-Str\u00f6mqvist-142x150.jpg\" alt=\"\" width=\"142\" height=\"150\" \/><img loading=\"lazy\" decoding=\"async\" class=\"alignleft size-thumbnail wp-image-3417\" title=\"Svante Ljung\" src=\"https:\/\/krets.jagareforbundet.se\/folkarna\/files\/2013\/05\/Svante-Ljung-131x150.jpg\" alt=\"\" width=\"131\" height=\"150\" \/><img loading=\"lazy\" decoding=\"async\" class=\"alignleft size-thumbnail wp-image-3418\" title=\"Ulf Helldal\" src=\"https:\/\/krets.jagareforbundet.se\/folkarna\/files\/2013\/05\/Ulf-Helldal-150x150.jpg\" alt=\"\" width=\"150\" height=\"150\" \/><img loading=\"lazy\" decoding=\"async\" class=\"alignleft size-thumbnail wp-image-3419\" title=\"Wetterskog\" src=\"https:\/\/krets.jagareforbundet.se\/folkarna\/files\/2013\/05\/Wetterskog1-150x150.jpg\" alt=\"\" width=\"150\" height=\"150\" \/><img loading=\"lazy\" decoding=\"async\" class=\"alignleft size-thumbnail wp-image-3420\" title=\"Yngve Holgersson\" src=\"https:\/\/krets.jagareforbundet.se\/folkarna\/files\/2013\/05\/Yngve-Holgersson-150x150.jpg\" alt=\"\" width=\"150\" height=\"150\" \/><img loading=\"lazy\" decoding=\"async\" class=\"alignleft size-thumbnail wp-image-3413\" title=\"Rune Ekstr\u00f6m\" src=\"https:\/\/krets.jagareforbundet.se\/folkarna\/files\/2013\/05\/Rune-Ekstr\u00f6m-150x150.jpg\" alt=\"\" width=\"150\" height=\"150\" \/><img loading=\"lazy\" decoding=\"async\" class=\"alignleft size-thumbnail wp-image-3414\" title=\"S-O Johansson\" src=\"https:\/\/krets.jagareforbundet.se\/folkarna\/files\/2013\/05\/S-O-Johansson-150x150.jpg\" alt=\"\" width=\"150\" height=\"150\" \/><img loading=\"lazy\" decoding=\"async\" class=\"alignleft size-thumbnail wp-image-3415\" title=\"S\u00f6ren Andersson\" src=\"https:\/\/krets.jagareforbundet.se\/folkarna\/files\/2013\/05\/S\u00f6ren-Andersson-150x150.jpg\" alt=\"\" width=\"150\" height=\"150\" \/><img loading=\"lazy\" decoding=\"async\" class=\"alignleft size-thumbnail wp-image-3416\" title=\"Staffan Svensson\" src=\"https:\/\/krets.jagareforbundet.se\/folkarna\/files\/2013\/05\/Staffan-Svensson-150x150.jpg\" alt=\"\" width=\"150\" height=\"150\" \/><img loading=\"lazy\" decoding=\"async\" class=\"alignleft size-thumbnail wp-image-3408\" title=\"Mats Gustafsson\" src=\"https:\/\/krets.jagareforbundet.se\/folkarna\/files\/2013\/05\/Mats-Gustafsson-129x150.jpg\" alt=\"\" width=\"129\" height=\"150\" \/><img loading=\"lazy\" decoding=\"async\" class=\"alignleft size-thumbnail wp-image-3410\" title=\"Odd Gaasvik\" src=\"https:\/\/krets.jagareforbundet.se\/folkarna\/files\/2013\/05\/Odd-Gaasvik-150x150.jpg\" alt=\"\" width=\"150\" height=\"150\" \/><img loading=\"lazy\" decoding=\"async\" class=\"alignleft size-thumbnail wp-image-3411\" title=\"Olle Holmqvist\" src=\"https:\/\/krets.jagareforbundet.se\/folkarna\/files\/2013\/05\/Olle-Holmqvist-150x150.jpg\" alt=\"\" width=\"150\" height=\"150\" \/><img loading=\"lazy\" decoding=\"async\" class=\"alignleft size-thumbnail wp-image-3412\" title=\"Osterrikarn\" src=\"https:\/\/krets.jagareforbundet.se\/folkarna\/files\/2013\/05\/Osterrikarn1-150x150.jpg\" alt=\"\" width=\"150\" height=\"150\" \/><img loading=\"lazy\" decoding=\"async\" class=\"alignleft size-thumbnail wp-image-3404\" title=\"Ingemar \" src=\"https:\/\/krets.jagareforbundet.se\/folkarna\/files\/2013\/05\/Ingemar31-150x150.gif\" alt=\"\" width=\"150\" height=\"150\" \/><img loading=\"lazy\" decoding=\"async\" class=\"alignleft size-thumbnail wp-image-3405\" title=\"Kalle Westlin\" src=\"https:\/\/krets.jagareforbundet.se\/folkarna\/files\/2013\/05\/Kalle11-150x150.jpg\" alt=\"\" width=\"150\" height=\"150\" \/><img loading=\"lazy\" decoding=\"async\" class=\"alignleft  wp-image-3406\" title=\"Leif Blomqvist\" src=\"https:\/\/krets.jagareforbundet.se\/folkarna\/files\/2013\/05\/Leif-Blomqvist.jpg\" alt=\"\" width=\"150\" height=\"150\" \/><img loading=\"lazy\" decoding=\"async\" class=\"alignleft size-thumbnail wp-image-3407\" title=\"Leif Ekstr\u00f6m\" src=\"https:\/\/krets.jagareforbundet.se\/folkarna\/files\/2013\/05\/Leif-Ekstr\u00f6m-150x150.jpg\" alt=\"\" width=\"150\" height=\"150\" \/><img loading=\"lazy\" decoding=\"async\" class=\"alignleft  wp-image-3400\" title=\"Elmer Olsson\" src=\"https:\/\/krets.jagareforbundet.se\/folkarna\/files\/2013\/05\/Elmer-Olsson.jpg\" alt=\"\" width=\"150\" height=\"150\" \/><img loading=\"lazy\" decoding=\"async\" class=\"alignleft size-thumbnail wp-image-3401\" title=\"Gunnar Persson\" src=\"https:\/\/krets.jagareforbundet.se\/folkarna\/files\/2013\/05\/Gunnar-Persson-150x150.jpg\" alt=\"\" width=\"150\" height=\"150\" \/><img loading=\"lazy\" decoding=\"async\" class=\"alignleft size-thumbnail wp-image-3402\" title=\"Herbert Adolfsson\" src=\"https:\/\/krets.jagareforbundet.se\/folkarna\/files\/2013\/05\/Herbert-Adolfsson-150x150.jpg\" alt=\"\" width=\"150\" height=\"150\" \/><img loading=\"lazy\" decoding=\"async\" class=\"alignleft  wp-image-3403\" title=\"Holger Olsson\" src=\"https:\/\/krets.jagareforbundet.se\/folkarna\/files\/2013\/05\/Holger-Olsson.jpg\" alt=\"\" width=\"150\" height=\"150\" \/><img loading=\"lazy\" decoding=\"async\" class=\"alignleft size-thumbnail wp-image-3396\" title=\"Kjell Martinsson\" src=\"https:\/\/krets.jagareforbundet.se\/folkarna\/files\/2013\/05\/Kjell-Martinsson-150x150.jpg\" alt=\"\" width=\"150\" height=\"150\" \/><img loading=\"lazy\" decoding=\"async\" class=\"alignleft size-thumbnail wp-image-3397\" title=\"Bj\u00f6rs\" src=\"https:\/\/krets.jagareforbundet.se\/folkarna\/files\/2013\/05\/Bj\u00f6rs-150x150.jpg\" alt=\"\" width=\"150\" height=\"150\" \/><img loading=\"lazy\" decoding=\"async\" class=\"alignleft  wp-image-3399\" title=\"David Hellzdahl\" src=\"https:\/\/krets.jagareforbundet.se\/folkarna\/files\/2013\/05\/David-Hellzdahl.jpg\" alt=\"\" width=\"150\" height=\"150\" \/><img loading=\"lazy\" decoding=\"async\" class=\"alignleft  wp-image-3398\" title=\"Bo Ekstr\u00f6m\" src=\"https:\/\/krets.jagareforbundet.se\/folkarna\/files\/2013\/05\/Bo-Ekstr\u00f6m-140x150.jpg\" alt=\"\" width=\"150\" height=\"150\" \/><img loading=\"lazy\" decoding=\"async\" class=\"alignleft size-thumbnail wp-image-3395\" title=\"Bengt Olsson\" src=\"https:\/\/krets.jagareforbundet.se\/folkarna\/files\/2013\/05\/Bengt-Olsson-150x150.jpg\" alt=\"\" width=\"150\" height=\"150\" \/><img loading=\"lazy\" decoding=\"async\" class=\"alignleft size-thumbnail wp-image-3393\" title=\"\u00c5ke Berglund\" src=\"https:\/\/krets.jagareforbundet.se\/folkarna\/files\/2013\/05\/\u00c5ke-Berglund-150x150.jpg\" alt=\"\" width=\"150\" height=\"150\" \/><img loading=\"lazy\" decoding=\"async\" class=\"alignleft size-thumbnail wp-image-3392\" title=\"Johan Arljung\" src=\"https:\/\/krets.jagareforbundet.se\/folkarna\/files\/2013\/05\/Johan-Arljung-150x150.jpg\" alt=\"\" width=\"150\" height=\"150\" \/><img loading=\"lazy\" decoding=\"async\" class=\"alignleft size-thumbnail wp-image-3389\" title=\"Anders Flodstrom\" src=\"https:\/\/krets.jagareforbundet.se\/folkarna\/files\/2013\/05\/Anders-Flodstrom-150x150.jpg\" alt=\"\" width=\"150\" height=\"150\" \/><img loading=\"lazy\" decoding=\"async\" class=\"alignleft size-thumbnail wp-image-3381\" title=\"Lars Erik Martinsson\" src=\"https:\/\/krets.jagareforbundet.se\/folkarna\/files\/2013\/05\/LarsErik1-150x150.jpg\" alt=\"\" width=\"150\" height=\"150\" \/><img loading=\"lazy\" decoding=\"async\" class=\"alignleft size-thumbnail wp-image-3382\" title=\"Bertil Rossb\u00e4ck\" src=\"https:\/\/krets.jagareforbundet.se\/folkarna\/files\/2013\/05\/Robban21-150x150.jpg\" alt=\"\" width=\"150\" height=\"150\" \/><img loading=\"lazy\" decoding=\"async\" class=\"alignleft size-thumbnail wp-image-3369\" style=\"text-align: start;\" title=\"Oskar Backlund\" src=\"https:\/\/krets.jagareforbundet.se\/folkarna\/files\/2013\/05\/Oskar22-150x150.jpg\" alt=\"\" width=\"150\" height=\"150\" \/><img loading=\"lazy\" decoding=\"async\" class=\"alignleft size-thumbnail wp-image-3387\" title=\"Anna Lena Flodstr\u00f6m\" src=\"https:\/\/krets.jagareforbundet.se\/folkarna\/files\/2013\/05\/AnnaLena1-150x150.jpg\" alt=\"\" width=\"150\" height=\"150\" \/><img loading=\"lazy\" decoding=\"async\" class=\"alignleft\" title=\"Jocke Ebervik\" src=\"https:\/\/krets.jagareforbundet.se\/folkarna\/files\/2013\/05\/Jocke21-150x150.jpg\" alt=\"\" width=\"150\" height=\"150\" \/><\/p>\n<\/div>\n<div style=\"text-align: center;\" align=\"center\"><img loading=\"lazy\" decoding=\"async\" class=\"alignleft size-thumbnail wp-image-3371\" title=\"FolkeStr\u00f6mqvist\" src=\"https:\/\/krets.jagareforbundet.se\/folkarna\/files\/2013\/05\/Folke25-150x150.jpg\" alt=\"\" width=\"150\" height=\"150\" \/><\/div>\n<p><img loading=\"lazy\" decoding=\"async\" class=\"alignleft  wp-image-3425\" title=\"Leif \u00d6ster\" src=\"https:\/\/krets.jagareforbundet.se\/folkarna\/files\/2013\/05\/Leif-\u00d6ster.jpg\" alt=\"\" width=\"135\" height=\"140\" \/><img loading=\"lazy\" decoding=\"async\" class=\"alignleft\" style=\"text-align: -webkit-center;\" title=\"LO Johansson\" src=\"https:\/\/krets.jagareforbundet.se\/folkarna\/files\/2013\/05\/LOJ21.jpg\" alt=\"\" width=\"120\" height=\"120\" \/><\/p>\n<p>&nbsp;<\/p>\n","protected":false},"excerpt":{"rendered":"<p>\u00a0 Jaktlaget 1957 \u00a0 V\u00e4stansj\u00f6 Flodstr\u00f6ms G\u00e5rd 1984 Nedan Stigv\u00e4gens j\u00e4gare\/mark\u00e4gare fram till 2010 &nbsp;<\/p>\n","protected":false},"author":78,"featured_media":0,"parent":38,"menu_order":0,"comment_status":"open","ping_status":"open","template":"","meta":{"footnotes":""},"class_list":["post-3260","page","type-page","status-publish","hentry"],"_links":{"self":[{"href":"https:\/\/krets.jagareforbundet.se\/folkarna\/wp-json\/wp\/v2\/pages\/3260","targetHints":{"allow":["GET"]}}],"collection":[{"href":"https:\/\/krets.jagareforbundet.se\/folkarna\/wp-json\/wp\/v2\/pages"}],"about":[{"href":"https:\/\/krets.jagareforbundet.se\/folkarna\/wp-json\/wp\/v2\/types\/page"}],"author":[{"embeddable":true,"href":"https:\/\/krets.jagareforbundet.se\/folkarna\/wp-json\/wp\/v2\/users\/78"}],"replies":[{"embeddable":true,"href":"https:\/\/krets.jagareforbundet.se\/folkarna\/wp-json\/wp\/v2\/comments?post=3260"}],"version-history":[{"count":0,"href":"https:\/\/krets.jagareforbundet.se\/folkarna\/wp-json\/wp\/v2\/pages\/3260\/revisions"}],"up":[{"embeddable":true,"href":"https:\/\/krets.jagareforbundet.se\/folkarna\/wp-json\/wp\/v2\/pages\/38"}],"wp:attachment":[{"href":"https:\/\/krets.jagareforbundet.se\/folkarna\/wp-json\/wp\/v2\/media?parent=3260"}],"curies":[{"name":"wp","href":"https:\/\/api.w.org\/{rel}","templated":true}]}}