{"id":3337,"date":"2013-05-28T09:31:42","date_gmt":"2013-05-28T07:31:42","guid":{"rendered":"https:\/\/krets.jagareforbundet.se\/folkarna\/?page_id=3337"},"modified":"2023-04-23T19:46:42","modified_gmt":"2023-04-23T17:46:42","slug":"stigvagens-styrelser","status":"publish","type":"page","link":"https:\/\/krets.jagareforbundet.se\/folkarna\/sigvagens-viltvardsomrade\/inloggningssida-for-svvo\/stigvagens-styrelser\/","title":{"rendered":"Stigv\u00e4gens styrelser"},"content":{"rendered":"<p><strong>1960<\/strong> Ordf\u00f6rande <a href=\"https:\/\/krets.jagareforbundet.se\/folkarna\/files\/2014\/06\/G\u00f6sta-Flodstro\u00f6m.jpg\">G\u00f6sta Flodstr\u00f6m,<\/a>, Sekr. <a href=\"http:\/\/hem.bredband.net\/jubileum\/photo.htm#Helmer\" target=\"_self\" rel=\"noopener\">Helmer Karlstr\u00f6m<\/a> och Kass\u00f6r <a href=\"https:\/\/krets.jagareforbundet.se\/folkarna\/files\/2013\/05\/Rune-Ekstr\u00f6m.jpg\">Rune Ekstr\u00f6m.<\/a><\/p>\n<p><strong>1972<\/strong> Ordf\u00f6rande <a href=\"https:\/\/krets.jagareforbundet.se\/folkarna\/files\/2014\/06\/G\u00f6sta-Flodstro\u00f6m.jpg\">G\u00f6sta Flodstr\u00f6m<\/a><a href=\"http:\/\/hem.bredband.net\/jubileum\/photo.htm#G\u00f6sta\" target=\"_self\" rel=\"noopener\">,<\/a> Sekr. <a href=\"https:\/\/krets.jagareforbundet.se\/folkarna\/files\/2014\/06\/Wetterskog.jpg\">B\u00f6rje Wetterskog<\/a>,, Kass\u00f6r <a href=\"http:\/\/hem.bredband.net\/jubileum\/photo.htm#Helmer\" target=\"_self\" rel=\"noopener\">Helmer Karlstr\u00f6m<\/a>, ledamot\u00a0<a href=\"https:\/\/krets.jagareforbundet.se\/folkarna\/files\/2013\/05\/Rune-Ekstr\u00f6m.jpg\">Rune Ekstr\u00f6m.<\/a><\/p>\n<p><strong>1975<\/strong> Ordf\u00f6rande <a href=\"https:\/\/krets.jagareforbundet.se\/folkarna\/files\/2014\/06\/G\u00f6sta-Flodstro\u00f6m.jpg\">G\u00f6sta Flodstr\u00f6m<\/a>, Sekr. <a href=\"https:\/\/krets.jagareforbundet.se\/folkarna\/files\/2014\/06\/Wetterskog.jpg\">B\u00f6rje Wetterskog,<\/a> Kass\u00f6r <a href=\"http:\/\/hem.bredband.net\/jubileum\/photo.htm#Helmer\" target=\"_self\" rel=\"noopener\">Helmer Karlstr\u00f6m<\/a>, ledamot <a href=\"https:\/\/krets.jagareforbundet.se\/folkarna\/files\/2013\/05\/Robban21.jpg\">Bertil Rossb\u00e4ck.<\/a> ledamot\u00a0<a href=\"https:\/\/krets.jagareforbundet.se\/folkarna\/files\/2013\/05\/Rune-Ekstr\u00f6m.jpg\">Rune Ekstr\u00f6m.<\/a><\/p>\n<p><strong>1976<\/strong> Ordf\u00f6rande <a href=\"https:\/\/krets.jagareforbundet.se\/folkarna\/files\/2014\/06\/G\u00f6sta-Flodstro\u00f6m.jpg\">G\u00f6sta Flodstr\u00f6m<\/a><a href=\"http:\/\/hem.bredband.net\/jubileum\/photo.htm#G\u00f6sta\" target=\"_self\" rel=\"noopener\">,<\/a> Sekr. <a href=\"https:\/\/krets.jagareforbundet.se\/folkarna\/files\/2013\/05\/Anders-Flodstrom.jpg\">Anders Flodstr\u00f6m<\/a><a href=\"http:\/\/hem.bredband.net\/jubileum\/photo.htm#Anders\">,<\/a> Kass\u00f6r <a href=\"http:\/\/hem.bredband.net\/jubileum\/photo.htm#Helmer\" target=\"_self\" rel=\"noopener\">Helmer Karlstr\u00f6m<\/a>, v ordf\u00f6rande <a href=\"https:\/\/krets.jagareforbundet.se\/folkarna\/files\/2013\/05\/Robban21.jpg\">Bertil Rossb\u00e4ck.<\/a>\u00a0ledamot\u00a0<a href=\"https:\/\/krets.jagareforbundet.se\/folkarna\/files\/2013\/05\/Rune-Ekstr\u00f6m.jpg\">Rune Ekstr\u00f6m.<\/a><\/p>\n<p><strong>1978<\/strong> Ordf\u00f6rande <a href=\"https:\/\/krets.jagareforbundet.se\/folkarna\/files\/2014\/06\/G\u00f6sta-Flodstro\u00f6m.jpg\">G\u00f6sta Flodstr\u00f6m<\/a><a href=\"http:\/\/hem.bredband.net\/jubileum\/photo.htm#G\u00f6sta\" target=\"_self\" rel=\"noopener\">,<\/a> Sekr. <a href=\"https:\/\/krets.jagareforbundet.se\/folkarna\/files\/2013\/05\/Anders-Flodstrom.jpg\">Anders Flodstr\u00f6m<\/a><a href=\"http:\/\/hem.bredband.net\/jubileum\/photo.htm#Anders\">,<\/a>, Kass\u00f6r <a href=\"https:\/\/krets.jagareforbundet.se\/folkarna\/files\/2013\/05\/Robban21.jpg\">Bertil Rossb\u00e4ck.<\/a>, v ordf\u00f6rande <a href=\"http:\/\/hem.bredband.net\/jubileum\/photo.htm#Ingemar\">Ingemar Jansson,<\/a> ledamot\u00a0<a href=\"https:\/\/krets.jagareforbundet.se\/folkarna\/files\/2013\/05\/Rune-Ekstr\u00f6m.jpg\">Rune Ekstr\u00f6m.<\/a><\/p>\n<p><strong>1979<\/strong> Ordf\u00f6rande <a href=\"https:\/\/krets.jagareforbundet.se\/folkarna\/files\/2014\/06\/G\u00f6sta-Flodstro\u00f6m.jpg\">G\u00f6sta Flodstr\u00f6m<\/a><a href=\"http:\/\/hem.bredband.net\/jubileum\/photo.htm#G\u00f6sta\" target=\"_self\" rel=\"noopener\">,<\/a> Sekr. <a href=\"https:\/\/krets.jagareforbundet.se\/folkarna\/files\/2013\/05\/Anders-Flodstrom.jpg\">Anders Flodstr\u00f6m<\/a>, Kass\u00f6r <a href=\"https:\/\/krets.jagareforbundet.se\/folkarna\/files\/2013\/05\/Robban21.jpg\">Bertil Rossb\u00e4ck.<\/a>\u00a0v ordf\u00f6rande <a href=\"http:\/\/hem.bredband.net\/jubileum\/photo.htm#Yngve\">Yngve Holgersson,<\/a> ledamot\u00a0<a href=\"https:\/\/krets.jagareforbundet.se\/folkarna\/files\/2013\/05\/Rune-Ekstr\u00f6m.jpg\">Rune Ekstr\u00f6m.<\/a><\/p>\n<p><strong>1984<\/strong> Ordf\u00f6rande <a href=\"https:\/\/krets.jagareforbundet.se\/folkarna\/files\/2014\/06\/G\u00f6sta-Flodstro\u00f6m.jpg\">G\u00f6sta Flodstr\u00f6m<\/a><a href=\"http:\/\/hem.bredband.net\/jubileum\/photo.htm#G\u00f6sta\" target=\"_self\" rel=\"noopener\">,<\/a> Sekr. <a href=\"https:\/\/krets.jagareforbundet.se\/folkarna\/files\/2013\/05\/Anders-Flodstrom.jpg\">Anders Flodstr\u00f6m<\/a><a href=\"http:\/\/hem.bredband.net\/jubileum\/photo.htm#Anders\">,<\/a>, Kass\u00f6r <a href=\"https:\/\/krets.jagareforbundet.se\/folkarna\/files\/2013\/05\/Bo-Ekstr\u00f6m.jpg\">Bo Ekstr\u00f6m<\/a>,, v ordf\u00f6rande <a href=\"http:\/\/hem.bredband.net\/jubileum\/photo.htm#Yngve\">Yngve Holgersson<\/a>, ledamot <a href=\"https:\/\/krets.jagareforbundet.se\/folkarna\/files\/2013\/05\/Robban21.jpg\">Bertil Rossb\u00e4ck.<\/a>.<\/p>\n<p><strong>1985<\/strong> Ordf\u00f6rande <a href=\"https:\/\/krets.jagareforbundet.se\/folkarna\/files\/2014\/06\/G\u00f6sta-Flodstro\u00f6m.jpg\">G\u00f6sta Flodstr\u00f6m<\/a><a href=\"http:\/\/hem.bredband.net\/jubileum\/photo.htm#G\u00f6sta\" target=\"_self\" rel=\"noopener\">,<\/a> Sekr. <a href=\"https:\/\/krets.jagareforbundet.se\/folkarna\/files\/2013\/05\/Anders-Flodstrom.jpg\">Anders Flodstr\u00f6m<\/a><a href=\"http:\/\/hem.bredband.net\/jubileum\/photo.htm#Anders\">,<\/a> Kass\u00f6r <a href=\"https:\/\/krets.jagareforbundet.se\/folkarna\/files\/2013\/05\/Bo-Ekstr\u00f6m.jpg\">Bo Ekstr\u00f6m<\/a>,,, v ordf\u00f6rande <a href=\"http:\/\/hem.bredband.net\/jubileum\/photo.htm#Yngve\">Yngve Holgersson<\/a><a href=\"http:\/\/hem.bredband.net\/jubileum\/photo.htm#Yngve\">,<\/a>, ledamot\u00a0<a href=\"https:\/\/krets.jagareforbundet.se\/folkarna\/files\/2013\/05\/Ebervik21.jpg\">Lars Ebervik<\/a><\/p>\n<p><strong>1987<\/strong> Ordf\u00f6rande <a href=\"https:\/\/krets.jagareforbundet.se\/folkarna\/files\/2013\/05\/Anders-Flodstrom.jpg\">Anders Flodstr\u00f6m<\/a>\u00a0Sekr. <a href=\"https:\/\/krets.jagareforbundet.se\/folkarna\/files\/2013\/05\/Ebervik21.jpg\">Lars Ebervik<\/a>, Kass\u00f6r <a href=\"https:\/\/krets.jagareforbundet.se\/folkarna\/files\/2013\/05\/Bo-Ekstr\u00f6m.jpg\">Bo Ekstr\u00f6m<\/a>,,, v ordf\u00f6rande\u00a0<a href=\"https:\/\/krets.jagareforbundet.se\/folkarna\/files\/2013\/05\/Robban21.jpg\">Bertil Rossb\u00e4ck.<\/a>\u00a0, ledamot <a href=\"https:\/\/krets.jagareforbundet.se\/folkarna\/files\/2013\/05\/Holger-Olsson.jpg\">Holger Olsson.<\/a><\/p>\n<p><strong>1994 <\/strong>Ordf\u00f6rande <a href=\"https:\/\/krets.jagareforbundet.se\/folkarna\/files\/2013\/05\/Anders-Flodstrom.jpg\">Anders Flodstr\u00f6m<\/a><a href=\"http:\/\/hem.bredband.net\/jubileum\/photo.htm#Anders\">,<\/a>Sekr. <a href=\"https:\/\/krets.jagareforbundet.se\/folkarna\/files\/2013\/05\/Ebervik21.jpg\">Lars Ebervik<\/a>, Kass\u00f6r <a href=\"https:\/\/krets.jagareforbundet.se\/folkarna\/files\/2013\/05\/Bo-Ekstr\u00f6m.jpg\">Bo Ekstr\u00f6m<\/a>,,, v ordf\u00f6rande <a href=\"https:\/\/krets.jagareforbundet.se\/folkarna\/files\/2013\/03\/\u00c5ke-B.jpg\">\u00c5ke Berglund<\/a><a href=\"http:\/\/hem.bredband.net\/jubileum\/photo.htm#Ake\">,<\/a> ledamot\u00a0<a href=\"https:\/\/krets.jagareforbundet.se\/folkarna\/files\/2013\/05\/Holger-Olsson.jpg\">Holger Olsson<\/a><\/p>\n<p><strong>1995<\/strong> Ordf\u00f6rande <a href=\"https:\/\/krets.jagareforbundet.se\/folkarna\/files\/2013\/05\/Anders-Flodstrom.jpg\">Anders Flodstr\u00f6m<\/a><a href=\"http:\/\/hem.bredband.net\/jubileum\/photo.htm#Anders\">,<\/a> Sekr. <a href=\"https:\/\/krets.jagareforbundet.se\/folkarna\/files\/2013\/03\/\u00c5ke-B.jpg\">\u00c5ke Berglund<\/a>, Kass\u00f6r <a href=\"https:\/\/krets.jagareforbundet.se\/folkarna\/files\/2013\/05\/Ebervik21.jpg\">Lars Ebervik<\/a>, v ordf\u00f6rande <a href=\"https:\/\/krets.jagareforbundet.se\/folkarna\/files\/2013\/05\/Bo-Ekstr\u00f6m.jpg\">Bo Ekstr\u00f6m<\/a>,,, ledamot\u00a0<a href=\"https:\/\/krets.jagareforbundet.se\/folkarna\/files\/2013\/05\/Holger-Olsson.jpg\">Holger Olsson<\/a><\/p>\n<p><strong>1997<\/strong> Ordf\u00f6rande <a href=\"https:\/\/krets.jagareforbundet.se\/folkarna\/files\/2013\/05\/Anders-Flodstrom.jpg\">Anders Flodstr\u00f6m<\/a>, Sekr. <a href=\"https:\/\/krets.jagareforbundet.se\/folkarna\/files\/2013\/03\/\u00c5ke-B.jpg\">\u00c5ke Berglund<\/a>, Kass\u00f6r <a href=\"https:\/\/krets.jagareforbundet.se\/folkarna\/files\/2013\/05\/Ebervik21.jpg\">Lars Ebervik<\/a>, v ordf\u00f6rande <a href=\"https:\/\/krets.jagareforbundet.se\/folkarna\/files\/2013\/05\/Bo-Ekstr\u00f6m.jpg\">Bo Ekstr\u00f6m<\/a>,,, ledamot Bengt Olsson<\/p>\n<p><strong>2001<\/strong> Ordf\u00f6rande <a href=\"https:\/\/krets.jagareforbundet.se\/folkarna\/files\/2013\/05\/Anders-Flodstrom.jpg\">Anders Flodstr\u00f6m<\/a><a href=\"http:\/\/hem.bredband.net\/jubileum\/photo.htm#Anders\">,<\/a> Sekr. <a href=\"https:\/\/krets.jagareforbundet.se\/folkarna\/files\/2013\/03\/\u00c5ke-B.jpg\">\u00c5ke Berglund<\/a>, Kass\u00f6r <a href=\"https:\/\/krets.jagareforbundet.se\/folkarna\/files\/2013\/05\/Ebervik21.jpg\">Lars Ebervik<\/a>, v ordf\u00f6rande <a href=\"https:\/\/krets.jagareforbundet.se\/folkarna\/files\/2013\/05\/Bo-Ekstr\u00f6m.jpg\">Bo Ekstr\u00f6m<\/a>,\u00a0, ledamot\u00a0<a href=\"https:\/\/krets.jagareforbundet.se\/folkarna\/files\/2014\/06\/Lars-Erik-Martinsson.jpg\">Lars Erik Martinsson<\/a><\/p>\n<p><strong>2012<\/strong>\u00a0Ordf\u00f6rande\u00a0<a href=\"https:\/\/krets.jagareforbundet.se\/folkarna\/files\/2013\/05\/Anders-Flodstrom.jpg\">Anders Flodstr\u00f6m<\/a><a href=\"http:\/\/hem.bredband.net\/jubileum\/photo.htm#Anders\">,<\/a>\u00a0Sekr.\u00a0<a href=\"https:\/\/krets.jagareforbundet.se\/folkarna\/files\/2013\/03\/\u00c5ke-B.jpg\">\u00c5ke Berglund<\/a>, Kass\u00f6r\u00a0<a href=\"https:\/\/krets.jagareforbundet.se\/folkarna\/files\/2013\/05\/Bo-Ekstr\u00f6m.jpg\">Bo Ekstr\u00f6m<\/a>,, v ordf\u00f6rande\u00a0<a href=\"https:\/\/krets.jagareforbundet.se\/folkarna\/files\/2013\/05\/Bo-Ekstr\u00f6m.jpg\">Bo Ekstr\u00f6m<\/a>,\u00a0, ledamot\u00a0<a href=\"https:\/\/krets.jagareforbundet.se\/folkarna\/files\/2014\/06\/Lars-Erik-Martinsson.jpg\">Lars Erik Martinsson<\/a>\u00a0<a href=\"https:\/\/krets.jagareforbundet.se\/folkarna\/files\/2013\/05\/Ebervik21.jpg\">Lars Ebervik<\/a><\/p>\n<p><strong>2015<\/strong>\u00a0Ordf\u00f6rande\u00a0<a href=\"https:\/\/krets.jagareforbundet.se\/folkarna\/files\/2013\/05\/Anders-Flodstrom.jpg\">Anders Flodstr\u00f6m<\/a><a href=\"http:\/\/hem.bredband.net\/jubileum\/photo.htm#Anders\">,<\/a>\u00a0Sekr. <a href=\"https:\/\/krets.jagareforbundet.se\/folkarna\/files\/2014\/06\/Ulf-Helldal.jpg\">Ulf Helldahl<\/a>, Kass\u00f6r <a href=\"https:\/\/krets.jagareforbundet.se\/folkarna\/files\/2013\/05\/Ebervik21.jpg\">Lars Ebervik<\/a>, v ordf\u00f6rande Ej Klart\u00a0, ledamot\u00a0<a href=\"https:\/\/krets.jagareforbundet.se\/folkarna\/files\/2014\/06\/Lars-Erik-Martinsson.jpg\">Lars Erik Martinsson.<\/a><\/p>\n<p><strong>2023<\/strong> Ordf\u00f6rande <a href=\"https:\/\/krets.jagareforbundet.se\/folkarna\/files\/2023\/04\/Magnus.jpg\">Magnus Backlund<\/a>, Sekr, <a href=\"https:\/\/krets.jagareforbundet.se\/folkarna\/files\/2023\/04\/Kalle-A.jpg\">Karl Andersson<\/a> Kass\u00f6r <a href=\"https:\/\/krets.jagareforbundet.se\/folkarna\/files\/2023\/04\/20230319_155253-scaled.jpg\">Anna Lena Flodstr\u00f6m<\/a>, Ledam\u00f6ter <a href=\"https:\/\/krets.jagareforbundet.se\/folkarna\/files\/2023\/04\/Magnus.jpg\">Johan Silvemark<\/a>, <a href=\"https:\/\/krets.jagareforbundet.se\/folkarna\/files\/2023\/04\/Leif-Oster.jpg\">Leif \u00d6ster<\/a>,<\/p>\n<p>&nbsp;<\/p>\n<p>&nbsp;<\/p>\n","protected":false},"excerpt":{"rendered":"<p>1960 Ordf\u00f6rande G\u00f6sta Flodstr\u00f6m,, Sekr. Helmer Karlstr\u00f6m och Kass\u00f6r Rune Ekstr\u00f6m. 1972 Ordf\u00f6rande G\u00f6sta Flodstr\u00f6m, Sekr. B\u00f6rje Wetterskog,, Kass\u00f6r Helmer Karlstr\u00f6m, ledamot\u00a0Rune Ekstr\u00f6m. 1975 Ordf\u00f6rande G\u00f6sta Flodstr\u00f6m, Sekr. B\u00f6rje Wetterskog, Kass\u00f6r Helmer Karlstr\u00f6m, ledamot Bertil Rossb\u00e4ck. ledamot\u00a0Rune Ekstr\u00f6m. 1976 Ordf\u00f6rande G\u00f6sta Flodstr\u00f6m, Sekr. Anders Flodstr\u00f6m, Kass\u00f6r Helmer Karlstr\u00f6m, v ordf\u00f6rande Bertil Rossb\u00e4ck.\u00a0ledamot\u00a0Rune Ekstr\u00f6m. 1978 Ordf\u00f6rande [&hellip;]<\/p>\n","protected":false},"author":78,"featured_media":0,"parent":186,"menu_order":0,"comment_status":"open","ping_status":"open","template":"","meta":{"footnotes":""},"class_list":["post-3337","page","type-page","status-publish","hentry"],"_links":{"self":[{"href":"https:\/\/krets.jagareforbundet.se\/folkarna\/wp-json\/wp\/v2\/pages\/3337","targetHints":{"allow":["GET"]}}],"collection":[{"href":"https:\/\/krets.jagareforbundet.se\/folkarna\/wp-json\/wp\/v2\/pages"}],"about":[{"href":"https:\/\/krets.jagareforbundet.se\/folkarna\/wp-json\/wp\/v2\/types\/page"}],"author":[{"embeddable":true,"href":"https:\/\/krets.jagareforbundet.se\/folkarna\/wp-json\/wp\/v2\/users\/78"}],"replies":[{"embeddable":true,"href":"https:\/\/krets.jagareforbundet.se\/folkarna\/wp-json\/wp\/v2\/comments?post=3337"}],"version-history":[{"count":3,"href":"https:\/\/krets.jagareforbundet.se\/folkarna\/wp-json\/wp\/v2\/pages\/3337\/revisions"}],"predecessor-version":[{"id":8308,"href":"https:\/\/krets.jagareforbundet.se\/folkarna\/wp-json\/wp\/v2\/pages\/3337\/revisions\/8308"}],"up":[{"embeddable":true,"href":"https:\/\/krets.jagareforbundet.se\/folkarna\/wp-json\/wp\/v2\/pages\/186"}],"wp:attachment":[{"href":"https:\/\/krets.jagareforbundet.se\/folkarna\/wp-json\/wp\/v2\/media?parent=3337"}],"curies":[{"name":"wp","href":"https:\/\/api.w.org\/{rel}","templated":true}]}}