{"id":3340,"date":"2013-05-28T09:43:15","date_gmt":"2013-05-28T07:43:15","guid":{"rendered":"https:\/\/krets.jagareforbundet.se\/folkarna\/?page_id=3340"},"modified":"2014-09-02T16:21:18","modified_gmt":"2014-09-02T14:21:18","slug":"stigvagen-kartor","status":"publish","type":"page","link":"https:\/\/krets.jagareforbundet.se\/folkarna\/sigvagens-viltvardsomrade\/inloggningssida-for-svvo\/stigvagen-kartor\/","title":{"rendered":"Stigv\u00e4gen kartor"},"content":{"rendered":"<p><a href=\"https:\/\/krets.jagareforbundet.se\/folkarna\/files\/2013\/05\/Stigv\u00e4gen-karta-1652.jpg\"><img loading=\"lazy\" decoding=\"async\" class=\"aligncenter size-full wp-image-3341\" title=\"Stigv\u00e4gen karta 1652\" src=\"https:\/\/krets.jagareforbundet.se\/folkarna\/files\/2013\/05\/Stigv\u00e4gen-karta-1652.jpg\" alt=\"\" width=\"688\" height=\"464\" \/><\/a><\/p>\n<h2 style=\"text-align: center\"><span style=\"color: #800000\"><strong>1652<\/strong><\/span><\/h2>\n<p><a href=\"https:\/\/krets.jagareforbundet.se\/folkarna\/files\/2013\/05\/Stigvagen-Karta-1718.jpg\"><img loading=\"lazy\" decoding=\"async\" class=\"aligncenter  wp-image-3342\" title=\"Stigvagen Karta 1718\" src=\"https:\/\/krets.jagareforbundet.se\/folkarna\/files\/2013\/05\/Stigvagen-Karta-1718.jpg\" alt=\"\" width=\"569\" height=\"577\" srcset=\"https:\/\/krets.jagareforbundet.se\/folkarna\/files\/2013\/05\/Stigvagen-Karta-1718.jpg 322w, https:\/\/krets.jagareforbundet.se\/folkarna\/files\/2013\/05\/Stigvagen-Karta-1718-295x300.jpg 295w\" sizes=\"auto, (max-width: 569px) 100vw, 569px\" \/><\/a><\/p>\n<h2 style=\"text-align: center\"><span style=\"color: #800000\"><strong>1718<\/strong><\/span><\/h2>\n<p><a href=\"https:\/\/krets.jagareforbundet.se\/folkarna\/files\/2013\/05\/Stigvagen-Karta-1800.jpg\"><img loading=\"lazy\" decoding=\"async\" class=\"aligncenter  wp-image-3343\" title=\"Stigvagen Karta 1800\" src=\"https:\/\/krets.jagareforbundet.se\/folkarna\/files\/2013\/05\/Stigvagen-Karta-1800.jpg\" alt=\"\" width=\"606\" height=\"755\" srcset=\"https:\/\/krets.jagareforbundet.se\/folkarna\/files\/2013\/05\/Stigvagen-Karta-1800.jpg 272w, https:\/\/krets.jagareforbundet.se\/folkarna\/files\/2013\/05\/Stigvagen-Karta-1800-240x300.jpg 240w\" sizes=\"auto, (max-width: 606px) 100vw, 606px\" \/><\/a><\/p>\n<h2 style=\"text-align: center\"><span style=\"color: #800000\"><strong>1800<\/strong><\/span><\/h2>\n<p><a href=\"https:\/\/krets.jagareforbundet.se\/folkarna\/files\/2013\/05\/Stigv\u00e4gen-Karta-2008.jpg\"><img loading=\"lazy\" decoding=\"async\" class=\"aligncenter  wp-image-3349\" title=\"Stigv\u00e4gen Karta 2008\" src=\"https:\/\/krets.jagareforbundet.se\/folkarna\/files\/2013\/05\/Stigv\u00e4gen-Karta-2008.jpg\" alt=\"\" width=\"625\" height=\"654\" \/><\/a><\/p>\n<h2 style=\"text-align: center\"><span style=\"color: #800000\"><strong>2008<\/strong><\/span><\/h2>\n<h2 style=\"text-align: center\"><\/h2>\n<h2 style=\"text-align: center\"><a href=\"https:\/\/krets.jagareforbundet.se\/folkarna\/files\/2013\/05\/SVVO-2014.gif\"><img loading=\"lazy\" decoding=\"async\" class=\"aligncenter wp-image-4812\" title=\"SVVO Karta 2014\" src=\"https:\/\/krets.jagareforbundet.se\/folkarna\/files\/2013\/05\/SVVO-2014.gif\" alt=\"Karta SVVO 2014\" width=\"667\" height=\"739\" \/><\/a><\/h2>\n<h2 style=\"text-align: center\"><strong>2014<\/strong><\/h2>\n<p style=\"text-align: center\"><a href=\"https:\/\/krets.jagareforbundet.se\/folkarna\/files\/2013\/05\/S\u00e4viken-2013.gif\"><img loading=\"lazy\" decoding=\"async\" class=\"aligncenter size-full wp-image-4567\" src=\"https:\/\/krets.jagareforbundet.se\/folkarna\/files\/2013\/05\/S\u00e4viken-2013.gif\" alt=\"S\u00e4viken 2013\" width=\"847\" height=\"635\" \/><\/a><\/p>\n<p style=\"text-align: center\">F\u00e5gelskyddsomr\u00e5de 1931<\/p>\n<p style=\"text-align: center\"><img loading=\"lazy\" decoding=\"async\" class=\"aligncenter  wp-image-4851\" src=\"https:\/\/krets.jagareforbundet.se\/folkarna\/files\/2013\/05\/Stigv\u00e4gen2014alla-Pass.jpg\" alt=\"Stigv\u00e4gen2014alla Pass\" width=\"680\" height=\"665\" \/><\/p>\n<p style=\"text-align: center\">Stigv\u00e4gens Viltv\u00e5rdsomr\u00e5de alla \u00e4lgpassen 2014<\/p>\n","protected":false},"excerpt":{"rendered":"<p>1652 1718 1800 2008 2014 F\u00e5gelskyddsomr\u00e5de 1931 Stigv\u00e4gens Viltv\u00e5rdsomr\u00e5de alla \u00e4lgpassen 2014<\/p>\n","protected":false},"author":78,"featured_media":0,"parent":186,"menu_order":0,"comment_status":"open","ping_status":"open","template":"","meta":{"footnotes":""},"class_list":["post-3340","page","type-page","status-publish","hentry"],"_links":{"self":[{"href":"https:\/\/krets.jagareforbundet.se\/folkarna\/wp-json\/wp\/v2\/pages\/3340","targetHints":{"allow":["GET"]}}],"collection":[{"href":"https:\/\/krets.jagareforbundet.se\/folkarna\/wp-json\/wp\/v2\/pages"}],"about":[{"href":"https:\/\/krets.jagareforbundet.se\/folkarna\/wp-json\/wp\/v2\/types\/page"}],"author":[{"embeddable":true,"href":"https:\/\/krets.jagareforbundet.se\/folkarna\/wp-json\/wp\/v2\/users\/78"}],"replies":[{"embeddable":true,"href":"https:\/\/krets.jagareforbundet.se\/folkarna\/wp-json\/wp\/v2\/comments?post=3340"}],"version-history":[{"count":0,"href":"https:\/\/krets.jagareforbundet.se\/folkarna\/wp-json\/wp\/v2\/pages\/3340\/revisions"}],"up":[{"embeddable":true,"href":"https:\/\/krets.jagareforbundet.se\/folkarna\/wp-json\/wp\/v2\/pages\/186"}],"wp:attachment":[{"href":"https:\/\/krets.jagareforbundet.se\/folkarna\/wp-json\/wp\/v2\/media?parent=3340"}],"curies":[{"name":"wp","href":"https:\/\/api.w.org\/{rel}","templated":true}]}}