{"id":4344,"date":"2014-01-24T17:06:09","date_gmt":"2014-01-24T16:06:09","guid":{"rendered":"https:\/\/krets.jagareforbundet.se\/folkarna\/?page_id=4344"},"modified":"2014-01-24T17:06:09","modified_gmt":"2014-01-24T16:06:09","slug":"ny-hund","status":"publish","type":"page","link":"https:\/\/krets.jagareforbundet.se\/folkarna\/ny-hund\/","title":{"rendered":"Ny hund"},"content":{"rendered":"<p><strong>Tid med \u00e4garen \u00e4r viktigare \u00e4n dennes k\u00e4nslom\u00e4ssiga engagemang. S\u00e5 tycks hunden v\u00e4rdera f\u00f6rh\u00e5llandet till sin \u00e4gare, enligt en f\u00e4rsk avhandling av Therese Rehn fr\u00e5n Sveriges lantbruksuniversitet (SLU). <\/strong><\/p>\n<div>\n<p>Man s\u00e4ger ofta att hunden \u00e4r m\u00e4nniskans b\u00e4sta v\u00e4n, men hur \u00f6msesidiga \u00e4r dessa k\u00e4nslor och g\u00e5r de att m\u00e4ta? Tidigare har forskningen fr\u00e4mst fokuserat p\u00e5 vad relationen med en hund betyder f\u00f6r oss m\u00e4nniskor, och man har inte vetat s\u00e5 mycket om hur hundarna upplever relationen. Det Therese Rehn fr\u00e5n Sveriges lantbruksuniversitet har unders\u00f6kt i sitt doktorsarbete \u00e4r just detta \u2013 hur hundarna uppfattar relationen och hur man kan m\u00e4ta detta p\u00e5 ett tillf\u00f6rlitligt s\u00e4tt.<\/p>\n<p><strong>K\u00e4nslom\u00e4ssiga band <\/strong><\/p>\n<p><img loading=\"lazy\" decoding=\"async\" class=\"alignleft\" title=\"\u00c4garens k\u00e4nslom\u00e4ssiga engagemang i sin hund \u00e4r mindre viktigt \u00e4n hur mycket tid man tillbringar ihop. Foto: Jan Henricson\" alt=\"\u00c4garens k\u00e4nslom\u00e4ssiga engagemang i sin hund \u00e4r mindre viktigt \u00e4n hur mycket tid man tillbringar ihop. Foto: Jan Henricson\" src=\"http:\/\/svenskjakt.se\/Global\/Jakthundar\/Apport%c3%b6rer\/Labbevalpkram_liten%201310%20JH.jpg\" width=\"300\" height=\"414\" \/>D\u00f6rsta som Therese Rehn och hennes kollegor unders\u00f6kte var om det k\u00e4nslom\u00e4ssiga band som hunden har till sin \u00e4gare kan \u00e5terspeglas i \u00e4garens syn p\u00e5 deras relation. Det visade sig att ju mer tid \u00e4garen till vardags tillbringade i n\u00e4rhet till sin hund, desto mer fysisk kontakt tog hunden vid en \u00e5terf\u00f6rening med sin \u00e4gare.<br \/>\nI motsats till vad forskarna hade f\u00f6rv\u00e4ntat sig, hittades inga samband mellan hur starka k\u00e4nslor \u00e4garen hade f\u00f6r hunden och hur hunden betedde sig gentemot \u00e4garen. Slutsatsen \u00e4r att det \u00e4r vad \u00e4garen g\u00f6r med sin hund som avg\u00f6r hur hunden uppfattar relationen, snarare \u00e4n hur k\u00e4nslom\u00e4ssigt engagerad \u00e4garen \u00e4r.<\/p>\n<p><strong>Granskning av test <\/strong><\/p>\n<p>D\u00e4refter granskades ett test som tidigare har anv\u00e4nts f\u00f6r att studera bandet mellan hund och \u00e4gare. D\u00e5 detta band har liknats vid det mellan ett barn och dess f\u00f6r\u00e4ldrar har ett test med ursprung i humanpsykologin anv\u00e4nts, \u201dfr\u00e4mmandesituationstest\u201d eller <em>Strange Situation Procedure<\/em>. Resultaten visade att beteenden kring \u00e5terf\u00f6rening samt n\u00e4rhetss\u00f6kande beteenden \u00e4r tillf\u00f6rlitliga m\u00e5tt p\u00e5 hundens k\u00e4nslom\u00e4ssiga band till en person, men ocks\u00e5 att h\u00e4ndelsernas ordningsf\u00f6ljd i testet p\u00e5verkar hundens beteende.<br \/>\nI det fortsatta arbetet gjordes d\u00e4rf\u00f6r detaljerade studier av hur hunden reagerar vid \u00e5terf\u00f6rening med en person under olika f\u00f6rh\u00e5llanden. Det visade sig att hundens h\u00e4lsningsbeteende skiljde sig beroende p\u00e5 hur l\u00e4nge den varit ifr\u00e5n sin \u00e4gare och beroende p\u00e5 hur en person betedde sig d\u00e5 denne tog kontakt med hunden.<\/p>\n<p><strong>Mer uppspelt<\/strong><\/p>\n<p>Resultaten tyder p\u00e5 att en hund \u00e4r mer uppspelt \u00f6ver \u00e5terf\u00f6reningen om den slickar sig om munnen, viftar p\u00e5 svansen och ruskar p\u00e5 kroppen. Hundens niv\u00e5 av \u201dlyckohormonet\u201d oxytocin \u00f6kade vid \u00e5terf\u00f6rening, vilket tyder p\u00e5 att den upplever denna som positiv.<br \/>\n\u2013 Att slicka sig om munnen och att ruska p\u00e5 kroppen har tidigare mest kopplats till negativa sinnesst\u00e4mningar, men h\u00e4r visar vi att dessa beteenden \u00e4ven kan uppvisas vid positiva k\u00e4nslotillst\u00e5nd, s\u00e4ger Therese Rehn.<br \/>\nSammanfattningsvis visar dessa studier att fokus b\u00f6r ligga p\u00e5 variationen i hundars h\u00e4lsningsbeteende i framtida studier av relationen mellan en hund och dess \u00e4gare. D\u00e5 kanske man b\u00e4ttre kan f\u00f6rst\u00e5 hur hunden uppfattar denna relation och hur den anpassar sitt eget beteende i f\u00f6rh\u00e5llande till \u00e4garens omv\u00e5rdnadsbeteende.<\/p>\n<\/div>\n","protected":false},"excerpt":{"rendered":"<p>Tid med \u00e4garen \u00e4r viktigare \u00e4n dennes k\u00e4nslom\u00e4ssiga engagemang. S\u00e5 tycks hunden v\u00e4rdera f\u00f6rh\u00e5llandet till sin \u00e4gare, enligt en f\u00e4rsk avhandling av Therese Rehn fr\u00e5n Sveriges lantbruksuniversitet (SLU). Man s\u00e4ger ofta att hunden \u00e4r m\u00e4nniskans b\u00e4sta v\u00e4n, men hur \u00f6msesidiga \u00e4r dessa k\u00e4nslor och g\u00e5r de att m\u00e4ta? Tidigare har forskningen fr\u00e4mst fokuserat p\u00e5 vad [&hellip;]<\/p>\n","protected":false},"author":78,"featured_media":0,"parent":0,"menu_order":0,"comment_status":"open","ping_status":"open","template":"","meta":{"footnotes":""},"class_list":["post-4344","page","type-page","status-publish","hentry"],"_links":{"self":[{"href":"https:\/\/krets.jagareforbundet.se\/folkarna\/wp-json\/wp\/v2\/pages\/4344","targetHints":{"allow":["GET"]}}],"collection":[{"href":"https:\/\/krets.jagareforbundet.se\/folkarna\/wp-json\/wp\/v2\/pages"}],"about":[{"href":"https:\/\/krets.jagareforbundet.se\/folkarna\/wp-json\/wp\/v2\/types\/page"}],"author":[{"embeddable":true,"href":"https:\/\/krets.jagareforbundet.se\/folkarna\/wp-json\/wp\/v2\/users\/78"}],"replies":[{"embeddable":true,"href":"https:\/\/krets.jagareforbundet.se\/folkarna\/wp-json\/wp\/v2\/comments?post=4344"}],"version-history":[{"count":0,"href":"https:\/\/krets.jagareforbundet.se\/folkarna\/wp-json\/wp\/v2\/pages\/4344\/revisions"}],"wp:attachment":[{"href":"https:\/\/krets.jagareforbundet.se\/folkarna\/wp-json\/wp\/v2\/media?parent=4344"}],"curies":[{"name":"wp","href":"https:\/\/api.w.org\/{rel}","templated":true}]}}