{"id":4639,"date":"2017-05-30T16:22:46","date_gmt":"2017-05-30T14:22:46","guid":{"rendered":"https:\/\/krets.jagareforbundet.se\/folkarna\/?page_id=4639"},"modified":"2022-10-16T21:02:00","modified_gmt":"2022-10-16T19:02:00","slug":"svvo-vildsvin","status":"publish","type":"page","link":"https:\/\/krets.jagareforbundet.se\/folkarna\/sigvagens-viltvardsomrade\/svvo-vildsvin\/","title":{"rendered":"SVVO Vildsvin"},"content":{"rendered":"<h5 style=\"text-align: center\"><a href=\"https:\/\/shows.acast.com\/pa-jakt-med-svenska-jagareforbundet\/episodes\/4-vildsvin\" class=\"woo-sc-button  green xl\" ><span class=\"woo-\">VILDSVINS PODEN<\/span><\/a><\/h5>\n<p style=\"text-align: center\"><a href=\"https:\/\/krets.jagareforbundet.se\/folkarna\/files\/2022\/10\/Anders-Gris-2022_edited-2.jpg\"><img loading=\"lazy\" decoding=\"async\" class=\"aligncenter  wp-image-8230\" src=\"https:\/\/krets.jagareforbundet.se\/folkarna\/files\/2022\/10\/Anders-Gris-2022_edited-2.jpg\" alt=\"\" width=\"698\" height=\"449\" srcset=\"https:\/\/krets.jagareforbundet.se\/folkarna\/files\/2022\/10\/Anders-Gris-2022_edited-2.jpg 800w, https:\/\/krets.jagareforbundet.se\/folkarna\/files\/2022\/10\/Anders-Gris-2022_edited-2-300x193.jpg 300w, https:\/\/krets.jagareforbundet.se\/folkarna\/files\/2022\/10\/Anders-Gris-2022_edited-2-768x494.jpg 768w\" sizes=\"auto, (max-width: 698px) 100vw, 698px\" \/><\/a><\/p>\n<h5 style=\"text-align: center\">Galt 2022-10-16 80 Kg [AF]<\/h5>\n<h5><a href=\"https:\/\/krets.jagareforbundet.se\/folkarna\/files\/2022\/07\/20220705_234008-scaled.jpg\"><img loading=\"lazy\" decoding=\"async\" class=\"aligncenter  wp-image-8113\" src=\"https:\/\/krets.jagareforbundet.se\/folkarna\/files\/2022\/07\/20220705_234008-1024x769.jpg\" alt=\"\" width=\"700\" height=\"526\" srcset=\"https:\/\/krets.jagareforbundet.se\/folkarna\/files\/2022\/07\/20220705_234008-1024x769.jpg 1024w, https:\/\/krets.jagareforbundet.se\/folkarna\/files\/2022\/07\/20220705_234008-300x225.jpg 300w, https:\/\/krets.jagareforbundet.se\/folkarna\/files\/2022\/07\/20220705_234008-768x576.jpg 768w, https:\/\/krets.jagareforbundet.se\/folkarna\/files\/2022\/07\/20220705_234008-1536x1153.jpg 1536w, https:\/\/krets.jagareforbundet.se\/folkarna\/files\/2022\/07\/20220705_234008-2048x1537.jpg 2048w\" sizes=\"auto, (max-width: 700px) 100vw, 700px\" \/><\/a><\/h5>\n<p style=\"text-align: center\">Sugga ej spendragen eller dr\u00e4ktig 2022-07-05 [SOK]<\/p>\n<h5><a href=\"https:\/\/krets.jagareforbundet.se\/folkarna\/files\/2022\/05\/Resized_20220519_222627.jpeg\"><img loading=\"lazy\" decoding=\"async\" class=\"aligncenter wp-image-8045\" src=\"https:\/\/krets.jagareforbundet.se\/folkarna\/files\/2022\/05\/Resized_20220519_222627.jpeg\" alt=\"\" width=\"701\" height=\"448\" srcset=\"https:\/\/krets.jagareforbundet.se\/folkarna\/files\/2022\/05\/Resized_20220519_222627.jpeg 598w, https:\/\/krets.jagareforbundet.se\/folkarna\/files\/2022\/05\/Resized_20220519_222627-300x192.jpeg 300w\" sizes=\"auto, (max-width: 701px) 100vw, 701px\" \/><\/a><\/h5>\n<p style=\"text-align: center\">\u00c5rsgris Galt 2022-05-19\u00a0 [\u00c5B)<\/p>\n<h5><a href=\"https:\/\/krets.jagareforbundet.se\/folkarna\/files\/2022\/05\/20220515_231540-scaled.jpg\"><img loading=\"lazy\" decoding=\"async\" class=\"aligncenter size-large wp-image-8044\" src=\"https:\/\/krets.jagareforbundet.se\/folkarna\/files\/2022\/05\/20220515_231540-1024x676.jpg\" alt=\"\" width=\"1024\" height=\"676\" srcset=\"https:\/\/krets.jagareforbundet.se\/folkarna\/files\/2022\/05\/20220515_231540-1024x676.jpg 1024w, https:\/\/krets.jagareforbundet.se\/folkarna\/files\/2022\/05\/20220515_231540-300x198.jpg 300w, https:\/\/krets.jagareforbundet.se\/folkarna\/files\/2022\/05\/20220515_231540-768x507.jpg 768w, https:\/\/krets.jagareforbundet.se\/folkarna\/files\/2022\/05\/20220515_231540-1536x1013.jpg 1536w, https:\/\/krets.jagareforbundet.se\/folkarna\/files\/2022\/05\/20220515_231540-2048x1351.jpg 2048w\" sizes=\"auto, (max-width: 1024px) 100vw, 1024px\" \/><\/a><\/h5>\n<p style=\"text-align: center\">\u00c5rsgris Galt 2022-05-15 (\u00c5B)<\/p>\n<h5><a href=\"https:\/\/krets.jagareforbundet.se\/folkarna\/files\/2022\/03\/Gris-2022-03-15-scaled.jpg\"><img loading=\"lazy\" decoding=\"async\" class=\"aligncenter size-large wp-image-7948\" src=\"https:\/\/krets.jagareforbundet.se\/folkarna\/files\/2022\/03\/Gris-2022-03-15-1024x451.jpg\" alt=\"\" width=\"1024\" height=\"451\" srcset=\"https:\/\/krets.jagareforbundet.se\/folkarna\/files\/2022\/03\/Gris-2022-03-15-1024x451.jpg 1024w, https:\/\/krets.jagareforbundet.se\/folkarna\/files\/2022\/03\/Gris-2022-03-15-300x132.jpg 300w, https:\/\/krets.jagareforbundet.se\/folkarna\/files\/2022\/03\/Gris-2022-03-15-768x338.jpg 768w, https:\/\/krets.jagareforbundet.se\/folkarna\/files\/2022\/03\/Gris-2022-03-15-1536x676.jpg 1536w, https:\/\/krets.jagareforbundet.se\/folkarna\/files\/2022\/03\/Gris-2022-03-15-2048x901.jpg 2048w\" sizes=\"auto, (max-width: 1024px) 100vw, 1024px\" \/><\/a><\/h5>\n<p style=\"text-align: center\">\u00c5rsdjur Galt 2022-03-06 [SOK]<\/p>\n<h5><a href=\"https:\/\/krets.jagareforbundet.se\/folkarna\/files\/2022\/03\/Gris-SOK-2022-03-15-scaled.jpg\"><img loading=\"lazy\" decoding=\"async\" class=\"aligncenter size-large wp-image-7947\" src=\"https:\/\/krets.jagareforbundet.se\/folkarna\/files\/2022\/03\/Gris-SOK-2022-03-15-768x1024.jpg\" alt=\"\" width=\"768\" height=\"1024\" srcset=\"https:\/\/krets.jagareforbundet.se\/folkarna\/files\/2022\/03\/Gris-SOK-2022-03-15-768x1024.jpg 768w, https:\/\/krets.jagareforbundet.se\/folkarna\/files\/2022\/03\/Gris-SOK-2022-03-15-225x300.jpg 225w, https:\/\/krets.jagareforbundet.se\/folkarna\/files\/2022\/03\/Gris-SOK-2022-03-15-1152x1536.jpg 1152w, https:\/\/krets.jagareforbundet.se\/folkarna\/files\/2022\/03\/Gris-SOK-2022-03-15-1536x2048.jpg 1536w, https:\/\/krets.jagareforbundet.se\/folkarna\/files\/2022\/03\/Gris-SOK-2022-03-15-scaled.jpg 1920w\" sizes=\"auto, (max-width: 768px) 100vw, 768px\" \/><\/a><\/h5>\n<h5 style=\"text-align: center\">\u00c5rsdjur Gylta 2022-03-15 [SOK]<\/h5>\n<h5><a href=\"https:\/\/krets.jagareforbundet.se\/folkarna\/files\/2022\/03\/Arsungar-20220315-scaled.jpg\"><img loading=\"lazy\" decoding=\"async\" class=\"aligncenter size-large wp-image-7945\" src=\"https:\/\/krets.jagareforbundet.se\/folkarna\/files\/2022\/03\/Arsungar-20220315-768x1024.jpg\" alt=\"\" width=\"768\" height=\"1024\" srcset=\"https:\/\/krets.jagareforbundet.se\/folkarna\/files\/2022\/03\/Arsungar-20220315-768x1024.jpg 768w, https:\/\/krets.jagareforbundet.se\/folkarna\/files\/2022\/03\/Arsungar-20220315-225x300.jpg 225w, https:\/\/krets.jagareforbundet.se\/folkarna\/files\/2022\/03\/Arsungar-20220315-1152x1536.jpg 1152w, https:\/\/krets.jagareforbundet.se\/folkarna\/files\/2022\/03\/Arsungar-20220315-1536x2048.jpg 1536w, https:\/\/krets.jagareforbundet.se\/folkarna\/files\/2022\/03\/Arsungar-20220315-scaled.jpg 1920w\" sizes=\"auto, (max-width: 768px) 100vw, 768px\" \/><\/a><\/h5>\n<p style=\"text-align: center\">Tv\u00e5 \u00e5rsungar f\u00e4llda p\u00e5 Bj\u00f6rkmossen den 2022-03-15 en av varje k\u00f6n ca 40 kg S O Karlsson.<\/p>\n<h5><a href=\"https:\/\/krets.jagareforbundet.se\/folkarna\/files\/2022\/02\/SOK-2022-02-09.jpg\"><img loading=\"lazy\" decoding=\"async\" class=\"aligncenter size-large wp-image-7903\" src=\"https:\/\/krets.jagareforbundet.se\/folkarna\/files\/2022\/02\/SOK-2022-02-09-1024x607.jpg\" alt=\"\" width=\"1024\" height=\"607\" srcset=\"https:\/\/krets.jagareforbundet.se\/folkarna\/files\/2022\/02\/SOK-2022-02-09-1024x607.jpg 1024w, https:\/\/krets.jagareforbundet.se\/folkarna\/files\/2022\/02\/SOK-2022-02-09-300x178.jpg 300w, https:\/\/krets.jagareforbundet.se\/folkarna\/files\/2022\/02\/SOK-2022-02-09-768x455.jpg 768w, https:\/\/krets.jagareforbundet.se\/folkarna\/files\/2022\/02\/SOK-2022-02-09-1536x910.jpg 1536w, https:\/\/krets.jagareforbundet.se\/folkarna\/files\/2022\/02\/SOK-2022-02-09.jpg 1774w\" sizes=\"auto, (max-width: 1024px) 100vw, 1024px\" \/><\/a><\/h5>\n<h5 style=\"text-align: center\">Gylta skjuten p\u00e5 Bj\u00f6rkmossen den 2022-02-09 av S O Karlsson<\/h5>\n<h5><a href=\"https:\/\/krets.jagareforbundet.se\/folkarna\/files\/2022\/01\/Sugga-20220129-Erik_edited-scaled.jpg\"><img loading=\"lazy\" decoding=\"async\" class=\"aligncenter size-large wp-image-7897\" src=\"https:\/\/krets.jagareforbundet.se\/folkarna\/files\/2022\/01\/Sugga-20220129-Erik_edited-1024x728.jpg\" alt=\"\" width=\"1024\" height=\"728\" srcset=\"https:\/\/krets.jagareforbundet.se\/folkarna\/files\/2022\/01\/Sugga-20220129-Erik_edited-1024x728.jpg 1024w, https:\/\/krets.jagareforbundet.se\/folkarna\/files\/2022\/01\/Sugga-20220129-Erik_edited-300x213.jpg 300w, https:\/\/krets.jagareforbundet.se\/folkarna\/files\/2022\/01\/Sugga-20220129-Erik_edited-768x546.jpg 768w, https:\/\/krets.jagareforbundet.se\/folkarna\/files\/2022\/01\/Sugga-20220129-Erik_edited-1536x1092.jpg 1536w, https:\/\/krets.jagareforbundet.se\/folkarna\/files\/2022\/01\/Sugga-20220129-Erik_edited-2048x1455.jpg 2048w\" sizes=\"auto, (max-width: 1024px) 100vw, 1024px\" \/><\/a><\/h5>\n<p style=\"text-align: center\">Sugga skjuten p\u00e5 Bj\u00f6rkmossen\u00a0 den 2022-01-29 av E H\u00e5kansson<\/p>\n<h5><a href=\"https:\/\/krets.jagareforbundet.se\/folkarna\/files\/2021\/12\/20211216_Gylta-2_edited-rotated.jpg\"><img loading=\"lazy\" decoding=\"async\" class=\"aligncenter size-large wp-image-7851\" src=\"https:\/\/krets.jagareforbundet.se\/folkarna\/files\/2021\/12\/20211216_Gylta-2_edited-1024x742.jpg\" alt=\"\" width=\"1024\" height=\"742\" srcset=\"https:\/\/krets.jagareforbundet.se\/folkarna\/files\/2021\/12\/20211216_Gylta-2_edited-1024x742.jpg 1024w, https:\/\/krets.jagareforbundet.se\/folkarna\/files\/2021\/12\/20211216_Gylta-2_edited-300x217.jpg 300w, https:\/\/krets.jagareforbundet.se\/folkarna\/files\/2021\/12\/20211216_Gylta-2_edited-768x556.jpg 768w, https:\/\/krets.jagareforbundet.se\/folkarna\/files\/2021\/12\/20211216_Gylta-2_edited-rotated.jpg 1200w\" sizes=\"auto, (max-width: 1024px) 100vw, 1024px\" \/><\/a><\/h5>\n<p style=\"text-align: center\">\u00c5rsgris 2 skjuten p\u00e5 Bj\u00f6rkmossen den 2021-12-16 av SOK<\/p>\n<h5><a href=\"https:\/\/krets.jagareforbundet.se\/folkarna\/files\/2021\/12\/20211216_Gylta-1_edited-rotated.jpg\"><img loading=\"lazy\" decoding=\"async\" class=\"aligncenter size-large wp-image-7850\" src=\"https:\/\/krets.jagareforbundet.se\/folkarna\/files\/2021\/12\/20211216_Gylta-1_edited-1024x835.jpg\" alt=\"\" width=\"1024\" height=\"835\" srcset=\"https:\/\/krets.jagareforbundet.se\/folkarna\/files\/2021\/12\/20211216_Gylta-1_edited-1024x835.jpg 1024w, https:\/\/krets.jagareforbundet.se\/folkarna\/files\/2021\/12\/20211216_Gylta-1_edited-300x245.jpg 300w, https:\/\/krets.jagareforbundet.se\/folkarna\/files\/2021\/12\/20211216_Gylta-1_edited-768x626.jpg 768w, https:\/\/krets.jagareforbundet.se\/folkarna\/files\/2021\/12\/20211216_Gylta-1_edited-rotated.jpg 1132w\" sizes=\"auto, (max-width: 1024px) 100vw, 1024px\" \/><\/a><\/h5>\n<p style=\"text-align: center\">\u00c5rsgris 1 skjuten p\u00e5 Bj\u00f6rkmossen 2021-12-16 av SOK<\/p>\n<h5><a href=\"https:\/\/krets.jagareforbundet.se\/folkarna\/files\/2021\/11\/Gris-nov-2021.jpg\"><img loading=\"lazy\" decoding=\"async\" class=\"aligncenter size-large wp-image-7847\" src=\"https:\/\/krets.jagareforbundet.se\/folkarna\/files\/2021\/11\/Gris-nov-2021-1024x768.jpg\" alt=\"\" width=\"1024\" height=\"768\" srcset=\"https:\/\/krets.jagareforbundet.se\/folkarna\/files\/2021\/11\/Gris-nov-2021-1024x768.jpg 1024w, https:\/\/krets.jagareforbundet.se\/folkarna\/files\/2021\/11\/Gris-nov-2021-300x225.jpg 300w, https:\/\/krets.jagareforbundet.se\/folkarna\/files\/2021\/11\/Gris-nov-2021-768x576.jpg 768w, https:\/\/krets.jagareforbundet.se\/folkarna\/files\/2021\/11\/Gris-nov-2021-1536x1152.jpg 1536w, https:\/\/krets.jagareforbundet.se\/folkarna\/files\/2021\/11\/Gris-nov-2021.jpg 1659w\" sizes=\"auto, (max-width: 1024px) 100vw, 1024px\" \/><\/a><\/h5>\n<h5 style=\"text-align: center\">\u00c5rsgris skjuten vid \u00e4lgjakten 2021 Dalkarlshyttan av Karl Andersson<\/h5>\n<h5 style=\"text-align: center\"><a href=\"https:\/\/krets.jagareforbundet.se\/folkarna\/files\/2021\/07\/Screenshot_20210711-224659.jpg\"><img loading=\"lazy\" decoding=\"async\" class=\"aligncenter size-large wp-image-7751\" src=\"https:\/\/krets.jagareforbundet.se\/folkarna\/files\/2021\/07\/Screenshot_20210711-224659-819x1024.jpg\" alt=\"\" width=\"819\" height=\"1024\" srcset=\"https:\/\/krets.jagareforbundet.se\/folkarna\/files\/2021\/07\/Screenshot_20210711-224659-819x1024.jpg 819w, https:\/\/krets.jagareforbundet.se\/folkarna\/files\/2021\/07\/Screenshot_20210711-224659-240x300.jpg 240w, https:\/\/krets.jagareforbundet.se\/folkarna\/files\/2021\/07\/Screenshot_20210711-224659-768x960.jpg 768w, https:\/\/krets.jagareforbundet.se\/folkarna\/files\/2021\/07\/Screenshot_20210711-224659.jpg 988w\" sizes=\"auto, (max-width: 819px) 100vw, 819px\" \/><\/a><\/h5>\n<h5 style=\"text-align: center\">Galt skjuten Krommetsbo den [2021-07-10] PA<\/h5>\n<h5 style=\"text-align: center\"><a href=\"https:\/\/krets.jagareforbundet.se\/folkarna\/files\/2021\/07\/Screenshot_20210622-233454_Messages.jpg\"><img loading=\"lazy\" decoding=\"async\" class=\"aligncenter size-full wp-image-7747\" src=\"https:\/\/krets.jagareforbundet.se\/folkarna\/files\/2021\/07\/Screenshot_20210622-233454_Messages.jpg\" alt=\"\" width=\"974\" height=\"727\" srcset=\"https:\/\/krets.jagareforbundet.se\/folkarna\/files\/2021\/07\/Screenshot_20210622-233454_Messages.jpg 974w, https:\/\/krets.jagareforbundet.se\/folkarna\/files\/2021\/07\/Screenshot_20210622-233454_Messages-300x224.jpg 300w, https:\/\/krets.jagareforbundet.se\/folkarna\/files\/2021\/07\/Screenshot_20210622-233454_Messages-768x573.jpg 768w\" sizes=\"auto, (max-width: 974px) 100vw, 974px\" \/><\/a><\/h5>\n<p style=\"text-align: center\"><strong>Gylta Skjuten p\u00e5 Granliden den [2020-06-24] \u00c5B<\/strong><\/p>\n<h5 style=\"text-align: center\"><a href=\"https:\/\/krets.jagareforbundet.se\/folkarna\/files\/2021\/06\/20210603_Vildsvin.jpg\"><img loading=\"lazy\" decoding=\"async\" class=\"aligncenter size-large wp-image-7707\" src=\"https:\/\/krets.jagareforbundet.se\/folkarna\/files\/2021\/06\/20210603_Vildsvin-881x1024.jpg\" alt=\"\" width=\"881\" height=\"1024\" srcset=\"https:\/\/krets.jagareforbundet.se\/folkarna\/files\/2021\/06\/20210603_Vildsvin-881x1024.jpg 881w, https:\/\/krets.jagareforbundet.se\/folkarna\/files\/2021\/06\/20210603_Vildsvin-258x300.jpg 258w, https:\/\/krets.jagareforbundet.se\/folkarna\/files\/2021\/06\/20210603_Vildsvin-768x892.jpg 768w, https:\/\/krets.jagareforbundet.se\/folkarna\/files\/2021\/06\/20210603_Vildsvin-1322x1536.jpg 1322w, https:\/\/krets.jagareforbundet.se\/folkarna\/files\/2021\/06\/20210603_Vildsvin-1763x2048.jpg 1763w, https:\/\/krets.jagareforbundet.se\/folkarna\/files\/2021\/06\/20210603_Vildsvin.jpg 1816w\" sizes=\"auto, (max-width: 881px) 100vw, 881px\" \/><\/a><\/h5>\n<p style=\"text-align: center\"><strong>Gylta skjuten Stora R\u00f6nningen den [2021-06-04] \u00c5B<\/strong><\/p>\n<h5 style=\"text-align: center\"><a href=\"https:\/\/krets.jagareforbundet.se\/folkarna\/files\/2021\/05\/AAA-scaled.jpg\"><br \/>\n<img loading=\"lazy\" decoding=\"async\" class=\"aligncenter size-large wp-image-7704\" src=\"https:\/\/krets.jagareforbundet.se\/folkarna\/files\/2021\/05\/AAA-1024x461.jpg\" alt=\"\" width=\"1024\" height=\"461\" srcset=\"https:\/\/krets.jagareforbundet.se\/folkarna\/files\/2021\/05\/AAA-1024x461.jpg 1024w, https:\/\/krets.jagareforbundet.se\/folkarna\/files\/2021\/05\/AAA-300x135.jpg 300w, https:\/\/krets.jagareforbundet.se\/folkarna\/files\/2021\/05\/AAA-768x346.jpg 768w, https:\/\/krets.jagareforbundet.se\/folkarna\/files\/2021\/05\/AAA-1536x692.jpg 1536w, https:\/\/krets.jagareforbundet.se\/folkarna\/files\/2021\/05\/AAA-2048x922.jpg 2048w\" sizes=\"auto, (max-width: 1024px) 100vw, 1024px\" \/><\/a><\/h5>\n<h4 style=\"text-align: center\">Gylta skjuten V\u00e4stan\u00e5 den [2021-05-24] SOK<\/h4>\n<h5 style=\"text-align: center\"><a href=\"https:\/\/krets.jagareforbundet.se\/folkarna\/files\/2021\/05\/image-scaled.jpg\"><img loading=\"lazy\" decoding=\"async\" class=\"aligncenter size-large wp-image-7689\" src=\"https:\/\/krets.jagareforbundet.se\/folkarna\/files\/2021\/05\/image-1024x461.jpg\" alt=\"\" width=\"1024\" height=\"461\" srcset=\"https:\/\/krets.jagareforbundet.se\/folkarna\/files\/2021\/05\/image-1024x461.jpg 1024w, https:\/\/krets.jagareforbundet.se\/folkarna\/files\/2021\/05\/image-300x135.jpg 300w, https:\/\/krets.jagareforbundet.se\/folkarna\/files\/2021\/05\/image-768x346.jpg 768w, https:\/\/krets.jagareforbundet.se\/folkarna\/files\/2021\/05\/image-1536x692.jpg 1536w, https:\/\/krets.jagareforbundet.se\/folkarna\/files\/2021\/05\/image-2048x922.jpg 2048w\" sizes=\"auto, (max-width: 1024px) 100vw, 1024px\" \/><\/a><\/h5>\n<p style=\"text-align: center\">Galt skjuten vid skjut\u00e5tel Bj\u00f6rkmossen [2021-05-05] SOK<\/p>\n<h5 style=\"text-align: center\"><a href=\"https:\/\/krets.jagareforbundet.se\/folkarna\/files\/2019\/07\/20190708-\u00c5rsunge.jpg\"><img loading=\"lazy\" decoding=\"async\" class=\"size-large wp-image-6985 aligncenter\" src=\"https:\/\/krets.jagareforbundet.se\/folkarna\/files\/2019\/07\/20190708-\u00c5rsunge-1024x768.jpg\" alt=\"\" width=\"1024\" height=\"768\" srcset=\"https:\/\/krets.jagareforbundet.se\/folkarna\/files\/2019\/07\/20190708-\u00c5rsunge-1024x768.jpg 1024w, https:\/\/krets.jagareforbundet.se\/folkarna\/files\/2019\/07\/20190708-\u00c5rsunge-300x225.jpg 300w, https:\/\/krets.jagareforbundet.se\/folkarna\/files\/2019\/07\/20190708-\u00c5rsunge-768x576.jpg 768w\" sizes=\"auto, (max-width: 1024px) 100vw, 1024px\" \/><\/a><\/h5>\n<p style=\"text-align: center\">Gris skjuten \u00c5ke Berglund 2019-07-08 75 kg Galt L\u00e5ng\u00e5kern<\/p>\n<h6 style=\"text-align: center\"><a href=\"https:\/\/krets.jagareforbundet.se\/folkarna\/files\/2019\/05\/resized_20190519_010717.jpg\"><img loading=\"lazy\" decoding=\"async\" class=\"wp-image-6955 aligncenter\" src=\"https:\/\/krets.jagareforbundet.se\/folkarna\/files\/2019\/05\/resized_20190519_010717.jpg\" alt=\"\" width=\"594\" height=\"619\" srcset=\"https:\/\/krets.jagareforbundet.se\/folkarna\/files\/2019\/05\/resized_20190519_010717.jpg 810w, https:\/\/krets.jagareforbundet.se\/folkarna\/files\/2019\/05\/resized_20190519_010717-288x300.jpg 288w, https:\/\/krets.jagareforbundet.se\/folkarna\/files\/2019\/05\/resized_20190519_010717-768x801.jpg 768w\" sizes=\"auto, (max-width: 594px) 100vw, 594px\" \/><\/a><\/h6>\n<p style=\"text-align: center\">Gris skjuten Johan Silvemark 2019-05-19 ca 85 kg Gylta ej spendragen \u00d6vre Pinorna<\/p>\n<p style=\"text-align: center\"><a href=\"https:\/\/krets.jagareforbundet.se\/folkarna\/files\/2017\/05\/vildsvin-2017-08-03.jpg\"><img loading=\"lazy\" decoding=\"async\" class=\"aligncenter wp-image-6236\" src=\"https:\/\/krets.jagareforbundet.se\/folkarna\/files\/2017\/05\/vildsvin-2017-08-03.jpg\" alt=\"\" width=\"731\" height=\"486\" srcset=\"https:\/\/krets.jagareforbundet.se\/folkarna\/files\/2017\/05\/vildsvin-2017-08-03.jpg 541w, https:\/\/krets.jagareforbundet.se\/folkarna\/files\/2017\/05\/vildsvin-2017-08-03-300x200.jpg 300w\" sizes=\"auto, (max-width: 731px) 100vw, 731px\" \/>Gris skjuten Johan Silvemark 2017-08-03 Ca 75 kg Gylta ej spendragen Krommetsbo vete<\/a><\/p>\n<div id=\"attachment_6183\" style=\"width: 1034px\" class=\"wp-caption aligncenter\"><a href=\"https:\/\/krets.jagareforbundet.se\/folkarna\/files\/2014\/05\/20170530_23122-1-e1496313377329.jpg\"><img loading=\"lazy\" decoding=\"async\" aria-describedby=\"caption-attachment-6183\" class=\"size-large wp-image-6183\" src=\"https:\/\/krets.jagareforbundet.se\/folkarna\/files\/2014\/05\/20170530_23122-1-e1496313377329-1024x765.jpg\" alt=\"\" width=\"1024\" height=\"765\" srcset=\"https:\/\/krets.jagareforbundet.se\/folkarna\/files\/2014\/05\/20170530_23122-1-e1496313377329-1024x765.jpg 1024w, https:\/\/krets.jagareforbundet.se\/folkarna\/files\/2014\/05\/20170530_23122-1-e1496313377329-300x224.jpg 300w, https:\/\/krets.jagareforbundet.se\/folkarna\/files\/2014\/05\/20170530_23122-1-e1496313377329-768x573.jpg 768w\" sizes=\"auto, (max-width: 1024px) 100vw, 1024px\" \/><\/a><p id=\"caption-attachment-6183\" class=\"wp-caption-text\">Gris skjuten 2017-05-30 \u00c5ke Berglund. ca 75 kg fjolings galt. Fr\u00e5n torn 17 i N s\u00e5ten L R\u00f6nningen.<\/p><\/div>\n<p style=\"text-align: center\"><a href=\"https:\/\/krets.jagareforbundet.se\/folkarna\/files\/2014\/05\/ha-2017-04-21gris.jpg\"><img loading=\"lazy\" decoding=\"async\" class=\"aligncenter wp-image-6104\" src=\"https:\/\/krets.jagareforbundet.se\/folkarna\/files\/2014\/05\/ha-2017-04-21gris.jpg\" alt=\"\" width=\"661\" height=\"778\" srcset=\"https:\/\/krets.jagareforbundet.se\/folkarna\/files\/2014\/05\/ha-2017-04-21gris.jpg 540w, https:\/\/krets.jagareforbundet.se\/folkarna\/files\/2014\/05\/ha-2017-04-21gris-255x300.jpg 255w\" sizes=\"auto, (max-width: 661px) 100vw, 661px\" \/><\/a><\/p>\n<p style=\"text-align: center\">Gris skjuten 2017-17-04-21 Hanna Andersson<\/p>\n<p style=\"text-align: center\"><a href=\"https:\/\/krets.jagareforbundet.se\/folkarna\/files\/2014\/05\/20160624galt.jpg\"><img loading=\"lazy\" decoding=\"async\" class=\"aligncenter wp-image-5694\" src=\"https:\/\/krets.jagareforbundet.se\/folkarna\/files\/2014\/05\/20160624galt-576x1024.jpg\" alt=\"20160624Galt\" width=\"659\" height=\"1172\" srcset=\"https:\/\/krets.jagareforbundet.se\/folkarna\/files\/2014\/05\/20160624galt-576x1024.jpg 576w, https:\/\/krets.jagareforbundet.se\/folkarna\/files\/2014\/05\/20160624galt-169x300.jpg 169w, https:\/\/krets.jagareforbundet.se\/folkarna\/files\/2014\/05\/20160624galt-768x1365.jpg 768w\" sizes=\"auto, (max-width: 659px) 100vw, 659px\" \/><\/a><\/p>\n<p style=\"text-align: center\">Galt under 140 kg skjuten V\u00e4stan\u00e5 midsommar 2016<\/p>\n<p style=\"text-align: center\"><a href=\"https:\/\/krets.jagareforbundet.se\/folkarna\/files\/2014\/05\/loj-galt-2016.jpg\"><img loading=\"lazy\" decoding=\"async\" class=\"aligncenter wp-image-5636\" src=\"https:\/\/krets.jagareforbundet.se\/folkarna\/files\/2014\/05\/loj-galt-2016.jpg\" alt=\"LOJ Galt 2016\" width=\"671\" height=\"790\" srcset=\"https:\/\/krets.jagareforbundet.se\/folkarna\/files\/2014\/05\/loj-galt-2016.jpg 790w, https:\/\/krets.jagareforbundet.se\/folkarna\/files\/2014\/05\/loj-galt-2016-255x300.jpg 255w\" sizes=\"auto, (max-width: 671px) 100vw, 671px\" \/><\/a><\/p>\n<p style=\"text-align: center\">Galt p\u00e5 \u00f6ver 140 kg skjuten p\u00e5 V\u00e4stan\u00e5 maj 2016 LOJ<\/p>\n<div id=\"attachment_5308\" style=\"width: 562px\" class=\"wp-caption aligncenter\"><a href=\"https:\/\/krets.jagareforbundet.se\/folkarna\/files\/2013\/04\/Sugga-3.jpg\"><img loading=\"lazy\" decoding=\"async\" aria-describedby=\"caption-attachment-5308\" class=\"wp-image-5308 \" src=\"https:\/\/krets.jagareforbundet.se\/folkarna\/files\/2013\/04\/Sugga-3.jpg\" alt=\"RICOH IMAGING\" width=\"552\" height=\"344\" srcset=\"https:\/\/krets.jagareforbundet.se\/folkarna\/files\/2013\/04\/Sugga-3.jpg 531w, https:\/\/krets.jagareforbundet.se\/folkarna\/files\/2013\/04\/Sugga-3-300x187.jpg 300w\" sizes=\"auto, (max-width: 552px) 100vw, 552px\" \/><\/a><p id=\"caption-attachment-5308\" class=\"wp-caption-text\">En av suggorna Aspbacken [2015-06-24] Foto \u00c5ke Berglund<\/p><\/div>\n<p style=\"text-align: center\"><a href=\"https:\/\/krets.jagareforbundet.se\/folkarna\/files\/2014\/05\/Tv\u00e5-suggor.jpg\"><img loading=\"lazy\" decoding=\"async\" class=\"wp-image-5310 size-full\" src=\"https:\/\/krets.jagareforbundet.se\/folkarna\/files\/2014\/05\/Tv\u00e5-suggor.jpg\" alt=\"RICOH IMAGING\" width=\"553\" height=\"415\" \/><\/a><\/p>\n<p>Tv\u00e5 suggor och ca 10 tal randiga i g\u00e5r kv\u00e4ll p\u00e5 Aspbacken[2015-06-24. Foto \u00c5ke Berglund<\/p>\n<p style=\"text-align: center\"><a href=\"https:\/\/krets.jagareforbundet.se\/folkarna\/files\/2014\/05\/Kulting-2015-01-10.jpg\"><img loading=\"lazy\" decoding=\"async\" class=\"aligncenter wp-image-5033 size-full\" src=\"https:\/\/krets.jagareforbundet.se\/folkarna\/files\/2014\/05\/Kulting-2015-01-10.jpg\" alt=\"Kulting 2015-01-10\" width=\"280\" height=\"497\" srcset=\"https:\/\/krets.jagareforbundet.se\/folkarna\/files\/2014\/05\/Kulting-2015-01-10.jpg 280w, https:\/\/krets.jagareforbundet.se\/folkarna\/files\/2014\/05\/Kulting-2015-01-10-169x300.jpg 169w\" sizes=\"auto, (max-width: 280px) 100vw, 280px\" \/><\/a>\u00a0\u00c5rskulting 2015-01-10<\/p>\n<p><a href=\"https:\/\/krets.jagareforbundet.se\/folkarna\/files\/2014\/05\/Galt-2015-01-10.jpg\"><img loading=\"lazy\" decoding=\"async\" class=\"aligncenter wp-image-5032 size-full\" src=\"https:\/\/krets.jagareforbundet.se\/folkarna\/files\/2014\/05\/Galt-2015-01-10.jpg\" alt=\"Galt 2015-01-10\" width=\"280\" height=\"497\" srcset=\"https:\/\/krets.jagareforbundet.se\/folkarna\/files\/2014\/05\/Galt-2015-01-10.jpg 280w, https:\/\/krets.jagareforbundet.se\/folkarna\/files\/2014\/05\/Galt-2015-01-10-169x300.jpg 169w\" sizes=\"auto, (max-width: 280px) 100vw, 280px\" \/><\/a><\/p>\n<p>&nbsp;<\/p>\n<p style=\"text-align: center\">Hans \u00c5str\u00f6m Galt 2015-01-10<a href=\"https:\/\/krets.jagareforbundet.se\/folkarna\/files\/2014\/05\/Vildsvin-2014-05-281.jpeg\"><img loading=\"lazy\" decoding=\"async\" class=\"aligncenter wp-image-4643\" src=\"https:\/\/krets.jagareforbundet.se\/folkarna\/files\/2014\/05\/Vildsvin-2014-05-281.jpeg\" alt=\"Vildsvin 2014-05-28(1)\" width=\"537\" height=\"403\" srcset=\"https:\/\/krets.jagareforbundet.se\/folkarna\/files\/2014\/05\/Vildsvin-2014-05-281.jpeg 3264w, https:\/\/krets.jagareforbundet.se\/folkarna\/files\/2014\/05\/Vildsvin-2014-05-281-300x225.jpeg 300w, https:\/\/krets.jagareforbundet.se\/folkarna\/files\/2014\/05\/Vildsvin-2014-05-281-1024x768.jpeg 1024w\" sizes=\"auto, (max-width: 537px) 100vw, 537px\" \/><\/a><\/p>\n<p style=\"text-align: center\">\u00a0S O Karlssons Galt 2014-05-27 Nitro bel\u00e5ten sp\u00e5rare.<\/p>\n<p style=\"text-align: center\"><a href=\"https:\/\/krets.jagareforbundet.se\/folkarna\/files\/2014\/05\/Vildsvin-2014-05-282.jpeg\"><img loading=\"lazy\" decoding=\"async\" class=\"aligncenter wp-image-4644\" src=\"https:\/\/krets.jagareforbundet.se\/folkarna\/files\/2014\/05\/Vildsvin-2014-05-282.jpeg\" alt=\"Vildsvin 2014-05-28(2)\" width=\"536\" height=\"713\" \/><\/a><\/p>\n<p style=\"text-align: center\"><a href=\"https:\/\/krets.jagareforbundet.se\/folkarna\/files\/2013\/05\/DSCF1085.jpg\"><img loading=\"lazy\" decoding=\"async\" class=\"wp-image-4638 aligncenter\" src=\"https:\/\/krets.jagareforbundet.se\/folkarna\/files\/2013\/05\/DSCF1085.jpg\" alt=\"DSCF1085\" width=\"536\" height=\"714\" srcset=\"https:\/\/krets.jagareforbundet.se\/folkarna\/files\/2013\/05\/DSCF1085.jpg 1536w, https:\/\/krets.jagareforbundet.se\/folkarna\/files\/2013\/05\/DSCF1085-225x300.jpg 225w, https:\/\/krets.jagareforbundet.se\/folkarna\/files\/2013\/05\/DSCF1085-768x1024.jpg 768w\" sizes=\"auto, (max-width: 536px) 100vw, 536px\" \/><\/a><\/p>\n<p style=\"text-align: center\">\u00a0Ny utrustning vid vilt\u00e5kern Bj\u00f6rkmossen 2014.<\/p>\n<p style=\"text-align: center\"><a href=\"https:\/\/krets.jagareforbundet.se\/folkarna\/files\/2013\/05\/SOK-Grisen.jpg\"><img loading=\"lazy\" decoding=\"async\" class=\"aligncenter size-full wp-image-4304\" src=\"https:\/\/krets.jagareforbundet.se\/folkarna\/files\/2013\/05\/SOK-Grisen.jpg\" alt=\"SOK Grisen\" width=\"477\" height=\"903\" srcset=\"https:\/\/krets.jagareforbundet.se\/folkarna\/files\/2013\/05\/SOK-Grisen.jpg 477w, https:\/\/krets.jagareforbundet.se\/folkarna\/files\/2013\/05\/SOK-Grisen-158x300.jpg 158w\" sizes=\"auto, (max-width: 477px) 100vw, 477px\" \/><\/a><\/p>\n<p style=\"text-align: center\">SOK: Gylta.<\/p>\n<p style=\"text-align: center\"><a href=\"https:\/\/krets.jagareforbundet.se\/folkarna\/files\/2014\/05\/Foto-Bengt-Fingal-Vildsvin-randiga.jpg\"><img loading=\"lazy\" decoding=\"async\" class=\"aligncenter size-full wp-image-4738\" src=\"https:\/\/krets.jagareforbundet.se\/folkarna\/files\/2014\/05\/Foto-Bengt-Fingal-Vildsvin-randiga.jpg\" alt=\"Foto Bengt Fingal Vildsvin randiga\" width=\"700\" height=\"418\" srcset=\"https:\/\/krets.jagareforbundet.se\/folkarna\/files\/2014\/05\/Foto-Bengt-Fingal-Vildsvin-randiga.jpg 700w, https:\/\/krets.jagareforbundet.se\/folkarna\/files\/2014\/05\/Foto-Bengt-Fingal-Vildsvin-randiga-300x179.jpg 300w\" sizes=\"auto, (max-width: 700px) 100vw, 700px\" \/><\/a><\/p>\n<p style=\"text-align: center\">Randiga grisar Foto: Bengt Fingal<\/p>\n<p style=\"text-align: center\"><a href=\"https:\/\/krets.jagareforbundet.se\/folkarna\/files\/2013\/04\/Vildsvin-2013-07-05.jpeg\"><img loading=\"lazy\" decoding=\"async\" class=\" wp-image-3612 aligncenter\" src=\"https:\/\/krets.jagareforbundet.se\/folkarna\/files\/2013\/04\/Vildsvin-2013-07-05.jpeg\" alt=\"Stolt vildsvinsskytt SVVO 2013-07-05, 2 \u00e5rs galt 80 kg levande vikt \" width=\"582\" height=\"436\" srcset=\"https:\/\/krets.jagareforbundet.se\/folkarna\/files\/2013\/04\/Vildsvin-2013-07-05.jpeg 1152w, https:\/\/krets.jagareforbundet.se\/folkarna\/files\/2013\/04\/Vildsvin-2013-07-05-300x225.jpeg 300w, https:\/\/krets.jagareforbundet.se\/folkarna\/files\/2013\/04\/Vildsvin-2013-07-05-1024x768.jpeg 1024w\" sizes=\"auto, (max-width: 582px) 100vw, 582px\" \/><\/a><\/p>\n<p style=\"text-align: center\">\u00a0Johan Silvemarks Galt<\/p>\n<p><a href=\"https:\/\/krets.jagareforbundet.se\/folkarna\/files\/2014\/05\/Vildsvin-1.jpg\"><img loading=\"lazy\" decoding=\"async\" class=\"aligncenter wp-image-4642\" src=\"https:\/\/krets.jagareforbundet.se\/folkarna\/files\/2014\/05\/Vildsvin-1.jpg\" alt=\"Vildsvin 1\" width=\"580\" height=\"436\" srcset=\"https:\/\/krets.jagareforbundet.se\/folkarna\/files\/2014\/05\/Vildsvin-1.jpg 1167w, https:\/\/krets.jagareforbundet.se\/folkarna\/files\/2014\/05\/Vildsvin-1-300x225.jpg 300w, https:\/\/krets.jagareforbundet.se\/folkarna\/files\/2014\/05\/Vildsvin-1-1024x768.jpg 1024w\" sizes=\"auto, (max-width: 580px) 100vw, 580px\" \/><\/a><\/p>\n<p>&nbsp;<\/p>\n<p style=\"text-align: center\">F\u00f6rsta vildsvinet gr\u00e5 kulting\u00a0f\u00e4llt p\u00e5 SVVO av S O Karlsson, hund Nitro.<\/p>\n","protected":false},"excerpt":{"rendered":"<p>Galt 2022-10-16 80 Kg [AF] Sugga ej spendragen eller dr\u00e4ktig 2022-07-05 [SOK] \u00c5rsgris Galt 2022-05-19\u00a0 [\u00c5B) \u00c5rsgris Galt 2022-05-15 (\u00c5B) \u00c5rsdjur Galt 2022-03-06 [SOK] \u00c5rsdjur Gylta 2022-03-15 [SOK] Tv\u00e5 \u00e5rsungar f\u00e4llda p\u00e5 Bj\u00f6rkmossen den 2022-03-15 en av varje k\u00f6n ca 40 kg S O Karlsson. Gylta skjuten p\u00e5 Bj\u00f6rkmossen den 2022-02-09 av S O Karlsson [&hellip;]<\/p>\n","protected":false},"author":78,"featured_media":0,"parent":184,"menu_order":0,"comment_status":"open","ping_status":"open","template":"","meta":{"footnotes":""},"class_list":["post-4639","page","type-page","status-publish","hentry"],"_links":{"self":[{"href":"https:\/\/krets.jagareforbundet.se\/folkarna\/wp-json\/wp\/v2\/pages\/4639","targetHints":{"allow":["GET"]}}],"collection":[{"href":"https:\/\/krets.jagareforbundet.se\/folkarna\/wp-json\/wp\/v2\/pages"}],"about":[{"href":"https:\/\/krets.jagareforbundet.se\/folkarna\/wp-json\/wp\/v2\/types\/page"}],"author":[{"embeddable":true,"href":"https:\/\/krets.jagareforbundet.se\/folkarna\/wp-json\/wp\/v2\/users\/78"}],"replies":[{"embeddable":true,"href":"https:\/\/krets.jagareforbundet.se\/folkarna\/wp-json\/wp\/v2\/comments?post=4639"}],"version-history":[{"count":3,"href":"https:\/\/krets.jagareforbundet.se\/folkarna\/wp-json\/wp\/v2\/pages\/4639\/revisions"}],"predecessor-version":[{"id":8231,"href":"https:\/\/krets.jagareforbundet.se\/folkarna\/wp-json\/wp\/v2\/pages\/4639\/revisions\/8231"}],"up":[{"embeddable":true,"href":"https:\/\/krets.jagareforbundet.se\/folkarna\/wp-json\/wp\/v2\/pages\/184"}],"wp:attachment":[{"href":"https:\/\/krets.jagareforbundet.se\/folkarna\/wp-json\/wp\/v2\/media?parent=4639"}],"curies":[{"name":"wp","href":"https:\/\/api.w.org\/{rel}","templated":true}]}}