{"id":4906,"date":"2014-10-08T16:53:36","date_gmt":"2014-10-08T14:53:36","guid":{"rendered":"https:\/\/krets.jagareforbundet.se\/folkarna\/?page_id=4906"},"modified":"2014-11-17T17:16:33","modified_gmt":"2014-11-17T16:16:33","slug":"avskjutning-v-asgarn-2014-15","status":"publish","type":"page","link":"https:\/\/krets.jagareforbundet.se\/folkarna\/jaktfragor\/algjakt\/avskjutning-v-asgarn-2014-15\/","title":{"rendered":"Avskjutning V \u00c5sgarn 2014"},"content":{"rendered":"<div id=\"attachment_4925\" style=\"width: 627px\" class=\"wp-caption aligncenter\"><a href=\"https:\/\/krets.jagareforbundet.se\/folkarna\/files\/2014\/10\/H\u00f6stpass.jpg\"><img loading=\"lazy\" decoding=\"async\" aria-describedby=\"caption-attachment-4925\" class=\"wp-image-4925\" src=\"https:\/\/krets.jagareforbundet.se\/folkarna\/files\/2014\/10\/H\u00f6stpass-1024x768.jpg\" alt=\"H\u00f6stpass\" width=\"617\" height=\"463\" \/><\/a><p id=\"caption-attachment-4925\" class=\"wp-caption-text\">P\u00e5 \u00e4lgpass V\u00e4stanberg<\/p><\/div>\n<p style=\"text-align: center\"><div class=\"fourcol-one\">Jaktlag<\/div> <div class=\"fourcol-one\">Tjur<\/div> <div class=\"fourcol-one\">Hondjur<\/div> <div class=\"fourcol-one last\">Kalvar<\/div><div class=\"clear\"><\/div><\/p>\n<p style=\"text-align: center\"><div class=\"fourcol-one\">Stigv\u00e4gen<\/div> <div class=\"fourcol-one\">1<\/div> <div class=\"fourcol-one\">1<\/div> <div class=\"fourcol-one last\">2<\/div><div class=\"clear\"><\/div><\/p>\n<p style=\"text-align: center\"><div class=\"fourcol-one\">Grytn\u00e4s \u00d6stra<\/div> <div class=\"fourcol-one\">1<\/div> <div class=\"fourcol-one\">1<\/div> <div class=\"fourcol-one last\">2<\/div><div class=\"clear\"><\/div><\/p>\n<p style=\"text-align: center\"><div class=\"fourcol-one\">Grytn\u00e4s Norra<\/div> <div class=\"fourcol-one\">2<\/div> <div class=\"fourcol-one\">Hondjur<\/div> <div class=\"fourcol-one last\">1<\/div><div class=\"clear\"><\/div><\/p>\n<p style=\"text-align: center\"><div class=\"fourcol-one\">S\u00f6r N\u00e4vde<\/div> <div class=\"fourcol-one\">1<\/div> <div class=\"fourcol-one\">Hondjur<\/div> <div class=\"fourcol-one last\">1<\/div><div class=\"clear\"><\/div><\/p>\n<p style=\"text-align: center\"><div class=\"fourcol-one\">Veddarsbo<\/div> <div class=\"fourcol-one\">(2)<\/div> <div class=\"fourcol-one\">Hondjur<\/div> <div class=\"fourcol-one last\">Kalvar<\/div><div class=\"clear\"><\/div><\/p>\n<p style=\"text-align: center\">Uppdaterat fr\u00e5n Viltdata.se [2014-11-17] \u00a0(2) ett djur kasserat pga skada.<\/p>\n<p style=\"text-align: center\"><div class=\"fourcol-one\">\u00d6hn<\/div> <div class=\"fourcol-one\">Tjur<\/div> <div class=\"fourcol-one\">Hondjur<\/div> <div class=\"fourcol-one last\">Kalvar<\/div><div class=\"clear\"><\/div><\/p>\n<p style=\"text-align: center\"><div class=\"fourcol-one\">Gisselbo<\/div> <div class=\"fourcol-one\">Tjur<\/div> <div class=\"fourcol-one\">Hondjur<\/div> <div class=\"fourcol-one last\">Kalvar<\/div><div class=\"clear\"><\/div><\/p>\n<p style=\"text-align: center\"><div class=\"fourcol-one\">Yttersbenning<\/div> <div class=\"fourcol-one\">Tjur<\/div> <div class=\"fourcol-one\">Hondjur<\/div> <div class=\"fourcol-one last\">Kalvar<\/div><div class=\"clear\"><\/div><\/p>\n<p style=\"text-align: center\"><div class=\"fourcol-one\">H\u00e4lleberget<\/div> <div class=\"fourcol-one\">Tjur<\/div> <div class=\"fourcol-one\">Hondjur<\/div> <div class=\"fourcol-one last\">Kalvar<\/div><div class=\"clear\"><\/div><\/p>\n<p style=\"text-align: center\"><div class=\"fourcol-one\">Gr\u00e5d\u00f6 Rensbo<\/div> <div class=\"fourcol-one\">1<\/div> <div class=\"fourcol-one\">Hondjur<\/div> <div class=\"fourcol-one last\">1<\/div><div class=\"clear\"><\/div><\/p>\n<p style=\"text-align: center\"><div class=\"fourcol-one\">Gr\u00e5d\u00f6 Nybyn<\/div> <div class=\"fourcol-one\">Tjur<\/div> <div class=\"fourcol-one\">Hondjur<\/div> <div class=\"fourcol-one last\">1<\/div><div class=\"clear\"><\/div><\/p>\n<p style=\"text-align: center\"><div class=\"fourcol-one\">Fensj\u00f6<\/div> <div class=\"fourcol-one\">Tjur<\/div> <div class=\"fourcol-one\">Hondjur<\/div> <div class=\"fourcol-one last\">1<\/div><div class=\"clear\"><\/div><\/p>\n<p style=\"text-align: center\"><div class=\"fourcol-one\">Folk\u00e4rna V\u00e4stra<\/div> <div class=\"fourcol-one\">Tjur<\/div> <div class=\"fourcol-one\">1<\/div> <div class=\"fourcol-one last\">2<\/div><div class=\"clear\"><\/div><\/p>\n<p>Tel till jaktledare G\u00c4SO\u00a0<a href=\"https:\/\/krets.jagareforbundet.se\/folkarna\/files\/2014\/10\/Kopia-av-Jaktledare-G\u00c4SO-2014_2015-2.pdf\" class=\"woo-sc-button  silver large\" ><span class=\"woo-\">Klicka H\u00e4r !<\/span><\/a><\/p>\n<p>H\u00e4r kommer l\u00e4ggas in avskjutningen efter hand.<\/p>\n","protected":false},"excerpt":{"rendered":"<p>Uppdaterat fr\u00e5n Viltdata.se [2014-11-17] \u00a0(2) ett djur kasserat pga skada. Tel till jaktledare G\u00c4SO\u00a0 H\u00e4r kommer l\u00e4ggas in avskjutningen efter hand.<\/p>\n","protected":false},"author":78,"featured_media":0,"parent":379,"menu_order":0,"comment_status":"open","ping_status":"open","template":"","meta":{"footnotes":""},"class_list":["post-4906","page","type-page","status-publish","hentry"],"_links":{"self":[{"href":"https:\/\/krets.jagareforbundet.se\/folkarna\/wp-json\/wp\/v2\/pages\/4906","targetHints":{"allow":["GET"]}}],"collection":[{"href":"https:\/\/krets.jagareforbundet.se\/folkarna\/wp-json\/wp\/v2\/pages"}],"about":[{"href":"https:\/\/krets.jagareforbundet.se\/folkarna\/wp-json\/wp\/v2\/types\/page"}],"author":[{"embeddable":true,"href":"https:\/\/krets.jagareforbundet.se\/folkarna\/wp-json\/wp\/v2\/users\/78"}],"replies":[{"embeddable":true,"href":"https:\/\/krets.jagareforbundet.se\/folkarna\/wp-json\/wp\/v2\/comments?post=4906"}],"version-history":[{"count":0,"href":"https:\/\/krets.jagareforbundet.se\/folkarna\/wp-json\/wp\/v2\/pages\/4906\/revisions"}],"up":[{"embeddable":true,"href":"https:\/\/krets.jagareforbundet.se\/folkarna\/wp-json\/wp\/v2\/pages\/379"}],"wp:attachment":[{"href":"https:\/\/krets.jagareforbundet.se\/folkarna\/wp-json\/wp\/v2\/media?parent=4906"}],"curies":[{"name":"wp","href":"https:\/\/api.w.org\/{rel}","templated":true}]}}