{"id":522,"date":"2013-03-14T14:40:25","date_gmt":"2013-03-14T13:40:25","guid":{"rendered":"https:\/\/krets.jagareforbundet.se\/folkarna\/?page_id=522"},"modified":"2023-04-23T10:41:05","modified_gmt":"2023-04-23T08:41:05","slug":"svvo-fallfangst","status":"publish","type":"page","link":"https:\/\/krets.jagareforbundet.se\/folkarna\/sigvagens-viltvardsomrade\/svvo-fallfangst\/","title":{"rendered":"SVVO F\u00e4llf\u00e5ngst"},"content":{"rendered":"<p>Stigv\u00e4gen har tv\u00e5 Gr\u00e4vligsf\u00e4llor och tio Minkf\u00e4llor, S O K har n\u00e5gra M\u00e5rdf\u00e4llor.<\/p>\n<p>Gr\u00e4vlingsf\u00e4llorna \u00e4r nu rengjorda, m\u00e5lade och placerats i slakteriet. De har\u00a0anv\u00e4nds\u00a0f\u00f6r skyddsjakt, under fastigheter.<\/p>\n<p>Minkf\u00e4llorna (Typ ihj\u00e4l) finns i slakteriet n\u00e5gra \u00e4r f\u00f6rsedda med l\u00e5s (Om de skall placeras n\u00e4ra allm\u00e4nheten) nycklar finns hos \u00c5 Berglund. En har till och fr\u00e5n funnits vid bron \u00f6ver b\u00e4cken norr om granplanteringen s\u00f6der dammen.<\/p>\n<p>F\u00e4llor som skall placeras ut p\u00e5 SVVO skall vara m\u00e4rkta med SVVO, Telefon nr och NVV Typintyg.<\/p>\n<p>&nbsp;<\/p>\n<p>Slakteri kod = 3232<\/p>\n","protected":false},"excerpt":{"rendered":"<p>Stigv\u00e4gen har tv\u00e5 Gr\u00e4vligsf\u00e4llor och tio Minkf\u00e4llor, S O K har n\u00e5gra M\u00e5rdf\u00e4llor. Gr\u00e4vlingsf\u00e4llorna \u00e4r nu rengjorda, m\u00e5lade och placerats i slakteriet. De har\u00a0anv\u00e4nds\u00a0f\u00f6r skyddsjakt, under fastigheter. Minkf\u00e4llorna (Typ ihj\u00e4l) finns i slakteriet n\u00e5gra \u00e4r f\u00f6rsedda med l\u00e5s (Om de skall placeras n\u00e4ra allm\u00e4nheten) nycklar finns hos \u00c5 Berglund. En har till och fr\u00e5n funnits [&hellip;]<\/p>\n","protected":false},"author":78,"featured_media":0,"parent":184,"menu_order":0,"comment_status":"open","ping_status":"open","template":"","meta":{"footnotes":""},"class_list":["post-522","page","type-page","status-publish","hentry"],"_links":{"self":[{"href":"https:\/\/krets.jagareforbundet.se\/folkarna\/wp-json\/wp\/v2\/pages\/522","targetHints":{"allow":["GET"]}}],"collection":[{"href":"https:\/\/krets.jagareforbundet.se\/folkarna\/wp-json\/wp\/v2\/pages"}],"about":[{"href":"https:\/\/krets.jagareforbundet.se\/folkarna\/wp-json\/wp\/v2\/types\/page"}],"author":[{"embeddable":true,"href":"https:\/\/krets.jagareforbundet.se\/folkarna\/wp-json\/wp\/v2\/users\/78"}],"replies":[{"embeddable":true,"href":"https:\/\/krets.jagareforbundet.se\/folkarna\/wp-json\/wp\/v2\/comments?post=522"}],"version-history":[{"count":2,"href":"https:\/\/krets.jagareforbundet.se\/folkarna\/wp-json\/wp\/v2\/pages\/522\/revisions"}],"predecessor-version":[{"id":8291,"href":"https:\/\/krets.jagareforbundet.se\/folkarna\/wp-json\/wp\/v2\/pages\/522\/revisions\/8291"}],"up":[{"embeddable":true,"href":"https:\/\/krets.jagareforbundet.se\/folkarna\/wp-json\/wp\/v2\/pages\/184"}],"wp:attachment":[{"href":"https:\/\/krets.jagareforbundet.se\/folkarna\/wp-json\/wp\/v2\/media?parent=522"}],"curies":[{"name":"wp","href":"https:\/\/api.w.org\/{rel}","templated":true}]}}