{"id":525,"date":"2013-03-14T16:20:48","date_gmt":"2013-03-14T15:20:48","guid":{"rendered":"https:\/\/krets.jagareforbundet.se\/folkarna\/?page_id=525"},"modified":"2023-08-22T13:07:02","modified_gmt":"2023-08-22T11:07:02","slug":"soder-dalalven-aso","status":"publish","type":"page","link":"https:\/\/krets.jagareforbundet.se\/folkarna\/soder-dalalven-aso\/","title":{"rendered":"S\u00f6der Dal\u00e4lven \u00c4SO"},"content":{"rendered":"<p style=\"text-align: left\">Styrelsen f\u00f6r S\u00f6der Dal\u00e4lvens \u00c4lgsk\u00f6tselomr\u00e5de. Ordf. <strong>Jonas Gustavsson<\/strong>, v ordf. <strong>Ulf Berglund<\/strong>, Sekreterare <strong>H\u00e5kan Lundin<\/strong>, Kass\u00f6r <strong>J\u00f6rgen Larsson<\/strong>, Revisor <strong>Alf Larsson<\/strong> och <strong>Jonny Holmberg, <\/strong>Rapport\u00f6r<strong> Tomas Persson.<\/strong><\/p>\n<p style=\"text-align: left\"><a href=\"https:\/\/krets.jagareforbundet.se\/folkarna\/files\/2013\/03\/Varen-2009-K11.jpg\"><!--more--><\/a>2011 bildades S\u00f6der Dal\u00e4lven \u00c4lgsk\u00f6tselomr\u00e5de av\u00a0 jaktlagen i FJVK ,s\u00f6der om Dal\u00e4lven. Karta\u00a0<a href=\"https:\/\/krets.jagareforbundet.se\/folkarna\/files\/2013\/03\/Avesta-ASO.pdf\">Avesta ASO<\/a><\/p>\n<p>Jaktlagen som \u00a0ing\u00e5r \u00e4r: By Folk\u00e4rna S\u00f6dra VVO ( 4 distrikt) -Alsbo Grubbo Karlbo VVO &#8211; Sonnbo Brovallen JLF &#8211; S\u00f6rb\u00e4cks G\u00e5rd &#8211; Kjersels &#8211; Vansj\u00f6 JL &#8211; Svensbo JL &#8211; (Kvarnberget JLF ing\u00e5r ej)<\/p>\n<p>SD\u00c4SO ing\u00e5r i ett f\u00f6rvaltningsomr\u00e5de \u00a01 M\u00f6klinta-Fagersta i U-l\u00e4n.<\/p>\n<hr \/>\n<p><strong>M\u00f6te<\/strong><\/p>\n<p>\u00c4lgm\u00f6te\/\u00c5rsm\u00f6te i S\u00f6der Dal\u00e4lven \u00c4lgsk\u00f6tselomr\u00e5de h\u00e5lls <strong>onsdag 30 augusti kl 19<\/strong> i Korskrogens Bygdeg\u00e5rd.<\/p>\n<hr \/>\n<p>Fr\u00e5n Temakv\u00e4ll den 24\/3 2022 <a href=\"https:\/\/krets.jagareforbundet.se\/folkarna\/verksamheten-i-fjvk\/\" class=\"woo-sc-button  custom\" style=\"background:;border-color:\"><span class=\"woo-\">Klicka H\u00c4R !<\/span><\/a><\/p>\n<hr \/>\n<p>&nbsp;<\/p>\n<p><strong>PM S\u00f6der Dal\u00e4lven \u00c4lgsk\u00f6tselomr\u00e5de 2022\/2022 [2022-09-06]<\/strong><\/p>\n<p>1. F\u00f6r info om aktuell tilldelning\/avskjutning <a href=\"https:\/\/cckid7.wixsite.com\/tilldelningvilt\" class=\"woo-sc-button  purple\" ><span class=\"woo-\">Klicka H\u00c4R!<\/span><\/a><\/p>\n<ol start=\"2\">\n<li><strong>Regler g\u00e4llande \u00e4lgavskjutning 2022-2023.<\/strong><\/li>\n<\/ol>\n<p>\uf0b7 Efter avslutad jaktdag rapport fr\u00e5n varje jaktlag om f\u00e4llda\/p\u00e5skjutna \u00e4lgar. Ring \/ SMS till Tomas Persson <strong>073-154 71 44<\/strong><\/p>\n<p>\uf0b7 Tv\u00e5 kapitala tjurar f\u00e5r skjutas inom SD\u00c4SO. Ring \/ SMS till\u00a0 Tomas <strong>073-154 71 44<\/strong> p\u00e5 en g\u00e5ng n\u00e4r kapital tjur f\u00e4llts, s\u00e5 att han kan sprida informationen till samtliga jaktlag.<\/p>\n<p>Vid \u00f6vertr\u00e4delse av detta s\u00e5 f\u00f6rsvinner trofen samt 5 st jaktdagar.<\/p>\n<p>\uf0b7 Efter avslutad jakt rapport om \u00e4lgarnas \u00e5lder och vikt l\u00e4mnas till\u00a0 Tomas via mail. cckid7@gmail.com<\/p>\n<ol start=\"3\">\n<li><strong>\u00c4lg-obs samt Kron-obs.<\/strong><\/li>\n<\/ol>\n<p>\uf0b7 \u00c4lg-obs rapporteras direkt efter f\u00f6rsta veckans jakt.<\/p>\n<p>\uf0b7 Slutrapportering efter 7 jaktdagar under f\u00f6rsta 30 dagars perioden.<\/p>\n<p>\uf0b7 Rapporten l\u00e4mnas till\u00a0 via <strong>mail.\u00a0<\/strong><\/p>\n<ol start=\"5\">\n<li>B<strong>esiktningsansvariga f\u00f6r att avg\u00f6ra och utf\u00e4rda intyg om skjuten \u00e4lg ska kasseras om den anses som otj\u00e4nlig \u00e4r Micael Carlsson 070-5418086<\/strong><\/li>\n<li><strong>Kronhjortssk\u00f6tselomr\u00e5det, ihop med V\u00e4sterf\u00e4rnebo Norra kronhjortssk\u00f6tselomr\u00e5de.<\/strong><\/li>\n<\/ol>\n<p>Tilldelning: <a href=\"https:\/\/cckid7.wixsite.com\/tilldelningvilt\" class=\"woo-sc-button  purple\" ><span class=\"woo-\"> Klicka H\u00c4R!<\/span><\/a><\/p>\n<p>OBS!!! Skytten m\u00e5ste veta vad som finns kvar av tilldelningen!!!<\/p>\n<p>Ring \/ SMS till\u00a0 <strong>073-154 71 44<\/strong>\u00a0p\u00e5 en g\u00e5ng n\u00e4r ett kronvilt har blivit f\u00e4llt (Hjort, Hind eller Kalv) , s\u00e5 att han kan sprida informationen till samtliga jaktlag.<\/p>\n<p><strong>F\u00e4llavgift<\/strong>: Hjort\/500 Hind\/400 Kalv\/100.\u00a0 \u00a0Betalas in p\u00e5 konto: 8166-1,923422-3.\u00a0\u00a0M\u00e4rk med skyttens namn och Kron.<\/p>\n<p style=\"text-align: center\"><a href=\"https:\/\/krets.jagareforbundet.se\/folkarna\/files\/2019\/10\/blankett-\u00e4lg-obs.pdf\" class=\"woo-sc-button  red large\" ><span class=\"woo-\">H\u00e4mta Blankett \u00c4lgobs H\u00c4R!<\/span><\/a><\/p>\n<hr \/>\n<p>&nbsp;<\/p>\n<h3>L\u00e4nsstyrelsens beslut om jakttid och f\u00e4llavgift f\u00f6r \u00e4lg jakt\u00e5ret 2021\/22<\/h3>\n<p><em>F\u00e4llavgift.\u00a0<\/em><br \/>\n<strong><em>Jakttid<\/em><\/strong><br \/>\nL\u00e4nsstyrelsen beslutar om f\u00f6ljande jakttider f\u00f6r \u00e4lg under jakt\u00e5ret 2019-2020:<br \/>\n<strong>\u00c4lgsk\u00f6tselomr\u00e5den och licensomr\u00e5den. <\/strong>Alla djur enligt sk\u00f6tselplan och tilldelning: 8 oktober 2021 &#8211; 31 januari 2022<br \/>\n<strong>Oregistrerad mark. <\/strong>Fritt antal \u00e5rskalvar: 8 oktober 2019 &#8211; den 12 oktober 2019<\/p>\n<p>Dessa beslut g\u00e4ller i de \u00e4lgf\u00f6rvaltningsomr\u00e5den som administreras av L\u00e4nsstyrelsen i V\u00e4stmanlands l\u00e4n.<\/p>\n<p style=\"text-align: center\"><a href=\"https:\/\/krets.jagareforbundet.se\/folkarna\/files\/2018\/10\/avskjutning-sdaso-2018-10-171.jpg\" class=\"woo-sc-button  silver\" ><span class=\"woo-\">Avskjutning 2018-10-18 Viltdata<\/span><\/a> <a href=\"https:\/\/krets.jagareforbundet.se\/folkarna\/files\/2018\/10\/algobs-sdaso-2018-10-171.jpg\" class=\"woo-sc-button  silver\" ><span class=\"woo-\">\u00c4lgobs den 2018-10-18<\/span><\/a> <a href=\"https:\/\/krets.jagareforbundet.se\/folkarna\/files\/2018\/10\/algobs-sdaso-2018-10-16.jpeg\" class=\"woo-sc-button  silver\" ><span class=\"woo-\">\u00c4lgobs SD\u00c4SO 2018-10-20<\/span><\/a> <a href=\"https:\/\/krets.jagareforbundet.se\/folkarna\/files\/2018\/10\/algobs-2013-2018-4.jpeg\" class=\"woo-sc-button  silver\" ><span class=\"woo-\">\u00c4lgobs SD\u00c4SO 2013-2018<\/span><\/a> <a href=\"https:\/\/krets.jagareforbundet.se\/folkarna\/files\/2018\/10\/algobs-2013-2018-3.jpeg\" class=\"woo-sc-button  silver\" ><span class=\"woo-\">\u00c4lobs 2013-2018 Tabell<\/span><\/a><\/p>\n<div>\n<hr \/>\n<p>Information om <strong><a href=\"https:\/\/krets.jagareforbundet.se\/folkarna\/files\/2018\/09\/afo-planer-fokusparameterar-1.pdf\">SJF:s roll i \u00c4FO<\/a><\/strong>\u00a0 \u00a0<strong><span style=\"color: #993300\"><a style=\"color: #993300\" href=\"https:\/\/krets.jagareforbundet.se\/folkarna\/files\/2018\/09\/handslaget.pdf\"><span style=\"color: #0000ff\">Handslaget<\/span><\/a><\/span>\u00a0och<\/strong>\u00a0<span style=\"color: #0000ff\"><a style=\"color: #0000ff\" href=\"https:\/\/krets.jagareforbundet.se\/folkarna\/files\/2018\/09\/abin.pdf\"><strong>\u00c4BIN<\/strong><\/a><\/span><\/p>\n<hr \/>\n<p><span style=\"color: #993300\"><strong>S\u00f6der Dal\u00e4lven \u00c4lgsk\u00f6tselomr\u00e5de<\/strong><\/span><\/p>\n<p>Ny e-postadress\u00a0:\u00a0<a href=\"mailto:ghlundin63@gmail.com\">ghlundin63@gmail.com<\/a><\/p>\n<p>H\u00e5kan Lundin<\/p>\n<p>Sekr. SD\u00c4SO<\/p>\n<hr \/>\n<hr \/>\n<\/div>\n<div>\n<p>&nbsp;<\/p>\n<\/div>\n<p>H\u00e4r nedan finns underlag f\u00f6r diskussioner om \u00e4lgf\u00f6rvaltning och \u00e4lgsk\u00f6tsel, klicka p\u00e5 respektive rad f\u00f6r underlag.<\/p>\n<p><div class=\"fivecol-one\"><a style=\"font-family: Arial, Helvetica\" href=\"http:\/\/www.slu.se\/Documents\/externwebben\/centrumbildningar-projekt\/algforvaltning\/version3\/M6_AlderKon.pdf\" target=\"_blank\" rel=\"noopener noreferrer\">\u00c5ldersstruktur<\/a><\/div> <div class=\"fivecol-one\"><span style=\"font-family: Arial, Helvetica\"><a href=\"http:\/\/www.fjvk.org\/PDFfiler\/AlgFVO\/Rapport%20alginventering%20bilaga%201.pdf\">In<\/a><\/span><span style=\"font-family: Arial, Helvetica\"><a href=\"http:\/\/www.fjvk.org\/PDFfiler\/AlgFVO\/Rapport%20alginventering%20bilaga%201.pdf\">struktion \u00c4lgobs<\/a><\/span><\/div> <div class=\"fivecol-one\"><a style=\"font-family: Arial, Helvetica\" href=\"http:\/\/www.slu.se\/Documents\/externwebben\/centrumbildningar-projekt\/algforvaltning\/version3\/M2%20Algobs.pdf\" target=\"_blank\" rel=\"noopener noreferrer\">\u00c4lgobservationer\u00a0<\/a><\/div> <div class=\"fivecol-one\"><a style=\"font-family: Arial, Helvetica\" href=\"http:\/\/www.fjvk.org\/PDFfiler\/AlgFVO\/Algobsblankett%201.pdf\">Blankett \u00c4lgobs<\/a><\/div> <div class=\"fivecol-one last\"><a style=\"font-family: Arial, Helvetica\" href=\"http:\/\/www.slu.se\/Documents\/externwebben\/centrumbildningar-projekt\/algforvaltning\/version3\/M1%20Avskjutningsstatistik.pdf\" target=\"_blank\" rel=\"noopener noreferrer\">Avskjutningsstatist<\/a>.<\/div><div class=\"clear\"><\/div><\/p>\n<p><div class=\"fivecol-one\"><a href=\"http:\/\/www.slu.se\/Documents\/externwebben\/centrumbildningar-projekt\/algforvaltning\/version3\/M7_Halsostatus.pdf\" target=\"_blank\" rel=\"noopener noreferrer\">H\u00e4lsostatus<\/a><\/div> <div class=\"fivecol-one\"><a href=\"http:\/\/www.slu.se\/Documents\/externwebben\/centrumbildningar-projekt\/algforvaltning\/version3\/M3_Spillning.pdf\" target=\"_blank\" rel=\"noopener noreferrer\">Spillningsinventer.\u00a0<\/a><\/div> <div class=\"fivecol-one\"><a href=\"http:\/\/www.slu.se\/Documents\/externwebben\/centrumbildningar-projekt\/algforvaltning\/version3\/M8_genetisk%20monitoring.pdf\" target=\"_blank\" rel=\"noopener noreferrer\">Genetisk \u00f6verv.<\/a><\/div> <div class=\"fivecol-one\"><a href=\"http:\/\/www.slu.se\/Documents\/externwebben\/centrumbildningar-projekt\/algforvaltning\/version3\/M4_kalvvikt.pdf\" target=\"_blank\" rel=\"noopener noreferrer\">Kalvvikter<\/a><\/div> <div class=\"fivecol-one last\"><a href=\"http:\/\/www.slu.se\/Documents\/externwebben\/centrumbildningar-projekt\/algforvaltning\/version3\/M9%20Referensomraden.pdf\" target=\"_blank\" rel=\"noopener noreferrer\">Referensomr\u00e5den<\/a><\/div><div class=\"clear\"><\/div><\/p>\n<p><div class=\"fivecol-one\"><a href=\"http:\/\/www.slu.se\/Documents\/externwebben\/centrumbildningar-projekt\/algforvaltning\/version3\/M5%20Flyginventering.pdf\" target=\"_blank\" rel=\"noopener noreferrer\">Flyginventering<\/a><\/div> <div class=\"fivecol-one\"><\/div> <div class=\"fivecol-one\"><a href=\"http:\/\/www.slu.se\/Documents\/externwebben\/centrumbildningar-projekt\/algforvaltning\/version3\/M8_genetisk%20monitoring.pdf\" target=\"_blank\" rel=\"noopener noreferrer\">.<\/a><\/div> <div class=\"fivecol-one\">.<\/div> <div class=\"fivecol-one last\">.<\/div><div class=\"clear\"><\/div><\/p>\n<p><a href=\"https:\/\/krets.jagareforbundet.se\/folkarna\/files\/2013\/03\/Intyg-KassAlg.pdf\" class=\"woo-sc-button  purple\" ><span class=\"woo-\">Utskrift Intyg om kasserad \u00e4lg<\/span><\/a> <a href=\"http:\/\/www.lansstyrelsen.se\/vastmanland\/Sv\/djur-och-natur\/jakt-och-vilt\/algjakt\/Pages\/default.aspx\" class=\"woo-sc-button  purple\" ><span class=\"woo-\">\u00c4lg V\u00e4stmanlands l\u00e4n<\/span><\/a><a href=\"https:\/\/krets.jagareforbundet.se\/folkarna\/files\/2013\/04\/pm-algar-med-hudsar-20160822.pdf\" class=\"woo-sc-button  red\" ><span class=\"woo-\">PM Skadad \u00e4lg 2016<\/span><\/a><\/p>\n<p><a href=\"https:\/\/krets.jagareforbundet.se\/folkarna\/files\/2013\/03\/SD\u00c4SO-2013.pdf\" class=\"woo-sc-button  red\" ><span class=\"woo-\">Avskjutning SD\u00c4SO 2013<\/span><\/a> \u00a0R\u00f6dmarkerat omr\u00e5de i tabellen ligger inom \u00c4SO men \u00e4r licensomr\u00e5de i LST U-L\u00e4n.\u00a0<a href=\"https:\/\/krets.jagareforbundet.se\/folkarna\/files\/2013\/03\/Avskjutning-2013-14-SD\u00c4SO2.pdf\" class=\"woo-sc-button  purple\" ><span class=\"woo-\">Avskjutning SD\u00c4SO 2014<\/span><\/a> \u00a0<a href=\"https:\/\/krets.jagareforbundet.se\/folkarna\/files\/2013\/03\/algrad-2016_fagersta-moklinta3.pdf\" class=\"woo-sc-button  silver\" ><span class=\"woo-\">\u00c4lg- och Kl\u00f6viltsr\u00e5d M\u00f6klinta Fagersta FVO<\/span><\/a>\u00a0<a href=\"https:\/\/krets.jagareforbundet.se\/folkarna\/files\/2013\/03\/alg-vastmanland.pdf\" class=\"woo-sc-button  silver\" ><span class=\"woo-\">\u00c4lg i U-l\u00e4n Claes Johansson<\/span><\/a><\/p>\n<p style=\"text-align: center\"><span style=\"color: #ff0000\"><strong><a href=\"mailto:ake.f.berglund@bredband.net?subject= anm\u00e4lan ny epostadress\">Gl\u00f6m inte att rapportera \u00e4ndrade e-postadresser .<\/a><\/strong><\/span><\/p>\n<p style=\"text-align: center\">\n","protected":false},"excerpt":{"rendered":"<p>Styrelsen f\u00f6r S\u00f6der Dal\u00e4lvens \u00c4lgsk\u00f6tselomr\u00e5de. Ordf. Jonas Gustavsson, v ordf. Ulf Berglund, Sekreterare H\u00e5kan Lundin, Kass\u00f6r J\u00f6rgen Larsson, Revisor Alf Larsson och Jonny Holmberg, Rapport\u00f6r Tomas Persson. (mer \u2026)<\/p>\n","protected":false},"author":78,"featured_media":0,"parent":0,"menu_order":0,"comment_status":"open","ping_status":"open","template":"","meta":{"footnotes":""},"class_list":["post-525","page","type-page","status-publish","hentry"],"_links":{"self":[{"href":"https:\/\/krets.jagareforbundet.se\/folkarna\/wp-json\/wp\/v2\/pages\/525","targetHints":{"allow":["GET"]}}],"collection":[{"href":"https:\/\/krets.jagareforbundet.se\/folkarna\/wp-json\/wp\/v2\/pages"}],"about":[{"href":"https:\/\/krets.jagareforbundet.se\/folkarna\/wp-json\/wp\/v2\/types\/page"}],"author":[{"embeddable":true,"href":"https:\/\/krets.jagareforbundet.se\/folkarna\/wp-json\/wp\/v2\/users\/78"}],"replies":[{"embeddable":true,"href":"https:\/\/krets.jagareforbundet.se\/folkarna\/wp-json\/wp\/v2\/comments?post=525"}],"version-history":[{"count":3,"href":"https:\/\/krets.jagareforbundet.se\/folkarna\/wp-json\/wp\/v2\/pages\/525\/revisions"}],"predecessor-version":[{"id":8395,"href":"https:\/\/krets.jagareforbundet.se\/folkarna\/wp-json\/wp\/v2\/pages\/525\/revisions\/8395"}],"wp:attachment":[{"href":"https:\/\/krets.jagareforbundet.se\/folkarna\/wp-json\/wp\/v2\/media?parent=525"}],"curies":[{"name":"wp","href":"https:\/\/api.w.org\/{rel}","templated":true}]}}