{"id":5452,"date":"2015-12-09T23:02:10","date_gmt":"2015-12-09T22:02:10","guid":{"rendered":"https:\/\/krets.jagareforbundet.se\/folkarna\/?page_id=5452"},"modified":"2016-06-25T09:49:51","modified_gmt":"2016-06-25T07:49:51","slug":"motioner","status":"publish","type":"page","link":"https:\/\/krets.jagareforbundet.se\/folkarna\/medlemsfragor\/motioner\/","title":{"rendered":"Motioner"},"content":{"rendered":"<p>Allm\u00e4nna r\u00e5d och riktlinjer \u00a0[2016-06-25]<\/p>\n<p>Varje medlem tillh\u00f6rande jaktv\u00e5rdskrets har r\u00e4tt att till kretsens \u00e5rsm\u00f6te v\u00e4cka motion, dvs l\u00e4gga f\u00f6rslag. Motionen skall vara kretsstyrelsen tillhanda senast 31 december skrivna i MS Word.DOC. Efter styrelsens yttrande och krets\u00e5rsm\u00f6tets beslut skall motionen till l\u00e4nsjaktv\u00e5rdsf\u00f6rening \u00f6verl\u00e4mnas till l\u00e4nsjaktv\u00e5rdsf\u00f6reningen senast 6 mars p\u00e5f\u00f6ljande kalender\u00e5r.<\/p>\n<p>Motionens inneh\u00e5ll<\/p>\n<p>Mottagare\/adressat Motionen m\u00e5ste vara st\u00e4lld till kretsen eller l\u00e4nsjaktv\u00e5rdsf\u00f6reningen. Till vem motionen adresseras beror p\u00e5 dess karakt\u00e4r; en fr\u00e5ga av lokal karakt\u00e4r b\u00f6r st\u00e4llas till kretsen och endast behandlas d\u00e4r. Motion fr\u00e5n enskild medlem eller lokal jaktv\u00e5rdsorganisation kan inte st\u00e4llas till Svenska J\u00e4garef\u00f6rbundet, eftersom endast l\u00e4nsjaktv\u00e5rdsf\u00f6rening har motionsr\u00e4tt till f\u00f6rbundets \u00e5rsst\u00e4mma.<\/p>\n<p>\u00d6verskrift.<\/p>\n<p>Ange kort vad motionen handlar om. Sammanfattning En korrekt utf\u00f6rd bakgrundsbeskrivning kan bli ganska omfattande s\u00e5 d\u00e4rf\u00f6r b\u00f6r det \u00e4ven g\u00f6ras en sammanfattning. Bakgrund Eftersom en motion antingen har till syfte att f\u00f6r\u00e4ndra r\u00e5dande f\u00f6rh\u00e5llanden eller skapa n\u00e5got nytt, b\u00f6r bakgrundsbeskrivning ges. Denna beskrivning b\u00f6r vara s\u00e5 utt\u00f6mmande att inneh\u00e5llet kan f\u00f6rst\u00e5s \u00e4ven av en person som inte direkt \u00e4r insatt i fr\u00e5gan. Yrkande\/hemst\u00e4llan Yrkandet \u00e4r det som motion\u00e4ren \u00f6nskar uppn\u00e5. Yrkandet ska anges s\u00e5 klart och kortfattat som m\u00f6jligt. detta g\u00f6rs enklast genom en eller flera \u201datt-satser\u201d<\/p>\n<p>Underskrift<\/p>\n<p>Motionen skall ovillkorligen vara f\u00f6rsedd med motion\u00e4rens underskrift. \u00c4ven namnf\u00f6rtydligande, ort och datum, samt motion\u00e4rens adress ska anges. Motion fr\u00e5n lokal jaktv\u00e5rdsorganisation undertecknas av beh\u00f6rig f\u00f6retr\u00e4dare. Motionens hantering Det \u00e4r av yttersta vikt att motioner hanteras korrekt men samtidigt b\u00f6r de inom ramen f\u00f6r vad som \u00e4r rimligt behandlas med v\u00e4lvilja. Om motionen inneh\u00e5ller formella fel eller om inneh\u00e5llet \u00e4r oklart b\u00f6r motion\u00e4ren ges tillf\u00e4lle att \u00e5tg\u00e4rda bristerna. De stadgem\u00e4ssiga tidsramarna kan man dock inte fr\u00e5ng\u00e5. Motion\u00e4ren ska informeras om det beslut som fattats om motionen och vad som h\u00e4nder med den.<\/p>\n<p><a href=\"https:\/\/krets.jagareforbundet.se\/folkarna\/files\/2015\/12\/motionsflode.jpg\"><img loading=\"lazy\" decoding=\"async\" class=\"aligncenter size-full wp-image-5701\" src=\"https:\/\/krets.jagareforbundet.se\/folkarna\/files\/2015\/12\/motionsflode.jpg\" alt=\"Motionsfl\u00f6de\" width=\"518\" height=\"834\" srcset=\"https:\/\/krets.jagareforbundet.se\/folkarna\/files\/2015\/12\/motionsflode.jpg 518w, https:\/\/krets.jagareforbundet.se\/folkarna\/files\/2015\/12\/motionsflode-186x300.jpg 186w\" sizes=\"auto, (max-width: 518px) 100vw, 518px\" \/><\/a><\/p>\n","protected":false},"excerpt":{"rendered":"<p>Allm\u00e4nna r\u00e5d och riktlinjer \u00a0[2016-06-25] Varje medlem tillh\u00f6rande jaktv\u00e5rdskrets har r\u00e4tt att till kretsens \u00e5rsm\u00f6te v\u00e4cka motion, dvs l\u00e4gga f\u00f6rslag. Motionen skall vara kretsstyrelsen tillhanda senast 31 december skrivna i MS Word.DOC. Efter styrelsens yttrande och krets\u00e5rsm\u00f6tets beslut skall motionen till l\u00e4nsjaktv\u00e5rdsf\u00f6rening \u00f6verl\u00e4mnas till l\u00e4nsjaktv\u00e5rdsf\u00f6reningen senast 6 mars p\u00e5f\u00f6ljande kalender\u00e5r. Motionens inneh\u00e5ll Mottagare\/adressat Motionen m\u00e5ste [&hellip;]<\/p>\n","protected":false},"author":78,"featured_media":0,"parent":171,"menu_order":5,"comment_status":"closed","ping_status":"closed","template":"","meta":{"footnotes":""},"class_list":["post-5452","page","type-page","status-publish","hentry"],"_links":{"self":[{"href":"https:\/\/krets.jagareforbundet.se\/folkarna\/wp-json\/wp\/v2\/pages\/5452","targetHints":{"allow":["GET"]}}],"collection":[{"href":"https:\/\/krets.jagareforbundet.se\/folkarna\/wp-json\/wp\/v2\/pages"}],"about":[{"href":"https:\/\/krets.jagareforbundet.se\/folkarna\/wp-json\/wp\/v2\/types\/page"}],"author":[{"embeddable":true,"href":"https:\/\/krets.jagareforbundet.se\/folkarna\/wp-json\/wp\/v2\/users\/78"}],"replies":[{"embeddable":true,"href":"https:\/\/krets.jagareforbundet.se\/folkarna\/wp-json\/wp\/v2\/comments?post=5452"}],"version-history":[{"count":1,"href":"https:\/\/krets.jagareforbundet.se\/folkarna\/wp-json\/wp\/v2\/pages\/5452\/revisions"}],"predecessor-version":[{"id":5700,"href":"https:\/\/krets.jagareforbundet.se\/folkarna\/wp-json\/wp\/v2\/pages\/5452\/revisions\/5700"}],"up":[{"embeddable":true,"href":"https:\/\/krets.jagareforbundet.se\/folkarna\/wp-json\/wp\/v2\/pages\/171"}],"wp:attachment":[{"href":"https:\/\/krets.jagareforbundet.se\/folkarna\/wp-json\/wp\/v2\/media?parent=5452"}],"curies":[{"name":"wp","href":"https:\/\/api.w.org\/{rel}","templated":true}]}}