{"id":5732,"date":"2016-07-11T14:59:06","date_gmt":"2016-07-11T12:59:06","guid":{"rendered":"https:\/\/krets.jagareforbundet.se\/folkarna\/?page_id=5732"},"modified":"2016-07-11T15:05:12","modified_gmt":"2016-07-11T13:05:12","slug":"vildsvinsskytte","status":"publish","type":"page","link":"https:\/\/krets.jagareforbundet.se\/folkarna\/vildsvinsskytte\/","title":{"rendered":"Vildsvinsskytte"},"content":{"rendered":"<p>S\u00e5 fixar du skyttet till Vildsvinspasset! &#8211; Svenska J\u00e4garef\u00f6rbundet<\/p>\n<form id=\"form2\" action=\"\/skytte\/skyttenyheter\/2016\/06\/sa-fixar-du-skyttet-till-vildsvinspasset\/\" method=\"post\">\n<div id=\"pageWrap\">\n<div class=\"clearfix\" id=\"content\">\n<div id=\"fullCol\">\n<div id=\"largeCol\">\n<div class=\"content clearfix\">\n<div class=\"leftCol leftColLarge newsList\">\n<div class=\"newsItem newsItemFull newsItemLargeLast\">\n<p class=\"date\">2016-07-04<\/p>\n<div>\n<p>F\u00f6rbundets skytteansvarige Ted Lagrelius ber\u00e4ttar bland annat mer om vakjaktsskyttet fr\u00e5n jakttorn som i Vildsvinspasset inneh\u00e5ller fyra skott.<\/p>\n<p>&#8211; Det vi ska t\u00e4nka p\u00e5 n\u00e4r vi sitter i ett jakttorn \u00e4r att f\u00f6rs\u00f6ka hitta s\u00e5 m\u00e5nga st\u00f6dpunkter som m\u00f6jligt. Att vi f\u00e5r armb\u00e5garna mot kanterna, att vi f\u00e5r ett bra st\u00f6d f\u00f6r framstocken och att pipan inte ligger mot sargen, s\u00e4ger Ted Lagrelius.<\/p>\n<p>Det som g\u00f6r vakjakten sv\u00e5r \u00e4r att det kan komma ut mycket djur. Framf\u00f6r allt \u00e4r det ljuset som kan g\u00f6ra det sv\u00e5rt.<\/p>\n<p>&#8211; N\u00e4r du best\u00e4mt dig f\u00f6r vilket djur du ska skjuta, s\u00e4tt alltid fokus d\u00e4r du vill ha kulan, och f\u00f6rs\u00f6k att skjuta med en liten medveten r\u00f6relse med b\u00f6ssan s\u00e5 att man inte ligger stilla och vinglar runt mot bogen.<\/p>\n<p>Vildsvinspasset \u00e4r framtaget f\u00f6r att \u00f6ka j\u00e4garens kunskaper kring vildsvinsjakt. Passet skjuts som tre olika moment f\u00f6r att motsvara olika jaktformer. Det handlar om situationer f\u00f6rest\u00e4llande \u00e5teljakt, smygjakt\/spannm\u00e5lsjakt och avslutningsvis \u00e4r det l\u00f6pskott som liknar hundjakt eller drevjakt.<\/p>\n<p>&#8211; N\u00e4r vi jagar med hund s\u00e5 kan det vara sv\u00e5rt att f\u00e5 skottl\u00e4ge d\u00e4r vildsvinet st\u00e5r stilla, d\u00e4rf\u00f6r \u00e4r ett av skyttemomenten att skjuta p\u00e5 l\u00f6pande vildsvin, s\u00e4ger Ted.<\/p>\n<\/div>\n<\/div>\n<\/div>\n<\/div>\n<\/div>\n<\/div>\n<\/div>\n<\/div>\n<\/form>\n<p>https:\/\/youtu.be\/PR0ufM-Sx7A<\/p>\n<a href=\"https:\/\/youtu.be\/PR0ufM-Sx7A\" class=\"woo-sc-button  custom\" style=\"background:;border-color:\"><span class=\"woo-\">Titta h\u00e4r<\/span><\/a>\n","protected":false},"excerpt":{"rendered":"<p>S\u00e5 fixar du skyttet till Vildsvinspasset! &#8211; Svenska J\u00e4garef\u00f6rbundet 2016-07-04 F\u00f6rbundets skytteansvarige Ted Lagrelius ber\u00e4ttar bland annat mer om vakjaktsskyttet fr\u00e5n jakttorn som i Vildsvinspasset inneh\u00e5ller fyra skott. &#8211; Det vi ska t\u00e4nka p\u00e5 n\u00e4r vi sitter i ett jakttorn \u00e4r att f\u00f6rs\u00f6ka hitta s\u00e5 m\u00e5nga st\u00f6dpunkter som m\u00f6jligt. Att vi f\u00e5r armb\u00e5garna mot kanterna, [&hellip;]<\/p>\n","protected":false},"author":78,"featured_media":0,"parent":0,"menu_order":7,"comment_status":"closed","ping_status":"closed","template":"","meta":{"footnotes":""},"class_list":["post-5732","page","type-page","status-publish","hentry"],"_links":{"self":[{"href":"https:\/\/krets.jagareforbundet.se\/folkarna\/wp-json\/wp\/v2\/pages\/5732","targetHints":{"allow":["GET"]}}],"collection":[{"href":"https:\/\/krets.jagareforbundet.se\/folkarna\/wp-json\/wp\/v2\/pages"}],"about":[{"href":"https:\/\/krets.jagareforbundet.se\/folkarna\/wp-json\/wp\/v2\/types\/page"}],"author":[{"embeddable":true,"href":"https:\/\/krets.jagareforbundet.se\/folkarna\/wp-json\/wp\/v2\/users\/78"}],"replies":[{"embeddable":true,"href":"https:\/\/krets.jagareforbundet.se\/folkarna\/wp-json\/wp\/v2\/comments?post=5732"}],"version-history":[{"count":0,"href":"https:\/\/krets.jagareforbundet.se\/folkarna\/wp-json\/wp\/v2\/pages\/5732\/revisions"}],"wp:attachment":[{"href":"https:\/\/krets.jagareforbundet.se\/folkarna\/wp-json\/wp\/v2\/media?parent=5732"}],"curies":[{"name":"wp","href":"https:\/\/api.w.org\/{rel}","templated":true}]}}