{"id":5875,"date":"2016-10-03T12:51:20","date_gmt":"2016-10-03T10:51:20","guid":{"rendered":"https:\/\/krets.jagareforbundet.se\/folkarna\/?page_id=5875"},"modified":"2016-10-03T12:55:37","modified_gmt":"2016-10-03T10:55:37","slug":"jag-ar-jagare","status":"publish","type":"page","link":"https:\/\/krets.jagareforbundet.se\/folkarna\/medlemsfragor\/jag-ar-jagare\/","title":{"rendered":"\u201dJag \u00e4r j\u00e4gare\u201d"},"content":{"rendered":"<p>\u201dJag \u00e4r j\u00e4gare\u201d \u2013 en film om vanliga m\u00e4nniskor som jagar &#8211; Svensk Jakt\/\/<\/p>\n<div class=\"equal\" id=\"pageWrap\">\n<div class=\"clearfix\" id=\"pageWrapInner\">\n<div id=\"pageContent\">\n<div class=\"clearfix\" id=\"innerContent\">\n<form id=\"Form1\" action=\"\/jakt-prylar\/sett-last\/jag-ar-jagare--en-film-om-vanliga-manniskor-som-jagar\/\" method=\"post\">\n<div class=\"mainCol\">\n<div class=\"article\">\n<p><strong>En film om jakt, producerad av en j\u00e4gare och beteendevetare. Med ett tydligt humanistiskt budskap till alla som inte jagar.<br \/>\n\u2013 \u201dJag \u00e4r j\u00e4gare\u201d handlar om oss, om vanliga m\u00e4nniskor som jagar. Vi j\u00e4gare och alla andra naturintresserade har s\u00e5 mycket gemensamt, s\u00e5 mycket som f\u00f6renar, s\u00e4ger Helene Tivemark inf\u00f6r premi\u00e4ren av filmen. <\/strong><\/p>\n<div class=\"mobile\"><a href=\"https:\/\/youtu.be\/yK8qDvUAYxQ\" class=\"woo-sc-button  silver large\" ><span class=\"woo-\">Visa lite<\/span><\/a><\/div>\n<div>\n<p>Helene Tivemark ser numera j\u00e4gark\u00e5ren som en mycket naturintresserad och v\u00e4lutbildad grupp i samh\u00e4llet. Men den bilden har hon inte alltid haft.<br \/>\n\u2013 Det var f\u00f6rst n\u00e4r jag sj\u00e4lv fick vara med p\u00e5 jakt och vara ute i naturen med j\u00e4gare som jag ins\u00e5g hur mycket kunskap som finns, hur mycket tid som l\u00e4ggs p\u00e5 viltv\u00e5rd och hur stort intresset \u00e4r f\u00f6r djur och natur, s\u00e4ger Helene Tivemark.<br \/>\nDet \u00f6ppnade hennes \u00f6gon. Det ledde ocks\u00e5 fram till ett beslut. F\u00f6r n\u00e5gra \u00e5r sedan b\u00f6rjade Helene sj\u00e4lv jaga och det \u00e5ngrar hon inte.<br \/>\n\u2013 Bilden av j\u00e4garen \u00e4r s\u00e5 ensidig. Den st\u00e4mmer inte, och det vill jag visa i filmen, s\u00e4ger Helene Tivemark.<\/p>\n<\/div>\n<\/div>\n<\/div>\n<\/form>\n<\/div>\n<\/div>\n<\/div>\n<\/div>\n","protected":false},"excerpt":{"rendered":"<p>\u201dJag \u00e4r j\u00e4gare\u201d \u2013 en film om vanliga m\u00e4nniskor som jagar &#8211; Svensk Jakt\/\/ En film om jakt, producerad av en j\u00e4gare och beteendevetare. Med ett tydligt humanistiskt budskap till alla som inte jagar. \u2013 \u201dJag \u00e4r j\u00e4gare\u201d handlar om oss, om vanliga m\u00e4nniskor som jagar. Vi j\u00e4gare och alla andra naturintresserade har s\u00e5 mycket [&hellip;]<\/p>\n","protected":false},"author":78,"featured_media":0,"parent":171,"menu_order":0,"comment_status":"closed","ping_status":"closed","template":"","meta":{"footnotes":""},"class_list":["post-5875","page","type-page","status-publish","hentry"],"_links":{"self":[{"href":"https:\/\/krets.jagareforbundet.se\/folkarna\/wp-json\/wp\/v2\/pages\/5875","targetHints":{"allow":["GET"]}}],"collection":[{"href":"https:\/\/krets.jagareforbundet.se\/folkarna\/wp-json\/wp\/v2\/pages"}],"about":[{"href":"https:\/\/krets.jagareforbundet.se\/folkarna\/wp-json\/wp\/v2\/types\/page"}],"author":[{"embeddable":true,"href":"https:\/\/krets.jagareforbundet.se\/folkarna\/wp-json\/wp\/v2\/users\/78"}],"replies":[{"embeddable":true,"href":"https:\/\/krets.jagareforbundet.se\/folkarna\/wp-json\/wp\/v2\/comments?post=5875"}],"version-history":[{"count":0,"href":"https:\/\/krets.jagareforbundet.se\/folkarna\/wp-json\/wp\/v2\/pages\/5875\/revisions"}],"up":[{"embeddable":true,"href":"https:\/\/krets.jagareforbundet.se\/folkarna\/wp-json\/wp\/v2\/pages\/171"}],"wp:attachment":[{"href":"https:\/\/krets.jagareforbundet.se\/folkarna\/wp-json\/wp\/v2\/media?parent=5875"}],"curies":[{"name":"wp","href":"https:\/\/api.w.org\/{rel}","templated":true}]}}