{"id":5882,"date":"2016-10-07T12:23:47","date_gmt":"2016-10-07T10:23:47","guid":{"rendered":"https:\/\/krets.jagareforbundet.se\/folkarna\/?page_id=5882"},"modified":"2019-12-25T23:45:02","modified_gmt":"2019-12-25T22:45:02","slug":"viltrapportering","status":"publish","type":"page","link":"https:\/\/krets.jagareforbundet.se\/folkarna\/jaktfragor\/viltrapportering\/","title":{"rendered":"Viltrapportering"},"content":{"rendered":"<p>Nu kommer en gemensam portal f\u00f6r all rapportering av avskjutning i jaktlagen. Klicka p\u00e5 respektive l\u00e4nk nedan f\u00f6r vidare information och utbildning.<\/p>\n<ol>\n<li><a href=\"https:\/\/krets.jagareforbundet.se\/folkarna\/files\/2016\/10\/1-introduktion.pdf\">Introduktion<\/a><\/li>\n<li><a href=\"https:\/\/krets.jagareforbundet.se\/folkarna\/files\/2016\/10\/2-inloggning-i-viltdata.pdf\">Inloggning i viltdata<\/a><\/li>\n<li><a href=\"https:\/\/krets.jagareforbundet.se\/folkarna\/files\/2016\/10\/3-algforvaltningsomraden.pdf\">\u00c4lgf\u00f6rvaltningsomr\u00e5den<\/a><\/li>\n<li><a href=\"https:\/\/krets.jagareforbundet.se\/folkarna\/files\/2016\/10\/4-jaktomraden.pdf\">Jaktomr\u00e5den<\/a><\/li>\n<li><a href=\"https:\/\/krets.jagareforbundet.se\/folkarna\/files\/2016\/10\/5-jaktlag.pdf\">Jaktlag<\/a><\/li>\n<li><a href=\"https:\/\/krets.jagareforbundet.se\/folkarna\/files\/2016\/10\/6-registrera-avskjutning.pdf\">Registrera avskjutning<\/a><\/li>\n<li><a href=\"https:\/\/krets.jagareforbundet.se\/folkarna\/files\/2016\/10\/7-registrera-obs.pdf\">OBS registrering<\/a><\/li>\n<li><a href=\"https:\/\/krets.jagareforbundet.se\/folkarna\/files\/2016\/10\/8-registrera-ovrig-dodsorsak.pdf\">\u00d6vrig d\u00f6dsorsak<\/a><\/li>\n<li><a href=\"https:\/\/krets.jagareforbundet.se\/folkarna\/files\/2016\/10\/9-hantera-anvandare.pdf\">Hantera anv\u00e4ndare<\/a><\/li>\n<li><a href=\"https:\/\/krets.jagareforbundet.se\/folkarna\/files\/2016\/10\/10-kommunikation.pdf\">Kommunikation<\/a><\/li>\n<li><a href=\"https:\/\/krets.jagareforbundet.se\/folkarna\/files\/2016\/10\/11-administrera-ovrigt-vilt-rapporter.pdf\">Administration \u00d6vrigt vilt<\/a><\/li>\n<li><a href=\"https:\/\/krets.jagareforbundet.se\/folkarna\/files\/2016\/10\/12-statistik.pdf\">Statistik<\/a><\/li>\n<li><a href=\"https:\/\/krets.jagareforbundet.se\/folkarna\/files\/2016\/10\/viltdata-handledning-innehallsforteckning.pdf\">Handledning inneh\u00e5llsf\u00f6rteckning<\/a><\/li>\n<\/ol>\n<p style=\"text-align: center\">Till Viltdata klicka \u00a0<a href=\"http:\/\/www.viltdata.se\" class=\"woo-sc-button  red large\" ><span class=\"woo-\">H\u00c4R !<\/span><\/a><\/p>\n<p><iframe loading=\"lazy\" title=\"F\u00f6rel\u00e4sning om Viltdata med Jerk Sj\u00f6berg\" width=\"500\" height=\"281\" src=\"https:\/\/www.youtube.com\/embed\/Pd6C2-dNN-Y?feature=oembed\" frameborder=\"0\" allow=\"accelerometer; autoplay; clipboard-write; encrypted-media; gyroscope; picture-in-picture; web-share\" referrerpolicy=\"strict-origin-when-cross-origin\" allowfullscreen><\/iframe><\/p>\n<p style=\"text-align: center\"><a href=\"https:\/\/krets.jagareforbundet.se\/folkarna\/files\/2019\/12\/chart-31.png\"><img loading=\"lazy\" decoding=\"async\" class=\"wp-image-7267 aligncenter\" src=\"https:\/\/krets.jagareforbundet.se\/folkarna\/files\/2019\/12\/chart-31-878x1024.png\" alt=\"\" width=\"650\" height=\"758\" srcset=\"https:\/\/krets.jagareforbundet.se\/folkarna\/files\/2019\/12\/chart-31-878x1024.png 878w, https:\/\/krets.jagareforbundet.se\/folkarna\/files\/2019\/12\/chart-31-257x300.png 257w, https:\/\/krets.jagareforbundet.se\/folkarna\/files\/2019\/12\/chart-31-768x896.png 768w, https:\/\/krets.jagareforbundet.se\/folkarna\/files\/2019\/12\/chart-31-1317x1536.png 1317w, https:\/\/krets.jagareforbundet.se\/folkarna\/files\/2019\/12\/chart-31-1755x2048.png 1755w, https:\/\/krets.jagareforbundet.se\/folkarna\/files\/2019\/12\/chart-31.png 1800w\" sizes=\"auto, (max-width: 650px) 100vw, 650px\" \/><\/a><\/p>\n<p>&nbsp;<\/p>\n<p>&nbsp;<\/p>\n<p>&nbsp;<\/p>\n<p><a href=\"https:\/\/krets.jagareforbundet.se\/folkarna\/files\/2019\/12\/chart-33.png\"><img loading=\"lazy\" decoding=\"async\" class=\"wp-image-7269 aligncenter\" src=\"https:\/\/krets.jagareforbundet.se\/folkarna\/files\/2019\/12\/chart-33-878x1024.png\" alt=\"\" width=\"630\" height=\"735\" srcset=\"https:\/\/krets.jagareforbundet.se\/folkarna\/files\/2019\/12\/chart-33-878x1024.png 878w, https:\/\/krets.jagareforbundet.se\/folkarna\/files\/2019\/12\/chart-33-257x300.png 257w, https:\/\/krets.jagareforbundet.se\/folkarna\/files\/2019\/12\/chart-33-768x896.png 768w, https:\/\/krets.jagareforbundet.se\/folkarna\/files\/2019\/12\/chart-33-1317x1536.png 1317w, https:\/\/krets.jagareforbundet.se\/folkarna\/files\/2019\/12\/chart-33-1755x2048.png 1755w, https:\/\/krets.jagareforbundet.se\/folkarna\/files\/2019\/12\/chart-33.png 1800w\" sizes=\"auto, (max-width: 630px) 100vw, 630px\" \/><\/a><\/p>\n<p><a href=\"https:\/\/krets.jagareforbundet.se\/folkarna\/files\/2019\/12\/chart-34.png\"><img loading=\"lazy\" decoding=\"async\" class=\"wp-image-7270 aligncenter\" src=\"https:\/\/krets.jagareforbundet.se\/folkarna\/files\/2019\/12\/chart-34-878x1024.png\" alt=\"\" width=\"556\" height=\"648\" srcset=\"https:\/\/krets.jagareforbundet.se\/folkarna\/files\/2019\/12\/chart-34-878x1024.png 878w, https:\/\/krets.jagareforbundet.se\/folkarna\/files\/2019\/12\/chart-34-257x300.png 257w, https:\/\/krets.jagareforbundet.se\/folkarna\/files\/2019\/12\/chart-34-768x896.png 768w, https:\/\/krets.jagareforbundet.se\/folkarna\/files\/2019\/12\/chart-34-1317x1536.png 1317w, https:\/\/krets.jagareforbundet.se\/folkarna\/files\/2019\/12\/chart-34-1755x2048.png 1755w, https:\/\/krets.jagareforbundet.se\/folkarna\/files\/2019\/12\/chart-34.png 1800w\" sizes=\"auto, (max-width: 556px) 100vw, 556px\" \/><\/a><a href=\"https:\/\/krets.jagareforbundet.se\/folkarna\/files\/2019\/12\/chart-35.png\"><img loading=\"lazy\" decoding=\"async\" class=\"wp-image-7271 aligncenter\" src=\"https:\/\/krets.jagareforbundet.se\/folkarna\/files\/2019\/12\/chart-35-878x1024.png\" alt=\"\" width=\"532\" height=\"620\" srcset=\"https:\/\/krets.jagareforbundet.se\/folkarna\/files\/2019\/12\/chart-35-878x1024.png 878w, https:\/\/krets.jagareforbundet.se\/folkarna\/files\/2019\/12\/chart-35-257x300.png 257w, https:\/\/krets.jagareforbundet.se\/folkarna\/files\/2019\/12\/chart-35-768x896.png 768w, https:\/\/krets.jagareforbundet.se\/folkarna\/files\/2019\/12\/chart-35-1317x1536.png 1317w, https:\/\/krets.jagareforbundet.se\/folkarna\/files\/2019\/12\/chart-35-1755x2048.png 1755w, https:\/\/krets.jagareforbundet.se\/folkarna\/files\/2019\/12\/chart-35.png 1800w\" sizes=\"auto, (max-width: 532px) 100vw, 532px\" \/><\/a><a href=\"https:\/\/krets.jagareforbundet.se\/folkarna\/files\/2019\/12\/chart-36.png\"><img loading=\"lazy\" decoding=\"async\" class=\"wp-image-7272 aligncenter\" src=\"https:\/\/krets.jagareforbundet.se\/folkarna\/files\/2019\/12\/chart-36-878x1024.png\" alt=\"\" width=\"523\" height=\"610\" srcset=\"https:\/\/krets.jagareforbundet.se\/folkarna\/files\/2019\/12\/chart-36-878x1024.png 878w, https:\/\/krets.jagareforbundet.se\/folkarna\/files\/2019\/12\/chart-36-257x300.png 257w, https:\/\/krets.jagareforbundet.se\/folkarna\/files\/2019\/12\/chart-36-768x896.png 768w, https:\/\/krets.jagareforbundet.se\/folkarna\/files\/2019\/12\/chart-36-1317x1536.png 1317w, https:\/\/krets.jagareforbundet.se\/folkarna\/files\/2019\/12\/chart-36-1755x2048.png 1755w, https:\/\/krets.jagareforbundet.se\/folkarna\/files\/2019\/12\/chart-36.png 1800w\" sizes=\"auto, (max-width: 523px) 100vw, 523px\" \/><\/a><a href=\"https:\/\/krets.jagareforbundet.se\/folkarna\/files\/2019\/12\/chart-37.png\"><img loading=\"lazy\" decoding=\"async\" class=\"wp-image-7273 aligncenter\" src=\"https:\/\/krets.jagareforbundet.se\/folkarna\/files\/2019\/12\/chart-37-878x1024.png\" alt=\"\" width=\"515\" height=\"601\" srcset=\"https:\/\/krets.jagareforbundet.se\/folkarna\/files\/2019\/12\/chart-37-878x1024.png 878w, https:\/\/krets.jagareforbundet.se\/folkarna\/files\/2019\/12\/chart-37-257x300.png 257w, https:\/\/krets.jagareforbundet.se\/folkarna\/files\/2019\/12\/chart-37-768x896.png 768w, https:\/\/krets.jagareforbundet.se\/folkarna\/files\/2019\/12\/chart-37-1317x1536.png 1317w, https:\/\/krets.jagareforbundet.se\/folkarna\/files\/2019\/12\/chart-37-1755x2048.png 1755w, https:\/\/krets.jagareforbundet.se\/folkarna\/files\/2019\/12\/chart-37.png 1800w\" sizes=\"auto, (max-width: 515px) 100vw, 515px\" \/><\/a><a href=\"https:\/\/krets.jagareforbundet.se\/folkarna\/files\/2019\/12\/chart-38.png\"><img loading=\"lazy\" decoding=\"async\" class=\"wp-image-7274 aligncenter\" src=\"https:\/\/krets.jagareforbundet.se\/folkarna\/files\/2019\/12\/chart-38-878x1024.png\" alt=\"\" width=\"500\" height=\"583\" srcset=\"https:\/\/krets.jagareforbundet.se\/folkarna\/files\/2019\/12\/chart-38-878x1024.png 878w, https:\/\/krets.jagareforbundet.se\/folkarna\/files\/2019\/12\/chart-38-257x300.png 257w, https:\/\/krets.jagareforbundet.se\/folkarna\/files\/2019\/12\/chart-38-768x896.png 768w, https:\/\/krets.jagareforbundet.se\/folkarna\/files\/2019\/12\/chart-38-1317x1536.png 1317w, https:\/\/krets.jagareforbundet.se\/folkarna\/files\/2019\/12\/chart-38-1755x2048.png 1755w, https:\/\/krets.jagareforbundet.se\/folkarna\/files\/2019\/12\/chart-38.png 1800w\" sizes=\"auto, (max-width: 500px) 100vw, 500px\" \/><\/a><a href=\"https:\/\/krets.jagareforbundet.se\/folkarna\/files\/2019\/12\/chart-39.png\"><img loading=\"lazy\" decoding=\"async\" class=\"wp-image-7275 aligncenter\" src=\"https:\/\/krets.jagareforbundet.se\/folkarna\/files\/2019\/12\/chart-39-878x1024.png\" alt=\"\" width=\"521\" height=\"608\" srcset=\"https:\/\/krets.jagareforbundet.se\/folkarna\/files\/2019\/12\/chart-39-878x1024.png 878w, https:\/\/krets.jagareforbundet.se\/folkarna\/files\/2019\/12\/chart-39-257x300.png 257w, https:\/\/krets.jagareforbundet.se\/folkarna\/files\/2019\/12\/chart-39-768x896.png 768w, https:\/\/krets.jagareforbundet.se\/folkarna\/files\/2019\/12\/chart-39-1317x1536.png 1317w, https:\/\/krets.jagareforbundet.se\/folkarna\/files\/2019\/12\/chart-39-1755x2048.png 1755w, https:\/\/krets.jagareforbundet.se\/folkarna\/files\/2019\/12\/chart-39.png 1800w\" sizes=\"auto, (max-width: 521px) 100vw, 521px\" \/><\/a><a href=\"https:\/\/krets.jagareforbundet.se\/folkarna\/files\/2019\/12\/chart-40.png\"><img loading=\"lazy\" decoding=\"async\" class=\"wp-image-7276 aligncenter\" src=\"https:\/\/krets.jagareforbundet.se\/folkarna\/files\/2019\/12\/chart-40-878x1024.png\" alt=\"\" width=\"527\" height=\"615\" srcset=\"https:\/\/krets.jagareforbundet.se\/folkarna\/files\/2019\/12\/chart-40-878x1024.png 878w, https:\/\/krets.jagareforbundet.se\/folkarna\/files\/2019\/12\/chart-40-257x300.png 257w, https:\/\/krets.jagareforbundet.se\/folkarna\/files\/2019\/12\/chart-40-768x896.png 768w, https:\/\/krets.jagareforbundet.se\/folkarna\/files\/2019\/12\/chart-40-1317x1536.png 1317w, https:\/\/krets.jagareforbundet.se\/folkarna\/files\/2019\/12\/chart-40-1755x2048.png 1755w, https:\/\/krets.jagareforbundet.se\/folkarna\/files\/2019\/12\/chart-40.png 1800w\" sizes=\"auto, (max-width: 527px) 100vw, 527px\" \/><\/a><a href=\"https:\/\/krets.jagareforbundet.se\/folkarna\/files\/2019\/12\/chart-41.png\"><img loading=\"lazy\" decoding=\"async\" class=\"wp-image-7277 aligncenter\" src=\"https:\/\/krets.jagareforbundet.se\/folkarna\/files\/2019\/12\/chart-41-878x1024.png\" alt=\"\" width=\"533\" height=\"622\" srcset=\"https:\/\/krets.jagareforbundet.se\/folkarna\/files\/2019\/12\/chart-41-878x1024.png 878w, https:\/\/krets.jagareforbundet.se\/folkarna\/files\/2019\/12\/chart-41-257x300.png 257w, https:\/\/krets.jagareforbundet.se\/folkarna\/files\/2019\/12\/chart-41-768x896.png 768w, https:\/\/krets.jagareforbundet.se\/folkarna\/files\/2019\/12\/chart-41-1317x1536.png 1317w, https:\/\/krets.jagareforbundet.se\/folkarna\/files\/2019\/12\/chart-41-1755x2048.png 1755w, https:\/\/krets.jagareforbundet.se\/folkarna\/files\/2019\/12\/chart-41.png 1800w\" sizes=\"auto, (max-width: 533px) 100vw, 533px\" \/><\/a><a href=\"https:\/\/krets.jagareforbundet.se\/folkarna\/files\/2019\/12\/chart-42.png\"><img loading=\"lazy\" decoding=\"async\" class=\"wp-image-7278 aligncenter\" src=\"https:\/\/krets.jagareforbundet.se\/folkarna\/files\/2019\/12\/chart-42-878x1024.png\" alt=\"\" width=\"500\" height=\"583\" srcset=\"https:\/\/krets.jagareforbundet.se\/folkarna\/files\/2019\/12\/chart-42-878x1024.png 878w, https:\/\/krets.jagareforbundet.se\/folkarna\/files\/2019\/12\/chart-42-257x300.png 257w, https:\/\/krets.jagareforbundet.se\/folkarna\/files\/2019\/12\/chart-42-768x896.png 768w, https:\/\/krets.jagareforbundet.se\/folkarna\/files\/2019\/12\/chart-42-1317x1536.png 1317w, https:\/\/krets.jagareforbundet.se\/folkarna\/files\/2019\/12\/chart-42-1755x2048.png 1755w, https:\/\/krets.jagareforbundet.se\/folkarna\/files\/2019\/12\/chart-42.png 1800w\" sizes=\"auto, (max-width: 500px) 100vw, 500px\" \/><\/a><a href=\"https:\/\/krets.jagareforbundet.se\/folkarna\/files\/2019\/12\/chart-43.png\"><img loading=\"lazy\" decoding=\"async\" class=\"wp-image-7279 aligncenter\" src=\"https:\/\/krets.jagareforbundet.se\/folkarna\/files\/2019\/12\/chart-43-878x1024.png\" alt=\"\" width=\"492\" height=\"574\" srcset=\"https:\/\/krets.jagareforbundet.se\/folkarna\/files\/2019\/12\/chart-43-878x1024.png 878w, https:\/\/krets.jagareforbundet.se\/folkarna\/files\/2019\/12\/chart-43-257x300.png 257w, https:\/\/krets.jagareforbundet.se\/folkarna\/files\/2019\/12\/chart-43-768x896.png 768w, https:\/\/krets.jagareforbundet.se\/folkarna\/files\/2019\/12\/chart-43-1317x1536.png 1317w, https:\/\/krets.jagareforbundet.se\/folkarna\/files\/2019\/12\/chart-43-1755x2048.png 1755w, https:\/\/krets.jagareforbundet.se\/folkarna\/files\/2019\/12\/chart-43.png 1800w\" sizes=\"auto, (max-width: 492px) 100vw, 492px\" \/><\/a><a href=\"https:\/\/krets.jagareforbundet.se\/folkarna\/files\/2019\/12\/chart-44.png\"><img loading=\"lazy\" decoding=\"async\" class=\"wp-image-7280 aligncenter\" src=\"https:\/\/krets.jagareforbundet.se\/folkarna\/files\/2019\/12\/chart-44-878x1024.png\" alt=\"\" width=\"510\" height=\"595\" srcset=\"https:\/\/krets.jagareforbundet.se\/folkarna\/files\/2019\/12\/chart-44-878x1024.png 878w, https:\/\/krets.jagareforbundet.se\/folkarna\/files\/2019\/12\/chart-44-257x300.png 257w, https:\/\/krets.jagareforbundet.se\/folkarna\/files\/2019\/12\/chart-44-768x896.png 768w, https:\/\/krets.jagareforbundet.se\/folkarna\/files\/2019\/12\/chart-44-1317x1536.png 1317w, https:\/\/krets.jagareforbundet.se\/folkarna\/files\/2019\/12\/chart-44-1755x2048.png 1755w, https:\/\/krets.jagareforbundet.se\/folkarna\/files\/2019\/12\/chart-44.png 1800w\" sizes=\"auto, (max-width: 510px) 100vw, 510px\" \/><\/a><a href=\"https:\/\/krets.jagareforbundet.se\/folkarna\/files\/2019\/12\/chart-45.png\"><img loading=\"lazy\" decoding=\"async\" class=\"wp-image-7281 aligncenter\" src=\"https:\/\/krets.jagareforbundet.se\/folkarna\/files\/2019\/12\/chart-45-878x1024.png\" alt=\"\" width=\"536\" height=\"625\" srcset=\"https:\/\/krets.jagareforbundet.se\/folkarna\/files\/2019\/12\/chart-45-878x1024.png 878w, https:\/\/krets.jagareforbundet.se\/folkarna\/files\/2019\/12\/chart-45-257x300.png 257w, https:\/\/krets.jagareforbundet.se\/folkarna\/files\/2019\/12\/chart-45-768x896.png 768w, https:\/\/krets.jagareforbundet.se\/folkarna\/files\/2019\/12\/chart-45-1317x1536.png 1317w, https:\/\/krets.jagareforbundet.se\/folkarna\/files\/2019\/12\/chart-45-1755x2048.png 1755w, https:\/\/krets.jagareforbundet.se\/folkarna\/files\/2019\/12\/chart-45.png 1800w\" sizes=\"auto, (max-width: 536px) 100vw, 536px\" \/><\/a><a href=\"https:\/\/krets.jagareforbundet.se\/folkarna\/files\/2019\/12\/chart-46.png\"><img loading=\"lazy\" decoding=\"async\" class=\"wp-image-7282 aligncenter\" src=\"https:\/\/krets.jagareforbundet.se\/folkarna\/files\/2019\/12\/chart-46-878x1024.png\" alt=\"\" width=\"526\" height=\"613\" srcset=\"https:\/\/krets.jagareforbundet.se\/folkarna\/files\/2019\/12\/chart-46-878x1024.png 878w, https:\/\/krets.jagareforbundet.se\/folkarna\/files\/2019\/12\/chart-46-257x300.png 257w, https:\/\/krets.jagareforbundet.se\/folkarna\/files\/2019\/12\/chart-46-768x896.png 768w, https:\/\/krets.jagareforbundet.se\/folkarna\/files\/2019\/12\/chart-46-1317x1536.png 1317w, https:\/\/krets.jagareforbundet.se\/folkarna\/files\/2019\/12\/chart-46-1755x2048.png 1755w, https:\/\/krets.jagareforbundet.se\/folkarna\/files\/2019\/12\/chart-46.png 1800w\" sizes=\"auto, (max-width: 526px) 100vw, 526px\" \/><\/a><a href=\"https:\/\/krets.jagareforbundet.se\/folkarna\/files\/2019\/12\/chart-47.png\"><img loading=\"lazy\" decoding=\"async\" class=\"wp-image-7283 aligncenter\" src=\"https:\/\/krets.jagareforbundet.se\/folkarna\/files\/2019\/12\/chart-47-878x1024.png\" alt=\"\" width=\"495\" height=\"577\" srcset=\"https:\/\/krets.jagareforbundet.se\/folkarna\/files\/2019\/12\/chart-47-878x1024.png 878w, https:\/\/krets.jagareforbundet.se\/folkarna\/files\/2019\/12\/chart-47-257x300.png 257w, https:\/\/krets.jagareforbundet.se\/folkarna\/files\/2019\/12\/chart-47-768x896.png 768w, https:\/\/krets.jagareforbundet.se\/folkarna\/files\/2019\/12\/chart-47-1317x1536.png 1317w, https:\/\/krets.jagareforbundet.se\/folkarna\/files\/2019\/12\/chart-47-1755x2048.png 1755w, https:\/\/krets.jagareforbundet.se\/folkarna\/files\/2019\/12\/chart-47.png 1800w\" sizes=\"auto, (max-width: 495px) 100vw, 495px\" \/><\/a><a href=\"https:\/\/krets.jagareforbundet.se\/folkarna\/files\/2019\/12\/chart-48.png\"><img loading=\"lazy\" decoding=\"async\" class=\"wp-image-7284 aligncenter\" src=\"https:\/\/krets.jagareforbundet.se\/folkarna\/files\/2019\/12\/chart-48-878x1024.png\" alt=\"\" width=\"520\" height=\"606\" srcset=\"https:\/\/krets.jagareforbundet.se\/folkarna\/files\/2019\/12\/chart-48-878x1024.png 878w, https:\/\/krets.jagareforbundet.se\/folkarna\/files\/2019\/12\/chart-48-257x300.png 257w, https:\/\/krets.jagareforbundet.se\/folkarna\/files\/2019\/12\/chart-48-768x896.png 768w, https:\/\/krets.jagareforbundet.se\/folkarna\/files\/2019\/12\/chart-48-1317x1536.png 1317w, https:\/\/krets.jagareforbundet.se\/folkarna\/files\/2019\/12\/chart-48-1755x2048.png 1755w, https:\/\/krets.jagareforbundet.se\/folkarna\/files\/2019\/12\/chart-48.png 1800w\" sizes=\"auto, (max-width: 520px) 100vw, 520px\" \/><\/a><a href=\"https:\/\/krets.jagareforbundet.se\/folkarna\/files\/2019\/12\/chart-49.png\"><img loading=\"lazy\" decoding=\"async\" class=\"wp-image-7285 aligncenter\" src=\"https:\/\/krets.jagareforbundet.se\/folkarna\/files\/2019\/12\/chart-49-878x1024.png\" alt=\"\" width=\"512\" height=\"597\" srcset=\"https:\/\/krets.jagareforbundet.se\/folkarna\/files\/2019\/12\/chart-49-878x1024.png 878w, https:\/\/krets.jagareforbundet.se\/folkarna\/files\/2019\/12\/chart-49-257x300.png 257w, https:\/\/krets.jagareforbundet.se\/folkarna\/files\/2019\/12\/chart-49-768x896.png 768w, https:\/\/krets.jagareforbundet.se\/folkarna\/files\/2019\/12\/chart-49-1317x1536.png 1317w, https:\/\/krets.jagareforbundet.se\/folkarna\/files\/2019\/12\/chart-49-1755x2048.png 1755w, https:\/\/krets.jagareforbundet.se\/folkarna\/files\/2019\/12\/chart-49.png 1800w\" sizes=\"auto, (max-width: 512px) 100vw, 512px\" \/><\/a><a href=\"https:\/\/krets.jagareforbundet.se\/folkarna\/files\/2019\/12\/chart-50.png\"><img loading=\"lazy\" decoding=\"async\" class=\"wp-image-7286 aligncenter\" src=\"https:\/\/krets.jagareforbundet.se\/folkarna\/files\/2019\/12\/chart-50-878x1024.png\" alt=\"\" width=\"495\" height=\"577\" srcset=\"https:\/\/krets.jagareforbundet.se\/folkarna\/files\/2019\/12\/chart-50-878x1024.png 878w, https:\/\/krets.jagareforbundet.se\/folkarna\/files\/2019\/12\/chart-50-257x300.png 257w, https:\/\/krets.jagareforbundet.se\/folkarna\/files\/2019\/12\/chart-50-768x896.png 768w, https:\/\/krets.jagareforbundet.se\/folkarna\/files\/2019\/12\/chart-50-1317x1536.png 1317w, https:\/\/krets.jagareforbundet.se\/folkarna\/files\/2019\/12\/chart-50-1755x2048.png 1755w, https:\/\/krets.jagareforbundet.se\/folkarna\/files\/2019\/12\/chart-50.png 1800w\" sizes=\"auto, (max-width: 495px) 100vw, 495px\" \/><\/a><a href=\"https:\/\/krets.jagareforbundet.se\/folkarna\/files\/2019\/12\/chart-32.png\"><img loading=\"lazy\" decoding=\"async\" class=\"wp-image-7268 aligncenter\" src=\"https:\/\/krets.jagareforbundet.se\/folkarna\/files\/2019\/12\/chart-32-878x1024.png\" alt=\"\" width=\"467\" height=\"545\" srcset=\"https:\/\/krets.jagareforbundet.se\/folkarna\/files\/2019\/12\/chart-32-878x1024.png 878w, https:\/\/krets.jagareforbundet.se\/folkarna\/files\/2019\/12\/chart-32-257x300.png 257w, https:\/\/krets.jagareforbundet.se\/folkarna\/files\/2019\/12\/chart-32-768x896.png 768w, https:\/\/krets.jagareforbundet.se\/folkarna\/files\/2019\/12\/chart-32-1317x1536.png 1317w, https:\/\/krets.jagareforbundet.se\/folkarna\/files\/2019\/12\/chart-32-1755x2048.png 1755w, https:\/\/krets.jagareforbundet.se\/folkarna\/files\/2019\/12\/chart-32.png 1800w\" sizes=\"auto, (max-width: 467px) 100vw, 467px\" \/><\/a><\/p>\n","protected":false},"excerpt":{"rendered":"<p>Nu kommer en gemensam portal f\u00f6r all rapportering av avskjutning i jaktlagen. Klicka p\u00e5 respektive l\u00e4nk nedan f\u00f6r vidare information och utbildning. Introduktion Inloggning i viltdata \u00c4lgf\u00f6rvaltningsomr\u00e5den Jaktomr\u00e5den Jaktlag Registrera avskjutning OBS registrering \u00d6vrig d\u00f6dsorsak Hantera anv\u00e4ndare Kommunikation Administration \u00d6vrigt vilt Statistik Handledning inneh\u00e5llsf\u00f6rteckning Till Viltdata klicka \u00a0 &nbsp; &nbsp; &nbsp;<\/p>\n","protected":false},"author":78,"featured_media":0,"parent":1705,"menu_order":1,"comment_status":"closed","ping_status":"closed","template":"","meta":{"footnotes":""},"class_list":["post-5882","page","type-page","status-publish","hentry"],"_links":{"self":[{"href":"https:\/\/krets.jagareforbundet.se\/folkarna\/wp-json\/wp\/v2\/pages\/5882","targetHints":{"allow":["GET"]}}],"collection":[{"href":"https:\/\/krets.jagareforbundet.se\/folkarna\/wp-json\/wp\/v2\/pages"}],"about":[{"href":"https:\/\/krets.jagareforbundet.se\/folkarna\/wp-json\/wp\/v2\/types\/page"}],"author":[{"embeddable":true,"href":"https:\/\/krets.jagareforbundet.se\/folkarna\/wp-json\/wp\/v2\/users\/78"}],"replies":[{"embeddable":true,"href":"https:\/\/krets.jagareforbundet.se\/folkarna\/wp-json\/wp\/v2\/comments?post=5882"}],"version-history":[{"count":2,"href":"https:\/\/krets.jagareforbundet.se\/folkarna\/wp-json\/wp\/v2\/pages\/5882\/revisions"}],"predecessor-version":[{"id":7287,"href":"https:\/\/krets.jagareforbundet.se\/folkarna\/wp-json\/wp\/v2\/pages\/5882\/revisions\/7287"}],"up":[{"embeddable":true,"href":"https:\/\/krets.jagareforbundet.se\/folkarna\/wp-json\/wp\/v2\/pages\/1705"}],"wp:attachment":[{"href":"https:\/\/krets.jagareforbundet.se\/folkarna\/wp-json\/wp\/v2\/media?parent=5882"}],"curies":[{"name":"wp","href":"https:\/\/api.w.org\/{rel}","templated":true}]}}