{"id":5941,"date":"2016-10-28T20:45:44","date_gmt":"2016-10-28T18:45:44","guid":{"rendered":"https:\/\/krets.jagareforbundet.se\/folkarna\/?page_id=5941"},"modified":"2016-10-28T20:47:08","modified_gmt":"2016-10-28T18:47:08","slug":"jaktens-varde","status":"publish","type":"page","link":"https:\/\/krets.jagareforbundet.se\/folkarna\/medlemsfragor\/jaktens-varde\/","title":{"rendered":"Jaktens v\u00e4rde"},"content":{"rendered":"<p>Jakten i europa \u00e4r v\u00e4rd\u00a0160 miljarder kronor<br \/>\nEuropas sju miljoner j\u00e4gare\u00a0spenderar 16 miljarder euro\u00a0(160 miljarder kronor) \u00e5rligen\u00a0p\u00e5 licenser, arrenden, vapen,<br \/>\nammunition, annan utrustning\u00a0och resor.<\/p>\n<p>Det f\u00f6rklarade FACE,\u00a0den europeiska federationen f\u00f6r\u00a0j\u00e4garorganisationer,\u00a0vid en konferens\u00a0i Europaparlamentet 2016<\/p>\n<p>Parlamentsledamot Karl-Heinz\u00a0Florenz kommenterade:<br \/>\n\u2013 Jakt \u00e4r en viktig\u00a0drivkraft f\u00f6r landsbygdens\u00a0och l\u00e4ndernas ekonomier\u00a0i hela Europa.<br \/>\nDet \u00e4r viktigare \u00e4n n\u00e5gonsin\u00a0att fastsl\u00e5 detta, s\u00e4rskilt\u00a0med bakgrund av\u00a0hur Europas landsbygd\u00a0f\u00f6r\u00e4ndras.<br \/>\nFACE:s ordf\u00f6rande Michl Ebner\u00a0menade att jaktens v\u00e4rde,\u00a0med b\u00e4ttre m\u00e4tmetoder, kanske\u00a0motsvarar ett dubbelt s\u00e5 h\u00f6gt\u00a0v\u00e4rde \u00e4n 16 miljarder euro.<br \/>\n\u2013 Jaktens v\u00e4rde kan inte\u00a0bara m\u00e4tas i pengar.\u00a0J\u00e4garna bidrar \u00e4ven med\u00a0ideellt arbete f\u00f6r att\u00a0skydda och f\u00f6rvalta arter\u00a0och naturomr\u00e5den, ger\u00a0arbetstillf\u00e4llen, \u00f6kar den\u00a0sociala samh\u00f6righeten,\u00a0kulturella identiteten\u00a0och traditionerna p\u00e5\u00a0landsbygden.<br \/>\nSvensk Jakt<\/p>\n","protected":false},"excerpt":{"rendered":"<p>Jakten i europa \u00e4r v\u00e4rd\u00a0160 miljarder kronor Europas sju miljoner j\u00e4gare\u00a0spenderar 16 miljarder euro\u00a0(160 miljarder kronor) \u00e5rligen\u00a0p\u00e5 licenser, arrenden, vapen, ammunition, annan utrustning\u00a0och resor. Det f\u00f6rklarade FACE,\u00a0den europeiska federationen f\u00f6r\u00a0j\u00e4garorganisationer,\u00a0vid en konferens\u00a0i Europaparlamentet 2016 Parlamentsledamot Karl-Heinz\u00a0Florenz kommenterade: \u2013 Jakt \u00e4r en viktig\u00a0drivkraft f\u00f6r landsbygdens\u00a0och l\u00e4ndernas ekonomier\u00a0i hela Europa. Det \u00e4r viktigare \u00e4n n\u00e5gonsin\u00a0att fastsl\u00e5 detta, [&hellip;]<\/p>\n","protected":false},"author":78,"featured_media":0,"parent":171,"menu_order":9,"comment_status":"closed","ping_status":"closed","template":"","meta":{"footnotes":""},"class_list":["post-5941","page","type-page","status-publish","hentry"],"_links":{"self":[{"href":"https:\/\/krets.jagareforbundet.se\/folkarna\/wp-json\/wp\/v2\/pages\/5941","targetHints":{"allow":["GET"]}}],"collection":[{"href":"https:\/\/krets.jagareforbundet.se\/folkarna\/wp-json\/wp\/v2\/pages"}],"about":[{"href":"https:\/\/krets.jagareforbundet.se\/folkarna\/wp-json\/wp\/v2\/types\/page"}],"author":[{"embeddable":true,"href":"https:\/\/krets.jagareforbundet.se\/folkarna\/wp-json\/wp\/v2\/users\/78"}],"replies":[{"embeddable":true,"href":"https:\/\/krets.jagareforbundet.se\/folkarna\/wp-json\/wp\/v2\/comments?post=5941"}],"version-history":[{"count":0,"href":"https:\/\/krets.jagareforbundet.se\/folkarna\/wp-json\/wp\/v2\/pages\/5941\/revisions"}],"up":[{"embeddable":true,"href":"https:\/\/krets.jagareforbundet.se\/folkarna\/wp-json\/wp\/v2\/pages\/171"}],"wp:attachment":[{"href":"https:\/\/krets.jagareforbundet.se\/folkarna\/wp-json\/wp\/v2\/media?parent=5941"}],"curies":[{"name":"wp","href":"https:\/\/api.w.org\/{rel}","templated":true}]}}