{"id":6233,"date":"2017-08-01T10:19:33","date_gmt":"2017-08-01T08:19:33","guid":{"rendered":"https:\/\/krets.jagareforbundet.se\/folkarna\/?page_id=6233"},"modified":"2020-08-21T14:05:23","modified_gmt":"2020-08-21T12:05:23","slug":"bjornjakt-2017","status":"publish","type":"page","link":"https:\/\/krets.jagareforbundet.se\/folkarna\/bjorn\/bjornjakt-2017\/","title":{"rendered":"Bj\u00f6rnjakt 2020"},"content":{"rendered":"<p>Inf\u00f6r jakten startades 1919 en organisation av de flesta kloka jaktlagen i G\u00c4SO (utom \u00f6ster om RV 68)<\/p>\n<p>\u00c4ven om bj\u00f6rnpopulationen \u00e4r liten s\u00e5 syns en viss \u00e5rlig \u00f6kning, FJVK finner d\u00e4rf\u00f6r att en viss beredskap \u00e4r n\u00f6dv\u00e4ndig om observationer visar p\u00e5 att jakt kan ske , samt om skadad bj\u00f6rn kommer in i omr\u00e5det.<\/p>\n<p>Bildobservationer visar p\u00e5 en \u00f6kande population i G\u00c4SO, d\u00e4rf\u00f6r kommer en beredskap att samordnas i G\u00c4SO bland de som kan n\u00e5 en samlingsplats p\u00e5 kortast m\u00f6jliga tid, kontakta ditt jaktlags rovdjursjaktledare f\u00f6r information.<\/p>\n<p style=\"text-align: center\"><a href=\"https:\/\/krets.jagareforbundet.se\/folkarna\/files\/2020\/08\/PM-Bj\u00f6rnjakt-2020.pdf\" class=\"woo-sc-button  red large\" ><span class=\"woo-\">PM Bj\u00f6rnjakt<\/span><\/a><\/p>\n<p style=\"text-align: center\"><a href=\"https:\/\/krets.jagareforbundet.se\/folkarna\/files\/2018\/06\/omradeskarta.jpg\"><a href=\"https:\/\/krets.jagareforbundet.se\/folkarna\/files\/2020\/08\/Bj\u00f6rnjakt-2020-SVVO.pdf\" class=\"woo-sc-button  silver large\" ><span class=\"woo-\">Karta Bj\u00f6rnjakt 2020<\/span><\/a><br \/>\n<img loading=\"lazy\" decoding=\"async\" class=\"aligncenter wp-image-6635\" src=\"https:\/\/krets.jagareforbundet.se\/folkarna\/files\/2018\/06\/omradeskarta.jpg\" alt=\"\" width=\"462\" height=\"548\" srcset=\"https:\/\/krets.jagareforbundet.se\/folkarna\/files\/2018\/06\/omradeskarta.jpg 848w, https:\/\/krets.jagareforbundet.se\/folkarna\/files\/2018\/06\/omradeskarta-253x300.jpg 253w, https:\/\/krets.jagareforbundet.se\/folkarna\/files\/2018\/06\/omradeskarta-768x911.jpg 768w\" sizes=\"auto, (max-width: 462px) 100vw, 462px\" \/><\/a><\/p>\n","protected":false},"excerpt":{"rendered":"<p>Inf\u00f6r jakten startades 1919 en organisation av de flesta kloka jaktlagen i G\u00c4SO (utom \u00f6ster om RV 68) \u00c4ven om bj\u00f6rnpopulationen \u00e4r liten s\u00e5 syns en viss \u00e5rlig \u00f6kning, FJVK finner d\u00e4rf\u00f6r att en viss beredskap \u00e4r n\u00f6dv\u00e4ndig om observationer visar p\u00e5 att jakt kan ske , samt om skadad bj\u00f6rn kommer in i omr\u00e5det. [&hellip;]<\/p>\n","protected":false},"author":78,"featured_media":0,"parent":1171,"menu_order":2,"comment_status":"closed","ping_status":"closed","template":"","meta":{"footnotes":""},"class_list":["post-6233","page","type-page","status-publish","hentry"],"_links":{"self":[{"href":"https:\/\/krets.jagareforbundet.se\/folkarna\/wp-json\/wp\/v2\/pages\/6233","targetHints":{"allow":["GET"]}}],"collection":[{"href":"https:\/\/krets.jagareforbundet.se\/folkarna\/wp-json\/wp\/v2\/pages"}],"about":[{"href":"https:\/\/krets.jagareforbundet.se\/folkarna\/wp-json\/wp\/v2\/types\/page"}],"author":[{"embeddable":true,"href":"https:\/\/krets.jagareforbundet.se\/folkarna\/wp-json\/wp\/v2\/users\/78"}],"replies":[{"embeddable":true,"href":"https:\/\/krets.jagareforbundet.se\/folkarna\/wp-json\/wp\/v2\/comments?post=6233"}],"version-history":[{"count":3,"href":"https:\/\/krets.jagareforbundet.se\/folkarna\/wp-json\/wp\/v2\/pages\/6233\/revisions"}],"predecessor-version":[{"id":7457,"href":"https:\/\/krets.jagareforbundet.se\/folkarna\/wp-json\/wp\/v2\/pages\/6233\/revisions\/7457"}],"up":[{"embeddable":true,"href":"https:\/\/krets.jagareforbundet.se\/folkarna\/wp-json\/wp\/v2\/pages\/1171"}],"wp:attachment":[{"href":"https:\/\/krets.jagareforbundet.se\/folkarna\/wp-json\/wp\/v2\/media?parent=6233"}],"curies":[{"name":"wp","href":"https:\/\/api.w.org\/{rel}","templated":true}]}}