{"id":6874,"date":"2019-02-28T12:27:38","date_gmt":"2019-02-28T11:27:38","guid":{"rendered":"https:\/\/krets.jagareforbundet.se\/folkarna\/?page_id=6874"},"modified":"2019-02-28T12:27:38","modified_gmt":"2019-02-28T11:27:38","slug":"viltolyckor-2018-avesta","status":"publish","type":"page","link":"https:\/\/krets.jagareforbundet.se\/folkarna\/viltolyckor-2018-avesta\/","title":{"rendered":"Viltolyckor 2018 Avesta"},"content":{"rendered":"<table width=\"437\">\n<tbody>\n<tr>\n<td width=\"369\">Antal olyckor <strong>R\u00e5djur<\/strong> Avesta Kommun 2018<\/td>\n<td width=\"68\">159\u00a0 st.<\/td>\n<\/tr>\n<tr>\n<td width=\"369\">Uppklarandeprocent<\/td>\n<td width=\"68\">86\u00a0%<\/td>\n<\/tr>\n<tr>\n<td width=\"369\">Andel olycksplatser ej p\u00e5tr\u00e4ffat<\/td>\n<td width=\"68\">7\u00a0%<\/td>\n<\/tr>\n<tr>\n<td width=\"369\">Andel avlivat<\/td>\n<td width=\"68\">14\u00a0%<\/td>\n<\/tr>\n<tr>\n<td width=\"369\">Andel efters\u00f6k<\/td>\n<td width=\"68\">24\u00a0%<\/td>\n<\/tr>\n<tr>\n<td width=\"369\">Andel d\u00f6tt p\u00e5 olycksplatsen<\/td>\n<td width=\"68\">49\u00a0%<\/td>\n<\/tr>\n<tr>\n<td width=\"369\">Andel bed\u00f6ms oskadat<\/td>\n<td width=\"68\">15\u00a0%<\/td>\n<\/tr>\n<tr>\n<td width=\"369\">Andel bed\u00f6ms skadat ej p\u00e5tr\u00e4ffat<\/td>\n<td width=\"68\">3\u00a0%<\/td>\n<\/tr>\n<tr>\n<td width=\"369\">Andel ej p\u00e5tr\u00e4ffat<\/td>\n<td width=\"68\">5\u00a0%<\/td>\n<\/tr>\n<tr>\n<td width=\"369\">Andel markeringsremsa<\/td>\n<td width=\"68\">19\u00a0%<\/td>\n<\/tr>\n<tr>\n<td width=\"369\">Andel \u00f6vrig markering<\/td>\n<td width=\"68\">60\u00a0%<\/td>\n<\/tr>\n<tr>\n<td width=\"369\">Andel sl\u00e4ppt l\u00f6shund<\/td>\n<td width=\"68\">16\u00a0%<\/td>\n<\/tr>\n<tr>\n<td width=\"369\">Andel polisbeslut efters\u00f6k<\/td>\n<td width=\"68\">25\u00a0%<\/td>\n<\/tr>\n<tr>\n<td width=\"369\">Andel polisbeslut platsbes\u00f6k<\/td>\n<td width=\"68\">64\u00a0%<\/td>\n<\/tr>\n<tr>\n<td width=\"369\">Andel kontaktpersonsbeslut efters\u00f6k<\/td>\n<td width=\"68\">3\u00a0%<\/td>\n<\/tr>\n<\/tbody>\n<\/table>\n<table width=\"437\">\n<tbody>\n<tr>\n<td width=\"369\">Antal olyckor med <strong>\u00c4lg<\/strong> Avesta kommun 2018<\/td>\n<td width=\"68\">19\u00a0 st.<\/td>\n<\/tr>\n<tr>\n<td width=\"369\">Uppklarandeprocent<\/td>\n<td width=\"68\">74\u00a0%<\/td>\n<\/tr>\n<tr>\n<td width=\"369\">Andel olycksplatser ej p\u00e5tr\u00e4ffat<\/td>\n<td width=\"68\">5\u00a0%<\/td>\n<\/tr>\n<tr>\n<td width=\"369\">Andel avlivat<\/td>\n<td width=\"68\">26\u00a0%<\/td>\n<\/tr>\n<tr>\n<td width=\"369\">Andel efters\u00f6k<\/td>\n<td width=\"68\">42\u00a0%<\/td>\n<\/tr>\n<tr>\n<td width=\"369\">Andel d\u00f6tt p\u00e5 olycksplatsen<\/td>\n<td width=\"68\">21\u00a0%<\/td>\n<\/tr>\n<tr>\n<td width=\"369\">Andel bed\u00f6ms oskadat<\/td>\n<td width=\"68\">16\u00a0%<\/td>\n<\/tr>\n<tr>\n<td width=\"369\">Andel bed\u00f6ms skadat ej p\u00e5tr\u00e4ffat<\/td>\n<td width=\"68\">11\u00a0%<\/td>\n<\/tr>\n<tr>\n<td width=\"369\">Andel ej p\u00e5tr\u00e4ffat<\/td>\n<td width=\"68\">11\u00a0%<\/td>\n<\/tr>\n<tr>\n<td width=\"369\">Andel markeringsremsa<\/td>\n<td width=\"68\">21\u00a0%<\/td>\n<\/tr>\n<tr>\n<td width=\"369\">Andel \u00f6vrig markering<\/td>\n<td width=\"68\">63\u00a0%<\/td>\n<\/tr>\n<tr>\n<td width=\"369\">Andel sl\u00e4ppt l\u00f6shund<\/td>\n<td width=\"68\">25\u00a0%<\/td>\n<\/tr>\n<tr>\n<td width=\"369\">Andel polisbeslut efters\u00f6k<\/td>\n<td width=\"68\">47\u00a0%<\/td>\n<\/tr>\n<tr>\n<td width=\"369\">Andel polisbeslut platsbes\u00f6k<\/td>\n<td width=\"68\">26\u00a0%<\/td>\n<\/tr>\n<tr>\n<td width=\"369\">Andel kontaktpersonsbeslut efters\u00f6k<\/td>\n<td width=\"68\">11\u00a0%<\/td>\n<\/tr>\n<\/tbody>\n<\/table>\n<table width=\"437\">\n<tbody>\n<tr>\n<td width=\"369\">Antal olyckor med <strong>Vildsvin<\/strong> Avesta 2018<\/td>\n<td width=\"68\">3\u00a0 st.<\/td>\n<\/tr>\n<tr>\n<td width=\"369\">Uppklarandeprocent<\/td>\n<td width=\"68\">67\u00a0%<\/td>\n<\/tr>\n<tr>\n<td width=\"369\">Andel olycksplatser ej p\u00e5tr\u00e4ffat<\/td>\n<td width=\"68\">0\u00a0%<\/td>\n<\/tr>\n<tr>\n<td width=\"369\">Andel avlivat<\/td>\n<td width=\"68\">0\u00a0%<\/td>\n<\/tr>\n<tr>\n<td width=\"369\">Andel efters\u00f6k<\/td>\n<td width=\"68\">33\u00a0%<\/td>\n<\/tr>\n<tr>\n<td width=\"369\">Andel d\u00f6tt p\u00e5 olycksplatsen<\/td>\n<td width=\"68\">33\u00a0%<\/td>\n<\/tr>\n<tr>\n<td width=\"369\">Andel bed\u00f6ms oskadat<\/td>\n<td width=\"68\">0\u00a0%<\/td>\n<\/tr>\n<tr>\n<td width=\"369\">Andel bed\u00f6ms skadat ej p\u00e5tr\u00e4ffat<\/td>\n<td width=\"68\">0\u00a0%<\/td>\n<\/tr>\n<tr>\n<td width=\"369\">Andel ej p\u00e5tr\u00e4ffat<\/td>\n<td width=\"68\">33\u00a0%<\/td>\n<\/tr>\n<tr>\n<td width=\"369\">Andel markeringsremsa<\/td>\n<td width=\"68\">0\u00a0%<\/td>\n<\/tr>\n<tr>\n<td width=\"369\">Andel \u00f6vrig markering<\/td>\n<td width=\"68\">67\u00a0%<\/td>\n<\/tr>\n<tr>\n<td width=\"369\">Andel sl\u00e4ppt l\u00f6shund<\/td>\n<td width=\"68\">0\u00a0%<\/td>\n<\/tr>\n<tr>\n<td width=\"369\">Andel polisbeslut efters\u00f6k<\/td>\n<td width=\"68\">33\u00a0%<\/td>\n<\/tr>\n<tr>\n<td width=\"369\">Andel polisbeslut platsbes\u00f6k<\/td>\n<td width=\"68\">67\u00a0%<\/td>\n<\/tr>\n<tr>\n<td width=\"369\">Andel kontaktpersonsbeslut efters\u00f6k<\/td>\n<td width=\"68\">0\u00a0%<\/td>\n<\/tr>\n<\/tbody>\n<\/table>\n","protected":false},"excerpt":{"rendered":"<p>Antal olyckor R\u00e5djur Avesta Kommun 2018 159\u00a0 st. Uppklarandeprocent 86\u00a0% Andel olycksplatser ej p\u00e5tr\u00e4ffat 7\u00a0% Andel avlivat 14\u00a0% Andel efters\u00f6k 24\u00a0% Andel d\u00f6tt p\u00e5 olycksplatsen 49\u00a0% Andel bed\u00f6ms oskadat 15\u00a0% Andel bed\u00f6ms skadat ej p\u00e5tr\u00e4ffat 3\u00a0% Andel ej p\u00e5tr\u00e4ffat 5\u00a0% Andel markeringsremsa 19\u00a0% Andel \u00f6vrig markering 60\u00a0% Andel sl\u00e4ppt l\u00f6shund 16\u00a0% Andel polisbeslut efters\u00f6k 25\u00a0% [&hellip;]<\/p>\n","protected":false},"author":78,"featured_media":0,"parent":0,"menu_order":1,"comment_status":"closed","ping_status":"closed","template":"","meta":{"footnotes":""},"class_list":["post-6874","page","type-page","status-publish","hentry"],"_links":{"self":[{"href":"https:\/\/krets.jagareforbundet.se\/folkarna\/wp-json\/wp\/v2\/pages\/6874","targetHints":{"allow":["GET"]}}],"collection":[{"href":"https:\/\/krets.jagareforbundet.se\/folkarna\/wp-json\/wp\/v2\/pages"}],"about":[{"href":"https:\/\/krets.jagareforbundet.se\/folkarna\/wp-json\/wp\/v2\/types\/page"}],"author":[{"embeddable":true,"href":"https:\/\/krets.jagareforbundet.se\/folkarna\/wp-json\/wp\/v2\/users\/78"}],"replies":[{"embeddable":true,"href":"https:\/\/krets.jagareforbundet.se\/folkarna\/wp-json\/wp\/v2\/comments?post=6874"}],"version-history":[{"count":0,"href":"https:\/\/krets.jagareforbundet.se\/folkarna\/wp-json\/wp\/v2\/pages\/6874\/revisions"}],"wp:attachment":[{"href":"https:\/\/krets.jagareforbundet.se\/folkarna\/wp-json\/wp\/v2\/media?parent=6874"}],"curies":[{"name":"wp","href":"https:\/\/api.w.org\/{rel}","templated":true}]}}