{"id":6896,"date":"2019-03-23T13:59:52","date_gmt":"2019-03-23T12:59:52","guid":{"rendered":"https:\/\/krets.jagareforbundet.se\/folkarna\/?page_id=6896"},"modified":"2019-09-07T14:06:24","modified_gmt":"2019-09-07T12:06:24","slug":"viltkamera","status":"publish","type":"page","link":"https:\/\/krets.jagareforbundet.se\/folkarna\/jaktfragor\/viltkamera\/","title":{"rendered":"Viltkamera"},"content":{"rendered":"<p>Burrel vilt\/\u00f6vervakningskamera f\u00e4rdiginstallerad och klar! Bekymmersfritt bara att sl\u00e5 p\u00e5 ON s\u00e5 fungerar det.<br \/>\nTrampet Hund&amp;Jakt Frigger\u00e5ker, Trampet\u00a0 SE-52194 Falk\u00f6ping.\u00a0 mobnr:+46 0706413214<\/p>\n<p><a href=\"http:\/\/www.trampet.se\">www.trampet.se<\/a><br \/>\n<a href=\"mailto:info@trampet.se\">info@trampet.se<\/a><\/p>\n<p>N\u00e4r nu viltkameror \u00e4r godk\u00e4nda att anv\u00e4nda g\u00e4ller nu endast att omr\u00e5det \u00e4r utm\u00e4rkt med Skylt 1 och Skylt 2. D\u00e5 \u00e4r foto tagna med viltkamera, med datum och tid godk\u00e4nda som bevis f\u00f6r rovdjur.<\/p>\n<hr \/>\n<p>J\u00e4garna har via SJF p\u00e5verkat den lag\u00e4ndring som gjorde det m\u00f6jligt att anv\u00e4nda viltkameror utan att den registreras hos myndigheterna. Med detta f\u00f6ljde en del krav som t.ex. att platsen skall skyltas s\u00e5 ingen ofrivilligt skall registererats med bild enligt dataskyddsf\u00f6rordningen.<\/p>\n<p>Att detta skulle bidra till st\u00f6lder \u00e4r inte rimligt d\u00e5 foderspridare, belysning och vaktorn p\u00e5 \u00e5telplats v\u00e4gleder tjuvar m\u00e5nga g\u00e5nger mer \u00e4n en skylt. Tv\u00e4rtom \u00e4r det s\u00e5 att avsaknad av skylt, f\u00f6rhindrar kamera\u00e4garen att kunna anm\u00e4la st\u00f6lden, och f\u00e5 f\u00f6rs\u00e4kringsbolaget att betala ut ers\u00e4ttning. Och att straffas f\u00f6r olaglig kamera\u00f6vervakning.<\/p>\n<p>Det finns dessutom friskrivningsv\u00e4gar som finns p\u00e5 FJVK mall nedan, den som l\u00e4ser skyltarna vet ju ej normalt, om kameran \u00e4r registerande eller \u00e4r av den numera allt vanligare, s\u00e4ndande typen.(Bild hamnar p\u00e5 hemma datorn)<\/p>\n<p>Att s\u00e5 f\u00e5 kamerast\u00f6lder \u201df\u00f6rekommer\u201d har berott p\u00e5 att de stulna ej varit registrerade och ej d\u00e5 kan st\u00f6lden ej anm\u00e4las.<\/p>\n<p>Viktigt att kamerast\u00f6lder kan anm\u00e4las och lagf\u00f6ras s\u00e5 buset \u00e5ker fast, s\u00e5 att vi kan forts\u00e4tta med de projekt som nu p\u00e5g\u00e5r med anv\u00e4ndning av kameror i viltf\u00f6rvaltningen f\u00f6r inventering av kl\u00f6vdjur och rovdjur. D\u00e4rf\u00f6r legalisera era kameror i FJVK !<\/p>\n<p style=\"text-align: center\"><a href=\"https:\/\/krets.jagareforbundet.se\/folkarna\/files\/2019\/03\/skylt-1-viltkamera1.pdf\" class=\"woo-sc-button  silver large\" ><span class=\"woo-\">Skylt 1 Viltkamera<\/span><\/a> <a href=\"https:\/\/krets.jagareforbundet.se\/folkarna\/files\/2019\/03\/skylt-2-viltkamera.pdf\" class=\"woo-sc-button  silver large\" ><span class=\"woo-\">Skylt 2 Viltkamera<\/span><\/a><\/p>\n<p style=\"text-align: center\">Skylt 1 placeras s\u00e5 den som l\u00e4ser den, fotograferas.<\/p>\n<p style=\"text-align: center\"><a href=\"https:\/\/krets.jagareforbundet.se\/folkarna\/rovdjur-fjvk\/viltkameror\/\" class=\"woo-sc-button  silver large\" ><span class=\"woo-\">Mer om kamera\u00f6vervakning av rovdjur<\/span><\/a><\/p>\n<p style=\"text-align: center\"><a href=\"https:\/\/krets.jagareforbundet.se\/folkarna\/files\/2019\/07\/Viltkamera-den-31-juli-2019.pdf\" class=\"woo-sc-button  silver large\" ><span class=\"woo-\">Exempel p\u00e5 kamerainstallation<\/span><\/a><\/p>\n","protected":false},"excerpt":{"rendered":"<p>Burrel vilt\/\u00f6vervakningskamera f\u00e4rdiginstallerad och klar! Bekymmersfritt bara att sl\u00e5 p\u00e5 ON s\u00e5 fungerar det. Trampet Hund&amp;Jakt Frigger\u00e5ker, Trampet\u00a0 SE-52194 Falk\u00f6ping.\u00a0 mobnr:+46 0706413214 www.trampet.se info@trampet.se N\u00e4r nu viltkameror \u00e4r godk\u00e4nda att anv\u00e4nda g\u00e4ller nu endast att omr\u00e5det \u00e4r utm\u00e4rkt med Skylt 1 och Skylt 2. D\u00e5 \u00e4r foto tagna med viltkamera, med datum och tid godk\u00e4nda [&hellip;]<\/p>\n","protected":false},"author":78,"featured_media":0,"parent":1705,"menu_order":1,"comment_status":"closed","ping_status":"closed","template":"","meta":{"footnotes":""},"class_list":["post-6896","page","type-page","status-publish","hentry"],"_links":{"self":[{"href":"https:\/\/krets.jagareforbundet.se\/folkarna\/wp-json\/wp\/v2\/pages\/6896","targetHints":{"allow":["GET"]}}],"collection":[{"href":"https:\/\/krets.jagareforbundet.se\/folkarna\/wp-json\/wp\/v2\/pages"}],"about":[{"href":"https:\/\/krets.jagareforbundet.se\/folkarna\/wp-json\/wp\/v2\/types\/page"}],"author":[{"embeddable":true,"href":"https:\/\/krets.jagareforbundet.se\/folkarna\/wp-json\/wp\/v2\/users\/78"}],"replies":[{"embeddable":true,"href":"https:\/\/krets.jagareforbundet.se\/folkarna\/wp-json\/wp\/v2\/comments?post=6896"}],"version-history":[{"count":3,"href":"https:\/\/krets.jagareforbundet.se\/folkarna\/wp-json\/wp\/v2\/pages\/6896\/revisions"}],"predecessor-version":[{"id":7080,"href":"https:\/\/krets.jagareforbundet.se\/folkarna\/wp-json\/wp\/v2\/pages\/6896\/revisions\/7080"}],"up":[{"embeddable":true,"href":"https:\/\/krets.jagareforbundet.se\/folkarna\/wp-json\/wp\/v2\/pages\/1705"}],"wp:attachment":[{"href":"https:\/\/krets.jagareforbundet.se\/folkarna\/wp-json\/wp\/v2\/media?parent=6896"}],"curies":[{"name":"wp","href":"https:\/\/api.w.org\/{rel}","templated":true}]}}