{"id":7249,"date":"2019-12-19T18:22:23","date_gmt":"2019-12-19T17:22:23","guid":{"rendered":"https:\/\/krets.jagareforbundet.se\/folkarna\/?page_id=7249"},"modified":"2022-02-18T08:10:15","modified_gmt":"2022-02-18T07:10:15","slug":"lodjursjakt-2020","status":"publish","type":"page","link":"https:\/\/krets.jagareforbundet.se\/folkarna\/lodjursjakt-2020\/","title":{"rendered":"Lodjursjakt 2022"},"content":{"rendered":"<p><a href=\"https:\/\/krets.jagareforbundet.se\/folkarna\/files\/2020\/12\/Jaktomrade-lo-2021.png\"><img loading=\"lazy\" decoding=\"async\" class=\"aligncenter size-full wp-image-7644\" src=\"https:\/\/krets.jagareforbundet.se\/folkarna\/files\/2020\/12\/Jaktomrade-lo-2021.png\" alt=\"\" width=\"536\" height=\"751\" srcset=\"https:\/\/krets.jagareforbundet.se\/folkarna\/files\/2020\/12\/Jaktomrade-lo-2021.png 536w, https:\/\/krets.jagareforbundet.se\/folkarna\/files\/2020\/12\/Jaktomrade-lo-2021-214x300.png 214w\" sizes=\"auto, (max-width: 536px) 100vw, 536px\" \/><\/a><\/p>\n<p>Enligt 49 \u00a7 jaktf\u00f6rordningen ska samtliga jaktledare som avser delta i licensjakt efter lo anm\u00e4la sig till J\u00e4garregistret. Anm\u00e4lan kan g\u00f6ras via:<br \/>\n&#8211; Naturv\u00e5rdsverkets talsvar: 0771-18 34 11 (v\u00e4lj djurart och ange personnummer);<br \/>\n&#8211; Naturv\u00e5rdsverkets kundtj\u00e4nst: 010-698 17 00 (ange personnummer);<br \/>\n&#8211; e-post till jagarregistret@naturvardsverket.se (ange personnummer);<br \/>\n&#8211; inloggning med Bank-ID p\u00e5 https:\/\/jagarregistret.naturvardsverket.se\/Auth<\/p>\n<h2>Sp\u00e5ra och ringa<\/h2>\n<p>Jaktomr\u00e5det i s\u00f6dra Dalarna har best\u00e4mts utifr\u00e5n t\u00e4theten i den inventerade lodjursstammen. Alla djur \u00e4r lovliga oavsett \u00e5lder och k\u00f6n. Unga djur ska om m\u00f6jligt f\u00e4llas f\u00f6re f\u00f6r\u00e4ldradjur. Tv\u00e5 hundar f\u00e5r anv\u00e4ndas samtidigt under jakten, och motorfordon f\u00e5r anv\u00e4ndas b\u00e5de p\u00e5 v\u00e4g och skoterleder f\u00f6r att sp\u00e5ra och ringa lodjur.<\/p>\n<p>Principen \u00e4r att de jaktlag som \u00f6nskar delta, eller till\u00e5ter att jakt sker p\u00e5 jaktlagets mark genom sk samarbetsjakt anm\u00e4ler deltagande\u00a0till de jaktlag som innehar l\u00e4mplig hund och tillr\u00e4ckligt antal j\u00e4gare f\u00f6r att ringa Lo via jaktlagets rovdjursjaktledare.<\/p>\n<p>Jaktlagens rovdjursjaktledare \u00e4r i sin tur ansluten till en Supertextgrupp d\u00e4r endast rovdjursjaktledare \u00e4r anslutna och leds av en\u00a0huvudjaktledare. Huvudjaktledaren meddelar, l\u00e4mpligt objekt, ger rovdjursjaktledarna en samlingsplats, och rovdjursjaktledarna meddelar\u00a0i sin tur sitt jaktlag, normalt \u00e4r inst\u00e4llelsetiden under 1 timma.<\/p>\n<p>Rovdjursjaktledarna har tidigare meddelat huvudjaktledaren vilka som deltar fr\u00e5n sitt jaktlag.<\/p>\n<p>Huvudjaktledare svarar f\u00f6r vilka hundar som skall delta, och till honom anm\u00e4ls hundar som kan anv\u00e4ndas.<\/p>\n<p>Endast ringade lodjur sl\u00e4pps hundar p\u00e5.<\/p>\n<p>\u00c5ke Berglund[2021-12-17]<\/p>\n","protected":false},"excerpt":{"rendered":"<p>Enligt 49 \u00a7 jaktf\u00f6rordningen ska samtliga jaktledare som avser delta i licensjakt efter lo anm\u00e4la sig till J\u00e4garregistret. Anm\u00e4lan kan g\u00f6ras via: &#8211; Naturv\u00e5rdsverkets talsvar: 0771-18 34 11 (v\u00e4lj djurart och ange personnummer); &#8211; Naturv\u00e5rdsverkets kundtj\u00e4nst: 010-698 17 00 (ange personnummer); &#8211; e-post till jagarregistret@naturvardsverket.se (ange personnummer); &#8211; inloggning med Bank-ID p\u00e5 https:\/\/jagarregistret.naturvardsverket.se\/Auth Sp\u00e5ra och [&hellip;]<\/p>\n","protected":false},"author":78,"featured_media":0,"parent":0,"menu_order":1,"comment_status":"closed","ping_status":"closed","template":"","meta":{"footnotes":""},"class_list":["post-7249","page","type-page","status-publish","hentry"],"_links":{"self":[{"href":"https:\/\/krets.jagareforbundet.se\/folkarna\/wp-json\/wp\/v2\/pages\/7249","targetHints":{"allow":["GET"]}}],"collection":[{"href":"https:\/\/krets.jagareforbundet.se\/folkarna\/wp-json\/wp\/v2\/pages"}],"about":[{"href":"https:\/\/krets.jagareforbundet.se\/folkarna\/wp-json\/wp\/v2\/types\/page"}],"author":[{"embeddable":true,"href":"https:\/\/krets.jagareforbundet.se\/folkarna\/wp-json\/wp\/v2\/users\/78"}],"replies":[{"embeddable":true,"href":"https:\/\/krets.jagareforbundet.se\/folkarna\/wp-json\/wp\/v2\/comments?post=7249"}],"version-history":[{"count":3,"href":"https:\/\/krets.jagareforbundet.se\/folkarna\/wp-json\/wp\/v2\/pages\/7249\/revisions"}],"predecessor-version":[{"id":7913,"href":"https:\/\/krets.jagareforbundet.se\/folkarna\/wp-json\/wp\/v2\/pages\/7249\/revisions\/7913"}],"wp:attachment":[{"href":"https:\/\/krets.jagareforbundet.se\/folkarna\/wp-json\/wp\/v2\/media?parent=7249"}],"curies":[{"name":"wp","href":"https:\/\/api.w.org\/{rel}","templated":true}]}}