{"id":7694,"date":"2021-05-10T14:09:58","date_gmt":"2021-05-10T12:09:58","guid":{"rendered":"https:\/\/krets.jagareforbundet.se\/folkarna\/?page_id=7694"},"modified":"2023-04-24T17:59:12","modified_gmt":"2023-04-24T15:59:12","slug":"svvo-algjakt-2021","status":"publish","type":"page","link":"https:\/\/krets.jagareforbundet.se\/folkarna\/sigvagens-viltvardsomrade\/svvo-alg\/svvo-algjakt-2021\/","title":{"rendered":"SVVO \u00c4lgjakt 2021"},"content":{"rendered":"<p>Viltkameran nu placerad norr om Pass 4 i s\u00f6dra s\u00e5ten[2021-10-12] i funktion.<\/p>\n<p><a href=\"https:\/\/krets.jagareforbundet.se\/folkarna\/files\/2021\/08\/Flytt-av-pass.jpg\" class=\"woo-sc-button  silver\" ><span class=\"woo-\">Klicka H\u00c4R !<\/span><\/a> Pass 1 s\u00f6dra s\u00e5ten flyttat s\u00f6der ut till den glesa skogen ca 300 m och n\u00e4rmare Stigv\u00e4gen.<\/p>\n<p>Pass 17 i Dalkarlhytte s\u00e5ten togs bort pga r\u00f6jningsproblem<\/p>\n<p>Pass 5 i Dalkarlshytte s\u00e5ten nytt pass<\/p>\n<p>Pass 12 i Dalkarlshytte s\u00e5ten flyttas n\u00e4rmare masten<\/p>\n<p>Pass 11 i Dalkarlshytte s\u00e5ten flyttas till nya hygget<\/p>\n<p>Pass 16 i Dalkarlshytte s\u00e5ten flyttas till nya hygget<\/p>\n<p>Pass 1 i Dalkarlshytte s\u00e5ten nytt pass det p\u00e5 Norra sidan om Dammsj\u00f6n<\/p>\n<p>Pass 2 i Dalkarlshytte s\u00e5ten flyttas till Uvbergssidan om Sollbov\u00e4gen<\/p>\n<p>Pass 8 i Dalkarlshytte s\u00e5ten\u00a0 togs bort pga r\u00f6jningsproblem.<\/p>\n<p>F\u00f6ljande Nr i Dalkarlshytte s\u00e5ten saknas pass f\u00f6r\u00a0 7-9-19<\/p>\n<p><a href=\"https:\/\/krets.jagareforbundet.se\/folkarna\/files\/2021\/08\/Avskjutningsforslag-2021-Va-Asgarn.pdf\" class=\"woo-sc-button  silver\" ><span class=\"woo-\">Klicka H\u00c4R !<\/span><\/a> F\u00f6rslag p\u00e5 tilldelning v\u00e4ster \u00c5sgarn 2021<\/p>\n<p><a href=\"https:\/\/krets.jagareforbundet.se\/folkarna\/files\/2021\/08\/svvo-sodra-saten-2021-1.pdf\" class=\"woo-sc-button  red\" ><span class=\"woo-\">Klicka H\u00e4r<\/span><\/a> S\u00f6dra s\u00e5ten (R\u00f6d) karta<\/p>\n<p><a href=\"https:\/\/krets.jagareforbundet.se\/folkarna\/files\/2021\/09\/SVVO-Norra-saten-2021.pdf\" class=\"woo-sc-button  aqua\" ><span class=\"woo-\">Klicka H\u00c4R<\/span><\/a> Norra s\u00e5ten(Bl\u00e5) karta<\/p>\n<p><a href=\"https:\/\/krets.jagareforbundet.se\/folkarna\/files\/2021\/09\/Dalkarls-saten-20214.pdf\" class=\"woo-sc-button  orange\" ><span class=\"woo-\">Klicka H\u00c4R!<\/span><\/a> \u00a0Dalkarlshyttan (Gul) karta<\/p>\n<p><a href=\"https:\/\/krets.jagareforbundet.se\/folkarna\/files\/2021\/09\/Jakt-PM-2021-002.pdf\" class=\"woo-sc-button  red\" ><span class=\"woo-\">PM SVVO 2021<\/span><\/a> Kommer finnas p\u00e5 baksidan av Dalkarlshyttans karta till jakten<\/p>\n<div id=\"attachment_7838\" style=\"width: 1034px\" class=\"wp-caption aligncenter\"><a href=\"https:\/\/krets.jagareforbundet.se\/folkarna\/files\/2021\/10\/Robban-Jonas-2021.jpg\"><img loading=\"lazy\" decoding=\"async\" aria-describedby=\"caption-attachment-7838\" class=\"size-large wp-image-7838\" src=\"https:\/\/krets.jagareforbundet.se\/folkarna\/files\/2021\/10\/Robban-Jonas-2021-1024x976.jpg\" alt=\"\" width=\"1024\" height=\"976\" srcset=\"https:\/\/krets.jagareforbundet.se\/folkarna\/files\/2021\/10\/Robban-Jonas-2021-1024x976.jpg 1024w, https:\/\/krets.jagareforbundet.se\/folkarna\/files\/2021\/10\/Robban-Jonas-2021-300x286.jpg 300w, https:\/\/krets.jagareforbundet.se\/folkarna\/files\/2021\/10\/Robban-Jonas-2021-768x732.jpg 768w, https:\/\/krets.jagareforbundet.se\/folkarna\/files\/2021\/10\/Robban-Jonas-2021.jpg 1445w\" sizes=\"auto, (max-width: 1024px) 100vw, 1024px\" \/><\/a><p id=\"caption-attachment-7838\" class=\"wp-caption-text\">Robban och Jonas<\/p><\/div>\n<div id=\"attachment_7839\" style=\"width: 1034px\" class=\"wp-caption aligncenter\"><a href=\"https:\/\/krets.jagareforbundet.se\/folkarna\/files\/2021\/10\/Bosse-Karlerik-2021.jpg\"><img loading=\"lazy\" decoding=\"async\" aria-describedby=\"caption-attachment-7839\" class=\"size-large wp-image-7839\" src=\"https:\/\/krets.jagareforbundet.se\/folkarna\/files\/2021\/10\/Bosse-Karlerik-2021-1024x898.jpg\" alt=\"\" width=\"1024\" height=\"898\" srcset=\"https:\/\/krets.jagareforbundet.se\/folkarna\/files\/2021\/10\/Bosse-Karlerik-2021-1024x898.jpg 1024w, https:\/\/krets.jagareforbundet.se\/folkarna\/files\/2021\/10\/Bosse-Karlerik-2021-300x263.jpg 300w, https:\/\/krets.jagareforbundet.se\/folkarna\/files\/2021\/10\/Bosse-Karlerik-2021-768x673.jpg 768w, https:\/\/krets.jagareforbundet.se\/folkarna\/files\/2021\/10\/Bosse-Karlerik-2021-1536x1347.jpg 1536w, https:\/\/krets.jagareforbundet.se\/folkarna\/files\/2021\/10\/Bosse-Karlerik-2021.jpg 1785w\" sizes=\"auto, (max-width: 1024px) 100vw, 1024px\" \/><\/a><p id=\"caption-attachment-7839\" class=\"wp-caption-text\">Bosse och Karl Erik<\/p><\/div>\n<div id=\"attachment_7840\" style=\"width: 943px\" class=\"wp-caption aligncenter\"><a href=\"https:\/\/krets.jagareforbundet.se\/folkarna\/files\/2021\/10\/Kalven-ar-dod-2021.jpg\"><img loading=\"lazy\" decoding=\"async\" aria-describedby=\"caption-attachment-7840\" class=\"size-large wp-image-7840\" src=\"https:\/\/krets.jagareforbundet.se\/folkarna\/files\/2021\/10\/Kalven-ar-dod-2021-933x1024.jpg\" alt=\"\" width=\"933\" height=\"1024\" srcset=\"https:\/\/krets.jagareforbundet.se\/folkarna\/files\/2021\/10\/Kalven-ar-dod-2021-933x1024.jpg 933w, https:\/\/krets.jagareforbundet.se\/folkarna\/files\/2021\/10\/Kalven-ar-dod-2021-273x300.jpg 273w, https:\/\/krets.jagareforbundet.se\/folkarna\/files\/2021\/10\/Kalven-ar-dod-2021-768x842.jpg 768w, https:\/\/krets.jagareforbundet.se\/folkarna\/files\/2021\/10\/Kalven-ar-dod-2021-1400x1536.jpg 1400w, https:\/\/krets.jagareforbundet.se\/folkarna\/files\/2021\/10\/Kalven-ar-dod-2021.jpg 1650w\" sizes=\"auto, (max-width: 933px) 100vw, 933px\" \/><\/a><p id=\"caption-attachment-7840\" class=\"wp-caption-text\">Kalven \u00e4r d\u00f6d<\/p><\/div>\n<div id=\"attachment_7841\" style=\"width: 1034px\" class=\"wp-caption aligncenter\"><a href=\"https:\/\/krets.jagareforbundet.se\/folkarna\/files\/2021\/10\/Kon-ar-ute-2021.jpg\"><img loading=\"lazy\" decoding=\"async\" aria-describedby=\"caption-attachment-7841\" class=\"size-large wp-image-7841\" src=\"https:\/\/krets.jagareforbundet.se\/folkarna\/files\/2021\/10\/Kon-ar-ute-2021-1024x544.jpg\" alt=\"\" width=\"1024\" height=\"544\" srcset=\"https:\/\/krets.jagareforbundet.se\/folkarna\/files\/2021\/10\/Kon-ar-ute-2021-1024x544.jpg 1024w, https:\/\/krets.jagareforbundet.se\/folkarna\/files\/2021\/10\/Kon-ar-ute-2021-300x159.jpg 300w, https:\/\/krets.jagareforbundet.se\/folkarna\/files\/2021\/10\/Kon-ar-ute-2021-768x408.jpg 768w, https:\/\/krets.jagareforbundet.se\/folkarna\/files\/2021\/10\/Kon-ar-ute-2021.jpg 1060w\" sizes=\"auto, (max-width: 1024px) 100vw, 1024px\" \/><\/a><p id=\"caption-attachment-7841\" class=\"wp-caption-text\">Kon \u00e4r ute.<\/p><\/div>\n<div id=\"attachment_7842\" style=\"width: 1034px\" class=\"wp-caption aligncenter\"><a href=\"https:\/\/krets.jagareforbundet.se\/folkarna\/files\/2021\/10\/Kon-pa-vag-2021.jpg\"><img loading=\"lazy\" decoding=\"async\" aria-describedby=\"caption-attachment-7842\" class=\"size-large wp-image-7842\" src=\"https:\/\/krets.jagareforbundet.se\/folkarna\/files\/2021\/10\/Kon-pa-vag-2021-1024x864.jpg\" alt=\"\" width=\"1024\" height=\"864\" srcset=\"https:\/\/krets.jagareforbundet.se\/folkarna\/files\/2021\/10\/Kon-pa-vag-2021-1024x864.jpg 1024w, https:\/\/krets.jagareforbundet.se\/folkarna\/files\/2021\/10\/Kon-pa-vag-2021-300x253.jpg 300w, https:\/\/krets.jagareforbundet.se\/folkarna\/files\/2021\/10\/Kon-pa-vag-2021-768x648.jpg 768w, https:\/\/krets.jagareforbundet.se\/folkarna\/files\/2021\/10\/Kon-pa-vag-2021.jpg 1315w\" sizes=\"auto, (max-width: 1024px) 100vw, 1024px\" \/><\/a><p id=\"caption-attachment-7842\" class=\"wp-caption-text\">Kon p\u00e5 v\u00e4g<\/p><\/div>\n<div id=\"attachment_7844\" style=\"width: 1034px\" class=\"wp-caption aligncenter\"><a href=\"https:\/\/krets.jagareforbundet.se\/folkarna\/files\/2021\/10\/Tjur-och-Kalv-vid-slakteriet-2021.jpg\"><img loading=\"lazy\" decoding=\"async\" aria-describedby=\"caption-attachment-7844\" class=\"size-large wp-image-7844\" src=\"https:\/\/krets.jagareforbundet.se\/folkarna\/files\/2021\/10\/Tjur-och-Kalv-vid-slakteriet-2021-1024x937.jpg\" alt=\"\" width=\"1024\" height=\"937\" srcset=\"https:\/\/krets.jagareforbundet.se\/folkarna\/files\/2021\/10\/Tjur-och-Kalv-vid-slakteriet-2021-1024x937.jpg 1024w, https:\/\/krets.jagareforbundet.se\/folkarna\/files\/2021\/10\/Tjur-och-Kalv-vid-slakteriet-2021-300x275.jpg 300w, https:\/\/krets.jagareforbundet.se\/folkarna\/files\/2021\/10\/Tjur-och-Kalv-vid-slakteriet-2021-768x703.jpg 768w, https:\/\/krets.jagareforbundet.se\/folkarna\/files\/2021\/10\/Tjur-och-Kalv-vid-slakteriet-2021-1536x1406.jpg 1536w, https:\/\/krets.jagareforbundet.se\/folkarna\/files\/2021\/10\/Tjur-och-Kalv-vid-slakteriet-2021.jpg 1762w\" sizes=\"auto, (max-width: 1024px) 100vw, 1024px\" \/><\/a><p id=\"caption-attachment-7844\" class=\"wp-caption-text\">Tjur och Kalv<\/p><\/div>\n","protected":false},"excerpt":{"rendered":"<p>Viltkameran nu placerad norr om Pass 4 i s\u00f6dra s\u00e5ten[2021-10-12] i funktion. Pass 1 s\u00f6dra s\u00e5ten flyttat s\u00f6der ut till den glesa skogen ca 300 m och n\u00e4rmare Stigv\u00e4gen. Pass 17 i Dalkarlhytte s\u00e5ten togs bort pga r\u00f6jningsproblem Pass 5 i Dalkarlshytte s\u00e5ten nytt pass Pass 12 i Dalkarlshytte s\u00e5ten flyttas n\u00e4rmare masten Pass 11 [&hellip;]<\/p>\n","protected":false},"author":78,"featured_media":0,"parent":6654,"menu_order":3,"comment_status":"closed","ping_status":"closed","template":"","meta":{"footnotes":""},"class_list":["post-7694","page","type-page","status-publish","hentry"],"_links":{"self":[{"href":"https:\/\/krets.jagareforbundet.se\/folkarna\/wp-json\/wp\/v2\/pages\/7694","targetHints":{"allow":["GET"]}}],"collection":[{"href":"https:\/\/krets.jagareforbundet.se\/folkarna\/wp-json\/wp\/v2\/pages"}],"about":[{"href":"https:\/\/krets.jagareforbundet.se\/folkarna\/wp-json\/wp\/v2\/types\/page"}],"author":[{"embeddable":true,"href":"https:\/\/krets.jagareforbundet.se\/folkarna\/wp-json\/wp\/v2\/users\/78"}],"replies":[{"embeddable":true,"href":"https:\/\/krets.jagareforbundet.se\/folkarna\/wp-json\/wp\/v2\/comments?post=7694"}],"version-history":[{"count":3,"href":"https:\/\/krets.jagareforbundet.se\/folkarna\/wp-json\/wp\/v2\/pages\/7694\/revisions"}],"predecessor-version":[{"id":7845,"href":"https:\/\/krets.jagareforbundet.se\/folkarna\/wp-json\/wp\/v2\/pages\/7694\/revisions\/7845"}],"up":[{"embeddable":true,"href":"https:\/\/krets.jagareforbundet.se\/folkarna\/wp-json\/wp\/v2\/pages\/6654"}],"wp:attachment":[{"href":"https:\/\/krets.jagareforbundet.se\/folkarna\/wp-json\/wp\/v2\/media?parent=7694"}],"curies":[{"name":"wp","href":"https:\/\/api.w.org\/{rel}","templated":true}]}}