{"id":848,"date":"2013-03-17T11:33:19","date_gmt":"2013-03-17T10:33:19","guid":{"rendered":"https:\/\/krets.jagareforbundet.se\/folkarna\/?page_id=848"},"modified":"2024-08-19T19:04:23","modified_gmt":"2024-08-19T17:04:23","slug":"pursjakt-svvo","status":"publish","type":"page","link":"https:\/\/krets.jagareforbundet.se\/folkarna\/sigvagens-viltvardsomrade\/pursjakt-svvo\/","title":{"rendered":"SVVO P\u00fcrschjakt"},"content":{"rendered":"<p style=\"text-align: center\"><strong>F\u00f6rslag till Regler f\u00f6r P\u00fcrschjakt Stigv\u00e4gens Viltv\u00e5rdsomr\u00e5de 2023<\/strong><\/p>\n<p><span style=\"color: #ff0000\">Styrelsen kommer medanledning av ut\u00f6kning av VVO och avverkningar, vid st\u00e4mman den 23\/4 2023 komma med f\u00f6rslag p\u00e5 ny omr\u00e5des indelning\u00a0<\/span><\/p>\n<p><strong>Att iaktta f\u00f6r \u00f6kad s\u00e4kerhet och trivsel vid pyrschjakt p\u00e5 r\u00e5bock och vildsvin. Dessa rutiner g\u00e4ller vid jakt inom de omr\u00e5den som markerats som p\u00fcrschomr\u00e5de p\u00e5 kartan i den sk. &#8221;P\u00fcrschl\u00e5dan&#8221; vid Hunting Center. F\u00f6r \u00f6kad jaktro skall st\u00f6rsta m\u00f6jliga h\u00e4nsyn tas till redan bemannade p\u00fcrschomr\u00e5den, n\u00e4r vald ruta bemannas.<\/strong><\/p>\n<p><strong>F\u00f6re P\u00fcrschjakt <\/strong>skall Statligt jaktkort vara l\u00f6st och \u00e4ven SVVO jaktkort f\u00f6r sm\u00e5vilt hos kass\u00f6ren.<\/p>\n<p><strong>Rutiner<\/strong>. I P\u00fcrschl\u00e5dan finns en lista \u00f6ver de j\u00e4gare som kan l\u00f6sa jaktr\u00e4ttsbevis f\u00f6r sm\u00e5vilt under 2021, samt numrerade magnetmark\u00f6rer. Vid all pyrschjakt, efter 15 april 30 sept. med kulvapen skall markering p\u00e5 kartan ske f\u00f6re att jakten p\u00e5b\u00f6rjats. Markering sker genom att Mark\u00f6r med det Nr som du har p\u00e5 listan placeras i det p\u00fcrschomr\u00e5de p\u00e5 kartan d\u00e4r pyrschjakt kommer att ske. Markeringen tas bort vid avslutad pyrschjakt<strong>.<\/strong><\/p>\n<p><strong>Nyckel <\/strong>till P\u00fcrschl\u00e5dan kvitteras ut fr\u00e5n kass\u00f6ren och \u00e5terl\u00e4mnas till denne n\u00e4r medlemskap i SVVO upph\u00f6rt.<\/p>\n<p><strong>Anm\u00e4lan om avskjutning <\/strong>sker som f\u00f6r \u00f6vrig sm\u00e5viltsjakt till Anders Flodstr\u00f6m<\/p>\n<p><strong>Tid. <\/strong>Dessa rutiner f\u00f6r pyrschjakt g\u00e4ller perioden 14 april till 30 september. Jakt p\u00e5 skjut\u00e5tel f\u00f6r vildsvin anm\u00e4ls till samordnare f\u00f6r respektive \u00e5tel.<\/p>\n<p><strong>\u00d6vrigt. <\/strong>P\u00fcrschl\u00e5dan skall l\u00e5sas efter markering eller avmarkering.<\/p>\n<p><strong>S\u00e4kerhet. <\/strong>Beakta att kulf\u00e5ng finns, \u00f6verskjutning mot annat p\u00fcrschomr\u00e5de \u00e4r f\u00f6rbjudet. Passage genom annat markerat p\u00fcrschomr\u00e5de skall undvikas<strong>. <\/strong>N\u00e4r omr\u00e5de l\u00e4mnas, beakta att n\u00e4rliggande p\u00fcrschomr\u00e5de kan ha bemannats. Jakt vid bostadshus n\u00e4rhet, och markerade omr\u00e5den undviks.<\/p>\n<p><strong>Bet\u00e4nk, att alla som r\u00f6r sig i skog och mark \u00e4r inte j\u00e4gare, s\u00e5 vidtag normal f\u00f6rsiktighet.<\/strong><\/p>\n<p><strong>\u00d6vrig jakt <\/strong>skall bedrivas s\u00e5, att m\u00f6jlig h\u00e4nsyn tas till pyrschjakten.<\/p>\n<p><strong>Regler r\u00f6rande hund f\u00f6r efters\u00f6k<\/strong> skall efterf\u00f6ljas, s\u00e4rskilt viktigt vid jakt p\u00e5 vildsvin.<\/p>\n<p><strong>Vildsvin<\/strong>. Sugga med ungar f\u00e5r ej skjutas.<\/p>\n<p><strong>Jaktg\u00e4ster <\/strong>med vapen f\u00e5r delta i vid pyrschjakt endast i samma omr\u00e5de som jaktv\u00e4rd.<\/p>\n<p><strong>Underl\u00e5telse. <\/strong><strong>\u00c5sidos\u00e4ttande av dessa och andra jaktliga regler vid pyrschjakt medf\u00f6r indragande av innevarande \u00e5rs jaktr\u00e4ttsbevis f\u00f6r sm\u00e5vilt.<\/strong><\/p>\n<p><strong>Dessa regler \u00e4r godk\u00e4nda vid Stigv\u00e4gens Viltv\u00e5rdsomr\u00e5des st\u00e4mma 2023, och ansl\u00e5s av styrelsen i P\u00fcrschl\u00e5dan f\u00f6re jakt\u00e5rets b\u00f6rjan 1 juli, d\u00e4r ansl\u00e5s \u00e4ven mark\u00f6rlista enligt tidigare rutiner.<\/strong><\/p>\n<p><strong>Styrelsen den 15 maj 2023<\/strong><\/p>\n<p>&nbsp;<\/p>\n<p style=\"text-align: center\">\n<p>&nbsp;<\/p>\n<p>&nbsp;<\/p>\n","protected":false},"excerpt":{"rendered":"<p>F\u00f6rslag till Regler f\u00f6r P\u00fcrschjakt Stigv\u00e4gens Viltv\u00e5rdsomr\u00e5de 2023 Styrelsen kommer medanledning av ut\u00f6kning av VVO och avverkningar, vid st\u00e4mman den 23\/4 2023 komma med f\u00f6rslag p\u00e5 ny omr\u00e5des indelning\u00a0 Att iaktta f\u00f6r \u00f6kad s\u00e4kerhet och trivsel vid pyrschjakt p\u00e5 r\u00e5bock och vildsvin. Dessa rutiner g\u00e4ller vid jakt inom de omr\u00e5den som markerats som p\u00fcrschomr\u00e5de p\u00e5 [&hellip;]<\/p>\n","protected":false},"author":78,"featured_media":0,"parent":184,"menu_order":0,"comment_status":"open","ping_status":"open","template":"","meta":{"footnotes":""},"class_list":["post-848","page","type-page","status-publish","hentry"],"_links":{"self":[{"href":"https:\/\/krets.jagareforbundet.se\/folkarna\/wp-json\/wp\/v2\/pages\/848","targetHints":{"allow":["GET"]}}],"collection":[{"href":"https:\/\/krets.jagareforbundet.se\/folkarna\/wp-json\/wp\/v2\/pages"}],"about":[{"href":"https:\/\/krets.jagareforbundet.se\/folkarna\/wp-json\/wp\/v2\/types\/page"}],"author":[{"embeddable":true,"href":"https:\/\/krets.jagareforbundet.se\/folkarna\/wp-json\/wp\/v2\/users\/78"}],"replies":[{"embeddable":true,"href":"https:\/\/krets.jagareforbundet.se\/folkarna\/wp-json\/wp\/v2\/comments?post=848"}],"version-history":[{"count":4,"href":"https:\/\/krets.jagareforbundet.se\/folkarna\/wp-json\/wp\/v2\/pages\/848\/revisions"}],"predecessor-version":[{"id":8554,"href":"https:\/\/krets.jagareforbundet.se\/folkarna\/wp-json\/wp\/v2\/pages\/848\/revisions\/8554"}],"up":[{"embeddable":true,"href":"https:\/\/krets.jagareforbundet.se\/folkarna\/wp-json\/wp\/v2\/pages\/184"}],"wp:attachment":[{"href":"https:\/\/krets.jagareforbundet.se\/folkarna\/wp-json\/wp\/v2\/media?parent=848"}],"curies":[{"name":"wp","href":"https:\/\/api.w.org\/{rel}","templated":true}]}}