{"id":919,"date":"2013-03-18T00:29:48","date_gmt":"2013-03-17T23:29:48","guid":{"rendered":"https:\/\/krets.jagareforbundet.se\/folkarna\/?page_id=919"},"modified":"2013-12-22T22:38:49","modified_gmt":"2013-12-22T21:38:49","slug":"vadersida-2","status":"publish","type":"page","link":"https:\/\/krets.jagareforbundet.se\/folkarna\/jaktfragor\/vadersida-2\/","title":{"rendered":"V\u00e4dersida"},"content":{"rendered":"<h4><a href=\"https:\/\/krets.jagareforbundet.se\/folkarna\/files\/2013\/03\/1101300110.jpg\"><img loading=\"lazy\" decoding=\"async\" class=\"aligncenter size-large wp-image-1089\" title=\"Aftonr\u00e5dnad \u00f6ver V\u00e4stanberg Dammsj\u00f6n.\" alt=\"\" src=\"https:\/\/krets.jagareforbundet.se\/folkarna\/files\/2013\/03\/1101300110-1024x768.jpg\" width=\"1024\" height=\"768\" srcset=\"https:\/\/krets.jagareforbundet.se\/folkarna\/files\/2013\/03\/1101300110-1024x768.jpg 1024w, https:\/\/krets.jagareforbundet.se\/folkarna\/files\/2013\/03\/1101300110-300x225.jpg 300w, https:\/\/krets.jagareforbundet.se\/folkarna\/files\/2013\/03\/1101300110.jpg 2048w\" sizes=\"auto, (max-width: 1024px) 100vw, 1024px\" \/><\/a><\/h4>\n<h4 style=\"text-align: center\">Solnedg\u00e5ng \u00f6ver V\u00e4stanberg Dammsj\u00f6n.<\/h4>\n<p>&nbsp;<br \/>\nV\u00e4der i Fors jakttabell mm Klicka &gt;&gt;<span style=\"color: #800000\"><strong> <span style=\"color: #800000\">H\u00e4r<\/span><\/a><\/strong><\/span><\/h4>\n<h4>Till v\u00e4derstationen i Byxbacken vid Morshyttan.\u00a0<strong>Klicka<\/strong> &gt;&gt; <a title=\"Morshyttan\" href=\"http:\/\/www.vackertvader.se\/v%C3%A4derstation\/morshyttan\" target=\"_blank\"><span style=\"color: #993300\"><strong>H\u00e4r<\/strong><\/span><\/a><\/h4>\n<p><strong>V\u00e4dersammanst\u00e4llning Avesta. Klicka<\/strong> &gt;&gt;<a href=\"http:\/\/www.accuweather.com\/sv\/se\/avesta\/307403\/weather-forecast\/307403\"><span style=\"color: #800000\"><strong> H\u00e4r<\/strong><\/span><\/a><\/p>\n<h4><\/h4>\n<p>&nbsp;<\/p>\n<p>&nbsp;<\/p>\n<p>&nbsp;<\/p>\n<p>&nbsp;<\/p>\n<p>&nbsp;<\/p>\n<p>&nbsp;<\/p>\n<p>&nbsp;<\/p>\n<p>&nbsp;<\/p>\n<p>&nbsp;<\/p>\n<p>&nbsp;<\/p>\n","protected":false},"excerpt":{"rendered":"<p>Solnedg\u00e5ng \u00f6ver V\u00e4stanberg Dammsj\u00f6n. &nbsp; V\u00e4der i Fors jakttabell mm Klicka &gt;&gt; H\u00e4r Till v\u00e4derstationen i Byxbacken vid Morshyttan.\u00a0Klicka &gt;&gt; H\u00e4r V\u00e4dersammanst\u00e4llning Avesta. Klicka &gt;&gt; H\u00e4r &nbsp; &nbsp; &nbsp; &nbsp; &nbsp; &nbsp; &nbsp; &nbsp; &nbsp; &nbsp;<\/p>\n","protected":false},"author":78,"featured_media":0,"parent":1705,"menu_order":3,"comment_status":"open","ping_status":"open","template":"","meta":{"footnotes":""},"class_list":["post-919","page","type-page","status-publish","hentry"],"_links":{"self":[{"href":"https:\/\/krets.jagareforbundet.se\/folkarna\/wp-json\/wp\/v2\/pages\/919","targetHints":{"allow":["GET"]}}],"collection":[{"href":"https:\/\/krets.jagareforbundet.se\/folkarna\/wp-json\/wp\/v2\/pages"}],"about":[{"href":"https:\/\/krets.jagareforbundet.se\/folkarna\/wp-json\/wp\/v2\/types\/page"}],"author":[{"embeddable":true,"href":"https:\/\/krets.jagareforbundet.se\/folkarna\/wp-json\/wp\/v2\/users\/78"}],"replies":[{"embeddable":true,"href":"https:\/\/krets.jagareforbundet.se\/folkarna\/wp-json\/wp\/v2\/comments?post=919"}],"version-history":[{"count":0,"href":"https:\/\/krets.jagareforbundet.se\/folkarna\/wp-json\/wp\/v2\/pages\/919\/revisions"}],"up":[{"embeddable":true,"href":"https:\/\/krets.jagareforbundet.se\/folkarna\/wp-json\/wp\/v2\/pages\/1705"}],"wp:attachment":[{"href":"https:\/\/krets.jagareforbundet.se\/folkarna\/wp-json\/wp\/v2\/media?parent=919"}],"curies":[{"name":"wp","href":"https:\/\/api.w.org\/{rel}","templated":true}]}}