{"id":2,"date":"2011-09-07T09:28:43","date_gmt":"2011-09-07T07:28:43","guid":{"rendered":"https:\/\/krets.jagareforbundet.se\/template\/?page_id=2"},"modified":"2026-04-13T09:20:51","modified_gmt":"2026-04-13T07:20:51","slug":"startsida","status":"publish","type":"page","link":"https:\/\/krets.jagareforbundet.se\/haningetyreso\/","title":{"rendered":""},"content":{"rendered":"<p style=\"text-align: center\"><span class=\"shortcode-typography\" style=\"font-family: 'Satisfy'; font-size: 28px; color: #000000;\">V\u00e4lkommen till<\/span><\/p>\n<p style=\"text-align: center\"><span class=\"shortcode-typography\" style=\"font-family: 'Satisfy'; font-size: 36px; color: #000000;\">J\u00e4garef\u00f6rbundet Haninge-Tyres\u00f6<\/span><\/p>\n<p style=\"text-align: center\"><em>H\u00e4r kommer vi att informera om h\u00e4ndelser och aktiviteter i v\u00e5r krets<\/em><\/p>\n<p style=\"text-align: center\">\u00a0Nyheter och kommande evenemang hittar du i h\u00f6gerkolumnen p\u00e5 denna sida<\/p>\n<p style=\"text-align: center\"><a href=\"https:\/\/krets.jagareforbundet.se\/haningetyreso\/files\/2025\/04\/5170947-wild-boar-with-piglets.jpg\"><img loading=\"lazy\" decoding=\"async\" class=\"size-full wp-image-1874 aligncenter\" src=\"https:\/\/krets.jagareforbundet.se\/haningetyreso\/files\/2025\/04\/5170947-wild-boar-with-piglets.jpg\" alt=\"\" width=\"700\" height=\"467\" srcset=\"https:\/\/krets.jagareforbundet.se\/haningetyreso\/files\/2025\/04\/5170947-wild-boar-with-piglets.jpg 700w, https:\/\/krets.jagareforbundet.se\/haningetyreso\/files\/2025\/04\/5170947-wild-boar-with-piglets-300x200.jpg 300w\" sizes=\"auto, (max-width: 700px) 100vw, 700px\" \/><\/a><br \/>\nFoto: Mostphotos<\/p>\n<p style=\"text-align: center\">~ ~ ~ ~ ~ ~ ~ ~ ~ ~ ~ ~ ~ ~ ~ ~ ~ ~ ~ ~ ~ ~ ~ ~ ~ ~ ~ ~ ~ ~ ~ ~ ~ ~ ~ ~ ~ ~ ~ ~ ~ ~ ~ ~ ~ ~ ~ ~ ~ ~ ~ ~ ~ ~ ~ ~<\/p>\n<p style=\"text-align: center\">\u00a0 \u00a0 \u00a0\u00a0<img loading=\"lazy\" decoding=\"async\" class=\"\" src=\"https:\/\/jagareforbundet.se\/contentassets\/0c76860fc9ac466f8231a8264c30e7d8\/56654237-wild-boar-family-in-the-forest-at-sunny-evening.jpg\" width=\"554\" height=\"310\" \/><\/p>\n<p style=\"text-align: center\">\u00a0Foto: Mostphotos<\/p>\n<p>&nbsp;<\/p>\n<p style=\"text-align: center\"><strong>Inventering av vildsvin och annat vilt tisdagen 5 maj 2025<\/strong><br \/>\nL\u00e4gg in i kalendern!<br \/>\nUtskick till viltr\u00e5d och jaktr\u00e4ttsinnehavare inom Haninge-Tyres\u00f6.<br \/>\nInbjudan till \u00e5rets vildsvins- och viltinventeringskv\u00e4ll.<br \/>\nEn gemensam aktivitet med deltagare fr\u00e5n samtliga jaktr\u00e4ttsinnehavare och mark\u00e4gare.<br \/>\nSom tidigare \u00e4r syftet att forts\u00e4tta f\u00f6lja utvecklingen n\u00e4r det g\u00e4ller vildsvinsstammen, dvs.<br \/>\n\u00f6kar eller minskar stammen samt antalet individer i stort. Dessutom en m\u00f6jlighet f\u00f6r oss att<br \/>\n\u00e4ven inventera tillg\u00e5ngen p\u00e5 \u00f6vrigt vilt och framf\u00f6r allt kl\u00f6vvilt.<br \/>\nInventeringen genomf\u00f6rs samtidigt p\u00e5 alla platser, och d\u00e5 l\u00e4mplig tid i skymningen<br \/>\noch ett par timmar fram\u00e5t tills m\u00f6rkret fullt ut lagt sig. Beslutad tid \u00e4r 20:00-22:30<br \/>\nGenomf\u00f6rande<br \/>\nInventering i anslutning till pass vid \u00e5tel\/foderplatser och \u00e4ven vid \u00e5krar och vallar.<br \/>\nRekommenderas att ingen jakt f\u00f6rekommer vid \u00e5telplatserna dagarna innan.<br \/>\nAnv\u00e4nd g\u00e4rna bifogad inventeringsblankett. \u00c4ven om blanketten inte anv\u00e4nds s\u00e5 \u00e4r det<br \/>\nmotsvarande information som beh\u00f6ver rapporteras in, se nedan.<br \/>\nDatum\/tid<br \/>\nTisdag 5 maj mellan 20:00-22:30.<br \/>\nInventeringsomr\u00e5den\/ansvariga:<br \/>\nSamtliga jaktlag, arrendatorer och mark\u00e4gare inom Haninge-Tyres\u00f6 \u00f6nskas medverka.<br \/>\nRapport<br \/>\nResultat med rapport skickas snarast efter inventeringen p\u00e5 e-post<br \/>\nmickehammar@telia.com. Det g\u00e5r \u00e4ven bra att skicka rapport per sms. 0702436881<br \/>\nDet som \u00f6nskas rapporteras \u00e4r d\u00e5:<br \/>\nVilket jaktlag\/mark\u00e4gare som rapporterar, hur m\u00e5nga observat\u00f6rer(deltagare) som<br \/>\nmedverkat, antal observationer per olika viltslag och uppdelat om m\u00f6jligt vilket k\u00f6n<br \/>\n(galt, sugga, kultingar). Detsamma g\u00e4ller andra viltslag, tjur,ko, kalv etc.<br \/>\nVi sammanst\u00e4ller utfallet och \u00e5terredovisar via email till deltagarna.<\/p>\n<p>&nbsp;<\/p>\n<p>&nbsp;<\/p>\n<p style=\"text-align: center\">~ ~ ~ ~ ~ ~ ~ ~ ~ ~ ~ ~ ~ ~ ~ ~ ~ ~ ~ ~ ~ ~ ~ ~ ~ ~ ~ ~ ~ ~ ~ ~ ~ ~ ~ ~ ~ ~ ~ ~ ~ ~ ~ ~ ~ ~ ~ ~ ~ ~ ~ ~ ~ ~ ~ ~<\/p>\n<p><img decoding=\"async\" class=\"aligncenter\" src=\"https:\/\/jagareforbundet.se\/contentassets\/880c22f499ea4ae5a62b03056fa27572\/bayrare_esok_6mlewander.jpg?maxwidth=500\" alt=\"Efters\u00f6k - J\u00e4garef\u00f6rbundet Dalarna\" \/><\/p>\n<p style=\"line-height: 18pt;text-align: center\"><i><span style=\"font-family: 'Georgia',serif;color: #333333\">Haninge-Tyres\u00f6 jaktv\u00e5rdskrets \u00f6nskar alla medlemmar v\u00e4lkomna till KM i Efters\u00f6k l\u00f6rdagen 18\/4 2026<\/span><\/i><\/p>\n<p style=\"line-height: 18pt;text-align: center\"><i><span style=\"font-family: 'Georgia',serif;color: #333333\">Anm\u00e4lan via mail till Hubert Rozwadowski hubertrozwadowski@gmail.com 072-566 83 96<\/span><\/i><\/p>\n<p style=\"line-height: 18pt;text-align: center\"><i><span style=\"font-family: 'Georgia',serif;color: #333333\">T\u00e4vlingen \u00e4r \u00f6ppen f\u00f6r medlemmar i Haninge\/Tyres\u00f6 jaktv\u00e5rdskrets.<br \/>\nVi kommer att ta emot max 10 st anm\u00e4lningar, f\u00f6rst till kvarn g\u00e4ller.<\/span><\/i><\/p>\n<p style=\"line-height: 18pt;text-align: center\"><i><span style=\"font-family: 'Georgia',serif;color: #333333\">Jag kommer att svara er med ett mail som bekr\u00e4ftelse p\u00e5 er anm\u00e4lan.<\/span><\/i><\/p>\n<p style=\"line-height: 18pt;text-align: center\"><i><span style=\"font-family: 'Georgia',serif;color: #333333\">Samlingsplats och tider samt mer information kommer senare.<\/span><\/i><\/p>\n<p style=\"line-height: 18pt;text-align: center\"><i><span style=\"font-family: 'Georgia',serif;color: #333333\">Fina priser utlovas.<\/span><\/i><\/p>\n<p style=\"line-height: 18pt;text-align: center\"><i><span style=\"font-family: 'Georgia',serif;color: #333333\">\u00c4r det n\u00e5gra som helst fr\u00e5gor s\u00e5 h\u00f6r av er till undertecknad.<\/span><\/i><\/p>\n<p style=\"line-height: 18pt;text-align: center\"><i><span style=\"font-family: 'Georgia',serif;color: #333333\">H\u00e4lsningar Hubert Rozwadowski<\/span><\/i><\/p>\n<p style=\"text-align: center\">EVENEMANGET \u00c4R FULLBOKAT<\/p>\n<p>&nbsp;<\/p>\n<p><span style=\"font-size: 16px\"><div class=\"woo-sc-box  normal medium rounded \">\n<h2 style=\"text-align: center\">\u00c5rsm\u00f6te 10 februari 2026<\/h2>\n<p style=\"text-align: center\">V\u00e4lkommen till \u00e5rsm\u00f6te tisdagen den 10 februari kl 19.00 i Klubbstugan vid Haninge Jaktskytteklubb.<\/p>\n<p style=\"text-align: center\">Inbjudan, dagordning och verksamhetsber\u00e4ttelse 2025 hittar du <a href=\"https:\/\/krets.jagareforbundet.se\/haningetyreso\/dokument\/\" target=\"_blank\" rel=\"noopener\">h\u00e4r<\/a>.<\/p>\n<\/div><\/p>\n<p><span style=\"font-size: 16px\"><div class=\"woo-sc-box  normal medium rounded \">\n<h2 style=\"text-align: center\">Trof\u00e9bed\u00f6mning<\/h2>\n<p><img loading=\"lazy\" decoding=\"async\" class=\"aligncenter\" src=\"https:\/\/jagareforbundet.se\/globalassets\/global\/lan\/mittnorrland\/lansdokument\/mittnorrland-bilder\/rekordhorn1.jpg?preset=county-full-wide\" width=\"297\" height=\"394\" \/><\/p>\n<p style=\"text-align: center\">Vi har nu en trof\u00e9bed\u00f6mare i kretsen &#8211; Jonathan Dahl R\u00e5destad, kontakt via mejl <a href=\"mailto:lyckebykonsult@gmail.com\">lyckebykonsult@gmail.com<\/a><\/p>\n<\/div><\/p>\n<h2 style=\"text-align: center\"><\/h2>\n<p><span style=\"font-size: 16px\"><div class=\"woo-sc-box  normal medium rounded \">\n<h2 style=\"text-align: center\"><a href=\"http:\/\/www.sva.se\" target=\"_blank\" rel=\"noopener\">H\u00e5ll dig uppdaterad ang\u00e5ende sjukdomar hos viltet!<\/a><\/h2>\n<\/div><\/p>\n<p style=\"text-align: left\"><span style=\"font-size: 16px\"><div class=\"woo-sc-box  normal medium rounded \">\n<h2 style=\"text-align: center\"><a href=\"https:\/\/krets.jagareforbundet.se\/haningetyreso\/rovviltsinventering-inom-haningetyreso\/\">Rovviltsinventering<\/a><\/h2>\n<p style=\"text-align: center\">inom Haninge-Tyres\u00f6<\/p>\n<\/div><\/p>\n<div class=\"woo-sc-box  normal medium rounded full\">\n<div>\n<h3 style=\"text-align: center\">\u00a0<a href=\"http:\/\/www.viltdata.se\/\" target=\"_blank\" rel=\"noopener noreferrer\">Viltdata<\/a><\/h3>\n<\/div>\n<div><\/div><\/div>\n<div class=\"woo-sc-box  normal medium rounded full\">\n<h3 style=\"text-align: center\"><span style=\"color: #000000\">Tre filmer om vilt\u00f6vervakning<\/span><\/h3>\n<p style=\"text-align: center\"><span style=\"color: #000000\">Svenska J\u00e4garef\u00f6rbundet lanserar under h\u00f6sten nya inventeringsmetoder. Samtidigt har rapporteringssystemet Viltdata uppdaterats med nya funktioner. Detta \u00e4r en del i f\u00f6rbundets satsning f\u00f6r att f\u00e5 \u00e4nnu b\u00e4ttre underlag och kunskap om kl\u00f6vviltet i landet. P\u00e5 l\u00e4nken nedan kan du se tre filmer f\u00f6r att f\u00e5 mer kunskap om vad den nya vilt\u00f6vervakningen inneb\u00e4r. Daniel Ligne ber\u00e4ttar om varf\u00f6r vi g\u00f6r en \u00e4nnu b\u00e4ttre vilt\u00f6vervakning, Fredrik Widemo ber\u00e4ttar om nya inventeringsmetoder och G\u00f6ran Bergqvist ber\u00e4ttar om nya Viltdata. <\/span><\/p>\n<p style=\"text-align: center\"><span style=\"color: #000000\"><a style=\"color: #000000\" href=\"http:\/\/jagareforbundet.se\/vilt\/viltnyheter\/2016\/08\/overvakning\/\" target=\"_blank\" rel=\"noopener noreferrer\">http:\/\/jagareforbundet.se\/vilt\/viltnyheter\/2016\/08\/overvakning\/<\/a><\/span><br \/>\n<\/div>\n<p>&nbsp;<\/p>\n<h2 style=\"text-align: center\"><span style=\"color: #ff0000\"><span style=\"text-decoration: underline\">Vill du ha utskick fr\u00e5n oss?<\/span><br \/>\n<\/span><\/h2>\n<p style=\"text-align: center\">Se till att din mejladress finns registrerad hos J\u00e4garef\u00f6rbundet, logga in p\u00e5 &#8221;Mina sidor&#8221; och kontrollera dina uppgifter.<\/p>\n<h4 style=\"text-align: center\"><span style=\"color: #ff0000\"><strong><a style=\"color: #ff0000\" href=\"https:\/\/www.facebook.com\/groups\/614334298577734\/\" target=\"_blank\" rel=\"noopener noreferrer\">Du som har Facebook \u00e4r\u00a0v\u00e4l med i v\u00e5r grupp?!<\/a><\/strong><\/span><\/h4>\n<h4 style=\"text-align: center\">* * * * * * * * * * * * * * * * * * * * * * * * * * * * * * *<\/h4>\n<h3 style=\"text-align: center\"><a href=\"https:\/\/krets.jagareforbundet.se\/haningetyreso\/files\/2020\/02\/Stadgar-antagna-vid-\u00e5rsm\u00f6te-20190212.pdf\">Aktuella stadgar J\u00e4garef\u00f6rbundet Haninge Tyres\u00f6<\/a><\/h3>\n<h4 style=\"text-align: center\">* * * * * * * * * * * * * * * * * * * * * * * * * * * * * * *<\/h4>\n<p style=\"text-align: center\">V\u00e5ra sponsorer<\/p>\n<h4 style=\"text-align: center\">Husse Stockholm \u00d6stra\/S\u00f6dra \u2013 Mhundlydnad &#8211; Jaktia Haninge<\/h4>\n<p>&nbsp;<\/p>\n","protected":false},"excerpt":{"rendered":"<p>H\u00e4r kommer vi att informera om h\u00e4ndelser och aktiviteter i v\u00e5r krets \u00a0Nyheter och kommande evenemang hittar du i h\u00f6gerkolumnen p\u00e5 denna sida Foto: Mostphotos ~ ~ ~ ~ ~ ~ ~ ~ ~ ~ ~ ~ ~ ~ ~ ~ ~ ~ ~ ~ ~ ~ ~ ~ ~ ~ ~ ~ ~ ~ [&hellip;]<\/p>\n","protected":false},"author":101,"featured_media":0,"parent":0,"menu_order":0,"comment_status":"closed","ping_status":"closed","template":"","meta":{"footnotes":""},"class_list":["post-2","page","type-page","status-publish","hentry"],"_links":{"self":[{"href":"https:\/\/krets.jagareforbundet.se\/haningetyreso\/wp-json\/wp\/v2\/pages\/2","targetHints":{"allow":["GET"]}}],"collection":[{"href":"https:\/\/krets.jagareforbundet.se\/haningetyreso\/wp-json\/wp\/v2\/pages"}],"about":[{"href":"https:\/\/krets.jagareforbundet.se\/haningetyreso\/wp-json\/wp\/v2\/types\/page"}],"author":[{"embeddable":true,"href":"https:\/\/krets.jagareforbundet.se\/haningetyreso\/wp-json\/wp\/v2\/users\/101"}],"replies":[{"embeddable":true,"href":"https:\/\/krets.jagareforbundet.se\/haningetyreso\/wp-json\/wp\/v2\/comments?post=2"}],"version-history":[{"count":4,"href":"https:\/\/krets.jagareforbundet.se\/haningetyreso\/wp-json\/wp\/v2\/pages\/2\/revisions"}],"predecessor-version":[{"id":1936,"href":"https:\/\/krets.jagareforbundet.se\/haningetyreso\/wp-json\/wp\/v2\/pages\/2\/revisions\/1936"}],"wp:attachment":[{"href":"https:\/\/krets.jagareforbundet.se\/haningetyreso\/wp-json\/wp\/v2\/media?parent=2"}],"curies":[{"name":"wp","href":"https:\/\/api.w.org\/{rel}","templated":true}]}}