{"id":169,"date":"2020-03-09T19:32:25","date_gmt":"2020-03-09T18:32:25","guid":{"rendered":"https:\/\/krets.jagareforbundet.se\/uppsala\/?page_id=169"},"modified":"2026-04-16T20:36:40","modified_gmt":"2026-04-16T18:36:40","slug":"varen","status":"publish","type":"page","link":"https:\/\/krets.jagareforbundet.se\/uppsala\/varen\/","title":{"rendered":"\u00d6ppettider v\u00e5ren 2026"},"content":{"rendered":"<h2>Skjuttider v\u00e5ren 2026<\/h2>\n<h3><span style=\"color: #ff0000\">OBS! INSKJUTNINGSBANAN \u00c4R ST\u00c4NGD 18 OCH 19 APRIL!<\/span><\/h3>\n<h3>Nytt f\u00f6r i\u00e5r \u00e4r att vi \u00e4ven har bj\u00f6rnpasset!<\/h3>\n<table style=\"border-collapse: collapse;width: 100%;border: 1px solid #333\">\n<thead>\n<tr style=\"background-color: #f2f2f2\">\n<th style=\"width: 50%;text-align: center;padding: 8px;border: 1px solid #333\" colspan=\"2\">Bj\u00f6rnpasset<\/th>\n<\/tr>\n<\/thead>\n<tbody>\n<tr>\n<td style=\"width: 50%;text-align: center;padding: 8px;border: 1px solid #333\">Torsdag 4 juni<\/td>\n<td style=\"width: 50%;text-align: center;padding: 8px;border: 1px solid #333\">\u00a0Torsdag 25 juni<\/td>\n<\/tr>\n<\/tbody>\n<\/table>\n<h3>\u00c4lgbanan \u00e4r \u00f6ppen tisdagar och torsdagar fr\u00e5n kl 16:00\u201321:00. Nedan ser du v\u00e5rens datum:<\/h3>\n<table style=\"border-collapse: collapse;width: 100%;border: 1px solid #333\">\n<thead>\n<tr style=\"background-color: #f2f2f2\">\n<th style=\"width: 50%;text-align: center;padding: 8px;border: 1px solid #333\">Tisdag<\/th>\n<th style=\"width: 50%;text-align: center;padding: 8px;border: 1px solid #333\">Torsdag<\/th>\n<\/tr>\n<\/thead>\n<tbody>\n<tr>\n<td style=\"text-align: center;padding: 8px;border: 1px solid #333\">5 maj<\/td>\n<td style=\"text-align: center;padding: 8px;border: 1px solid #333\">7 maj<\/td>\n<\/tr>\n<tr style=\"background-color: #f9f9f9\">\n<td style=\"text-align: center;padding: 8px;border: 1px solid #333\">12 maj<\/td>\n<td style=\"text-align: center;padding: 8px;border: 1px solid #333;color: red\">14 maj \u2013 ST\u00c4NGT<\/td>\n<\/tr>\n<tr>\n<td style=\"text-align: center;padding: 8px;border: 1px solid #333\">19 maj<\/td>\n<td style=\"text-align: center;padding: 8px;border: 1px solid #333\">21 maj<\/td>\n<\/tr>\n<tr style=\"background-color: #f9f9f9\">\n<td style=\"text-align: center;padding: 8px;border: 1px solid #333\">26 maj<\/td>\n<td style=\"text-align: center;padding: 8px;border: 1px solid #333\">28 maj<\/td>\n<\/tr>\n<tr>\n<td style=\"text-align: center;padding: 8px;border: 1px solid #333\">2 juni<\/td>\n<td style=\"text-align: center;padding: 8px;border: 1px solid #333\">4 juni<\/td>\n<\/tr>\n<tr style=\"background-color: #f9f9f9\">\n<td style=\"text-align: center;padding: 8px;border: 1px solid #333\">9 juni<\/td>\n<td style=\"text-align: center;padding: 8px;border: 1px solid #333\">11 juni<\/td>\n<\/tr>\n<tr>\n<td style=\"text-align: center;padding: 8px;border: 1px solid #333\">16 juni<\/td>\n<td style=\"text-align: center;padding: 8px;border: 1px solid #333;color: red\">18 juni \u2013 ST\u00c4NGT<\/td>\n<\/tr>\n<tr style=\"background-color: #f9f9f9\">\n<td style=\"text-align: center;padding: 8px;border: 1px solid #333\">23 juni<\/td>\n<td style=\"text-align: center;padding: 8px;border: 1px solid #333\">25 juni<\/td>\n<\/tr>\n<tr style=\"background-color: #f9f9f9\">\n<td style=\"text-align: center;padding: 8px;border: 1px solid #333\">30 juni<\/td>\n<td style=\"text-align: center;padding: 8px;border: 1px solid #333\"><\/td>\n<\/tr>\n<\/tbody>\n<\/table>\n<h4>Under banans ordinarie \u00f6ppettider s\u00e5 finns det alltid m\u00f6jlighet att avl\u00e4gga teoriprov, grundprov kulgev\u00e4r och h\u00f6gviltsprov. Se dock till att komma i tid \u2013 har vi inga skyttar kan det h\u00e4nda att banan st\u00e4nger tidigare!<\/h4>\n<h4>Under v\u00e5ren \u00e4r k\u00f6tiderna mycket kortare \u00e4n p\u00e5 h\u00f6sten. Passa p\u00e5 att skjuta godk\u00e4nt inf\u00f6r h\u00f6stens jakt redan nu.<\/h4>\n<h4 style=\"color: red\">Information till dig som \u00e4r intresserad av att \u00f6va hagelskytte samt genomf\u00f6ra hagelprov:<br \/>\n(OBS! \u00d6nskar du delta p\u00e5 ett \u00f6vnings- eller provtillf\u00e4lle s\u00e5 vill vi att du anm\u00e4ler dig SENAST en vecka i f\u00f6rv\u00e4g.)<\/h4>\n<h4><strong><span style=\"color: red\">Kontakta Sven-Erik L\u00f6vstr\u00f6m (<\/span>070-3453851<span style=\"color: red\">) vid anm\u00e4lan eller om du har n\u00e5gra fr\u00e5gor.<\/span><\/strong><\/h4>\n<p>Nedan finner du datumen f\u00f6r \u00f6vningstillf\u00e4llen samt examinationstillf\u00e4llena f\u00f6r hagelprovet;<\/p>\n<table style=\"border-collapse: collapse;width: 100%;border: 1px solid #333\">\n<thead>\n<tr style=\"background-color: #f2f2f2\">\n<th style=\"width: 50%;text-align: center;padding: 8px;border: 1px solid #333\">\u00d6vningstillf\u00e4llen Hagel<\/th>\n<th style=\"width: 50%;text-align: center;padding: 8px;border: 1px solid #333\">Examinationstillf\u00e4llen Hagel<\/th>\n<\/tr>\n<\/thead>\n<tbody>\n<tr>\n<td style=\"text-align: center;padding: 8px;border: 1px solid #333\">12 maj<\/td>\n<td style=\"text-align: center;padding: 8px;border: 1px solid #333\">20 maj<\/td>\n<\/tr>\n<tr style=\"background-color: #f9f9f9\">\n<td style=\"text-align: center;padding: 8px;border: 1px solid #333\">26 maj<\/td>\n<td style=\"text-align: center;padding: 8px;border: 1px solid #333;color: red\"><span style=\"color: #000000\">27 maj<\/span><\/td>\n<\/tr>\n<tr>\n<td style=\"text-align: center;padding: 8px;border: 1px solid #333\">2 juni<\/td>\n<td style=\"text-align: center;padding: 8px;border: 1px solid #333\"><\/td>\n<\/tr>\n<tr style=\"background-color: #f9f9f9\">\n<td style=\"text-align: center;padding: 8px;border: 1px solid #333\">9 juni<\/td>\n<td style=\"text-align: center;padding: 8px;border: 1px solid #333\">10 juni<\/td>\n<\/tr>\n<tr>\n<td style=\"text-align: center;padding: 8px;border: 1px solid #333\">16 juni<\/td>\n<td style=\"text-align: center;padding: 8px;border: 1px solid #333\">24 juni<\/td>\n<\/tr>\n<\/tbody>\n<\/table>\n","protected":false},"excerpt":{"rendered":"<p>Skjuttider v\u00e5ren 2026 OBS! INSKJUTNINGSBANAN \u00c4R ST\u00c4NGD 18 OCH 19 APRIL! Nytt f\u00f6r i\u00e5r \u00e4r att vi \u00e4ven har bj\u00f6rnpasset! Bj\u00f6rnpasset Torsdag 4 juni \u00a0Torsdag 25 juni \u00c4lgbanan \u00e4r \u00f6ppen tisdagar och torsdagar fr\u00e5n kl 16:00\u201321:00. Nedan ser du v\u00e5rens datum: Tisdag Torsdag 5 maj 7 maj 12 maj 14 maj \u2013 ST\u00c4NGT 19 maj [&hellip;]<\/p>\n","protected":false},"author":244,"featured_media":0,"parent":0,"menu_order":0,"comment_status":"closed","ping_status":"closed","template":"","meta":{"footnotes":""},"class_list":["post-169","page","type-page","status-publish","hentry"],"_links":{"self":[{"href":"https:\/\/krets.jagareforbundet.se\/uppsala\/wp-json\/wp\/v2\/pages\/169","targetHints":{"allow":["GET"]}}],"collection":[{"href":"https:\/\/krets.jagareforbundet.se\/uppsala\/wp-json\/wp\/v2\/pages"}],"about":[{"href":"https:\/\/krets.jagareforbundet.se\/uppsala\/wp-json\/wp\/v2\/types\/page"}],"author":[{"embeddable":true,"href":"https:\/\/krets.jagareforbundet.se\/uppsala\/wp-json\/wp\/v2\/users\/244"}],"replies":[{"embeddable":true,"href":"https:\/\/krets.jagareforbundet.se\/uppsala\/wp-json\/wp\/v2\/comments?post=169"}],"version-history":[{"count":3,"href":"https:\/\/krets.jagareforbundet.se\/uppsala\/wp-json\/wp\/v2\/pages\/169\/revisions"}],"predecessor-version":[{"id":695,"href":"https:\/\/krets.jagareforbundet.se\/uppsala\/wp-json\/wp\/v2\/pages\/169\/revisions\/695"}],"wp:attachment":[{"href":"https:\/\/krets.jagareforbundet.se\/uppsala\/wp-json\/wp\/v2\/media?parent=169"}],"curies":[{"name":"wp","href":"https:\/\/api.w.org\/{rel}","templated":true}]}}