{"id":287,"date":"2021-03-12T10:05:16","date_gmt":"2021-03-12T09:05:16","guid":{"rendered":"https:\/\/krets.jagareforbundet.se\/uppsala\/?page_id=287"},"modified":"2026-04-20T22:01:37","modified_gmt":"2026-04-20T20:01:37","slug":"hundverksamhet","status":"publish","type":"page","link":"https:\/\/krets.jagareforbundet.se\/uppsala\/hundverksamhet\/","title":{"rendered":"Hundverksamhet"},"content":{"rendered":"<h1>Kretsm\u00e4sterskap i viltsp\u00e5r!<\/h1>\n<p>Nu g\u00e5r \u00e5rets kretsm\u00e4sterskap i viltsp\u00e5r av stapeln!<br \/>\nKretsm\u00e4sterskapet kommer \u00e4ga rum vecka 19 och anm\u00e4lan ska ske SENAST 29 april till Ammie Eklund. Anm\u00e4lan g\u00f6rs genom mail till <a href=\"mailto:ammie.eklund@telia.com\">ammie.eklund@telia.com<\/a><\/p>\n<p>&nbsp;<\/p>\n<p>D\u00e5 intresset f\u00f6r lydnadskurs var stort s\u00e5 kommer vi genomf\u00f6ra ytterligare \u00e4n, mer information hittar du nedan!<a href=\"https:\/\/krets.jagareforbundet.se\/uppsala\/events\/lydnadskurs-fyra-latta-steg\/chatgpt-image-2-mars-2026-20_49_55\/\" rel=\"attachment wp-att-670\"><br \/>\n<\/a><a href=\"https:\/\/krets.jagareforbundet.se\/uppsala\/events\/lydnadskurs-fyra-latta-steg\/chatgpt-image-2-mars-2026-20_49_55\/\" rel=\"attachment wp-att-670\"><img loading=\"lazy\" decoding=\"async\" class=\"alignnone wp-image-670\" src=\"https:\/\/krets.jagareforbundet.se\/uppsala\/files\/2026\/03\/ChatGPT-Image-2-mars-2026-20_49_55.png\" alt=\"\" width=\"530\" height=\"353\" srcset=\"https:\/\/krets.jagareforbundet.se\/uppsala\/files\/2026\/03\/ChatGPT-Image-2-mars-2026-20_49_55.png 1536w, https:\/\/krets.jagareforbundet.se\/uppsala\/files\/2026\/03\/ChatGPT-Image-2-mars-2026-20_49_55-300x200.png 300w, https:\/\/krets.jagareforbundet.se\/uppsala\/files\/2026\/03\/ChatGPT-Image-2-mars-2026-20_49_55-1024x683.png 1024w, https:\/\/krets.jagareforbundet.se\/uppsala\/files\/2026\/03\/ChatGPT-Image-2-mars-2026-20_49_55-768x512.png 768w\" sizes=\"auto, (max-width: 530px) 100vw, 530px\" \/><\/a><\/p>\n<p>Varmt v\u00e4lkomna p\u00e5 lydnadskurs!<\/p>\n<p>Fyra L\u00e4tta Steg \u00e4r en grundutbildning i lydnad och f\u00f6ljsamhet.<\/p>\n<p>Den bygger p\u00e5 en bra relation och samf\u00f6rst\u00e5nd med sin hund f\u00f6r att d\u00e4rigenom f\u00e5 en mer lyh\u00f6rd och f\u00f6ljsam hund.<\/p>\n<p>Utbildningen individanpassas efter hund och hundf\u00f6rare och passar alla hundar och \u00e5ldrar.<\/p>\n<p>Vi blandar teori med praktik.<\/p>\n<ul>\n<li><strong>F\u00f6lj mig &#8211;\u00a0<\/strong>att l\u00e4ra hunden f\u00f6lja sin f\u00f6rare och att inte dra i koppel, nyttja hundens inbyggda \u00f6nskan att vilja f\u00f6lja flocken. Grunden till inkallning.<\/li>\n<li><strong>Hantering<\/strong>\u00a0&#8211; Att hunden skall ha f\u00f6rtroende f\u00f6r hantering i olika sinnesst\u00e4mningar. Relationsbyggande.<\/li>\n<li><strong>Lek<\/strong>\u00a0&#8211; Att f\u00f6rare och hund skall kunna leka tillsammans, relationsst\u00e4rkande och byggande av tillit mellan hund och f\u00f6rare.<\/li>\n<li><strong>Viktiga ord<\/strong>\u00a0&#8211; Att l\u00e4ra hunden de viktiga kommandoorden som alltid m\u00e5ste f\u00f6ljas.<\/li>\n<\/ul>\n<p>Instrukt\u00f6rer f\u00f6r denna kurs \u00e4r Ammie och Johan Eklund<\/p>\n<p>Uppl\u00e4gget \u00e4r 6 tillf\u00e4llen \u00e1 ca 2 timmar vardera.<\/p>\n<p>Anm\u00e4lan sker p\u00e5 studiefr\u00e4mjandets sida. Klicka &#8221;<a href=\"https:\/\/www.studieframjandet.se\/uppsala-lan\/gustav-arrangemang\/kurser\/2026\/april\/lydnadskurs-fyra-latta-steg-balinge---uppsala--jagareforbundet-uppsala-\/\">H\u00c4R<\/a>&#8221; f\u00f6r att komma till anm\u00e4lan.<br \/>\nOBS sista dag f\u00f6r anm\u00e4lan \u00e4r den 25\/4!<\/p>\n<p>&nbsp;<\/p>\n","protected":false},"excerpt":{"rendered":"<p>Kretsm\u00e4sterskap i viltsp\u00e5r! Nu g\u00e5r \u00e5rets kretsm\u00e4sterskap i viltsp\u00e5r av stapeln! Kretsm\u00e4sterskapet kommer \u00e4ga rum vecka 19 och anm\u00e4lan ska ske SENAST 29 april till Ammie Eklund. Anm\u00e4lan g\u00f6rs genom mail till ammie.eklund@telia.com &nbsp; D\u00e5 intresset f\u00f6r lydnadskurs var stort s\u00e5 kommer vi genomf\u00f6ra ytterligare \u00e4n, mer information hittar du nedan! Varmt v\u00e4lkomna p\u00e5 lydnadskurs! [&hellip;]<\/p>\n","protected":false},"author":244,"featured_media":0,"parent":0,"menu_order":0,"comment_status":"closed","ping_status":"closed","template":"","meta":{"footnotes":""},"class_list":["post-287","page","type-page","status-publish","hentry"],"_links":{"self":[{"href":"https:\/\/krets.jagareforbundet.se\/uppsala\/wp-json\/wp\/v2\/pages\/287","targetHints":{"allow":["GET"]}}],"collection":[{"href":"https:\/\/krets.jagareforbundet.se\/uppsala\/wp-json\/wp\/v2\/pages"}],"about":[{"href":"https:\/\/krets.jagareforbundet.se\/uppsala\/wp-json\/wp\/v2\/types\/page"}],"author":[{"embeddable":true,"href":"https:\/\/krets.jagareforbundet.se\/uppsala\/wp-json\/wp\/v2\/users\/244"}],"replies":[{"embeddable":true,"href":"https:\/\/krets.jagareforbundet.se\/uppsala\/wp-json\/wp\/v2\/comments?post=287"}],"version-history":[{"count":3,"href":"https:\/\/krets.jagareforbundet.se\/uppsala\/wp-json\/wp\/v2\/pages\/287\/revisions"}],"predecessor-version":[{"id":699,"href":"https:\/\/krets.jagareforbundet.se\/uppsala\/wp-json\/wp\/v2\/pages\/287\/revisions\/699"}],"wp:attachment":[{"href":"https:\/\/krets.jagareforbundet.se\/uppsala\/wp-json\/wp\/v2\/media?parent=287"}],"curies":[{"name":"wp","href":"https:\/\/api.w.org\/{rel}","templated":true}]}}