{"id":149,"date":"2019-01-07T16:10:35","date_gmt":"2019-01-07T15:10:35","guid":{"rendered":"https:\/\/krets.jagareforbundet.se\/varnamo\/?page_id=149"},"modified":"2022-03-21T13:46:50","modified_gmt":"2022-03-21T12:46:50","slug":"aspo-varnamo","status":"publish","type":"page","link":"https:\/\/krets.jagareforbundet.se\/varnamo\/skjutbanor\/aspo-varnamo\/","title":{"rendered":"Asp\u00f6 &#8211; V\u00e4rnamo"},"content":{"rendered":"<p>Skjutprogram f\u00f6r 2022<\/p>\n<p><a href=\"https:\/\/krets.jagareforbundet.se\/varnamo\/files\/2022\/03\/Aspo.png\"><img loading=\"lazy\" decoding=\"async\" class=\"alignnone size-medium wp-image-350\" src=\"https:\/\/krets.jagareforbundet.se\/varnamo\/files\/2022\/03\/Aspo-227x300.png\" alt=\"\" width=\"227\" height=\"300\" srcset=\"https:\/\/krets.jagareforbundet.se\/varnamo\/files\/2022\/03\/Aspo-227x300.png 227w, https:\/\/krets.jagareforbundet.se\/varnamo\/files\/2022\/03\/Aspo.png 636w\" sizes=\"auto, (max-width: 227px) 100vw, 227px\" \/><\/a> <a href=\"https:\/\/krets.jagareforbundet.se\/varnamo\/files\/2022\/03\/Blad-1.png\"><img loading=\"lazy\" decoding=\"async\" class=\"alignnone size-medium wp-image-351\" src=\"https:\/\/krets.jagareforbundet.se\/varnamo\/files\/2022\/03\/Blad-1-196x300.png\" alt=\"\" width=\"196\" height=\"300\" srcset=\"https:\/\/krets.jagareforbundet.se\/varnamo\/files\/2022\/03\/Blad-1-196x300.png 196w, https:\/\/krets.jagareforbundet.se\/varnamo\/files\/2022\/03\/Blad-1.png 491w\" sizes=\"auto, (max-width: 196px) 100vw, 196px\" \/><\/a> <a href=\"https:\/\/krets.jagareforbundet.se\/varnamo\/files\/2022\/03\/Blad-2.png\"><img loading=\"lazy\" decoding=\"async\" class=\"alignnone size-medium wp-image-352\" src=\"https:\/\/krets.jagareforbundet.se\/varnamo\/files\/2022\/03\/Blad-2-226x300.png\" alt=\"\" width=\"226\" height=\"300\" srcset=\"https:\/\/krets.jagareforbundet.se\/varnamo\/files\/2022\/03\/Blad-2-226x300.png 226w, https:\/\/krets.jagareforbundet.se\/varnamo\/files\/2022\/03\/Blad-2.png 562w\" sizes=\"auto, (max-width: 226px) 100vw, 226px\" \/><\/a><\/p>\n","protected":false},"excerpt":{"rendered":"<p>Skjutprogram f\u00f6r 2022<\/p>\n","protected":false},"author":279,"featured_media":0,"parent":148,"menu_order":0,"comment_status":"closed","ping_status":"closed","template":"","meta":{"footnotes":""},"class_list":["post-149","page","type-page","status-publish","hentry"],"_links":{"self":[{"href":"https:\/\/krets.jagareforbundet.se\/varnamo\/wp-json\/wp\/v2\/pages\/149","targetHints":{"allow":["GET"]}}],"collection":[{"href":"https:\/\/krets.jagareforbundet.se\/varnamo\/wp-json\/wp\/v2\/pages"}],"about":[{"href":"https:\/\/krets.jagareforbundet.se\/varnamo\/wp-json\/wp\/v2\/types\/page"}],"author":[{"embeddable":true,"href":"https:\/\/krets.jagareforbundet.se\/varnamo\/wp-json\/wp\/v2\/users\/279"}],"replies":[{"embeddable":true,"href":"https:\/\/krets.jagareforbundet.se\/varnamo\/wp-json\/wp\/v2\/comments?post=149"}],"version-history":[{"count":3,"href":"https:\/\/krets.jagareforbundet.se\/varnamo\/wp-json\/wp\/v2\/pages\/149\/revisions"}],"predecessor-version":[{"id":188,"href":"https:\/\/krets.jagareforbundet.se\/varnamo\/wp-json\/wp\/v2\/pages\/149\/revisions\/188"}],"up":[{"embeddable":true,"href":"https:\/\/krets.jagareforbundet.se\/varnamo\/wp-json\/wp\/v2\/pages\/148"}],"wp:attachment":[{"href":"https:\/\/krets.jagareforbundet.se\/varnamo\/wp-json\/wp\/v2\/media?parent=149"}],"curies":[{"name":"wp","href":"https:\/\/api.w.org\/{rel}","templated":true}]}}