{"id":380,"date":"2022-08-15T09:58:31","date_gmt":"2022-08-15T07:58:31","guid":{"rendered":"https:\/\/krets.jagareforbundet.se\/varnamo\/?page_id=380"},"modified":"2026-03-31T08:50:31","modified_gmt":"2026-03-31T06:50:31","slug":"valkommen-till-jagareforbundet-varnamo-jaktvardskrets","status":"publish","type":"page","link":"https:\/\/krets.jagareforbundet.se\/varnamo\/","title":{"rendered":"V\u00e4lkommen till J\u00e4garef\u00f6rbundet V\u00e4rnamo jaktv\u00e5rdskrets"},"content":{"rendered":"<div><strong><span style=\"color: #000000\"><em>Kontakta oss<\/em><\/span><\/strong><\/div>\n<div><strong><em><a href=\"mailto:varnamojvk@gmail.com\">varnamojvk@gmail.com<\/a><\/em><\/strong><\/div>\n<div>============================================<\/div>\n<div><\/div>\n<div><a href=\"https:\/\/krets.jagareforbundet.se\/varnamo\/files\/2026\/03\/Kretsmasterskap-2026.jpg\"><img loading=\"lazy\" decoding=\"async\" class=\"alignnone  wp-image-606\" src=\"https:\/\/krets.jagareforbundet.se\/varnamo\/files\/2026\/03\/Kretsmasterskap-2026-300x231.jpg\" alt=\"\" width=\"565\" height=\"435\" srcset=\"https:\/\/krets.jagareforbundet.se\/varnamo\/files\/2026\/03\/Kretsmasterskap-2026-300x231.jpg 300w, https:\/\/krets.jagareforbundet.se\/varnamo\/files\/2026\/03\/Kretsmasterskap-2026-1024x789.jpg 1024w, https:\/\/krets.jagareforbundet.se\/varnamo\/files\/2026\/03\/Kretsmasterskap-2026-768x592.jpg 768w, https:\/\/krets.jagareforbundet.se\/varnamo\/files\/2026\/03\/Kretsmasterskap-2026.jpg 1467w\" sizes=\"auto, (max-width: 565px) 100vw, 565px\" \/><\/a><\/div>\n<div><\/div>\n<div><\/div>\n<div><\/div>\n<div><\/div>\n<div><\/div>\n<div>=============================================<\/div>\n<div><\/div>\n<div>Vi har nu n\u00f6jet att presentera ett f\u00f6retag som h\u00e5ller i hundkurser.<\/div>\n<div>Allt fr\u00e5n valpkurser till avancerad efters\u00f6ks utbildning.<\/div>\n<div><a href=\"https:\/\/krets.jagareforbundet.se\/varnamo\/files\/2026\/03\/Skarmbild-2026-03-10-074343-Zemax.jpg\"><img loading=\"lazy\" decoding=\"async\" class=\"alignnone size-full wp-image-589\" src=\"https:\/\/krets.jagareforbundet.se\/varnamo\/files\/2026\/03\/Skarmbild-2026-03-10-074343-Zemax.jpg\" alt=\"\" width=\"197\" height=\"197\" srcset=\"https:\/\/krets.jagareforbundet.se\/varnamo\/files\/2026\/03\/Skarmbild-2026-03-10-074343-Zemax.jpg 197w, https:\/\/krets.jagareforbundet.se\/varnamo\/files\/2026\/03\/Skarmbild-2026-03-10-074343-Zemax-150x150.jpg 150w\" sizes=\"auto, (max-width: 197px) 100vw, 197px\" \/><\/a><\/div>\n<div>Passa p\u00e5 att g\u00f6ra v\u00e5ren och sommaren till en tr\u00e4nings sommar f\u00f6r dig och din hund.<\/div>\n<div><a href=\"https:\/\/grundlydnadforjakthundar.com\/\">Zemax Hundtr\u00e4ning \u2013 Grundlydnad och tr\u00e4ning f\u00f6r er hund<\/a><\/div>\n<div><\/div>\n<div><\/div>\n<div><\/div>\n<div><\/div>\n<div>=====================================================<\/div>\n<div>Avslutat<\/div>\n<div><strong>V\u00e4rnamo jaktv\u00e5rdskrets inbjuder till krets\u00e5rsm\u00f6te\u00a0den 23\/2-2026<\/strong><\/div>\n<div>\u00c5rsm\u00f6teshandlingar, \u00f6vriga fr\u00e5gor och kaffe med fika<\/div>\n<div><strong>Plats:<\/strong> Voxtorps bygdeg\u00e5rd<\/div>\n<div><strong>Klockan:<\/strong> 18,30<\/div>\n<div><\/div>\n<div><\/div>\n<div>============================================================================================<\/div>\n<div><\/div>\n<div><\/div>\n<div><\/div>\n<div><\/div>\n<div><\/div>\n<div><\/div>\n<p>&nbsp;<\/p>\n<header>\n<h4><\/h4>\n<hr \/>\n<\/header>\n<section class=\"entry\"><\/section>\n<hr \/>\n<p>&nbsp;<\/p>\n","protected":false},"excerpt":{"rendered":"<p>Kontakta oss varnamojvk@gmail.com ============================================ ============================================= Vi har nu n\u00f6jet att presentera ett f\u00f6retag som h\u00e5ller i hundkurser. Allt fr\u00e5n valpkurser till avancerad efters\u00f6ks utbildning. Passa p\u00e5 att g\u00f6ra v\u00e5ren och sommaren till en tr\u00e4nings sommar f\u00f6r dig och din hund. Zemax Hundtr\u00e4ning \u2013 Grundlydnad och tr\u00e4ning f\u00f6r er hund ===================================================== Avslutat V\u00e4rnamo jaktv\u00e5rdskrets inbjuder till [&hellip;]<\/p>\n","protected":false},"author":279,"featured_media":271,"parent":0,"menu_order":1,"comment_status":"closed","ping_status":"closed","template":"","meta":{"footnotes":""},"class_list":["post-380","page","type-page","status-publish","has-post-thumbnail","hentry"],"_links":{"self":[{"href":"https:\/\/krets.jagareforbundet.se\/varnamo\/wp-json\/wp\/v2\/pages\/380","targetHints":{"allow":["GET"]}}],"collection":[{"href":"https:\/\/krets.jagareforbundet.se\/varnamo\/wp-json\/wp\/v2\/pages"}],"about":[{"href":"https:\/\/krets.jagareforbundet.se\/varnamo\/wp-json\/wp\/v2\/types\/page"}],"author":[{"embeddable":true,"href":"https:\/\/krets.jagareforbundet.se\/varnamo\/wp-json\/wp\/v2\/users\/279"}],"replies":[{"embeddable":true,"href":"https:\/\/krets.jagareforbundet.se\/varnamo\/wp-json\/wp\/v2\/comments?post=380"}],"version-history":[{"count":3,"href":"https:\/\/krets.jagareforbundet.se\/varnamo\/wp-json\/wp\/v2\/pages\/380\/revisions"}],"predecessor-version":[{"id":607,"href":"https:\/\/krets.jagareforbundet.se\/varnamo\/wp-json\/wp\/v2\/pages\/380\/revisions\/607"}],"wp:featuredmedia":[{"embeddable":true,"href":"https:\/\/krets.jagareforbundet.se\/varnamo\/wp-json\/wp\/v2\/media\/271"}],"wp:attachment":[{"href":"https:\/\/krets.jagareforbundet.se\/varnamo\/wp-json\/wp\/v2\/media?parent=380"}],"curies":[{"name":"wp","href":"https:\/\/api.w.org\/{rel}","templated":true}]}}